{"id":1007,"date":"2026-01-27T11:50:25","date_gmt":"2026-01-27T11:50:25","guid":{"rendered":"https:\/\/aprem-e.org\/?page_id=1007"},"modified":"2026-02-03T07:40:31","modified_gmt":"2026-02-03T07:40:31","slug":"canal-de-denuncias","status":"publish","type":"page","link":"https:\/\/aprem-e.org\/index.php\/canal-de-denuncias\/","title":{"rendered":"Canal de denuncias"},"content":{"rendered":"\t\t<div data-elementor-type=\"wp-page\" data-elementor-id=\"1007\" class=\"elementor elementor-1007\" data-elementor-post-type=\"page\">\n\t\t\t\t<div class=\"elementor-element elementor-element-c9da210 e-flex e-con-boxed e-con e-parent\" data-id=\"c9da210\" data-element_type=\"container\" data-e-type=\"container\">\n\t\t\t\t\t<div class=\"e-con-inner\">\n\t\t\t\t<div class=\"elementor-element elementor-element-cff711a elementor-widget__width-initial elementor-widget elementor-widget-text-editor\" data-id=\"cff711a\" data-element_type=\"widget\" data-e-type=\"widget\" data-widget_type=\"text-editor.default\">\n\t\t\t\t\t\t\t\t\t<div class=\"wp-block-group\"><div class=\"wp-block-group__inner-container is-layout-flow wp-block-group-is-layout-flow\"><p><b>REGLAMENTO DEL CANAL DENUNCIA DE ASOCIACI\u00d3N DE PADRES DE NI\u00d1OS PREMATUROS<\/b><\/p><table><tbody><tr><td colspan=\"2\"><p><b>IDENTIFICACI\u00d3N DE LA ENTIDAD<\/b><\/p><\/td><\/tr><tr><td><p><span style=\"font-weight: 400;\">NOMBRE\/RAZ\u00d3N SOCIAL:<\/span><\/p><\/td><td><p><span style=\"font-weight: 400;\">ASOCIACI\u00d3N DE PADRES DE NI\u00d1OS PREMATUROS<\/span><\/p><\/td><\/tr><tr><td><p><span style=\"font-weight: 400;\">DNI\/NIF:<\/span><\/p><\/td><td><p><span style=\"font-weight: 400;\">G82731282<\/span><\/p><\/td><\/tr><tr><td><p><span style=\"font-weight: 400;\">DIRECCI\u00d3N:<\/span><\/p><\/td><td><p><span style=\"font-weight: 400;\">C\/ Ribadavia 9 Bajo, Puerta 4, 28029 &#8211; Madrid<\/span><\/p><\/td><\/tr><tr><td><p><span style=\"font-weight: 400;\">EMAIL:<\/span><\/p><\/td><td><p><a href=\"mailto:aprem@aprem-e.org\"><span style=\"font-weight: 400;\">aprem@aprem-e.org<\/span><\/a><\/p><\/td><\/tr><tr><td><p><span style=\"font-weight: 400;\">TEL\u00c9FONO:<\/span><\/p><\/td><td><p>657 66 70 86<\/p><\/td><\/tr><\/tbody><\/table><p><b>\u00cdNDICE<\/b><\/p><ol><li style=\"font-weight: 400;\" aria-level=\"1\"><span style=\"font-weight: 400;\">Objeto.<\/span><\/li><li style=\"font-weight: 400;\" aria-level=\"1\"><span style=\"font-weight: 400;\">Principios b\u00e1sicos del Canal Denuncia.<\/span><\/li><li style=\"font-weight: 400;\" aria-level=\"1\"><span style=\"font-weight: 400;\">Requisitos m\u00ednimos de la denuncia<\/span><\/li><li style=\"font-weight: 400;\" aria-level=\"1\"><span style=\"font-weight: 400;\">Derechos del informante.<\/span><\/li><li style=\"font-weight: 400;\" aria-level=\"1\"><span style=\"font-weight: 400;\">Deberes del informante.<\/span><\/li><li style=\"font-weight: 400;\" aria-level=\"1\"><span style=\"font-weight: 400;\">Derechos del denunciado.<\/span><\/li><li style=\"font-weight: 400;\" aria-level=\"1\"><span style=\"font-weight: 400;\">Procedimiento de gesti\u00f3n del Canal Denuncia.<\/span><\/li><li style=\"font-weight: 400;\" aria-level=\"1\"><span style=\"font-weight: 400;\">Registro de denuncias.<\/span><\/li><li style=\"font-weight: 400;\" aria-level=\"1\"><span style=\"font-weight: 400;\">Informes peri\u00f3dicos.<\/span><\/li><\/ol><ul><li aria-level=\"1\"><b>Objeto.<\/b><\/li><\/ul><p><span style=\"font-weight: 400;\">El presente reglamento tiene por objeto regular y establecer el procedimiento de comunicaci\u00f3n de cualquier hecho o conducta irregular producida en el seno de <\/span><b>ASOCIACI\u00d3N DE PADRES DE NI\u00d1OS PREMATUROS<\/b><span style=\"font-weight: 400;\">, as\u00ed como proteger y garantizar los derechos y libertades de los sujetos intervinientes durante el procedimiento de admisi\u00f3n, tramitaci\u00f3n e investigaci\u00f3n de las denuncias y comunicaciones gestionadas en el Canal Denuncia de <\/span><b>ASOCIACI\u00d3N DE PADRES DE NI\u00d1OS PREMATUROS.<\/b><\/p><p>\u00a0<\/p><ul><li aria-level=\"1\"><b>Principios b\u00e1sicos del Canal Denuncia<\/b><\/li><\/ul><p><span style=\"font-weight: 400;\">El Canal Denuncia se rige por los siguientes principios b\u00e1sicos, de obligado cumplimiento para todos los intervinientes en el proceso de denuncia:<\/span><\/p><ul><li style=\"font-weight: 400;\" aria-level=\"1\"><span style=\"font-weight: 400;\">Buena fe: El informante deber\u00e1 actuar de buena fe y abstenerse de realizar comunicaciones que pudieran considerarse falsas, esto es: que fuera consciente de la falsedad de los hechos comunicados y actuase con la intenci\u00f3n de perjudicar al denunciado o a <\/span><b>INTRODUCIRNOMBREEMRPESA<\/b><span style=\"font-weight: 400;\">.<\/span><\/li><\/ul><p>\u00a0<\/p><ul><li aria-level=\"1\"><span style=\"font-weight: 400;\">Prohibici\u00f3n de represalias: <\/span><b>ASOCIACI\u00d3N DE PADRES DE NI\u00d1OS PREMATUROS<\/b><span style=\"font-weight: 400;\"> garantizar\u00e1 que no se lleven a cabo actos constitutivos de represalia, incluidas amenazas y tentativas de represalia. Se entiende por represalia cualesquiera actos u omisiones que est\u00e9n prohibidos por la ley, o que, de forma directa o indirecta, supongan un trato desfavorable que sit\u00fae a las personas que las sufren en desventaja particular con respecto a otra en el contexto laboral o profesional, solo por su condici\u00f3n de informantes, o por haber realizado una revelaci\u00f3n p\u00fablica<\/span><\/li><\/ul><ul><li style=\"font-weight: 400;\" aria-level=\"1\"><span style=\"font-weight: 400;\">Confidencialidad: Durante todo el proceso de recepci\u00f3n, tramitaci\u00f3n e investigaci\u00f3n de las denuncias se garantizar\u00e1 el cumplimiento de la normativa de protecci\u00f3n de datos respecto al tratamiento de los datos del informante, denunciado, as\u00ed como cualesquiera otras personas o terceros intervinientes en el proceso. Asimismo, la identidad del informante en ning\u00fan caso ser\u00e1 comunicada al denunciado o a las personas a las que se refieran los hechos relatados. Sin perjuicio de lo anterior, los datos personales de los referidos anteriormente podr\u00e1n ser comunicados a las personas y entidades necesarias para la adopci\u00f3n de medidas correctoras, disciplinarias y sancionadoras pertinentes; as\u00ed como a Jueces, Tribunales y organismos competentes en el marco de una investigaci\u00f3n penal, disciplinaria o sancionadora.<\/span><\/li><\/ul><ul><li style=\"font-weight: 400;\" aria-level=\"1\"><span style=\"font-weight: 400;\">Presunci\u00f3n de inocencia: <\/span><b>ASOCIACI\u00d3N DE PADRES DE NI\u00d1OS PREMATUROS<\/b><span style=\"font-weight: 400;\"> velar\u00e1 por el efectivo cumplimiento de los derechos de presunci\u00f3n de inocencia y de defensa de los intervinientes en el proceso.<\/span><\/li><\/ul><p>\u00a0<\/p><ul><li aria-level=\"1\"><b>Requisitos m\u00ednimos de la denuncia\u00a0<\/b><\/li><\/ul><ul><li style=\"font-weight: 400;\" aria-level=\"1\"><span style=\"font-weight: 400;\">La denuncia podr\u00e1 realizarse de forma an\u00f3nima. En caso de que el informante desee identificarse, deber\u00e1 indicar los siguientes datos: nombre y apellidos, NIF, correo electr\u00f3nico y tel\u00e9fono.\u00a0<\/span><\/li><li style=\"font-weight: 400;\" aria-level=\"1\"><span style=\"font-weight: 400;\">En el apartado de descripci\u00f3n, deber\u00e1n indicarse:\u00a0<\/span><\/li><\/ul><ul><li style=\"font-weight: 400;\" aria-level=\"1\"><span style=\"font-weight: 400;\">Descripci\u00f3n detallada de los hechos o conductas irregulares;<\/span><\/li><li style=\"font-weight: 400;\" aria-level=\"1\"><span style=\"font-weight: 400;\">Fecha aproximada en la que estos se produjeron.<\/span><\/li><li style=\"font-weight: 400;\" aria-level=\"1\"><span style=\"font-weight: 400;\">Identificaci\u00f3n de las personas participantes en los hechos relatados, siempre que fuera posible su identificaci\u00f3n.<\/span><\/li><\/ul><ul><li style=\"font-weight: 400;\" aria-level=\"1\"><span style=\"font-weight: 400;\">El departamento de <\/span><b>ASOCIACION DE PADRES DE NI\u00d1OS PREMATUROS<\/b><span style=\"font-weight: 400;\"> responsable de la gesti\u00f3n de los procedimientos en los que se hayan producido los hechos o conductas denunciados.<\/span><\/li><li style=\"font-weight: 400;\" aria-level=\"1\"><span style=\"font-weight: 400;\">La categor\u00eda de infracci\u00f3n.<\/span><\/li><\/ul><p>\u00a0<\/p><ul><li aria-level=\"1\"><b>Derechos del informante.<\/b><\/li><\/ul><ul><li style=\"font-weight: 400;\" aria-level=\"1\"><span style=\"font-weight: 400;\">Derecho a la confidencialidad, siempre que act\u00fae de buena fe. As\u00ed como a no ser comunicados sus datos personales a terceros, salvo cuando esta comunicaci\u00f3n estuviese autorizada por ley o fuese necesaria para para la adopci\u00f3n de medidas correctoras, disciplinarias y sancionadoras pertinentes; as\u00ed como a Jueces, Tribunales y organismos competentes en el marco de una investigaci\u00f3n penal, disciplinaria o sancionadora.<\/span><\/li><li style=\"font-weight: 400;\" aria-level=\"1\"><span style=\"font-weight: 400;\">Derecho a no recibir represalias, siempre que act\u00fae de buena fe.<\/span><\/li><li style=\"font-weight: 400;\" aria-level=\"1\"><span style=\"font-weight: 400;\">Derecho a ser informado sobre la recepci\u00f3n de la denuncia en el plazo de 7 d\u00edas naturales desde su recepci\u00f3n.<\/span><\/li><li style=\"font-weight: 400;\" aria-level=\"1\"><span style=\"font-weight: 400;\">Al ejercicio de los derechos de protecci\u00f3n de datos, indicados en la Pol\u00edtica de Privacidad del Canal Denuncia.<\/span><\/li><li style=\"font-weight: 400;\" aria-level=\"1\"><span style=\"font-weight: 400;\">Derecho a ser informado sobre el archivo de la denuncia o su resoluci\u00f3n.<\/span><\/li><\/ul><p>\u00a0<\/p><ul><li aria-level=\"1\"><b>Deberes del informante.<\/b><\/li><\/ul><ul><li style=\"font-weight: 400;\" aria-level=\"1\"><span style=\"font-weight: 400;\">Realizar la comunicaci\u00f3n atendiendo al cumplimiento del principio de buena fe establecido en el presente Reglamento. Las comunicaciones que pudieran ser consideradas como realizadas de mala fe, podr\u00e1n derivar en la adopci\u00f3n de medidas disciplinarias o sancionadoras contra el informante.<\/span><\/li><li style=\"font-weight: 400;\" aria-level=\"1\"><span style=\"font-weight: 400;\">Describir pormenorizadamente los hechos o actuaciones que se comuniquen, proporcionando toda aquella documentaci\u00f3n que pueda justificar la veracidad y existencia de los hechos o actuaciones comunicados.<\/span><\/li><li style=\"font-weight: 400;\" aria-level=\"1\"><span style=\"font-weight: 400;\">Guardar confidencialidad sobre la comunicaci\u00f3n realizada y el contenido de esta.<\/span><\/li><\/ul><p>\u00a0<\/p><ul><li aria-level=\"1\"><b>Derechos del Denunciado.\u00a0<\/b><\/li><\/ul><ul><li style=\"font-weight: 400;\" aria-level=\"1\"><span style=\"font-weight: 400;\">A ser informado sobre la existencia de la denuncia. Al respecto, <\/span><b>ASOCIACI\u00d3N DE PADRES DE NI\u00d1OS PREMATUROS<\/b><span style=\"font-weight: 400;\"> informar\u00e1 al denunciado de la existencia de una denuncia en el plazo m\u00e1ximo de 7 d\u00edas naturales desde su recepci\u00f3n.<\/span><\/li><li style=\"font-weight: 400;\" aria-level=\"1\"><span style=\"font-weight: 400;\">A tener acceso a los datos relatados en la comunicaci\u00f3n, excepto a la identidad del informante.<\/span><\/li><li style=\"font-weight: 400;\" aria-level=\"1\"><span style=\"font-weight: 400;\">Al ejercicio de los derechos de protecci\u00f3n de datos, indicados en la Pol\u00edtica de Privacidad del Canal Denuncia.<\/span><\/li><li style=\"font-weight: 400;\" aria-level=\"1\"><span style=\"font-weight: 400;\">A ser informado sobre el archivo o resoluci\u00f3n de la denuncia.<\/span><\/li><\/ul><p>\u00a0<\/p><ul><li aria-level=\"1\"><b>Procedimiento de gesti\u00f3n del Canal Denuncia<\/b><\/li><\/ul><p><span style=\"font-weight: 400;\">El procedimiento de recepci\u00f3n, admisi\u00f3n, investigaci\u00f3n y, en definitiva, gesti\u00f3n del canal Denuncia de <\/span><b>ASOCIACI\u00d3N DE PADRES DE NI\u00d1OS PREMATUROS<\/b><span style=\"font-weight: 400;\"> se realizar\u00e1 de conformidad con los siguientes:<\/span><\/p><ol><li style=\"font-weight: 400;\" aria-level=\"1\"><span style=\"font-weight: 400;\">Una vez recibida la denuncia a trav\u00e9s del Canal Denuncia, el Gestor del Canal, TECNODERECHO ASESORES, S.L., acusar\u00e1 recibo al informante en el plazo de 7 d\u00edas naturales desde su recepci\u00f3n.<\/span><\/li><li style=\"font-weight: 400;\" aria-level=\"1\"><span style=\"font-weight: 400;\">Se realizar\u00e1 una investigaci\u00f3n previa de la comunicaci\u00f3n con el fin de determinar si es pertinente su admisi\u00f3n a tr\u00e1mite. Para ello, el Gestor del Canal realizar\u00e1 las investigaciones previas necesarias, pudiendo, entre otros, ponerse en contacto y solicitar informaci\u00f3n adicional al informante.<\/span><\/li><li style=\"font-weight: 400;\" aria-level=\"1\"><span style=\"font-weight: 400;\">Realizado el an\u00e1lisis preliminar, el Gestor remitir\u00e1 la denuncia al Responsable del Canal junto con la informaci\u00f3n recabada, para que este decida sobre su admisi\u00f3n o inadmisi\u00f3n a tr\u00e1mite, debiendo en todo caso comunicar su decisi\u00f3n al informante.<\/span><\/li><li style=\"font-weight: 400;\" aria-level=\"1\"><span style=\"font-weight: 400;\">En caso de inadmisi\u00f3n de la denuncia, se llevar\u00e1 a cabo su archivo y registro, y el Gestor comunicar\u00e1 motivadamente al informante su inadmisi\u00f3n a tr\u00e1mite.<\/span><\/li><li style=\"font-weight: 400;\" aria-level=\"1\"><span style=\"font-weight: 400;\">Cuando sea admitida, el Responsable del Canal iniciar\u00e1 la investigaci\u00f3n pertinente, pudiendo solicitar toda la informaci\u00f3n y documentaci\u00f3n que requiera para el esclarecimiento de los hechos a las personas implicadas en los hechos denunciados y a las distintas \u00e1reas o departamentos de <\/span><b>ASOCIACION DE PADRES DE NI\u00d1OS PREMATUROS<\/b><span style=\"font-weight: 400;\"> pertinentes en funci\u00f3n de los hechos denunciados. Asimismo, el Responsable contar\u00e1 con la colaboraci\u00f3n y asesoramiento del Gestor para la investigaci\u00f3n de los hechos o actuaciones denunciados. En todo caso, todas las partes intervinientes en los procesos de investigaci\u00f3n quedar\u00e1n obligados a guardar confidencialidad en el tratamiento de la informaci\u00f3n y datos personales de los afectados.<\/span><\/li><li style=\"font-weight: 400;\" aria-level=\"1\"><span style=\"font-weight: 400;\">Concluida la investigaci\u00f3n, el Gestor presentar\u00e1 un informe de conclusiones al Responsable del Canal, quien, antes del plazo de 3 meses desde la recepci\u00f3n de la denuncia el sistema (ampliable a otros 3 meses adicionales en funci\u00f3n de la complejidad), decidir\u00e1:<\/span><\/li><\/ol><ul><li style=\"font-weight: 400;\" aria-level=\"1\"><span style=\"font-weight: 400;\">Archivar la denuncia y cerrar la investigaci\u00f3n si se considera que no se han podido acreditar los hechos denunciados.<\/span><\/li><li style=\"font-weight: 400;\" aria-level=\"1\"><span style=\"font-weight: 400;\">Remitir el informe al responsable de adoptar las medidas sancionadoras correspondientes, o de la interposici\u00f3n de las acciones judiciales que en su caso procedan.<\/span><\/li><\/ul><p>\u00a0<\/p><ul><li aria-level=\"1\"><b>Registro de denuncias.<\/b><\/li><\/ul><p><b>ASOCIACI\u00d3N DE PADRES DE NI\u00d1OS PREMATUROS<\/b><span style=\"font-weight: 400;\"> llevar\u00e1 un libro-registro de las comunicaciones realizadas a trav\u00e9s del canal, incluyendo informaci\u00f3n sobre su inadmisi\u00f3n o admisi\u00f3n a tr\u00e1mite, as\u00ed como de las investigaciones realizadas.<\/span><\/p><p><b>9 Informes peri\u00f3dicos.<\/b><\/p><p><span style=\"font-weight: 400;\">Con la finalidad de auditar el correcto funcionamiento del Canal Denuncia, el Gestor remitir\u00e1 anualmente a la direcci\u00f3n de <\/span><b>ASOCIACI\u00d3N DE PADRES DE NI\u00d1OS PREMATUROS<\/b><span style=\"font-weight: 400;\"> un informe estad\u00edstico sobre las denuncias recibidas a trav\u00e9s del Canal, tanto archivadas como tramitadas.<\/span><\/p><\/div><\/div>\t\t\t\t\t\t\t\t<\/div>\n\t\t\t\t\t<\/div>\n\t\t\t\t<\/div>\n\t\t\t\t<\/div>\n\t\t","protected":false},"excerpt":{"rendered":"<p>REGLAMENTO DEL CANAL DENUNCIA DE ASOCIACI\u00d3N DE PADRES DE NI\u00d1OS PREMATUROS IDENTIFICACI\u00d3N DE LA ENTIDAD NOMBRE\/RAZ\u00d3N SOCIAL: ASOCIACI\u00d3N DE PADRES DE NI\u00d1OS PREMATUROS DNI\/NIF: G82731282 DIRECCI\u00d3N: C\/ Ribadavia 9 Bajo, Puerta 4, 28029 &#8211; Madrid EMAIL: aprem@aprem-e.org TEL\u00c9FONO: 657 66 70 86 \u00cdNDICE Objeto. Principios b\u00e1sicos del Canal Denuncia. Requisitos m\u00ednimos de la denuncia Derechos [&hellip;]<\/p>\n","protected":false},"author":1,"featured_media":0,"parent":0,"menu_order":0,"comment_status":"closed","ping_status":"closed","template":"","meta":{"inline_featured_image":false,"footnotes":""},"class_list":["post-1007","page","type-page","status-publish","hentry"],"yoast_head":"<!-- This site is optimized with the Yoast SEO plugin v27.4 - https:\/\/yoast.com\/product\/yoast-seo-wordpress\/ -->\n<title>Canal de denuncias - Aprem<\/title>\n<meta name=\"robots\" content=\"index, follow, max-snippet:-1, max-image-preview:large, max-video-preview:-1\" \/>\n<link rel=\"canonical\" href=\"https:\/\/aprem-e.org\/index.php\/canal-de-denuncias\/\" \/>\n<meta property=\"og:locale\" content=\"es_ES\" \/>\n<meta property=\"og:type\" content=\"article\" \/>\n<meta property=\"og:title\" content=\"Canal de denuncias - Aprem\" \/>\n<meta property=\"og:description\" content=\"REGLAMENTO DEL CANAL DENUNCIA DE ASOCIACI\u00d3N DE PADRES DE NI\u00d1OS PREMATUROS IDENTIFICACI\u00d3N DE LA ENTIDAD NOMBRE\/RAZ\u00d3N SOCIAL: ASOCIACI\u00d3N DE PADRES DE NI\u00d1OS PREMATUROS DNI\/NIF: G82731282 DIRECCI\u00d3N: C\/ Ribadavia 9 Bajo, Puerta 4, 28029 &#8211; Madrid EMAIL: aprem@aprem-e.org TEL\u00c9FONO: 657 66 70 86 \u00cdNDICE Objeto. Principios b\u00e1sicos del Canal Denuncia. Requisitos m\u00ednimos de la denuncia Derechos [&hellip;]\" \/>\n<meta property=\"og:url\" content=\"https:\/\/aprem-e.org\/index.php\/canal-de-denuncias\/\" \/>\n<meta property=\"og:site_name\" content=\"Aprem\" \/>\n<meta property=\"article:modified_time\" content=\"2026-02-03T07:40:31+00:00\" \/>\n<meta name=\"twitter:card\" content=\"summary_large_image\" \/>\n<meta name=\"twitter:label1\" content=\"Tiempo de lectura\" \/>\n\t<meta name=\"twitter:data1\" content=\"6 minutos\" \/>\n<script type=\"application\/ld+json\" class=\"yoast-schema-graph\">{\"@context\":\"https:\\\/\\\/schema.org\",\"@graph\":[{\"@type\":\"WebPage\",\"@id\":\"https:\\\/\\\/aprem-e.org\\\/index.php\\\/canal-de-denuncias\\\/\",\"url\":\"https:\\\/\\\/aprem-e.org\\\/index.php\\\/canal-de-denuncias\\\/\",\"name\":\"Canal de denuncias - Aprem\",\"isPartOf\":{\"@id\":\"https:\\\/\\\/aprem-e.org\\\/#website\"},\"datePublished\":\"2026-01-27T11:50:25+00:00\",\"dateModified\":\"2026-02-03T07:40:31+00:00\",\"breadcrumb\":{\"@id\":\"https:\\\/\\\/aprem-e.org\\\/index.php\\\/canal-de-denuncias\\\/#breadcrumb\"},\"inLanguage\":\"es\",\"potentialAction\":[{\"@type\":\"ReadAction\",\"target\":[\"https:\\\/\\\/aprem-e.org\\\/index.php\\\/canal-de-denuncias\\\/\"]}]},{\"@type\":\"BreadcrumbList\",\"@id\":\"https:\\\/\\\/aprem-e.org\\\/index.php\\\/canal-de-denuncias\\\/#breadcrumb\",\"itemListElement\":[{\"@type\":\"ListItem\",\"position\":1,\"name\":\"Home\",\"item\":\"https:\\\/\\\/aprem-e.org\\\/\"},{\"@type\":\"ListItem\",\"position\":2,\"name\":\"Canal de denuncias\"}]},{\"@type\":\"WebSite\",\"@id\":\"https:\\\/\\\/aprem-e.org\\\/#website\",\"url\":\"https:\\\/\\\/aprem-e.org\\\/\",\"name\":\"Aprem\",\"description\":\"Asociaci\u00f3n de Padres de Ni\u00f1os Prematuros\",\"publisher\":{\"@id\":\"https:\\\/\\\/aprem-e.org\\\/#organization\"},\"potentialAction\":[{\"@type\":\"SearchAction\",\"target\":{\"@type\":\"EntryPoint\",\"urlTemplate\":\"https:\\\/\\\/aprem-e.org\\\/?s={search_term_string}\"},\"query-input\":{\"@type\":\"PropertyValueSpecification\",\"valueRequired\":true,\"valueName\":\"search_term_string\"}}],\"inLanguage\":\"es\"},{\"@type\":\"Organization\",\"@id\":\"https:\\\/\\\/aprem-e.org\\\/#organization\",\"name\":\"Aprem\",\"url\":\"https:\\\/\\\/aprem-e.org\\\/\",\"logo\":{\"@type\":\"ImageObject\",\"inLanguage\":\"es\",\"@id\":\"https:\\\/\\\/aprem-e.org\\\/#\\\/schema\\\/logo\\\/image\\\/\",\"url\":\"https:\\\/\\\/aprem-e.org\\\/wp-content\\\/uploads\\\/2025\\\/09\\\/cropped-Logo-APREM_M1.png\",\"contentUrl\":\"https:\\\/\\\/aprem-e.org\\\/wp-content\\\/uploads\\\/2025\\\/09\\\/cropped-Logo-APREM_M1.png\",\"width\":512,\"height\":512,\"caption\":\"Aprem\"},\"image\":{\"@id\":\"https:\\\/\\\/aprem-e.org\\\/#\\\/schema\\\/logo\\\/image\\\/\"}}]}<\/script>\n<!-- \/ Yoast SEO plugin. -->","yoast_head_json":{"title":"Canal de denuncias - Aprem","robots":{"index":"index","follow":"follow","max-snippet":"max-snippet:-1","max-image-preview":"max-image-preview:large","max-video-preview":"max-video-preview:-1"},"canonical":"https:\/\/aprem-e.org\/index.php\/canal-de-denuncias\/","og_locale":"es_ES","og_type":"article","og_title":"Canal de denuncias - Aprem","og_description":"REGLAMENTO DEL CANAL DENUNCIA DE ASOCIACI\u00d3N DE PADRES DE NI\u00d1OS PREMATUROS IDENTIFICACI\u00d3N DE LA ENTIDAD NOMBRE\/RAZ\u00d3N SOCIAL: ASOCIACI\u00d3N DE PADRES DE NI\u00d1OS PREMATUROS DNI\/NIF: G82731282 DIRECCI\u00d3N: C\/ Ribadavia 9 Bajo, Puerta 4, 28029 &#8211; Madrid EMAIL: aprem@aprem-e.org TEL\u00c9FONO: 657 66 70 86 \u00cdNDICE Objeto. Principios b\u00e1sicos del Canal Denuncia. Requisitos m\u00ednimos de la denuncia Derechos [&hellip;]","og_url":"https:\/\/aprem-e.org\/index.php\/canal-de-denuncias\/","og_site_name":"Aprem","article_modified_time":"2026-02-03T07:40:31+00:00","twitter_card":"summary_large_image","twitter_misc":{"Tiempo de lectura":"6 minutos"},"schema":{"@context":"https:\/\/schema.org","@graph":[{"@type":"WebPage","@id":"https:\/\/aprem-e.org\/index.php\/canal-de-denuncias\/","url":"https:\/\/aprem-e.org\/index.php\/canal-de-denuncias\/","name":"Canal de denuncias - Aprem","isPartOf":{"@id":"https:\/\/aprem-e.org\/#website"},"datePublished":"2026-01-27T11:50:25+00:00","dateModified":"2026-02-03T07:40:31+00:00","breadcrumb":{"@id":"https:\/\/aprem-e.org\/index.php\/canal-de-denuncias\/#breadcrumb"},"inLanguage":"es","potentialAction":[{"@type":"ReadAction","target":["https:\/\/aprem-e.org\/index.php\/canal-de-denuncias\/"]}]},{"@type":"BreadcrumbList","@id":"https:\/\/aprem-e.org\/index.php\/canal-de-denuncias\/#breadcrumb","itemListElement":[{"@type":"ListItem","position":1,"name":"Home","item":"https:\/\/aprem-e.org\/"},{"@type":"ListItem","position":2,"name":"Canal de denuncias"}]},{"@type":"WebSite","@id":"https:\/\/aprem-e.org\/#website","url":"https:\/\/aprem-e.org\/","name":"Aprem","description":"Asociaci\u00f3n de Padres de Ni\u00f1os Prematuros","publisher":{"@id":"https:\/\/aprem-e.org\/#organization"},"potentialAction":[{"@type":"SearchAction","target":{"@type":"EntryPoint","urlTemplate":"https:\/\/aprem-e.org\/?s={search_term_string}"},"query-input":{"@type":"PropertyValueSpecification","valueRequired":true,"valueName":"search_term_string"}}],"inLanguage":"es"},{"@type":"Organization","@id":"https:\/\/aprem-e.org\/#organization","name":"Aprem","url":"https:\/\/aprem-e.org\/","logo":{"@type":"ImageObject","inLanguage":"es","@id":"https:\/\/aprem-e.org\/#\/schema\/logo\/image\/","url":"https:\/\/aprem-e.org\/wp-content\/uploads\/2025\/09\/cropped-Logo-APREM_M1.png","contentUrl":"https:\/\/aprem-e.org\/wp-content\/uploads\/2025\/09\/cropped-Logo-APREM_M1.png","width":512,"height":512,"caption":"Aprem"},"image":{"@id":"https:\/\/aprem-e.org\/#\/schema\/logo\/image\/"}}]}},"_links":{"self":[{"href":"https:\/\/aprem-e.org\/index.php\/wp-json\/wp\/v2\/pages\/1007","targetHints":{"allow":["GET"]}}],"collection":[{"href":"https:\/\/aprem-e.org\/index.php\/wp-json\/wp\/v2\/pages"}],"about":[{"href":"https:\/\/aprem-e.org\/index.php\/wp-json\/wp\/v2\/types\/page"}],"author":[{"embeddable":true,"href":"https:\/\/aprem-e.org\/index.php\/wp-json\/wp\/v2\/users\/1"}],"replies":[{"embeddable":true,"href":"https:\/\/aprem-e.org\/index.php\/wp-json\/wp\/v2\/comments?post=1007"}],"version-history":[{"count":10,"href":"https:\/\/aprem-e.org\/index.php\/wp-json\/wp\/v2\/pages\/1007\/revisions"}],"predecessor-version":[{"id":21150,"href":"https:\/\/aprem-e.org\/index.php\/wp-json\/wp\/v2\/pages\/1007\/revisions\/21150"}],"wp:attachment":[{"href":"https:\/\/aprem-e.org\/index.php\/wp-json\/wp\/v2\/media?parent=1007"}],"curies":[{"name":"wp","href":"https:\/\/api.w.org\/{rel}","templated":true}]}}