{"id":129,"date":"2025-09-08T06:13:39","date_gmt":"2025-09-08T06:13:39","guid":{"rendered":"https:\/\/aprem-e.org\/?page_id=129"},"modified":"2026-03-13T19:20:58","modified_gmt":"2026-03-13T19:20:58","slug":"quienes-somos","status":"publish","type":"page","link":"https:\/\/aprem-e.org\/index.php\/quienes-somos\/","title":{"rendered":"Quienes Somos"},"content":{"rendered":"\t\t<div data-elementor-type=\"wp-page\" data-elementor-id=\"129\" class=\"elementor elementor-129\" data-elementor-post-type=\"page\">\n\t\t\t\t<div class=\"elementor-element elementor-element-11628dd e-flex e-con-boxed e-con e-parent\" data-id=\"11628dd\" data-element_type=\"container\" data-e-type=\"container\">\n\t\t\t\t\t<div class=\"e-con-inner\">\n\t\t<div class=\"elementor-element elementor-element-b6ed5af e-con-full e-flex e-con e-child\" data-id=\"b6ed5af\" data-element_type=\"container\" data-e-type=\"container\">\n\t\t\t\t<div class=\"elementor-element elementor-element-5540473 elementor-widget elementor-widget-heading\" data-id=\"5540473\" data-element_type=\"widget\" data-e-type=\"widget\" data-widget_type=\"heading.default\">\n\t\t\t\t\t<h2 class=\"elementor-heading-title elementor-size-default\">\u00bfQU\u00c9 ES APREM?<\/h2>\t\t\t\t<\/div>\n\t\t<div class=\"elementor-element elementor-element-cfc3c05 e-con-full e-flex e-con e-child\" data-id=\"cfc3c05\" data-element_type=\"container\" data-e-type=\"container\">\n\t\t\t\t<div class=\"elementor-element elementor-element-de8a333 elementor-widget__width-initial elementor-widget elementor-widget-text-editor\" data-id=\"de8a333\" data-element_type=\"widget\" data-e-type=\"widget\" data-widget_type=\"text-editor.default\">\n\t\t\t\t\t\t\t\t\t<ul class=\"wp-block-list\">\n \t<li>La\u00a0<strong>primera asociaci\u00f3n\u00a0<\/strong>en Espa\u00f1a en el \u00e1mbito de la prematuridad.<\/li>\n<\/ul>\n<\/br>\n<ul class=\"wp-block-list\">\n \t<li>Entidad sin \u00e1nimo de lucro de\u00a0<strong>\u00e1mbito estatal.<\/strong><\/li>\n<\/ul><\/br>\n<ul class=\"wp-block-list\">\n \t<li>Declarada de\u00a0<strong>utilidad p\u00fablica.<\/strong><\/li>\n<\/ul><\/br>\n<ul class=\"wp-block-list\">\n \t<li>Fundada en el\u00a0<strong>a\u00f1o 1999 como un grupo de autoapoyo\u00a0<\/strong>por familiasque ten\u00edanbeb\u00e9s hospitalizados en Neonatolog\u00eda del Hospital U. La Paz de Madrid.<\/li><\/br>\n \t<li>Formada por\u00a0<strong>familias<\/strong>\u00a0con hijos\/as nacidos\/as prematuramente y por\u00a0<strong>profesionales<\/strong>\u00a0de diferentes especialidades.<\/li>\n<\/ul>\t\t\t\t\t\t\t\t<\/div>\n\t\t\t\t<div class=\"elementor-element elementor-element-0df6e45 elementor-widget__width-initial elementor-widget elementor-widget-text-editor\" data-id=\"0df6e45\" data-element_type=\"widget\" data-e-type=\"widget\" data-widget_type=\"text-editor.default\">\n\t\t\t\t\t\t\t\t\t<ul>\n \t<li>Recomendamos \u00fanicamente\u00a0<strong>evidencias apoyadas por la comunidad cient\u00edfica.<\/strong><\/li>\n<\/ul><\/br>\n<ul class=\"wp-block-list\">\n \t<li>Aportamos algo diferente porque\u00a0<strong>nuestra perspectiva es \u00fanica<\/strong>, como padres y como asociaci\u00f3n.<\/li>\n<\/ul><\/br>\n<ul class=\"wp-block-list\">\n \t<li>Y todo ello, con el fin de \u201ccontribuir a que los ni\u00f1os y las ni\u00f1as nacidos\/as prematuramente se desarrollen a lo largo de su infancia y adolescencia, de forma sana, equilibrada y alegre\u201d.<\/li>\n<\/ul>\t\t\t\t\t\t\t\t<\/div>\n\t\t\t\t<\/div>\n\t\t\t\t<\/div>\n\t\t<div class=\"elementor-element elementor-element-778ddc6 e-con-full e-flex e-con e-child\" data-id=\"778ddc6\" data-element_type=\"container\" data-e-type=\"container\">\n\t\t\t\t<div class=\"elementor-element elementor-element-6d430e7 elementor-widget elementor-widget-image\" data-id=\"6d430e7\" data-element_type=\"widget\" data-e-type=\"widget\" data-widget_type=\"image.default\">\n\t\t\t\t\t\t\t\t\t\t\t\t\t\t\t<img fetchpriority=\"high\" decoding=\"async\" width=\"800\" height=\"532\" src=\"https:\/\/aprem-e.org\/wp-content\/uploads\/2025\/11\/FOTO-DMP-20219-CON-PABLO-IGLESIAS-1024x681.jpg\" class=\"attachment-large size-large wp-image-355\" alt=\"\" srcset=\"https:\/\/aprem-e.org\/wp-content\/uploads\/2025\/11\/FOTO-DMP-20219-CON-PABLO-IGLESIAS-1024x681.jpg 1024w, https:\/\/aprem-e.org\/wp-content\/uploads\/2025\/11\/FOTO-DMP-20219-CON-PABLO-IGLESIAS-300x200.jpg 300w, https:\/\/aprem-e.org\/wp-content\/uploads\/2025\/11\/FOTO-DMP-20219-CON-PABLO-IGLESIAS-768x511.jpg 768w, https:\/\/aprem-e.org\/wp-content\/uploads\/2025\/11\/FOTO-DMP-20219-CON-PABLO-IGLESIAS-1536x1022.jpg 1536w, https:\/\/aprem-e.org\/wp-content\/uploads\/2025\/11\/FOTO-DMP-20219-CON-PABLO-IGLESIAS-2048x1363.jpg 2048w\" sizes=\"(max-width: 800px) 100vw, 800px\" \/>\t\t\t\t\t\t\t\t\t\t\t\t\t\t\t<\/div>\n\t\t\t\t<\/div>\n\t\t\t\t\t<\/div>\n\t\t\t\t<\/div>\n\t\t<div class=\"elementor-element elementor-element-feacacf e-flex e-con-boxed e-con e-parent\" data-id=\"feacacf\" data-element_type=\"container\" data-e-type=\"container\">\n\t\t\t\t\t<div class=\"e-con-inner\">\n\t\t\t\t<div class=\"elementor-element elementor-element-657a278 elementor-widget elementor-widget-menu-anchor\" data-id=\"657a278\" data-element_type=\"widget\" data-e-type=\"widget\" data-widget_type=\"menu-anchor.default\">\n\t\t\t\t\t\t\t<div class=\"elementor-menu-anchor\" id=\"como-se-creo\"><\/div>\n\t\t\t\t\t\t<\/div>\n\t\t\t\t\t<\/div>\n\t\t\t\t<\/div>\n\t\t<div class=\"elementor-element elementor-element-4fa4afb e-flex e-con-boxed e-con e-parent\" data-id=\"4fa4afb\" data-element_type=\"container\" data-e-type=\"container\">\n\t\t\t\t\t<div class=\"e-con-inner\">\n\t\t<div class=\"elementor-element elementor-element-daa0471 e-con-full e-flex e-con e-child\" data-id=\"daa0471\" data-element_type=\"container\" data-e-type=\"container\">\n\t\t\t\t<div class=\"elementor-element elementor-element-a11c246 elementor-widget elementor-widget-heading\" data-id=\"a11c246\" data-element_type=\"widget\" data-e-type=\"widget\" data-widget_type=\"heading.default\">\n\t\t\t\t\t<h2 class=\"elementor-heading-title elementor-size-default\">\u00bfC\u00d3MO SE CRE\u00d3 APREM?\n<\/h2>\t\t\t\t<\/div>\n\t\t\t\t<div class=\"elementor-element elementor-element-748b721 elementor-widget__width-initial elementor-widget elementor-widget-text-editor\" data-id=\"748b721\" data-element_type=\"widget\" data-e-type=\"widget\" data-widget_type=\"text-editor.default\">\n\t\t\t\t\t\t\t\t\t<p><span style=\"font-weight: 400;\">En el a\u00f1o 1999 la prematuridad era a\u00fan muy desconocida. Un grupo de familias con hijos nacidos prematuros extremos coincidimos en el Servicio de Neonatolog\u00eda y vivimos una experiencia para la que ninguna familia, ni entonces ni ahora, est\u00e1 preparada.<\/span><\/p><p><span style=\"font-weight: 400;\">En nuestro caso, con hijos tan vulnerables, nadie sab\u00eda si deb\u00eda darnos el p\u00e9same o la enhorabuena; en nuestro entorno se hizo el silencio. Solo encontr\u00e1bamos comprensi\u00f3n en aquellos que estaban viviendo lo que nosotros. As\u00ed naci\u00f3 APREM, como un grupo de ayuda mutua, cuando comprendimos intuitivamente que no es lo mismo enfrentar un problema como un individuo aislado que con la ayuda de otros. A partir de ese momento, nos prometimos que nunca otras familias se iban a encontrar tan solas como lo hab\u00edamos estado nosotros, y un 27 de agosto de 1999 creamos la que ser\u00eda la primera asociaci\u00f3n de padres de ni\u00f1os prematuros en nuestro pa\u00eds: APREM.<\/span><\/p><p><span style=\"font-weight: 400;\">El Hospital Universitario La Paz fue nuestro primer espacio y la incubadora del movimiento asociativo de la prematuridad en nuestro pa\u00eds y, de entonces a hoy, hemos encontrado el apoyo incondicional de sus profesionales, al que se han sumado otros que valoran la experiencia y la larga y comprometida actividad de APREM en el \u00e1mbito de la prematuridad.<\/span><\/p>\t\t\t\t\t\t\t\t<\/div>\n\t\t\t\t<\/div>\n\t\t<div class=\"elementor-element elementor-element-cf01903 e-con-full e-flex e-con e-child\" data-id=\"cf01903\" data-element_type=\"container\" data-e-type=\"container\">\n\t\t\t\t<div class=\"elementor-element elementor-element-ef223aa elementor-widget elementor-widget-image\" data-id=\"ef223aa\" data-element_type=\"widget\" data-e-type=\"widget\" data-widget_type=\"image.default\">\n\t\t\t\t\t\t\t\t\t\t\t\t\t\t\t<img decoding=\"async\" width=\"800\" height=\"645\" src=\"https:\/\/aprem-e.org\/wp-content\/uploads\/2025\/11\/FOTO-ENTREGA-PATUCOS-PUERTA-DE-HIERRO-1024x826.jpg\" class=\"attachment-large size-large wp-image-356\" alt=\"\" srcset=\"https:\/\/aprem-e.org\/wp-content\/uploads\/2025\/11\/FOTO-ENTREGA-PATUCOS-PUERTA-DE-HIERRO-1024x826.jpg 1024w, https:\/\/aprem-e.org\/wp-content\/uploads\/2025\/11\/FOTO-ENTREGA-PATUCOS-PUERTA-DE-HIERRO-300x242.jpg 300w, https:\/\/aprem-e.org\/wp-content\/uploads\/2025\/11\/FOTO-ENTREGA-PATUCOS-PUERTA-DE-HIERRO-768x619.jpg 768w, https:\/\/aprem-e.org\/wp-content\/uploads\/2025\/11\/FOTO-ENTREGA-PATUCOS-PUERTA-DE-HIERRO.jpg 1280w\" sizes=\"(max-width: 800px) 100vw, 800px\" \/>\t\t\t\t\t\t\t\t\t\t\t\t\t\t\t<\/div>\n\t\t\t\t<\/div>\n\t\t\t\t\t<\/div>\n\t\t\t\t<\/div>\n\t\t<div class=\"elementor-element elementor-element-aa8872a e-flex e-con-boxed e-con e-parent\" data-id=\"aa8872a\" data-element_type=\"container\" data-e-type=\"container\">\n\t\t\t\t\t<div class=\"e-con-inner\">\n\t\t\t\t<div class=\"elementor-element elementor-element-86cd35f elementor-widget elementor-widget-menu-anchor\" data-id=\"86cd35f\" data-element_type=\"widget\" data-e-type=\"widget\" data-widget_type=\"menu-anchor.default\">\n\t\t\t\t\t\t\t<div class=\"elementor-menu-anchor\" id=\"nuestros-premios\"><\/div>\n\t\t\t\t\t\t<\/div>\n\t\t\t\t\t<\/div>\n\t\t\t\t<\/div>\n\t\t<div class=\"elementor-element elementor-element-58c9565 e-flex e-con-boxed e-con e-parent\" data-id=\"58c9565\" data-element_type=\"container\" data-e-type=\"container\">\n\t\t\t\t\t<div class=\"e-con-inner\">\n\t\t\t\t<div class=\"elementor-element elementor-element-e043e35 elementor-widget elementor-widget-heading\" data-id=\"e043e35\" data-element_type=\"widget\" data-e-type=\"widget\" data-widget_type=\"heading.default\">\n\t\t\t\t\t<h2 class=\"elementor-heading-title elementor-size-default\">Nuestros Premios\n<\/h2>\t\t\t\t<\/div>\n\t\t\t\t<div class=\"elementor-element elementor-element-ca5479c elementor--h-position-center elementor--v-position-middle elementor-arrows-position-inside elementor-pagination-position-inside elementor-widget elementor-widget-slides\" data-id=\"ca5479c\" data-element_type=\"widget\" data-e-type=\"widget\" data-settings=\"{&quot;navigation&quot;:&quot;both&quot;,&quot;autoplay&quot;:&quot;yes&quot;,&quot;pause_on_hover&quot;:&quot;yes&quot;,&quot;pause_on_interaction&quot;:&quot;yes&quot;,&quot;autoplay_speed&quot;:5000,&quot;infinite&quot;:&quot;yes&quot;,&quot;transition&quot;:&quot;slide&quot;,&quot;transition_speed&quot;:500}\" data-widget_type=\"slides.default\">\n\t\t\t\t\t\t\t\t\t\t<div class=\"elementor-slides-wrapper elementor-main-swiper swiper\" role=\"region\" aria-roledescription=\"carousel\" aria-label=\"Slides\" dir=\"ltr\" data-animation=\"fadeInUp\">\n\t\t\t\t<div class=\"swiper-wrapper elementor-slides\">\n\t\t\t\t\t\t\t\t\t\t<div class=\"elementor-repeater-item-0835915 swiper-slide\" role=\"group\" aria-roledescription=\"slide\"><div class=\"swiper-slide-bg elementor-ken-burns elementor-ken-burns--in\" role=\"img\" aria-label=\"I.AP060225PremioProgramaContactoTVCastillaYLeonH.ComplejoAsistencialUSalamanca\"><\/div><div class=\"elementor-background-overlay\"><\/div><div class=\"swiper-slide-inner\" ><div class=\"swiper-slide-contents\"><div class=\"elementor-slide-heading\">Primer premio en la categor\u00eda de Humanizaci\u00f3n de los II Premios Diagn\u00f3stico organizados por al televisi\u00f3n de Castilla y Le\u00f3n.<\/div><div class=\"elementor-slide-description\">\n\nAuditorio Ciudad de Le\u00f3n \u2013 6 de febrero de 2025<\/div><\/div><\/div><\/div><div class=\"elementor-repeater-item-2949d34 swiper-slide\" role=\"group\" aria-roledescription=\"slide\"><div class=\"swiper-slide-bg elementor-ken-burns elementor-ken-burns--in\" role=\"img\" aria-label=\"asociacionismo-web\"><\/div><div class=\"elementor-background-overlay\"><\/div><div class=\"swiper-slide-inner\" ><div class=\"swiper-slide-contents\"><div class=\"elementor-slide-heading\">Primer premio en la II edici\u00f3n de los Premios para Proyectos Vinculados con el Tercer Sector del Ayuntamiento de Madrid. <\/div><div class=\"elementor-slide-description\">\nPalacio de Cristal de Arganzuela \u2013 22 de noviembre de 2024<\/div><\/div><\/div><\/div><div class=\"elementor-repeater-item-dc14c0a swiper-slide\" role=\"group\" aria-roledescription=\"slide\"><div class=\"swiper-slide-bg elementor-ken-burns elementor-ken-burns--in\" role=\"img\" aria-label=\"3078700-scaled\"><\/div><div class=\"elementor-background-overlay\"><\/div><div class=\"swiper-slide-inner\" ><div class=\"swiper-slide-contents\"><div class=\"elementor-slide-heading\">Proyecto premiado en la Gala de la Salut 2024, \u00abSom Salut, som comprom\u00eds\u00bb organizado por la Conselleria de Salut de les Illes Balears.<\/div><div class=\"elementor-slide-description\">Palau de Congressos de Palma \u2013 6 de noviembre de 2024<\/div><\/div><\/div><\/div><div class=\"elementor-repeater-item-10b39bc swiper-slide\" role=\"group\" aria-roledescription=\"slide\"><div class=\"swiper-slide-bg elementor-ken-burns elementor-ken-burns--in\" role=\"img\" aria-label=\"IMG_3978-2\"><\/div><div class=\"elementor-background-overlay\"><\/div><div class=\"swiper-slide-inner\" ><div class=\"swiper-slide-contents\"><div class=\"elementor-slide-heading\">Premio de la European Foundation for the Care of Newborn Infants (EFCNI)** for empowering families witch Kangaroo Mother Care**.<\/div><div class=\"elementor-slide-description\">Munich- 26 de abril de 2024<\/div><\/div><\/div><\/div><div class=\"elementor-repeater-item-1c01a69 swiper-slide\" role=\"group\" aria-roledescription=\"slide\"><div class=\"swiper-slide-bg elementor-ken-burns elementor-ken-burns--in\" role=\"img\" aria-label=\"humans\"><\/div><div class=\"elementor-background-overlay\"><\/div><div class=\"swiper-slide-inner\" ><div class=\"swiper-slide-contents\"><div class=\"elementor-slide-heading\">Premios Humans 2024: APREM es Galardonada por el Compromiso con los Ni\u00f1os Prematuros \u2666<\/div><\/div><\/div><\/div><div class=\"elementor-repeater-item-2061e2a swiper-slide\" role=\"group\" aria-roledescription=\"slide\"><div class=\"swiper-slide-bg elementor-ken-burns elementor-ken-burns--in\" role=\"img\" aria-label=\"PREMIO-AL-MEJOR-TRABAJO-CIENTIFICO-SIBEN-2023\"><\/div><div class=\"elementor-background-overlay\"><\/div><div class=\"swiper-slide-inner\" ><div class=\"swiper-slide-contents\"><div class=\"elementor-slide-heading\"> Premio de la Sociedad Iberoamericana de Neonatolog\u00eda (SIBEN) a la Comunicaci\u00f3n \u00abPrograma ConTacto: Contribuyendo a Reducir la Morbilidad en los Beb\u00e9s Prematuros de Doble Riesgo\u00bb, 2023 <\/div><\/div><\/div><\/div><div class=\"elementor-repeater-item-059a5ec swiper-slide\" role=\"group\" aria-roledescription=\"slide\"><div class=\"swiper-slide-bg elementor-ken-burns elementor-ken-burns--in\" role=\"img\" aria-label=\"SOMOS-PACIENTES1\"><\/div><div class=\"elementor-background-overlay\"><\/div><div class=\"swiper-slide-inner\" ><div class=\"swiper-slide-contents\"><div class=\"elementor-slide-heading\">Finalistas en las categor\u00edas de \u00abPremio Iniciativa de Servicio al Paciente y Premier del P\u00fablico\u00bb en los Premios \u00abSomos Pacientes 2023<\/div><\/div><\/div><\/div><div class=\"elementor-repeater-item-18cca4b swiper-slide\" role=\"group\" aria-roledescription=\"slide\"><div class=\"swiper-slide-bg elementor-ken-burns elementor-ken-burns--in\" role=\"img\" aria-label=\"APREM-scaled\"><\/div><div class=\"elementor-background-overlay\"><\/div><div class=\"swiper-slide-inner\" ><div class=\"swiper-slide-contents\"><div class=\"elementor-slide-heading\">Premio \u00abHumanizando la Sanidad\u00bb, 2023, TEVA, durante la VII edici\u00f3n de estos premios<\/div><\/div><\/div><\/div><div class=\"elementor-repeater-item-7e547b6 swiper-slide\" role=\"group\" aria-roledescription=\"slide\"><div class=\"swiper-slide-bg elementor-ken-burns elementor-ken-burns--in\" role=\"img\" aria-label=\"316807549_6293588583989429_6704235380451953442_n\"><\/div><div class=\"elementor-background-overlay\"><\/div><div class=\"swiper-slide-inner\" ><div class=\"swiper-slide-contents\"><div class=\"elementor-slide-heading\">Compromiso Asociativo con el Voluntariado Social, 2022<\/div><\/div><\/div><\/div><div class=\"elementor-repeater-item-fe0b0d7 swiper-slide\" role=\"group\" aria-roledescription=\"slide\"><div class=\"swiper-slide-bg elementor-ken-burns elementor-ken-burns--in\" role=\"img\" aria-label=\"CLARA-F.-RECIBIENDO-PREMIO-CONGRESO-CANGURO-300x225\"><\/div><div class=\"elementor-background-overlay\"><\/div><div class=\"swiper-slide-inner\" ><div class=\"swiper-slide-contents\"><div class=\"elementor-slide-heading\">Premio del XIII Kangaroo Mother Care Congress and Workshop, 2021<\/div><\/div><\/div><\/div><div class=\"elementor-repeater-item-79b53bf swiper-slide\" role=\"group\" aria-roledescription=\"slide\"><div class=\"swiper-slide-bg elementor-ken-burns elementor-ken-burns--in\" role=\"img\" aria-label=\"Imagen-de-WhatsApp-2023-10-07-a-las-13.39.30_9c498f1e\"><\/div><div class=\"elementor-background-overlay\"><\/div><div class=\"swiper-slide-inner\" ><div class=\"swiper-slide-contents\"><div class=\"elementor-slide-heading\">Reconocimiento de la Sociedad Iberoamericana de Neonatolog\u00eda (SIBEN), 2020<\/div><\/div><\/div><\/div>\t\t\t\t<\/div>\n\t\t\t\t\t\t\t\t\t\t\t\t\t\t\t<div class=\"elementor-swiper-button elementor-swiper-button-prev\" role=\"button\" tabindex=\"0\" aria-label=\"Previous slide\">\n\t\t\t\t\t\t\t<svg aria-hidden=\"true\" class=\"e-font-icon-svg e-eicon-chevron-left\" viewBox=\"0 0 1000 1000\" xmlns=\"http:\/\/www.w3.org\/2000\/svg\"><path d=\"M646 125C629 125 613 133 604 142L308 442C296 454 292 471 292 487 292 504 296 521 308 533L604 854C617 867 629 875 646 875 663 875 679 871 692 858 704 846 713 829 713 812 713 796 708 779 692 767L438 487 692 225C700 217 708 204 708 187 708 171 704 154 692 142 675 129 663 125 646 125Z\"><\/path><\/svg>\t\t\t\t\t\t<\/div>\n\t\t\t\t\t\t<div class=\"elementor-swiper-button elementor-swiper-button-next\" role=\"button\" tabindex=\"0\" aria-label=\"Next slide\">\n\t\t\t\t\t\t\t<svg aria-hidden=\"true\" class=\"e-font-icon-svg e-eicon-chevron-right\" viewBox=\"0 0 1000 1000\" xmlns=\"http:\/\/www.w3.org\/2000\/svg\"><path d=\"M696 533C708 521 713 504 713 487 713 471 708 454 696 446L400 146C388 133 375 125 354 125 338 125 325 129 313 142 300 154 292 171 292 187 292 204 296 221 308 233L563 492 304 771C292 783 288 800 288 817 288 833 296 850 308 863 321 871 338 875 354 875 371 875 388 867 400 854L696 533Z\"><\/path><\/svg>\t\t\t\t\t\t<\/div>\n\t\t\t\t\t\t\t\t\t\t\t\t\t\t\t\t<div class=\"swiper-pagination\"><\/div>\n\t\t\t\t\t\t\t\t\t\t\t\t<\/div>\n\t\t\t\t\t\t\t\t<\/div>\n\t\t\t\t\t<\/div>\n\t\t\t\t<\/div>\n\t\t<div class=\"elementor-element elementor-element-11ce24d e-flex e-con-boxed e-con e-parent\" data-id=\"11ce24d\" data-element_type=\"container\" data-e-type=\"container\">\n\t\t\t\t\t<div class=\"e-con-inner\">\n\t\t\t\t<div class=\"elementor-element elementor-element-9603dcd elementor-widget elementor-widget-menu-anchor\" data-id=\"9603dcd\" data-element_type=\"widget\" data-e-type=\"widget\" data-widget_type=\"menu-anchor.default\">\n\t\t\t\t\t\t\t<div class=\"elementor-menu-anchor\" id=\"nuestro-equipo\"><\/div>\n\t\t\t\t\t\t<\/div>\n\t\t\t\t\t<\/div>\n\t\t\t\t<\/div>\n\t\t<div class=\"elementor-element elementor-element-e84ef31 e-flex e-con-boxed e-con e-parent\" data-id=\"e84ef31\" data-element_type=\"container\" data-e-type=\"container\">\n\t\t\t\t\t<div class=\"e-con-inner\">\n\t\t\t\t<div class=\"elementor-element elementor-element-98e3682 elementor-widget elementor-widget-heading\" data-id=\"98e3682\" data-element_type=\"widget\" data-e-type=\"widget\" data-widget_type=\"heading.default\">\n\t\t\t\t\t<h2 class=\"elementor-heading-title elementor-size-default\">Nuestro Equipo\n<\/h2>\t\t\t\t<\/div>\n\t\t\t\t\t<\/div>\n\t\t\t\t<\/div>\n\t\t<div class=\"elementor-element elementor-element-28908f7 e-flex e-con-boxed e-con e-parent\" data-id=\"28908f7\" data-element_type=\"container\" data-e-type=\"container\">\n\t\t\t\t\t<div class=\"e-con-inner\">\n\t\t<div class=\"elementor-element elementor-element-10e9338 e-con-full e-flex e-con e-child\" data-id=\"10e9338\" data-element_type=\"container\" data-e-type=\"container\">\n\t\t<div class=\"elementor-element elementor-element-d9c0c09 e-con-full e-flex e-con e-child\" data-id=\"d9c0c09\" data-element_type=\"container\" data-e-type=\"container\">\n\t\t\t\t<div class=\"elementor-element elementor-element-7347117 elementor-widget__width-initial elementor-widget elementor-widget-image\" data-id=\"7347117\" data-element_type=\"widget\" data-e-type=\"widget\" data-widget_type=\"image.default\">\n\t\t\t\t\t\t\t\t\t\t\t\t\t\t\t<img decoding=\"async\" src=\"https:\/\/aprem-e.org\/wp-content\/uploads\/elementor\/thumbs\/Alicia-Florez-APREM-rbfzcsabo6tc0f31rb8zih9k7bs9a8znzi2mr6ylk0.jpeg\" title=\"Alicia-Florez-APREM\" alt=\"Alicia-Florez-APREM\" loading=\"lazy\" \/>\t\t\t\t\t\t\t\t\t\t\t\t\t\t\t<\/div>\n\t\t<div class=\"elementor-element elementor-element-c5fb54d e-con-full e-flex e-con e-child\" data-id=\"c5fb54d\" data-element_type=\"container\" data-e-type=\"container\">\n\t\t\t\t<div class=\"elementor-element elementor-element-604713a elementor-widget elementor-widget-heading\" data-id=\"604713a\" data-element_type=\"widget\" data-e-type=\"widget\" data-widget_type=\"heading.default\">\n\t\t\t\t\t<h3 class=\"elementor-heading-title elementor-size-default\">Alicia Fl\u00f3rez Garabito\n<\/h3>\t\t\t\t<\/div>\n\t\t\t\t<div class=\"elementor-element elementor-element-65fbc78 elementor-widget elementor-widget-heading\" data-id=\"65fbc78\" data-element_type=\"widget\" data-e-type=\"widget\" data-widget_type=\"heading.default\">\n\t\t\t\t\t<h2 class=\"elementor-heading-title elementor-size-default\">Vicepresidenta 2\u00aa<\/h2>\t\t\t\t<\/div>\n\t\t\t\t<div class=\"elementor-element elementor-element-eb994bd elementor-widget elementor-widget-text-editor\" data-id=\"eb994bd\" data-element_type=\"widget\" data-e-type=\"widget\" data-widget_type=\"text-editor.default\">\n\t\t\t\t\t\t\t\t\t<p>Madre de un prematuro de 29+1 con 930 gramos de peso quien fue operado de una atresia duodenal y de una peritonitis grave en los primeros quince d\u00edas de vida.<\/p><p>Tiene dos empresas, una escuela de formaci\u00f3n online y una agencia de marketing. \u201cNadie desea que su beb\u00e9 nazca antes o que tenga problemas por eso es tan importante el apoyo entre las familias. Es por ello, que formar parte de Aprem es un privilegio para mi\u201d.<\/p>\t\t\t\t\t\t\t\t<\/div>\n\t\t\t\t<\/div>\n\t\t\t\t<\/div>\n\t\t<div class=\"elementor-element elementor-element-f13738f e-con-full e-flex e-con e-child\" data-id=\"f13738f\" data-element_type=\"container\" data-e-type=\"container\">\n\t\t<div class=\"elementor-element elementor-element-cc2ee5a e-con-full e-flex e-con e-child\" data-id=\"cc2ee5a\" data-element_type=\"container\" data-e-type=\"container\">\n\t\t\t\t<div class=\"elementor-element elementor-element-3f458c0 elementor-widget__width-initial elementor-widget elementor-widget-image\" data-id=\"3f458c0\" data-element_type=\"widget\" data-e-type=\"widget\" data-widget_type=\"image.default\">\n\t\t\t\t\t\t\t\t\t\t\t\t\t\t\t<img decoding=\"async\" src=\"https:\/\/aprem-e.org\/wp-content\/uploads\/elementor\/thumbs\/Maria-Viarce-300x300-1-e1767086357198-rgwu8i27crfa3duc3661re0byxqvwnc6ggbz6sjxcw.jpg\" title=\"Maria-Viarce-300&#215;300\" alt=\"Maria-Viarce-300x300\" loading=\"lazy\" \/>\t\t\t\t\t\t\t\t\t\t\t\t\t\t\t<\/div>\n\t\t<div class=\"elementor-element elementor-element-40fd316 e-con-full e-flex e-con e-child\" data-id=\"40fd316\" data-element_type=\"container\" data-e-type=\"container\">\n\t\t\t\t<div class=\"elementor-element elementor-element-8d7da1e elementor-widget elementor-widget-heading\" data-id=\"8d7da1e\" data-element_type=\"widget\" data-e-type=\"widget\" data-widget_type=\"heading.default\">\n\t\t\t\t\t<h3 class=\"elementor-heading-title elementor-size-default\">Mar\u00eda de Viarce Torres de Mier<\/h3>\t\t\t\t<\/div>\n\t\t\t\t<div class=\"elementor-element elementor-element-cc04d80 elementor-widget elementor-widget-heading\" data-id=\"cc04d80\" data-element_type=\"widget\" data-e-type=\"widget\" data-widget_type=\"heading.default\">\n\t\t\t\t\t<h2 class=\"elementor-heading-title elementor-size-default\">Secretaria\n<\/h2>\t\t\t\t<\/div>\n\t\t\t\t<div class=\"elementor-element elementor-element-c458550 elementor-widget elementor-widget-text-editor\" data-id=\"c458550\" data-element_type=\"widget\" data-e-type=\"widget\" data-widget_type=\"text-editor.default\">\n\t\t\t\t\t\t\t\t\t<p>Mam\u00e1 de un ni\u00f1o prematuro de 26 semanas y 760 gramos de peso que comenz\u00f3 la vida \u201ca<br \/>trompicones\u201d; 80 d\u00edas en la UCI del HGU La Paz. Impagable su labor.<br \/>Socia colaboradora de APREM desde nuestro d\u00eda cero.<br \/>Y, tras el par\u00f3n, feliz de haber retomado mi profesi\u00f3n como m\u00e9dico. Se\u00f1al de que todo va<br \/>bien. La vida gana.<\/p>\t\t\t\t\t\t\t\t<\/div>\n\t\t\t\t<\/div>\n\t\t\t\t<\/div>\n\t\t\t\t<\/div>\n\t\t\t\t<\/div>\n\t\t<div class=\"elementor-element elementor-element-07d900a e-con-full e-flex e-con e-child\" data-id=\"07d900a\" data-element_type=\"container\" data-e-type=\"container\">\n\t\t<div class=\"elementor-element elementor-element-363c418 e-con-full e-flex e-con e-child\" data-id=\"363c418\" data-element_type=\"container\" data-e-type=\"container\">\n\t\t\t\t<div class=\"elementor-element elementor-element-efc7716 elementor-widget__width-initial elementor-widget elementor-widget-image\" data-id=\"efc7716\" data-element_type=\"widget\" data-e-type=\"widget\" data-widget_type=\"image.default\">\n\t\t\t\t\t\t\t\t\t\t\t\t\t\t\t<img decoding=\"async\" src=\"https:\/\/aprem-e.org\/wp-content\/uploads\/elementor\/thumbs\/FOTO-CONCHA_02-e1630151921154-rbfyzb9lpoddlmnkfhlhrvnpoi6uyfi64tg34exqqo.jpg\" title=\"FOTO-CONCHA_02-e1630151921154\" alt=\"FOTO-CONCHA_02-e1630151921154\" loading=\"lazy\" \/>\t\t\t\t\t\t\t\t\t\t\t\t\t\t\t<\/div>\n\t\t<div class=\"elementor-element elementor-element-360dae6 e-con-full e-flex e-con e-child\" data-id=\"360dae6\" data-element_type=\"container\" data-e-type=\"container\">\n\t\t\t\t<div class=\"elementor-element elementor-element-0f7cbd9 elementor-widget elementor-widget-heading\" data-id=\"0f7cbd9\" data-element_type=\"widget\" data-e-type=\"widget\" data-widget_type=\"heading.default\">\n\t\t\t\t\t<h3 class=\"elementor-heading-title elementor-size-default\">Concha G\u00f3mez Esteban\n<\/h3>\t\t\t\t<\/div>\n\t\t\t\t<div class=\"elementor-element elementor-element-d894f64 elementor-widget elementor-widget-heading\" data-id=\"d894f64\" data-element_type=\"widget\" data-e-type=\"widget\" data-widget_type=\"heading.default\">\n\t\t\t\t\t<h2 class=\"elementor-heading-title elementor-size-default\">Presidenta\n<\/h2>\t\t\t\t<\/div>\n\t\t\t\t<div class=\"elementor-element elementor-element-ed0e5e7 elementor-widget elementor-widget-text-editor\" data-id=\"ed0e5e7\" data-element_type=\"widget\" data-e-type=\"widget\" data-widget_type=\"text-editor.default\">\n\t\t\t\t\t\t\t\t\t<p>Madre de mellizos prematuros que nacieron con 26 semanas de gestaci\u00f3n y 560 y 890 g en 1999, \u201cuna experiencia que me hizo comprender el valor de la solidaridad y del apoyo de otras familias\u201d.<\/p><p>Es cofundadora de APREM, profesora titular de la Universidad Complutense e investigadora sobre prematuridad.<\/p>\t\t\t\t\t\t\t\t<\/div>\n\t\t\t\t<\/div>\n\t\t\t\t<\/div>\n\t\t<div class=\"elementor-element elementor-element-7c2af45 e-con-full e-flex e-con e-child\" data-id=\"7c2af45\" data-element_type=\"container\" data-e-type=\"container\">\n\t\t<div class=\"elementor-element elementor-element-6507d24 e-con-full e-flex e-con e-child\" data-id=\"6507d24\" data-element_type=\"container\" data-e-type=\"container\">\n\t\t\t\t<div class=\"elementor-element elementor-element-a5a60b4 elementor-widget__width-initial elementor-widget elementor-widget-image\" data-id=\"a5a60b4\" data-element_type=\"widget\" data-e-type=\"widget\" data-widget_type=\"image.default\">\n\t\t\t\t\t\t\t\t\t\t\t\t\t\t\t<img decoding=\"async\" src=\"https:\/\/aprem-e.org\/wp-content\/uploads\/elementor\/thumbs\/monchi-aprem_02-rbfzaxjs6y9z43rzl0eh3g3u0yx73qmq2br5ojpjts.jpg\" title=\"monchi-aprem_02\" alt=\"monchi-aprem_02\" loading=\"lazy\" \/>\t\t\t\t\t\t\t\t\t\t\t\t\t\t\t<\/div>\n\t\t<div class=\"elementor-element elementor-element-b60b24e e-con-full e-flex e-con e-child\" data-id=\"b60b24e\" data-element_type=\"container\" data-e-type=\"container\">\n\t\t\t\t<div class=\"elementor-element elementor-element-cca0c3b elementor-widget elementor-widget-heading\" data-id=\"cca0c3b\" data-element_type=\"widget\" data-e-type=\"widget\" data-widget_type=\"heading.default\">\n\t\t\t\t\t<h3 class=\"elementor-heading-title elementor-size-default\">Ramona Pozuelo Verdasco<\/h3>\t\t\t\t<\/div>\n\t\t\t\t<div class=\"elementor-element elementor-element-d78c375 elementor-widget elementor-widget-heading\" data-id=\"d78c375\" data-element_type=\"widget\" data-e-type=\"widget\" data-widget_type=\"heading.default\">\n\t\t\t\t\t<h2 class=\"elementor-heading-title elementor-size-default\">Vicepresidenta 1\u00aa\n<\/h2>\t\t\t\t<\/div>\n\t\t\t\t<div class=\"elementor-element elementor-element-73f166d elementor-widget elementor-widget-text-editor\" data-id=\"73f166d\" data-element_type=\"widget\" data-e-type=\"widget\" data-widget_type=\"text-editor.default\">\n\t\t\t\t\t\t\t\t\t<p>Madre de dos hijos, el peque\u00f1o nacido prematuro, de 31 semanas de gestaci\u00f3n, en 1999. \u201cNuestra familia es socia de APREM desde su fundaci\u00f3n\u201d.<\/p><p>Psic\u00f3loga de profesi\u00f3n, llevo m\u00e1s de 10 a\u00f1os colaborando activamente en la Asociaci\u00f3n.<\/p>\t\t\t\t\t\t\t\t<\/div>\n\t\t\t\t<\/div>\n\t\t\t\t<\/div>\n\t\t\t\t<\/div>\n\t\t\t\t<\/div>\n\t\t\t\t\t<\/div>\n\t\t\t\t<\/div>\n\t\t<div class=\"elementor-element elementor-element-6ddc78b e-flex e-con-boxed e-con e-parent\" data-id=\"6ddc78b\" data-element_type=\"container\" data-e-type=\"container\">\n\t\t\t\t\t<div class=\"e-con-inner\">\n\t\t<div class=\"elementor-element elementor-element-70f9480 e-con-full e-flex e-con e-child\" data-id=\"70f9480\" data-element_type=\"container\" data-e-type=\"container\">\n\t\t<div class=\"elementor-element elementor-element-51f69c9 e-con-full e-flex e-con e-child\" data-id=\"51f69c9\" data-element_type=\"container\" data-e-type=\"container\">\n\t\t\t\t<div class=\"elementor-element elementor-element-018a984 elementor-widget__width-initial elementor-widget elementor-widget-image\" data-id=\"018a984\" data-element_type=\"widget\" data-e-type=\"widget\" data-widget_type=\"image.default\">\n\t\t\t\t\t\t\t\t\t\t\t\t\t\t\t<img decoding=\"async\" src=\"https:\/\/aprem-e.org\/wp-content\/uploads\/elementor\/thumbs\/maria-cobo_02-rbfzgzmc8ikhxmz87mnx5x2rud2cpiog8b3t0qq7q8.jpg\" title=\"maria-cobo_02\" alt=\"maria-cobo_02\" loading=\"lazy\" \/>\t\t\t\t\t\t\t\t\t\t\t\t\t\t\t<\/div>\n\t\t<div class=\"elementor-element elementor-element-0e2c38b e-con-full e-flex e-con e-child\" data-id=\"0e2c38b\" data-element_type=\"container\" data-e-type=\"container\">\n\t\t\t\t<div class=\"elementor-element elementor-element-b3fda37 elementor-widget elementor-widget-heading\" data-id=\"b3fda37\" data-element_type=\"widget\" data-e-type=\"widget\" data-widget_type=\"heading.default\">\n\t\t\t\t\t<h3 class=\"elementor-heading-title elementor-size-default\">Maria Cobo Benavides\n<\/h3>\t\t\t\t<\/div>\n\t\t\t\t<div class=\"elementor-element elementor-element-0cf8e16 elementor-widget elementor-widget-heading\" data-id=\"0cf8e16\" data-element_type=\"widget\" data-e-type=\"widget\" data-widget_type=\"heading.default\">\n\t\t\t\t\t<h2 class=\"elementor-heading-title elementor-size-default\">Tesorera<\/h2>\t\t\t\t<\/div>\n\t\t\t\t<div class=\"elementor-element elementor-element-15d2075 elementor-widget elementor-widget-text-editor\" data-id=\"15d2075\" data-element_type=\"widget\" data-e-type=\"widget\" data-widget_type=\"text-editor.default\">\n\t\t\t\t\t\t\t\t\t<p>Madre de tres \u00abmujeres\u00bb, Sara de 24 a\u00f1os, nacida a t\u00e9rmino y Celia y Mar\u00eda de 21 a\u00f1os, prematuras de 760 y 1500 gr.<\/p>\t\t\t\t\t\t\t\t<\/div>\n\t\t\t\t<\/div>\n\t\t\t\t<\/div>\n\t\t<div class=\"elementor-element elementor-element-9478109 e-con-full e-flex e-con e-child\" data-id=\"9478109\" data-element_type=\"container\" data-e-type=\"container\">\n\t\t<div class=\"elementor-element elementor-element-897dbc9 e-con-full e-flex e-con e-child\" data-id=\"897dbc9\" data-element_type=\"container\" data-e-type=\"container\">\n\t\t\t\t<div class=\"elementor-element elementor-element-a4f7eb7 elementor-widget__width-initial elementor-widget elementor-widget-image\" data-id=\"a4f7eb7\" data-element_type=\"widget\" data-e-type=\"widget\" data-widget_type=\"image.default\">\n\t\t\t\t\t\t\t\t\t\t\t\t\t\t\t<img decoding=\"async\" src=\"https:\/\/aprem-e.org\/wp-content\/uploads\/elementor\/thumbs\/Maria-de-viarce-rbfzfcei9ybfm7d8tf2fau0qf3688l5d0607sb60m8.jpg\" title=\"Maria de viarce\" alt=\"Maria de viarce\" loading=\"lazy\" \/>\t\t\t\t\t\t\t\t\t\t\t\t\t\t\t<\/div>\n\t\t<div class=\"elementor-element elementor-element-3065bc3 e-con-full e-flex e-con e-child\" data-id=\"3065bc3\" data-element_type=\"container\" data-e-type=\"container\">\n\t\t\t\t<div class=\"elementor-element elementor-element-07531d2 elementor-widget elementor-widget-heading\" data-id=\"07531d2\" data-element_type=\"widget\" data-e-type=\"widget\" data-widget_type=\"heading.default\">\n\t\t\t\t\t<h3 class=\"elementor-heading-title elementor-size-default\">Laura Rivas Larrondo<\/h3>\t\t\t\t<\/div>\n\t\t\t\t<div class=\"elementor-element elementor-element-f2bcc58 elementor-widget elementor-widget-heading\" data-id=\"f2bcc58\" data-element_type=\"widget\" data-e-type=\"widget\" data-widget_type=\"heading.default\">\n\t\t\t\t\t<h2 class=\"elementor-heading-title elementor-size-default\">Delegada APREM Albacete<\/h2>\t\t\t\t<\/div>\n\t\t\t\t<div class=\"elementor-element elementor-element-f0021c0 elementor-widget elementor-widget-text-editor\" data-id=\"f0021c0\" data-element_type=\"widget\" data-e-type=\"widget\" data-widget_type=\"text-editor.default\">\n\t\t\t\t\t\t\t\t\t<p>Mam\u00e1 de un peque de 27 semanas que estuvo ingresado en el Hospital Universitario de Albacete 2 meses en 2022, durante ese tiempo APREM nos ayud\u00f3 a llevar la situaci\u00f3n que vivimos, al alta seguimos luchando con las secuelas de mi hijo que hoy d\u00eda hace vida normal.<br \/>Fundar la delegaci\u00f3n Aprem Albacete y ser voluntaria de APREM le dan un sentido especial a todo lo que\u00a0hemos\u00a0vivido.<\/p>\t\t\t\t\t\t\t\t<\/div>\n\t\t\t\t<\/div>\n\t\t\t\t<\/div>\n\t\t\t\t<\/div>\n\t\t<div class=\"elementor-element elementor-element-966abd1 e-con-full e-flex e-con e-child\" data-id=\"966abd1\" data-element_type=\"container\" data-e-type=\"container\">\n\t\t<div class=\"elementor-element elementor-element-69ca4dd e-con-full e-flex e-con e-child\" data-id=\"69ca4dd\" data-element_type=\"container\" data-e-type=\"container\">\n\t\t\t\t<div class=\"elementor-element elementor-element-4774677 elementor-widget__width-initial elementor-widget elementor-widget-image\" data-id=\"4774677\" data-element_type=\"widget\" data-e-type=\"widget\" data-widget_type=\"image.default\">\n\t\t\t\t\t\t\t\t\t\t\t\t\t\t\t<img decoding=\"async\" src=\"https:\/\/aprem-e.org\/wp-content\/uploads\/elementor\/thumbs\/Pia-Matus-rgwtatieghbe2ermrm1bevzpnvre33mftqrm3uhsbk.png\" title=\"P\u00eda-Matus\" alt=\"P\u00eda-Matus\" loading=\"lazy\" \/>\t\t\t\t\t\t\t\t\t\t\t\t\t\t\t<\/div>\n\t\t<div class=\"elementor-element elementor-element-d663d5f e-con-full e-flex e-con e-child\" data-id=\"d663d5f\" data-element_type=\"container\" data-e-type=\"container\">\n\t\t\t\t<div class=\"elementor-element elementor-element-2a2c0f7 elementor-widget elementor-widget-heading\" data-id=\"2a2c0f7\" data-element_type=\"widget\" data-e-type=\"widget\" data-widget_type=\"heading.default\">\n\t\t\t\t\t<h3 class=\"elementor-heading-title elementor-size-default\">Pia Matus<\/h3>\t\t\t\t<\/div>\n\t\t\t\t<div class=\"elementor-element elementor-element-a5d592b elementor-widget elementor-widget-heading\" data-id=\"a5d592b\" data-element_type=\"widget\" data-e-type=\"widget\" data-widget_type=\"heading.default\">\n\t\t\t\t\t<h2 class=\"elementor-heading-title elementor-size-default\">Delegada APREM Baleares<\/h2>\t\t\t\t<\/div>\n\t\t\t\t<div class=\"elementor-element elementor-element-1f0aaf2 elementor-widget elementor-widget-text-editor\" data-id=\"1f0aaf2\" data-element_type=\"widget\" data-e-type=\"widget\" data-widget_type=\"text-editor.default\">\n\t\t\t\t\t\t\t\t\t<p>Desde noviembre de 2024 tengo la ilusi\u00f3n de estar al frente de la delegaci\u00f3n de APREM Baleares. Soy mam\u00e1 de Paula, que naci\u00f3 el 3 de enero de 2023 en la semana 32+5, y esa experiencia me ense\u00f1\u00f3 lo importante que es sentirse acompa\u00f1ado en la prematuridad.<br \/>Por eso, desde APREM Baleares hacemos todo los posible para mejorar la calidad de vida de los beb\u00e9s prematuros y sus familias, ofreciendo apoyo y cercan\u00eda para que se sientan siempre arropados y comprendidos.<\/p>\t\t\t\t\t\t\t\t<\/div>\n\t\t\t\t<\/div>\n\t\t\t\t<\/div>\n\t\t\t\t<\/div>\n\t\t<div class=\"elementor-element elementor-element-5c290d6 e-con-full e-flex e-con e-child\" data-id=\"5c290d6\" data-element_type=\"container\" data-e-type=\"container\">\n\t\t\t\t<div class=\"elementor-element elementor-element-536f080 elementor-widget__width-initial elementor-widget elementor-widget-image\" data-id=\"536f080\" data-element_type=\"widget\" data-e-type=\"widget\" data-widget_type=\"image.default\">\n\t\t\t\t\t\t\t\t\t\t\t\t\t\t\t<img decoding=\"async\" src=\"https:\/\/aprem-e.org\/wp-content\/uploads\/elementor\/thumbs\/1-2-rdkg2df29lxv3ob6gafen1r48ue4dyjib0n9xrzbfk.jpg\" title=\"1-2\" alt=\"1-2\" loading=\"lazy\" \/>\t\t\t\t\t\t\t\t\t\t\t\t\t\t\t<\/div>\n\t\t<div class=\"elementor-element elementor-element-b8214f6 e-con-full e-flex e-con e-child\" data-id=\"b8214f6\" data-element_type=\"container\" data-e-type=\"container\">\n\t\t\t\t<div class=\"elementor-element elementor-element-504ec57 elementor-widget elementor-widget-heading\" data-id=\"504ec57\" data-element_type=\"widget\" data-e-type=\"widget\" data-widget_type=\"heading.default\">\n\t\t\t\t\t<h3 class=\"elementor-heading-title elementor-size-default\">Jennifer Usoz Paniagua \n<\/h3>\t\t\t\t<\/div>\n\t\t\t\t<div class=\"elementor-element elementor-element-d580527 elementor-widget elementor-widget-heading\" data-id=\"d580527\" data-element_type=\"widget\" data-e-type=\"widget\" data-widget_type=\"heading.default\">\n\t\t\t\t\t<h2 class=\"elementor-heading-title elementor-size-default\">Delegada APREM Navarra<\/h2>\t\t\t\t<\/div>\n\t\t\t\t<div class=\"elementor-element elementor-element-584e33b elementor-widget elementor-widget-text-editor\" data-id=\"584e33b\" data-element_type=\"widget\" data-e-type=\"widget\" data-widget_type=\"text-editor.default\">\n\t\t\t\t\t\t\t\t\t<p>Vive en Pamplona y dio a luz a mellizos en 2019 con 25 semanas de gestaci\u00f3n, dos ni\u00f1os prematuros que nacieron pesando 750 y 530 gramos, respectivamente. Estuvieron m\u00e1s de 140 d\u00edas ingresados en Neonatolog\u00eda.<br \/>Esta asociaci\u00f3n surgi\u00f3 de su propia b\u00fasqueda para sentirse apoyada por la experiencia de otros padres y madres que han tenido hijos prematuros y de la necesidad de orientar y acompa\u00f1ar a todas las familias\u00a0nuevas.<\/p>\t\t\t\t\t\t\t\t<\/div>\n\t\t\t\t<\/div>\n\t\t\t\t<\/div>\n\t\t\t\t<\/div>\n\t\t\t\t\t<\/div>\n\t\t\t\t<\/div>\n\t\t<div class=\"elementor-element elementor-element-e3a0cef e-flex e-con-boxed e-con e-parent\" data-id=\"e3a0cef\" data-element_type=\"container\" data-e-type=\"container\">\n\t\t\t\t\t<div class=\"e-con-inner\">\n\t\t<div class=\"elementor-element elementor-element-0889c6f e-con-full e-flex e-con e-child\" data-id=\"0889c6f\" data-element_type=\"container\" data-e-type=\"container\">\n\t\t<div class=\"elementor-element elementor-element-22b48e9 e-con-full e-flex e-con e-child\" data-id=\"22b48e9\" data-element_type=\"container\" data-e-type=\"container\">\n\t\t\t\t<div class=\"elementor-element elementor-element-db736bf elementor-widget__width-initial elementor-widget elementor-widget-image\" data-id=\"db736bf\" data-element_type=\"widget\" data-e-type=\"widget\" data-widget_type=\"image.default\">\n\t\t\t\t\t\t\t\t\t\t\t\t\t\t\t<img decoding=\"async\" src=\"https:\/\/aprem-e.org\/wp-content\/uploads\/elementor\/thumbs\/WhatsApp-Image-2025-12-30-at-5.26.32-AM-rgwuldgmy31n3557x8h4en2ktwaubffuk5ycs7gu5c.jpeg\" title=\"WhatsApp Image 2025-12-30 at 5.26.32 AM\" alt=\"WhatsApp Image 2025-12-30 at 5.26.32 AM\" loading=\"lazy\" \/>\t\t\t\t\t\t\t\t\t\t\t\t\t\t\t<\/div>\n\t\t<div class=\"elementor-element elementor-element-d4b7c65 e-con-full e-flex e-con e-child\" data-id=\"d4b7c65\" data-element_type=\"container\" data-e-type=\"container\">\n\t\t\t\t<div class=\"elementor-element elementor-element-fb693be elementor-widget elementor-widget-heading\" data-id=\"fb693be\" data-element_type=\"widget\" data-e-type=\"widget\" data-widget_type=\"heading.default\">\n\t\t\t\t\t<h3 class=\"elementor-heading-title elementor-size-default\">Astrid Ulnos Arcos<\/h3>\t\t\t\t<\/div>\n\t\t\t\t<div class=\"elementor-element elementor-element-dd58dbe elementor-widget elementor-widget-heading\" data-id=\"dd58dbe\" data-element_type=\"widget\" data-e-type=\"widget\" data-widget_type=\"heading.default\">\n\t\t\t\t\t<h2 class=\"elementor-heading-title elementor-size-default\">Delegada APREM Pa\u00eds Vasco<\/h2>\t\t\t\t<\/div>\n\t\t\t\t<div class=\"elementor-element elementor-element-7c4140b elementor-widget elementor-widget-text-editor\" data-id=\"7c4140b\" data-element_type=\"widget\" data-e-type=\"widget\" data-widget_type=\"text-editor.default\">\n\t\t\t\t\t\t\t\t\t<p>Soy Astrid, psic\u00f3loga de vocaci\u00f3n y formaci\u00f3n. Trabajo como profesora de pedagog\u00eda terap\u00e9utica en una escuela con ni\u00f1os y ni\u00f1as con necesidades educativas especiales o diversidad\u00a0funcional. Tambi\u00e9n soy la amatxu de Izare, que ten\u00eda prisa por nacer y lo hizo con 26 semanas y 670 gr pero tambi\u00e9n con muchas ganas de vivir y de demostrar que incluso una llama peque\u00f1a puede encender una hoguera. Agradecida por el aprendizaje que esta experiencia ha supuesto.<\/p>\t\t\t\t\t\t\t\t<\/div>\n\t\t\t\t<\/div>\n\t\t\t\t<\/div>\n\t\t<div class=\"elementor-element elementor-element-fecd1c1 e-con-full e-flex e-con e-child\" data-id=\"fecd1c1\" data-element_type=\"container\" data-e-type=\"container\">\n\t\t\t\t<div class=\"elementor-element elementor-element-c8cd37c elementor-widget__width-initial elementor-widget elementor-widget-image\" data-id=\"c8cd37c\" data-element_type=\"widget\" data-e-type=\"widget\" data-widget_type=\"image.default\">\n\t\t\t\t\t\t\t\t\t\t\t\t\t\t\t<img decoding=\"async\" src=\"https:\/\/aprem-e.org\/wp-content\/uploads\/elementor\/thumbs\/Irene-Rodriguez-rbfzik0nmkppa8pb2b1jbiufhhcdjcwcg28xtcelcw.jpg\" title=\"Irene-Rodriguez\" alt=\"Irene-Rodriguez\" loading=\"lazy\" \/>\t\t\t\t\t\t\t\t\t\t\t\t\t\t\t<\/div>\n\t\t<div class=\"elementor-element elementor-element-0b87807 e-con-full e-flex e-con e-child\" data-id=\"0b87807\" data-element_type=\"container\" data-e-type=\"container\">\n\t\t\t\t<div class=\"elementor-element elementor-element-68b3835 elementor-widget elementor-widget-heading\" data-id=\"68b3835\" data-element_type=\"widget\" data-e-type=\"widget\" data-widget_type=\"heading.default\">\n\t\t\t\t\t<h3 class=\"elementor-heading-title elementor-size-default\">Irene Rodr\u00edguez Pozuelo<\/h3>\t\t\t\t<\/div>\n\t\t\t\t<div class=\"elementor-element elementor-element-73bdcc2 elementor-widget elementor-widget-heading\" data-id=\"73bdcc2\" data-element_type=\"widget\" data-e-type=\"widget\" data-widget_type=\"heading.default\">\n\t\t\t\t\t<h2 class=\"elementor-heading-title elementor-size-default\">Vocal \n<\/h2>\t\t\t\t<\/div>\n\t\t\t\t<div class=\"elementor-element elementor-element-e9396be elementor-widget elementor-widget-text-editor\" data-id=\"e9396be\" data-element_type=\"widget\" data-e-type=\"widget\" data-widget_type=\"text-editor.default\">\n\t\t\t\t\t\t\t\t\t<p>Hermana de un ni\u00f1o nacido prematuro.<\/p><p>M\u00e9dica rehabilitadora con inter\u00e9s en el \u00e1mbito infantil y la Atenci\u00f3n Temprana. Miembro del cap\u00edtulo FAMISIBEN, perteneciente a la Sociedad Iberoamericana de Neonatolog\u00eda (SIBEN)<\/p><p>\u201cColaboro con APREM desde hace a\u00f1os desempe\u00f1ando diferentes tareas, como voluntariado, docencia y asesoramiento e informaci\u00f3n general\u201d.<\/p>\t\t\t\t\t\t\t\t<\/div>\n\t\t\t\t<\/div>\n\t\t\t\t<\/div>\n\t\t<div class=\"elementor-element elementor-element-0755e71 e-con-full e-flex e-con e-child\" data-id=\"0755e71\" data-element_type=\"container\" data-e-type=\"container\">\n\t\t<div class=\"elementor-element elementor-element-dc8d290 e-con-full e-flex e-con e-child\" data-id=\"dc8d290\" data-element_type=\"container\" data-e-type=\"container\">\n\t\t\t\t<div class=\"elementor-element elementor-element-82e266b elementor-widget__width-initial elementor-widget elementor-widget-image\" data-id=\"82e266b\" data-element_type=\"widget\" data-e-type=\"widget\" data-widget_type=\"image.default\">\n\t\t\t\t\t\t\t\t\t\t\t\t\t\t\t<img decoding=\"async\" width=\"374\" height=\"395\" src=\"https:\/\/aprem-e.org\/wp-content\/uploads\/2025\/10\/4.jpg\" class=\"attachment-full size-full wp-image-306\" alt=\"\" srcset=\"https:\/\/aprem-e.org\/wp-content\/uploads\/2025\/10\/4.jpg 374w, https:\/\/aprem-e.org\/wp-content\/uploads\/2025\/10\/4-284x300.jpg 284w\" sizes=\"(max-width: 374px) 100vw, 374px\" \/>\t\t\t\t\t\t\t\t\t\t\t\t\t\t\t<\/div>\n\t\t<div class=\"elementor-element elementor-element-816b93b e-con-full e-flex e-con e-child\" data-id=\"816b93b\" data-element_type=\"container\" data-e-type=\"container\">\n\t\t\t\t<div class=\"elementor-element elementor-element-643a8ac elementor-widget elementor-widget-heading\" data-id=\"643a8ac\" data-element_type=\"widget\" data-e-type=\"widget\" data-widget_type=\"heading.default\">\n\t\t\t\t\t<h3 class=\"elementor-heading-title elementor-size-default\">Miguel \u00c1ngel Feito Hern\u00e1ndez<\/h3>\t\t\t\t<\/div>\n\t\t\t\t<div class=\"elementor-element elementor-element-2eb7879 elementor-widget elementor-widget-heading\" data-id=\"2eb7879\" data-element_type=\"widget\" data-e-type=\"widget\" data-widget_type=\"heading.default\">\n\t\t\t\t\t<h2 class=\"elementor-heading-title elementor-size-default\">Vocal <\/h2>\t\t\t\t<\/div>\n\t\t\t\t<div class=\"elementor-element elementor-element-b3308ff elementor-widget elementor-widget-text-editor\" data-id=\"b3308ff\" data-element_type=\"widget\" data-e-type=\"widget\" data-widget_type=\"text-editor.default\">\n\t\t\t\t\t\t\t\t\t<p>Padre de 3 hijos y una hija. Los dos peque\u00f1os, ni\u00f1o y ni\u00f1a, mellizos y prematuros.<\/p><p>Ex-presidente de APREM. Economista y docente.<\/p>\t\t\t\t\t\t\t\t<\/div>\n\t\t\t\t<\/div>\n\t\t\t\t<\/div>\n\t\t\t\t<\/div>\n\t\t<div class=\"elementor-element elementor-element-c604964 e-con-full e-flex e-con e-child\" data-id=\"c604964\" data-element_type=\"container\" data-e-type=\"container\">\n\t\t<div class=\"elementor-element elementor-element-5138b91 e-con-full e-flex e-con e-child\" data-id=\"5138b91\" data-element_type=\"container\" data-e-type=\"container\">\n\t\t<div class=\"elementor-element elementor-element-b2b5576 e-con-full e-flex e-con e-child\" data-id=\"b2b5576\" data-element_type=\"container\" data-e-type=\"container\">\n\t\t\t\t<div class=\"elementor-element elementor-element-2fde0a2 elementor-widget elementor-widget-heading\" data-id=\"2fde0a2\" data-element_type=\"widget\" data-e-type=\"widget\" data-widget_type=\"heading.default\">\n\t\t\t\t\t<h3 class=\"elementor-heading-title elementor-size-default\">Gabriel Rueda Gonz\u00e1lez <\/h3>\t\t\t\t<\/div>\n\t\t\t\t<div class=\"elementor-element elementor-element-3cc4e38 elementor-widget elementor-widget-heading\" data-id=\"3cc4e38\" data-element_type=\"widget\" data-e-type=\"widget\" data-widget_type=\"heading.default\">\n\t\t\t\t\t<h2 class=\"elementor-heading-title elementor-size-default\">Vocal <\/h2>\t\t\t\t<\/div>\n\t\t\t\t<div class=\"elementor-element elementor-element-53c8168 elementor-widget elementor-widget-text-editor\" data-id=\"53c8168\" data-element_type=\"widget\" data-e-type=\"widget\" data-widget_type=\"text-editor.default\">\n\t\t\t\t\t\t\t\t\t<p>Padre de 2 ni\u00f1os prematuros de 32+6 que pesaron al nacer 1650gr y 1245gr<\/p>\t\t\t\t\t\t\t\t<\/div>\n\t\t\t\t<\/div>\n\t\t\t\t<\/div>\n\t\t\t\t<\/div>\n\t\t\t\t<\/div>\n\t\t\t\t<div class=\"elementor-element elementor-element-d0cf7d7 elementor-widget elementor-widget-menu-anchor\" data-id=\"d0cf7d7\" data-element_type=\"widget\" data-e-type=\"widget\" data-widget_type=\"menu-anchor.default\">\n\t\t\t\t\t\t\t<div class=\"elementor-menu-anchor\" id=\"memorias-de-actividades\"><\/div>\n\t\t\t\t\t\t<\/div>\n\t\t\t\t\t<\/div>\n\t\t\t\t<\/div>\n\t\t<div class=\"elementor-element elementor-element-f00f0ef e-flex e-con-boxed e-con e-parent\" data-id=\"f00f0ef\" data-element_type=\"container\" data-e-type=\"container\">\n\t\t\t\t\t<div class=\"e-con-inner\">\n\t\t\t\t<div class=\"elementor-element elementor-element-d2c4850 elementor-widget elementor-widget-heading\" data-id=\"d2c4850\" data-element_type=\"widget\" data-e-type=\"widget\" data-widget_type=\"heading.default\">\n\t\t\t\t\t<h2 class=\"elementor-heading-title elementor-size-default\">Memorias de actividades\n<\/h2>\t\t\t\t<\/div>\n\t\t\t\t\t<\/div>\n\t\t\t\t<\/div>\n\t\t<div class=\"elementor-element elementor-element-be37cd5 e-grid e-con-boxed e-con e-parent\" data-id=\"be37cd5\" data-element_type=\"container\" data-e-type=\"container\">\n\t\t\t\t\t<div class=\"e-con-inner\">\n\t\t\t\t<div class=\"elementor-element elementor-element-5e2a73b elementor-widget elementor-widget-button\" data-id=\"5e2a73b\" data-element_type=\"widget\" data-e-type=\"widget\" data-widget_type=\"button.default\">\n\t\t\t\t\t\t\t\t\t\t<a class=\"elementor-button elementor-button-link elementor-size-sm\" href=\"https:\/\/aprem-e.org\/wp-content\/uploads\/2026\/02\/MEMORIA-ACTIVIDADES-Y-AUDITORIA-2024-1.pdf\" target=\"_blank\">\n\t\t\t\t\t\t<span class=\"elementor-button-content-wrapper\">\n\t\t\t\t\t\t\t\t\t<span class=\"elementor-button-text\">Memoria de Actividades APREM 2024 F<\/span>\n\t\t\t\t\t<\/span>\n\t\t\t\t\t<\/a>\n\t\t\t\t\t\t\t\t<\/div>\n\t\t\t\t<div class=\"elementor-element elementor-element-773bb71 elementor-widget elementor-widget-button\" data-id=\"773bb71\" data-element_type=\"widget\" data-e-type=\"widget\" data-widget_type=\"button.default\">\n\t\t\t\t\t\t\t\t\t\t<a class=\"elementor-button elementor-button-link elementor-size-sm\" href=\"https:\/\/aprem-e.org\/wp-content\/uploads\/2024\/06\/01_MEMORIA_ACTIVIDADES_APREM_2023.pdf\" target=\"_blank\">\n\t\t\t\t\t\t<span class=\"elementor-button-content-wrapper\">\n\t\t\t\t\t\t\t\t\t<span class=\"elementor-button-text\">Memoria de Actividades APREM 2023 F<\/span>\n\t\t\t\t\t<\/span>\n\t\t\t\t\t<\/a>\n\t\t\t\t\t\t\t\t<\/div>\n\t\t\t\t<div class=\"elementor-element elementor-element-cc8c8b9 elementor-widget elementor-widget-button\" data-id=\"cc8c8b9\" data-element_type=\"widget\" data-e-type=\"widget\" data-widget_type=\"button.default\">\n\t\t\t\t\t\t\t\t\t\t<a class=\"elementor-button elementor-button-link elementor-size-sm\" href=\"https:\/\/aprem-e.org\/wp-content\/uploads\/2023\/05\/MEMORIA-ACTIVIDADES-2022-APREM.pdf\" target=\"_blank\">\n\t\t\t\t\t\t<span class=\"elementor-button-content-wrapper\">\n\t\t\t\t\t\t\t\t\t<span class=\"elementor-button-text\">Memoria de Actividades APREM 2022 F<\/span>\n\t\t\t\t\t<\/span>\n\t\t\t\t\t<\/a>\n\t\t\t\t\t\t\t\t<\/div>\n\t\t\t\t<div class=\"elementor-element elementor-element-4422dde elementor-widget elementor-widget-button\" data-id=\"4422dde\" data-element_type=\"widget\" data-e-type=\"widget\" data-widget_type=\"button.default\">\n\t\t\t\t\t\t\t\t\t\t<a class=\"elementor-button elementor-button-link elementor-size-sm\" href=\"https:\/\/aprem-e.org\/wp-content\/uploads\/2023\/05\/MEMORIA-ACTIVIDADES-2022-APREM.pdf\" target=\"_blank\">\n\t\t\t\t\t\t<span class=\"elementor-button-content-wrapper\">\n\t\t\t\t\t\t\t\t\t<span class=\"elementor-button-text\">Memoria de Actividades APREM 2022 F<\/span>\n\t\t\t\t\t<\/span>\n\t\t\t\t\t<\/a>\n\t\t\t\t\t\t\t\t<\/div>\n\t\t\t\t<div class=\"elementor-element elementor-element-0bab740 elementor-widget elementor-widget-button\" data-id=\"0bab740\" data-element_type=\"widget\" data-e-type=\"widget\" data-widget_type=\"button.default\">\n\t\t\t\t\t\t\t\t\t\t<a class=\"elementor-button elementor-button-link elementor-size-sm\" href=\"https:\/\/aprem-e.org\/wp-content\/uploads\/2022\/07\/Memoria-Actividades-2021.pdf\" target=\"_blank\">\n\t\t\t\t\t\t<span class=\"elementor-button-content-wrapper\">\n\t\t\t\t\t\t\t\t\t<span class=\"elementor-button-text\">Memoria de Actividades APREM 2021 F<\/span>\n\t\t\t\t\t<\/span>\n\t\t\t\t\t<\/a>\n\t\t\t\t\t\t\t\t<\/div>\n\t\t\t\t<div class=\"elementor-element elementor-element-27ab450 elementor-widget elementor-widget-button\" data-id=\"27ab450\" data-element_type=\"widget\" data-e-type=\"widget\" data-widget_type=\"button.default\">\n\t\t\t\t\t\t\t\t\t\t<a class=\"elementor-button elementor-button-link elementor-size-sm\" href=\"https:\/\/aprem-e.org\/wp-content\/uploads\/2022\/01\/MEMORIA-ACTIVIDADES-2020.pdf\" target=\"_blank\">\n\t\t\t\t\t\t<span class=\"elementor-button-content-wrapper\">\n\t\t\t\t\t\t\t\t\t<span class=\"elementor-button-text\">Memoria de Actividades APREM 2020 F<\/span>\n\t\t\t\t\t<\/span>\n\t\t\t\t\t<\/a>\n\t\t\t\t\t\t\t\t<\/div>\n\t\t\t\t<div class=\"elementor-element elementor-element-7707bdc elementor-widget elementor-widget-button\" data-id=\"7707bdc\" data-element_type=\"widget\" data-e-type=\"widget\" data-widget_type=\"button.default\">\n\t\t\t\t\t\t\t\t\t\t<a class=\"elementor-button elementor-button-link elementor-size-sm\" href=\"https:\/\/aprem-e.org\/wp-content\/uploads\/2021\/04\/Memoria-de-Actividades-APREM-2019-F.pdf\" target=\"_blank\">\n\t\t\t\t\t\t<span class=\"elementor-button-content-wrapper\">\n\t\t\t\t\t\t\t\t\t<span class=\"elementor-button-text\">Memoria de Actividades APREM 2019 F<\/span>\n\t\t\t\t\t<\/span>\n\t\t\t\t\t<\/a>\n\t\t\t\t\t\t\t\t<\/div>\n\t\t\t\t<div class=\"elementor-element elementor-element-3d276c1 elementor-widget elementor-widget-button\" data-id=\"3d276c1\" data-element_type=\"widget\" data-e-type=\"widget\" data-widget_type=\"button.default\">\n\t\t\t\t\t\t\t\t\t\t<a class=\"elementor-button elementor-button-link elementor-size-sm\" href=\"https:\/\/aprem-e.org\/wp-content\/uploads\/2021\/04\/Memoria-de-actividades-APREM-2018-F.pdf\" target=\"_blank\">\n\t\t\t\t\t\t<span class=\"elementor-button-content-wrapper\">\n\t\t\t\t\t\t\t\t\t<span class=\"elementor-button-text\">Memoria de actividades APREM 2018 F<\/span>\n\t\t\t\t\t<\/span>\n\t\t\t\t\t<\/a>\n\t\t\t\t\t\t\t\t<\/div>\n\t\t\t\t<div class=\"elementor-element elementor-element-9da5012 elementor-widget elementor-widget-button\" data-id=\"9da5012\" data-element_type=\"widget\" data-e-type=\"widget\" data-widget_type=\"button.default\">\n\t\t\t\t\t\t\t\t\t\t<a class=\"elementor-button elementor-button-link elementor-size-sm\" href=\"https:\/\/aprem-e.org\/wp-content\/uploads\/2021\/04\/Memoria-de-actividades-APREM-2017-F.pdf\" target=\"_blank\">\n\t\t\t\t\t\t<span class=\"elementor-button-content-wrapper\">\n\t\t\t\t\t\t\t\t\t<span class=\"elementor-button-text\">Memoria de actividades APREM 2017 F<\/span>\n\t\t\t\t\t<\/span>\n\t\t\t\t\t<\/a>\n\t\t\t\t\t\t\t\t<\/div>\n\t\t\t\t\t<\/div>\n\t\t\t\t<\/div>\n\t\t\t\t<\/div>\n\t\t","protected":false},"excerpt":{"rendered":"<p>\u00bfQU\u00c9 ES APREM? La\u00a0primera asociaci\u00f3n\u00a0en Espa\u00f1a en el \u00e1mbito de la prematuridad. Entidad sin \u00e1nimo de lucro de\u00a0\u00e1mbito estatal. Declarada de\u00a0utilidad p\u00fablica. Fundada en el\u00a0a\u00f1o 1999 como un grupo de autoapoyo\u00a0por familiasque ten\u00edanbeb\u00e9s hospitalizados en Neonatolog\u00eda del Hospital U. La Paz de Madrid. Formada por\u00a0familias\u00a0con hijos\/as nacidos\/as prematuramente y por\u00a0profesionales\u00a0de diferentes especialidades. Recomendamos \u00fanicamente\u00a0evidencias apoyadas [&hellip;]<\/p>\n","protected":false},"author":1,"featured_media":0,"parent":0,"menu_order":0,"comment_status":"closed","ping_status":"closed","template":"elementor_header_footer","meta":{"inline_featured_image":false,"footnotes":""},"class_list":["post-129","page","type-page","status-publish","hentry"],"yoast_head":"<!-- This site is optimized with the Yoast SEO plugin v27.4 - https:\/\/yoast.com\/product\/yoast-seo-wordpress\/ -->\n<title>Quienes Somos - Aprem<\/title>\n<meta name=\"robots\" content=\"index, follow, max-snippet:-1, max-image-preview:large, max-video-preview:-1\" \/>\n<link rel=\"canonical\" href=\"https:\/\/aprem-e.org\/index.php\/quienes-somos\/\" \/>\n<meta property=\"og:locale\" content=\"es_ES\" \/>\n<meta property=\"og:type\" content=\"article\" \/>\n<meta property=\"og:title\" content=\"Quienes Somos - Aprem\" \/>\n<meta property=\"og:description\" content=\"\u00bfQU\u00c9 ES APREM? La\u00a0primera asociaci\u00f3n\u00a0en Espa\u00f1a en el \u00e1mbito de la prematuridad. Entidad sin \u00e1nimo de lucro de\u00a0\u00e1mbito estatal. Declarada de\u00a0utilidad p\u00fablica. Fundada en el\u00a0a\u00f1o 1999 como un grupo de autoapoyo\u00a0por familiasque ten\u00edanbeb\u00e9s hospitalizados en Neonatolog\u00eda del Hospital U. La Paz de Madrid. Formada por\u00a0familias\u00a0con hijos\/as nacidos\/as prematuramente y por\u00a0profesionales\u00a0de diferentes especialidades. Recomendamos \u00fanicamente\u00a0evidencias apoyadas [&hellip;]\" \/>\n<meta property=\"og:url\" content=\"https:\/\/aprem-e.org\/index.php\/quienes-somos\/\" \/>\n<meta property=\"og:site_name\" content=\"Aprem\" \/>\n<meta property=\"article:modified_time\" content=\"2026-03-13T19:20:58+00:00\" \/>\n<meta property=\"og:image\" content=\"https:\/\/aprem-e.org\/wp-content\/uploads\/2025\/11\/FOTO-DMP-20219-CON-PABLO-IGLESIAS-scaled.jpg\" \/>\n\t<meta property=\"og:image:width\" content=\"2560\" \/>\n\t<meta property=\"og:image:height\" content=\"1703\" \/>\n\t<meta property=\"og:image:type\" content=\"image\/jpeg\" \/>\n<meta name=\"twitter:card\" content=\"summary_large_image\" \/>\n<meta name=\"twitter:label1\" content=\"Tiempo de lectura\" \/>\n\t<meta name=\"twitter:data1\" content=\"8 minutos\" \/>\n<script type=\"application\/ld+json\" class=\"yoast-schema-graph\">{\"@context\":\"https:\\\/\\\/schema.org\",\"@graph\":[{\"@type\":\"WebPage\",\"@id\":\"https:\\\/\\\/aprem-e.org\\\/index.php\\\/quienes-somos\\\/\",\"url\":\"https:\\\/\\\/aprem-e.org\\\/index.php\\\/quienes-somos\\\/\",\"name\":\"Quienes Somos - Aprem\",\"isPartOf\":{\"@id\":\"https:\\\/\\\/aprem-e.org\\\/#website\"},\"primaryImageOfPage\":{\"@id\":\"https:\\\/\\\/aprem-e.org\\\/index.php\\\/quienes-somos\\\/#primaryimage\"},\"image\":{\"@id\":\"https:\\\/\\\/aprem-e.org\\\/index.php\\\/quienes-somos\\\/#primaryimage\"},\"thumbnailUrl\":\"https:\\\/\\\/aprem-e.org\\\/wp-content\\\/uploads\\\/2025\\\/11\\\/FOTO-DMP-20219-CON-PABLO-IGLESIAS-1024x681.jpg\",\"datePublished\":\"2025-09-08T06:13:39+00:00\",\"dateModified\":\"2026-03-13T19:20:58+00:00\",\"breadcrumb\":{\"@id\":\"https:\\\/\\\/aprem-e.org\\\/index.php\\\/quienes-somos\\\/#breadcrumb\"},\"inLanguage\":\"es\",\"potentialAction\":[{\"@type\":\"ReadAction\",\"target\":[\"https:\\\/\\\/aprem-e.org\\\/index.php\\\/quienes-somos\\\/\"]}]},{\"@type\":\"ImageObject\",\"inLanguage\":\"es\",\"@id\":\"https:\\\/\\\/aprem-e.org\\\/index.php\\\/quienes-somos\\\/#primaryimage\",\"url\":\"https:\\\/\\\/aprem-e.org\\\/wp-content\\\/uploads\\\/2025\\\/11\\\/FOTO-DMP-20219-CON-PABLO-IGLESIAS-scaled.jpg\",\"contentUrl\":\"https:\\\/\\\/aprem-e.org\\\/wp-content\\\/uploads\\\/2025\\\/11\\\/FOTO-DMP-20219-CON-PABLO-IGLESIAS-scaled.jpg\",\"width\":2560,\"height\":1703},{\"@type\":\"BreadcrumbList\",\"@id\":\"https:\\\/\\\/aprem-e.org\\\/index.php\\\/quienes-somos\\\/#breadcrumb\",\"itemListElement\":[{\"@type\":\"ListItem\",\"position\":1,\"name\":\"Home\",\"item\":\"https:\\\/\\\/aprem-e.org\\\/\"},{\"@type\":\"ListItem\",\"position\":2,\"name\":\"Quienes Somos\"}]},{\"@type\":\"WebSite\",\"@id\":\"https:\\\/\\\/aprem-e.org\\\/#website\",\"url\":\"https:\\\/\\\/aprem-e.org\\\/\",\"name\":\"Aprem\",\"description\":\"Asociaci\u00f3n de Padres de Ni\u00f1os Prematuros\",\"publisher\":{\"@id\":\"https:\\\/\\\/aprem-e.org\\\/#organization\"},\"potentialAction\":[{\"@type\":\"SearchAction\",\"target\":{\"@type\":\"EntryPoint\",\"urlTemplate\":\"https:\\\/\\\/aprem-e.org\\\/?s={search_term_string}\"},\"query-input\":{\"@type\":\"PropertyValueSpecification\",\"valueRequired\":true,\"valueName\":\"search_term_string\"}}],\"inLanguage\":\"es\"},{\"@type\":\"Organization\",\"@id\":\"https:\\\/\\\/aprem-e.org\\\/#organization\",\"name\":\"Aprem\",\"url\":\"https:\\\/\\\/aprem-e.org\\\/\",\"logo\":{\"@type\":\"ImageObject\",\"inLanguage\":\"es\",\"@id\":\"https:\\\/\\\/aprem-e.org\\\/#\\\/schema\\\/logo\\\/image\\\/\",\"url\":\"https:\\\/\\\/aprem-e.org\\\/wp-content\\\/uploads\\\/2025\\\/09\\\/cropped-Logo-APREM_M1.png\",\"contentUrl\":\"https:\\\/\\\/aprem-e.org\\\/wp-content\\\/uploads\\\/2025\\\/09\\\/cropped-Logo-APREM_M1.png\",\"width\":512,\"height\":512,\"caption\":\"Aprem\"},\"image\":{\"@id\":\"https:\\\/\\\/aprem-e.org\\\/#\\\/schema\\\/logo\\\/image\\\/\"}}]}<\/script>\n<!-- \/ Yoast SEO plugin. -->","yoast_head_json":{"title":"Quienes Somos - Aprem","robots":{"index":"index","follow":"follow","max-snippet":"max-snippet:-1","max-image-preview":"max-image-preview:large","max-video-preview":"max-video-preview:-1"},"canonical":"https:\/\/aprem-e.org\/index.php\/quienes-somos\/","og_locale":"es_ES","og_type":"article","og_title":"Quienes Somos - Aprem","og_description":"\u00bfQU\u00c9 ES APREM? La\u00a0primera asociaci\u00f3n\u00a0en Espa\u00f1a en el \u00e1mbito de la prematuridad. Entidad sin \u00e1nimo de lucro de\u00a0\u00e1mbito estatal. Declarada de\u00a0utilidad p\u00fablica. Fundada en el\u00a0a\u00f1o 1999 como un grupo de autoapoyo\u00a0por familiasque ten\u00edanbeb\u00e9s hospitalizados en Neonatolog\u00eda del Hospital U. La Paz de Madrid. Formada por\u00a0familias\u00a0con hijos\/as nacidos\/as prematuramente y por\u00a0profesionales\u00a0de diferentes especialidades. Recomendamos \u00fanicamente\u00a0evidencias apoyadas [&hellip;]","og_url":"https:\/\/aprem-e.org\/index.php\/quienes-somos\/","og_site_name":"Aprem","article_modified_time":"2026-03-13T19:20:58+00:00","og_image":[{"width":2560,"height":1703,"url":"https:\/\/aprem-e.org\/wp-content\/uploads\/2025\/11\/FOTO-DMP-20219-CON-PABLO-IGLESIAS-scaled.jpg","type":"image\/jpeg"}],"twitter_card":"summary_large_image","twitter_misc":{"Tiempo de lectura":"8 minutos"},"schema":{"@context":"https:\/\/schema.org","@graph":[{"@type":"WebPage","@id":"https:\/\/aprem-e.org\/index.php\/quienes-somos\/","url":"https:\/\/aprem-e.org\/index.php\/quienes-somos\/","name":"Quienes Somos - Aprem","isPartOf":{"@id":"https:\/\/aprem-e.org\/#website"},"primaryImageOfPage":{"@id":"https:\/\/aprem-e.org\/index.php\/quienes-somos\/#primaryimage"},"image":{"@id":"https:\/\/aprem-e.org\/index.php\/quienes-somos\/#primaryimage"},"thumbnailUrl":"https:\/\/aprem-e.org\/wp-content\/uploads\/2025\/11\/FOTO-DMP-20219-CON-PABLO-IGLESIAS-1024x681.jpg","datePublished":"2025-09-08T06:13:39+00:00","dateModified":"2026-03-13T19:20:58+00:00","breadcrumb":{"@id":"https:\/\/aprem-e.org\/index.php\/quienes-somos\/#breadcrumb"},"inLanguage":"es","potentialAction":[{"@type":"ReadAction","target":["https:\/\/aprem-e.org\/index.php\/quienes-somos\/"]}]},{"@type":"ImageObject","inLanguage":"es","@id":"https:\/\/aprem-e.org\/index.php\/quienes-somos\/#primaryimage","url":"https:\/\/aprem-e.org\/wp-content\/uploads\/2025\/11\/FOTO-DMP-20219-CON-PABLO-IGLESIAS-scaled.jpg","contentUrl":"https:\/\/aprem-e.org\/wp-content\/uploads\/2025\/11\/FOTO-DMP-20219-CON-PABLO-IGLESIAS-scaled.jpg","width":2560,"height":1703},{"@type":"BreadcrumbList","@id":"https:\/\/aprem-e.org\/index.php\/quienes-somos\/#breadcrumb","itemListElement":[{"@type":"ListItem","position":1,"name":"Home","item":"https:\/\/aprem-e.org\/"},{"@type":"ListItem","position":2,"name":"Quienes Somos"}]},{"@type":"WebSite","@id":"https:\/\/aprem-e.org\/#website","url":"https:\/\/aprem-e.org\/","name":"Aprem","description":"Asociaci\u00f3n de Padres de Ni\u00f1os Prematuros","publisher":{"@id":"https:\/\/aprem-e.org\/#organization"},"potentialAction":[{"@type":"SearchAction","target":{"@type":"EntryPoint","urlTemplate":"https:\/\/aprem-e.org\/?s={search_term_string}"},"query-input":{"@type":"PropertyValueSpecification","valueRequired":true,"valueName":"search_term_string"}}],"inLanguage":"es"},{"@type":"Organization","@id":"https:\/\/aprem-e.org\/#organization","name":"Aprem","url":"https:\/\/aprem-e.org\/","logo":{"@type":"ImageObject","inLanguage":"es","@id":"https:\/\/aprem-e.org\/#\/schema\/logo\/image\/","url":"https:\/\/aprem-e.org\/wp-content\/uploads\/2025\/09\/cropped-Logo-APREM_M1.png","contentUrl":"https:\/\/aprem-e.org\/wp-content\/uploads\/2025\/09\/cropped-Logo-APREM_M1.png","width":512,"height":512,"caption":"Aprem"},"image":{"@id":"https:\/\/aprem-e.org\/#\/schema\/logo\/image\/"}}]}},"_links":{"self":[{"href":"https:\/\/aprem-e.org\/index.php\/wp-json\/wp\/v2\/pages\/129","targetHints":{"allow":["GET"]}}],"collection":[{"href":"https:\/\/aprem-e.org\/index.php\/wp-json\/wp\/v2\/pages"}],"about":[{"href":"https:\/\/aprem-e.org\/index.php\/wp-json\/wp\/v2\/types\/page"}],"author":[{"embeddable":true,"href":"https:\/\/aprem-e.org\/index.php\/wp-json\/wp\/v2\/users\/1"}],"replies":[{"embeddable":true,"href":"https:\/\/aprem-e.org\/index.php\/wp-json\/wp\/v2\/comments?post=129"}],"version-history":[{"count":106,"href":"https:\/\/aprem-e.org\/index.php\/wp-json\/wp\/v2\/pages\/129\/revisions"}],"predecessor-version":[{"id":21259,"href":"https:\/\/aprem-e.org\/index.php\/wp-json\/wp\/v2\/pages\/129\/revisions\/21259"}],"wp:attachment":[{"href":"https:\/\/aprem-e.org\/index.php\/wp-json\/wp\/v2\/media?parent=129"}],"curies":[{"name":"wp","href":"https:\/\/api.w.org\/{rel}","templated":true}]}}