{"id":186,"date":"2025-10-21T18:30:53","date_gmt":"2025-10-21T18:30:53","guid":{"rendered":"https:\/\/aprem-e.org\/?page_id=186"},"modified":"2026-01-27T10:34:20","modified_gmt":"2026-01-27T10:34:20","slug":"aprem-navarra","status":"publish","type":"page","link":"https:\/\/aprem-e.org\/index.php\/aprem-navarra\/","title":{"rendered":"APREM Navarra"},"content":{"rendered":"\t\t<div data-elementor-type=\"wp-page\" data-elementor-id=\"186\" class=\"elementor elementor-186\" data-elementor-post-type=\"page\">\n\t\t\t\t\t\t<section class=\"elementor-section elementor-top-section elementor-element elementor-element-5434b0d elementor-section-boxed elementor-section-height-default elementor-section-height-default\" data-id=\"5434b0d\" data-element_type=\"section\" data-e-type=\"section\">\n\t\t\t\t\t\t<div class=\"elementor-container elementor-column-gap-default\">\n\t\t\t\t\t<div class=\"elementor-column elementor-col-100 elementor-top-column elementor-element elementor-element-802ba85\" data-id=\"802ba85\" data-element_type=\"column\" data-e-type=\"column\">\n\t\t\t<div class=\"elementor-widget-wrap elementor-element-populated\">\n\t\t\t\t\t\t<div class=\"elementor-element elementor-element-94f8228 elementor-widget elementor-widget-heading\" data-id=\"94f8228\" data-element_type=\"widget\" data-e-type=\"widget\" data-widget_type=\"heading.default\">\n\t\t\t\t\t<h1 class=\"elementor-heading-title elementor-size-default\">APREM Navarra<\/h1>\t\t\t\t<\/div>\n\t\t\t\t\t<\/div>\n\t\t<\/div>\n\t\t\t\t\t<\/div>\n\t\t<\/section>\n\t\t<div class=\"elementor-element elementor-element-04232eb e-flex e-con-boxed e-con e-parent\" data-id=\"04232eb\" data-element_type=\"container\" data-e-type=\"container\">\n\t\t\t\t\t<div class=\"e-con-inner\">\n\t\t<div class=\"elementor-element elementor-element-dd9eb67 e-con-full e-flex e-con e-child\" data-id=\"dd9eb67\" data-element_type=\"container\" data-e-type=\"container\">\n\t\t\t\t<div class=\"elementor-element elementor-element-fc17a04 elementor-widget elementor-widget-heading\" data-id=\"fc17a04\" data-element_type=\"widget\" data-e-type=\"widget\" data-widget_type=\"heading.default\">\n\t\t\t\t\t<h2 class=\"elementor-heading-title elementor-size-default\">\nHistoria<\/h2>\t\t\t\t<\/div>\n\t\t\t\t<div class=\"elementor-element elementor-element-8a26cd5 elementor-widget__width-initial elementor-widget elementor-widget-text-editor\" data-id=\"8a26cd5\" data-element_type=\"widget\" data-e-type=\"widget\" data-widget_type=\"text-editor.default\">\n\t\t\t\t\t\t\t\t\t<p><span style=\"font-weight: 400;\">Como muchas iniciativas basadas en la empat\u00eda, la historia de nuestra delegaci\u00f3n en el Norte de Espa\u00f1a empez\u00f3 con el apoyo mutuo de dos madres que enfrentaron las mismas dificultades. <\/span><b>Jennifer Usoz<\/b><span style=\"font-weight: 400;\"> y <\/span><b>Sandra<\/b> <b>Arzoz<\/b><span style=\"font-weight: 400;\"> son las iniciadoras de APREM Navarra, que actualmente cuenta con un grupo de unas 88 familias.\u00a0<\/span><\/p><p><span style=\"font-weight: 400;\">En 2019, Jennifer dio a luz a mellizos y Sandra fue mam\u00e1 de una ni\u00f1a en 2021; todos llegaron al mundo de manera prematura. Cerca de <\/span><b>300 beb\u00e9s al a\u00f1o<\/b><span style=\"font-weight: 400;\"> nacen de forma prematura en la Comunidad Foral de Navarra. A veces, las familias carecen del apoyo necesario en esta dif\u00edcil situaci\u00f3n para la que no estaban preparadas en un principio.<\/span><\/p>\t\t\t\t\t\t\t\t<\/div>\n\t\t\t\t<\/div>\n\t\t<div class=\"elementor-element elementor-element-8d2e99f e-con-full e-flex e-con e-child\" data-id=\"8d2e99f\" data-element_type=\"container\" data-e-type=\"container\">\n\t\t\t\t<div class=\"elementor-element elementor-element-ff03c1f elementor-widget elementor-widget-image\" data-id=\"ff03c1f\" data-element_type=\"widget\" data-e-type=\"widget\" data-widget_type=\"image.default\">\n\t\t\t\t\t\t\t\t\t\t\t\t\t\t\t<img fetchpriority=\"high\" decoding=\"async\" width=\"800\" height=\"450\" src=\"https:\/\/aprem-e.org\/wp-content\/uploads\/2025\/10\/2d0e161a-b5f8-46dc-ab47-b807ceff7183_16-9-discover-aspect-ratio_default_0-1024x576.jpg\" class=\"attachment-large size-large wp-image-190\" alt=\"\" srcset=\"https:\/\/aprem-e.org\/wp-content\/uploads\/2025\/10\/2d0e161a-b5f8-46dc-ab47-b807ceff7183_16-9-discover-aspect-ratio_default_0-1024x576.jpg 1024w, https:\/\/aprem-e.org\/wp-content\/uploads\/2025\/10\/2d0e161a-b5f8-46dc-ab47-b807ceff7183_16-9-discover-aspect-ratio_default_0-300x169.jpg 300w, https:\/\/aprem-e.org\/wp-content\/uploads\/2025\/10\/2d0e161a-b5f8-46dc-ab47-b807ceff7183_16-9-discover-aspect-ratio_default_0-768x432.jpg 768w, https:\/\/aprem-e.org\/wp-content\/uploads\/2025\/10\/2d0e161a-b5f8-46dc-ab47-b807ceff7183_16-9-discover-aspect-ratio_default_0.jpg 1200w\" sizes=\"(max-width: 800px) 100vw, 800px\" \/>\t\t\t\t\t\t\t\t\t\t\t\t\t\t\t<\/div>\n\t\t\t\t<\/div>\n\t\t\t\t\t<\/div>\n\t\t\t\t<\/div>\n\t\t\t\t<section class=\"elementor-section elementor-top-section elementor-element elementor-element-ca973d3 elementor-section-boxed elementor-section-height-default elementor-section-height-default\" data-id=\"ca973d3\" data-element_type=\"section\" data-e-type=\"section\">\n\t\t\t\t\t\t<div class=\"elementor-container elementor-column-gap-default\">\n\t\t\t\t\t<div class=\"elementor-column elementor-col-50 elementor-top-column elementor-element elementor-element-affffb1\" data-id=\"affffb1\" data-element_type=\"column\" data-e-type=\"column\">\n\t\t\t<div class=\"elementor-widget-wrap elementor-element-populated\">\n\t\t\t\t\t\t<div class=\"elementor-element elementor-element-a0eb798 elementor-widget__width-initial elementor-widget elementor-widget-image\" data-id=\"a0eb798\" data-element_type=\"widget\" data-e-type=\"widget\" data-widget_type=\"image.default\">\n\t\t\t\t\t\t\t\t\t\t\t\t\t\t\t<img decoding=\"async\" src=\"https:\/\/aprem-e.org\/wp-content\/uploads\/2025\/10\/gettyimages-rbma_0019-scaled-1.jpg\" title=\"gettyimages-rbma_0019-scaled.jpg\" alt=\"gettyimages-rbma_0019-scaled.jpg\" loading=\"lazy\" \/>\t\t\t\t\t\t\t\t\t\t\t\t\t\t\t<\/div>\n\t\t\t\t<div class=\"elementor-element elementor-element-5862b8a elementor-widget elementor-widget-spacer\" data-id=\"5862b8a\" data-element_type=\"widget\" data-e-type=\"widget\" data-widget_type=\"spacer.default\">\n\t\t\t\t\t\t\t<div class=\"elementor-spacer\">\n\t\t\t<div class=\"elementor-spacer-inner\"><\/div>\n\t\t<\/div>\n\t\t\t\t\t\t<\/div>\n\t\t\t\t\t<\/div>\n\t\t<\/div>\n\t\t\t\t<div class=\"elementor-column elementor-col-50 elementor-top-column elementor-element elementor-element-79c1470\" data-id=\"79c1470\" data-element_type=\"column\" data-e-type=\"column\">\n\t\t\t<div class=\"elementor-widget-wrap elementor-element-populated\">\n\t\t\t\t\t\t<div class=\"elementor-element elementor-element-6d8f989 elementor-widget elementor-widget-heading\" data-id=\"6d8f989\" data-element_type=\"widget\" data-e-type=\"widget\" data-widget_type=\"heading.default\">\n\t\t\t\t\t<h2 class=\"elementor-heading-title elementor-size-default\">Fundaci\u00f3n: 2023<\/h2>\t\t\t\t<\/div>\n\t\t\t\t<div class=\"elementor-element elementor-element-947ad1c elementor-widget elementor-widget-heading\" data-id=\"947ad1c\" data-element_type=\"widget\" data-e-type=\"widget\" data-widget_type=\"heading.default\">\n\t\t\t\t\t<h2 class=\"elementor-heading-title elementor-size-default\">Programas<\/h2>\t\t\t\t<\/div>\n\t\t\t\t<div class=\"elementor-element elementor-element-4adfcfb elementor-widget__width-initial elementor-widget elementor-widget-text-editor\" data-id=\"4adfcfb\" data-element_type=\"widget\" data-e-type=\"widget\" data-widget_type=\"text-editor.default\">\n\t\t\t\t\t\t\t\t\t<ul><li style=\"font-weight: 400;\" aria-level=\"1\"><span style=\"font-weight: 400;\">Apoyo familia a familia: colaboraci\u00f3n con el hospital para brindar apoyo psicol\u00f3gico y emocional a las familias en la Unidad de Neonatos.<\/span><\/li><li style=\"font-weight: 400;\" aria-level=\"1\"><span style=\"font-weight: 400;\">Reuniones mensuales de familias de prematuros para acompa\u00f1ar, orientar y resolver dudas, acompa\u00f1adas por diferentes profesionales, en un centro c\u00edvico.<\/span><\/li><\/ul>\t\t\t\t\t\t\t\t<\/div>\n\t\t\t\t<div class=\"elementor-element elementor-element-d5a4c9c elementor-widget elementor-widget-heading\" data-id=\"d5a4c9c\" data-element_type=\"widget\" data-e-type=\"widget\" data-widget_type=\"heading.default\">\n\t\t\t\t\t<h2 class=\"elementor-heading-title elementor-size-default\">Hospital en el que estamos presentes: <\/h2>\t\t\t\t<\/div>\n\t\t\t\t<div class=\"elementor-element elementor-element-acac4e4 elementor-widget__width-initial elementor-widget elementor-widget-heading\" data-id=\"acac4e4\" data-element_type=\"widget\" data-e-type=\"widget\" data-widget_type=\"heading.default\">\n\t\t\t\t\t<h4 class=\"elementor-heading-title elementor-size-default\"><a href=\"https:\/\/www.pamplona.es\/entidades\/hospital-universitario-de-navarra-virgen-del-camino-hun\">Hospital Virgen del Camino Navarra<\/a><\/h4>\t\t\t\t<\/div>\n\t\t\t\t<div class=\"elementor-element elementor-element-c46b3b7 elementor-widget elementor-widget-spacer\" data-id=\"c46b3b7\" data-element_type=\"widget\" data-e-type=\"widget\" data-widget_type=\"spacer.default\">\n\t\t\t\t\t\t\t<div class=\"elementor-spacer\">\n\t\t\t<div class=\"elementor-spacer-inner\"><\/div>\n\t\t<\/div>\n\t\t\t\t\t\t<\/div>\n\t\t\t\t\t<\/div>\n\t\t<\/div>\n\t\t\t\t\t<\/div>\n\t\t<\/section>\n\t\t<div class=\"elementor-element elementor-element-0d70aa0 e-flex e-con-boxed e-con e-parent\" data-id=\"0d70aa0\" data-element_type=\"container\" data-e-type=\"container\">\n\t\t\t\t\t<div class=\"e-con-inner\">\n\t\t\t\t<div class=\"elementor-element elementor-element-65ae4e4 elementor-widget elementor-widget-heading\" data-id=\"65ae4e4\" data-element_type=\"widget\" data-e-type=\"widget\" data-widget_type=\"heading.default\">\n\t\t\t\t\t<h2 class=\"elementor-heading-title elementor-size-default\">Contacto:<\/h2>\t\t\t\t<\/div>\n\t\t<div class=\"elementor-element elementor-element-29c368b e-con-full e-flex e-con e-child\" data-id=\"29c368b\" data-element_type=\"container\" data-e-type=\"container\">\n\t\t<div class=\"elementor-element elementor-element-471f87d e-con-full e-flex e-con e-child\" data-id=\"471f87d\" data-element_type=\"container\" data-e-type=\"container\">\n\t\t\t\t<div class=\"elementor-element elementor-element-3ecf8a7 elementor-view-default elementor-widget elementor-widget-icon\" data-id=\"3ecf8a7\" data-element_type=\"widget\" data-e-type=\"widget\" data-widget_type=\"icon.default\">\n\t\t\t\t\t\t\t<div class=\"elementor-icon-wrapper\">\n\t\t\t<div class=\"elementor-icon\">\n\t\t\t<svg aria-hidden=\"true\" class=\"e-font-icon-svg e-fas-envelope\" viewBox=\"0 0 512 512\" xmlns=\"http:\/\/www.w3.org\/2000\/svg\"><path d=\"M502.3 190.8c3.9-3.1 9.7-.2 9.7 4.7V400c0 26.5-21.5 48-48 48H48c-26.5 0-48-21.5-48-48V195.6c0-5 5.7-7.8 9.7-4.7 22.4 17.4 52.1 39.5 154.1 113.6 21.1 15.4 56.7 47.8 92.2 47.6 35.7.3 72-32.8 92.3-47.6 102-74.1 131.6-96.3 154-113.7zM256 320c23.2.4 56.6-29.2 73.4-41.4 132.7-96.3 142.8-104.7 173.4-128.7 5.8-4.5 9.2-11.5 9.2-18.9v-19c0-26.5-21.5-48-48-48H48C21.5 64 0 85.5 0 112v19c0 7.4 3.4 14.3 9.2 18.9 30.6 23.9 40.7 32.4 173.4 128.7 16.8 12.2 50.2 41.8 73.4 41.4z\"><\/path><\/svg>\t\t\t<\/div>\n\t\t<\/div>\n\t\t\t\t\t\t<\/div>\n\t\t\t\t<div class=\"elementor-element elementor-element-1cd20ac elementor-widget elementor-widget-heading\" data-id=\"1cd20ac\" data-element_type=\"widget\" data-e-type=\"widget\" data-widget_type=\"heading.default\">\n\t\t\t\t\t<h2 class=\"elementor-heading-title elementor-size-default\">aprem_navarra@aprem-e.org <\/h2>\t\t\t\t<\/div>\n\t\t\t\t<\/div>\n\t\t<div class=\"elementor-element elementor-element-c442f08 e-con-full e-flex e-con e-child\" data-id=\"c442f08\" data-element_type=\"container\" data-e-type=\"container\">\n\t\t\t\t<div class=\"elementor-element elementor-element-e581f9e elementor-view-default elementor-widget elementor-widget-icon\" data-id=\"e581f9e\" data-element_type=\"widget\" data-e-type=\"widget\" data-widget_type=\"icon.default\">\n\t\t\t\t\t\t\t<div class=\"elementor-icon-wrapper\">\n\t\t\t<div class=\"elementor-icon\">\n\t\t\t<svg aria-hidden=\"true\" class=\"e-font-icon-svg e-fab-instagram\" viewBox=\"0 0 448 512\" xmlns=\"http:\/\/www.w3.org\/2000\/svg\"><path d=\"M224.1 141c-63.6 0-114.9 51.3-114.9 114.9s51.3 114.9 114.9 114.9S339 319.5 339 255.9 287.7 141 224.1 141zm0 189.6c-41.1 0-74.7-33.5-74.7-74.7s33.5-74.7 74.7-74.7 74.7 33.5 74.7 74.7-33.6 74.7-74.7 74.7zm146.4-194.3c0 14.9-12 26.8-26.8 26.8-14.9 0-26.8-12-26.8-26.8s12-26.8 26.8-26.8 26.8 12 26.8 26.8zm76.1 27.2c-1.7-35.9-9.9-67.7-36.2-93.9-26.2-26.2-58-34.4-93.9-36.2-37-2.1-147.9-2.1-184.9 0-35.8 1.7-67.6 9.9-93.9 36.1s-34.4 58-36.2 93.9c-2.1 37-2.1 147.9 0 184.9 1.7 35.9 9.9 67.7 36.2 93.9s58 34.4 93.9 36.2c37 2.1 147.9 2.1 184.9 0 35.9-1.7 67.7-9.9 93.9-36.2 26.2-26.2 34.4-58 36.2-93.9 2.1-37 2.1-147.8 0-184.8zM398.8 388c-7.8 19.6-22.9 34.7-42.6 42.6-29.5 11.7-99.5 9-132.1 9s-102.7 2.6-132.1-9c-19.6-7.8-34.7-22.9-42.6-42.6-11.7-29.5-9-99.5-9-132.1s-2.6-102.7 9-132.1c7.8-19.6 22.9-34.7 42.6-42.6 29.5-11.7 99.5-9 132.1-9s102.7-2.6 132.1 9c19.6 7.8 34.7 22.9 42.6 42.6 11.7 29.5 9 99.5 9 132.1s2.7 102.7-9 132.1z\"><\/path><\/svg>\t\t\t<\/div>\n\t\t<\/div>\n\t\t\t\t\t\t<\/div>\n\t\t\t\t<div class=\"elementor-element elementor-element-d2a56de elementor-widget elementor-widget-heading\" data-id=\"d2a56de\" data-element_type=\"widget\" data-e-type=\"widget\" data-widget_type=\"heading.default\">\n\t\t\t\t\t<h2 class=\"elementor-heading-title elementor-size-default\"><a href=\"https:\/\/www.instagram.com\/aprem_navarra\/%20\">@aprem_navarra<\/a><\/h2>\t\t\t\t<\/div>\n\t\t\t\t<\/div>\n\t\t\t\t<\/div>\n\t\t\t\t\t<\/div>\n\t\t\t\t<\/div>\n\t\t<div class=\"elementor-element elementor-element-d12783b e-flex e-con-boxed e-con e-parent\" data-id=\"d12783b\" data-element_type=\"container\" data-e-type=\"container\">\n\t\t\t\t\t<div class=\"e-con-inner\">\n\t\t\t\t<div class=\"elementor-element elementor-element-f211fe9 elementor-widget elementor-widget-heading\" data-id=\"f211fe9\" data-element_type=\"widget\" data-e-type=\"widget\" data-widget_type=\"heading.default\">\n\t\t\t\t\t<h2 class=\"elementor-heading-title elementor-size-default\">En los Medios <\/h2>\t\t\t\t<\/div>\n\t\t\t\t\t<\/div>\n\t\t\t\t<\/div>\n\t\t<a class=\"elementor-element elementor-element-6390de5 e-flex e-con-boxed e-con e-parent\" data-id=\"6390de5\" data-element_type=\"container\" data-e-type=\"container\" href=\"https:\/\/elcofredelcapitanmorgan.wordpress.com\/2025\/02\/15\/982-14-febrero-2025-aprem\/\" target=\"_blank\">\n\t\t\t\t\t<div class=\"e-con-inner\">\n\t\t<div class=\"elementor-element elementor-element-e060882 e-con-full e-flex e-con e-child\" data-id=\"e060882\" data-element_type=\"container\" data-e-type=\"container\">\n\t\t<div class=\"elementor-element elementor-element-cb2ed9c e-con-full e-flex e-con e-child\" data-id=\"cb2ed9c\" data-element_type=\"container\" data-e-type=\"container\">\n\t\t\t\t<div class=\"elementor-element elementor-element-d50a46f elementor-widget elementor-widget-image\" data-id=\"d50a46f\" data-element_type=\"widget\" data-e-type=\"widget\" data-widget_type=\"image.default\">\n\t\t\t\t\t\t\t\t\t\t\t\t\t\t\t<img decoding=\"async\" src=\"https:\/\/aprem-e.org\/wp-content\/uploads\/elementor\/thumbs\/whatsapp-image-2025-02-15-at-16.06.56-rdjp43imr2grb55yx5ajd9d9iu2dxovklfa55q1i9k.jpeg\" title=\"whatsapp-image-2025-02-15-at-16.06.56\" alt=\"whatsapp-image-2025-02-15-at-16.06.56\" loading=\"lazy\" \/>\t\t\t\t\t\t\t\t\t\t\t\t\t\t\t<\/div>\n\t\t\t\t<\/div>\n\t\t<div class=\"elementor-element elementor-element-414e7ab e-con-full e-flex e-con e-child\" data-id=\"414e7ab\" data-element_type=\"container\" data-e-type=\"container\">\n\t\t\t\t<div class=\"elementor-element elementor-element-2bd81b7 elementor-widget elementor-widget-text-editor\" data-id=\"2bd81b7\" data-element_type=\"widget\" data-e-type=\"widget\" data-widget_type=\"text-editor.default\">\n\t\t\t\t\t\t\t\t\t<h5 class=\"article-title\"><span style=\"font-weight: 400;\">El Cofre del Capit\u00e1n Morgan<\/span><\/h5><h5 class=\"entry-title\">14 FEBRERO 2025 -APREM<\/h5>\t\t\t\t\t\t\t\t<\/div>\n\t\t\t\t<\/div>\n\t\t<div class=\"elementor-element elementor-element-4d46304 e-con-full e-flex e-con e-child\" data-id=\"4d46304\" data-element_type=\"container\" data-e-type=\"container\">\n\t\t\t\t<div class=\"elementor-element elementor-element-e6ae384 elementor-view-default elementor-widget elementor-widget-icon\" data-id=\"e6ae384\" data-element_type=\"widget\" data-e-type=\"widget\" data-widget_type=\"icon.default\">\n\t\t\t\t\t\t\t<div class=\"elementor-icon-wrapper\">\n\t\t\t<div class=\"elementor-icon\">\n\t\t\t<svg aria-hidden=\"true\" class=\"e-font-icon-svg e-fas-arrow-right\" viewBox=\"0 0 448 512\" xmlns=\"http:\/\/www.w3.org\/2000\/svg\"><path d=\"M190.5 66.9l22.2-22.2c9.4-9.4 24.6-9.4 33.9 0L441 239c9.4 9.4 9.4 24.6 0 33.9L246.6 467.3c-9.4 9.4-24.6 9.4-33.9 0l-22.2-22.2c-9.5-9.5-9.3-25 .4-34.3L311.4 296H24c-13.3 0-24-10.7-24-24v-32c0-13.3 10.7-24 24-24h287.4L190.9 101.2c-9.8-9.3-10-24.8-.4-34.3z\"><\/path><\/svg>\t\t\t<\/div>\n\t\t<\/div>\n\t\t\t\t\t\t<\/div>\n\t\t\t\t<\/div>\n\t\t\t\t<\/div>\n\t\t\t\t\t<\/div>\n\t\t\t\t<\/a>\n\t\t<a class=\"elementor-element elementor-element-04b9c74 e-flex e-con-boxed e-con e-parent\" data-id=\"04b9c74\" data-element_type=\"container\" data-e-type=\"container\" href=\"https:\/\/www.diariodenavarra.es\/noticias\/navarra\/2024\/11\/18\/aprem-navarra-festeja-diferentes-actividades-el-dia-mundial-nino-prematuro-629287-300.html\" target=\"_blank\">\n\t\t\t\t\t<div class=\"e-con-inner\">\n\t\t<div class=\"elementor-element elementor-element-c79ffeb e-con-full e-flex e-con e-child\" data-id=\"c79ffeb\" data-element_type=\"container\" data-e-type=\"container\">\n\t\t\t\t<div class=\"elementor-element elementor-element-522f492 elementor-widget elementor-widget-image\" data-id=\"522f492\" data-element_type=\"widget\" data-e-type=\"widget\" data-widget_type=\"image.default\">\n\t\t\t\t\t\t\t\t\t\t\t\t\t\t\t<img decoding=\"async\" src=\"https:\/\/aprem-e.org\/wp-content\/uploads\/elementor\/thumbs\/68c491a786676.r_d.0-0-10000-rdjoy8ys86gj2hnt2ma3uqi0giw61hnp4h5dnqpozc.jpeg\" title=\"68c491a786676.r_d.0-0-10000\" alt=\"68c491a786676.r_d.0-0-10000\" loading=\"lazy\" \/>\t\t\t\t\t\t\t\t\t\t\t\t\t\t\t<\/div>\n\t\t\t\t<\/div>\n\t\t<div class=\"elementor-element elementor-element-08fd2f3 e-con-full e-flex e-con e-child\" data-id=\"08fd2f3\" data-element_type=\"container\" data-e-type=\"container\">\n\t\t\t\t<div class=\"elementor-element elementor-element-ed15b16 elementor-widget elementor-widget-text-editor\" data-id=\"ed15b16\" data-element_type=\"widget\" data-e-type=\"widget\" data-widget_type=\"text-editor.default\">\n\t\t\t\t\t\t\t\t\t<h5 class=\"c-detail__title\">Aprem Navarra festeja con diferentes actividades el D\u00eda Mundial del Ni\u00f1o Prematuro<\/h5>\t\t\t\t\t\t\t\t<\/div>\n\t\t\t\t<\/div>\n\t\t<div class=\"elementor-element elementor-element-c35d544 e-con-full e-flex e-con e-child\" data-id=\"c35d544\" data-element_type=\"container\" data-e-type=\"container\">\n\t\t\t\t<div class=\"elementor-element elementor-element-dd4a17e elementor-view-default elementor-widget elementor-widget-icon\" data-id=\"dd4a17e\" data-element_type=\"widget\" data-e-type=\"widget\" data-widget_type=\"icon.default\">\n\t\t\t\t\t\t\t<div class=\"elementor-icon-wrapper\">\n\t\t\t<div class=\"elementor-icon\">\n\t\t\t<svg aria-hidden=\"true\" class=\"e-font-icon-svg e-fas-arrow-right\" viewBox=\"0 0 448 512\" xmlns=\"http:\/\/www.w3.org\/2000\/svg\"><path d=\"M190.5 66.9l22.2-22.2c9.4-9.4 24.6-9.4 33.9 0L441 239c9.4 9.4 9.4 24.6 0 33.9L246.6 467.3c-9.4 9.4-24.6 9.4-33.9 0l-22.2-22.2c-9.5-9.5-9.3-25 .4-34.3L311.4 296H24c-13.3 0-24-10.7-24-24v-32c0-13.3 10.7-24 24-24h287.4L190.9 101.2c-9.8-9.3-10-24.8-.4-34.3z\"><\/path><\/svg>\t\t\t<\/div>\n\t\t<\/div>\n\t\t\t\t\t\t<\/div>\n\t\t\t\t<\/div>\n\t\t\t\t\t<\/div>\n\t\t\t\t<\/a>\n\t\t<a class=\"elementor-element elementor-element-a5bef0a e-flex e-con-boxed e-con e-parent\" data-id=\"a5bef0a\" data-element_type=\"container\" data-e-type=\"container\" href=\"https:\/\/www.noticiasdenavarra.com\/sociedad\/2024\/02\/26\/70-familias-navarras-hijos-prematuros-7925249.html\" target=\"_blank\">\n\t\t\t\t\t<div class=\"e-con-inner\">\n\t\t<div class=\"elementor-element elementor-element-90e1add e-con-full e-flex e-con e-child\" data-id=\"90e1add\" data-element_type=\"container\" data-e-type=\"container\">\n\t\t\t\t<div class=\"elementor-element elementor-element-0c082c5 elementor-widget elementor-widget-image\" data-id=\"0c082c5\" data-element_type=\"widget\" data-e-type=\"widget\" data-widget_type=\"image.default\">\n\t\t\t\t\t\t\t\t\t\t\t\t\t\t\t<img decoding=\"async\" src=\"https:\/\/aprem-e.org\/wp-content\/uploads\/elementor\/thumbs\/2d0e161a-b5f8-46dc-ab47-b807ceff7183_16-9-discover-aspect-ratio_default_0-rdjor0lhn2k3qi60azqg627bwsjhtby1sofvq3fquw.jpg\" title=\"2d0e161a-b5f8-46dc-ab47-b807ceff7183_16-9-discover-aspect-ratio_default_0\" alt=\"2d0e161a-b5f8-46dc-ab47-b807ceff7183_16-9-discover-aspect-ratio_default_0\" loading=\"lazy\" \/>\t\t\t\t\t\t\t\t\t\t\t\t\t\t\t<\/div>\n\t\t\t\t<\/div>\n\t\t<div class=\"elementor-element elementor-element-5daa439 e-con-full e-flex e-con e-child\" data-id=\"5daa439\" data-element_type=\"container\" data-e-type=\"container\">\n\t\t\t\t<div class=\"elementor-element elementor-element-916cc5a elementor-widget elementor-widget-text-editor\" data-id=\"916cc5a\" data-element_type=\"widget\" data-e-type=\"widget\" data-widget_type=\"text-editor.default\">\n\t\t\t\t\t\t\t\t\t<h5 class=\"h1 headline-article__head\">70 familias navarras con hijos prematuros impulsan una asociaci\u00f3n de apoyo mutuo: \u00abEs una situaci\u00f3n muy dura, pasan semanas hasta que puedes abrazar a tu hijo\u00bb<\/h5>\t\t\t\t\t\t\t\t<\/div>\n\t\t\t\t<\/div>\n\t\t<div class=\"elementor-element elementor-element-ee59889 e-con-full e-flex e-con e-child\" data-id=\"ee59889\" data-element_type=\"container\" data-e-type=\"container\">\n\t\t\t\t<div class=\"elementor-element elementor-element-774a79c elementor-view-default elementor-widget elementor-widget-icon\" data-id=\"774a79c\" data-element_type=\"widget\" data-e-type=\"widget\" data-widget_type=\"icon.default\">\n\t\t\t\t\t\t\t<div class=\"elementor-icon-wrapper\">\n\t\t\t<div class=\"elementor-icon\">\n\t\t\t<svg aria-hidden=\"true\" class=\"e-font-icon-svg e-fas-arrow-right\" viewBox=\"0 0 448 512\" xmlns=\"http:\/\/www.w3.org\/2000\/svg\"><path d=\"M190.5 66.9l22.2-22.2c9.4-9.4 24.6-9.4 33.9 0L441 239c9.4 9.4 9.4 24.6 0 33.9L246.6 467.3c-9.4 9.4-24.6 9.4-33.9 0l-22.2-22.2c-9.5-9.5-9.3-25 .4-34.3L311.4 296H24c-13.3 0-24-10.7-24-24v-32c0-13.3 10.7-24 24-24h287.4L190.9 101.2c-9.8-9.3-10-24.8-.4-34.3z\"><\/path><\/svg>\t\t\t<\/div>\n\t\t<\/div>\n\t\t\t\t\t\t<\/div>\n\t\t\t\t<\/div>\n\t\t\t\t\t<\/div>\n\t\t\t\t<\/a>\n\t\t<a class=\"elementor-element elementor-element-811419c e-flex e-con-boxed e-con e-parent\" data-id=\"811419c\" data-element_type=\"container\" data-e-type=\"container\" href=\"https:\/\/www.diariodenavarra.es\/noticias\/opinion\/2024\/11\/17\/testimonio-madre-el-dia-prematuro-recuerdas-sentirte-indefensa-no-te-habia-contado-nadie-629037-1064.html\">\n\t\t\t\t\t<div class=\"e-con-inner\">\n\t\t<div class=\"elementor-element elementor-element-b3cbfaf e-con-full e-flex e-con e-child\" data-id=\"b3cbfaf\" data-element_type=\"container\" data-e-type=\"container\">\n\t\t\t\t<div class=\"elementor-element elementor-element-0739fc6 elementor-widget elementor-widget-image\" data-id=\"0739fc6\" data-element_type=\"widget\" data-e-type=\"widget\" data-widget_type=\"image.default\">\n\t\t\t\t\t\t\t\t\t\t\t\t\t\t\t<img decoding=\"async\" src=\"https:\/\/aprem-e.org\/wp-content\/uploads\/elementor\/thumbs\/68c1a1789a217.r_d.0-0-33449-rdjp65rvqzaesc63vje2c8mog9wdts2d7mti2kzem0.jpeg\" title=\"68c1a1789a217.r_d.0-0-33449\" alt=\"68c1a1789a217.r_d.0-0-33449\" loading=\"lazy\" \/>\t\t\t\t\t\t\t\t\t\t\t\t\t\t\t<\/div>\n\t\t\t\t<\/div>\n\t\t<div class=\"elementor-element elementor-element-cf6446f e-con-full e-flex e-con e-child\" data-id=\"cf6446f\" data-element_type=\"container\" data-e-type=\"container\">\n\t\t\t\t<div class=\"elementor-element elementor-element-da402a2 elementor-widget elementor-widget-text-editor\" data-id=\"da402a2\" data-element_type=\"widget\" data-e-type=\"widget\" data-widget_type=\"text-editor.default\">\n\t\t\t\t\t\t\t\t\t<h4 class=\"c-detail__title\">Testimonio de una madre en el D\u00eda del prematuro: \u00abRecuerdas sentirte indefensa, eso no te lo hab\u00eda contado nadie\u00bb<\/h4>\t\t\t\t\t\t\t\t<\/div>\n\t\t\t\t<\/div>\n\t\t<div class=\"elementor-element elementor-element-2783d06 e-con-full e-flex e-con e-child\" data-id=\"2783d06\" data-element_type=\"container\" data-e-type=\"container\">\n\t\t\t\t<div class=\"elementor-element elementor-element-de73d64 elementor-view-default elementor-widget elementor-widget-icon\" data-id=\"de73d64\" data-element_type=\"widget\" data-e-type=\"widget\" data-widget_type=\"icon.default\">\n\t\t\t\t\t\t\t<div class=\"elementor-icon-wrapper\">\n\t\t\t<div class=\"elementor-icon\">\n\t\t\t<svg aria-hidden=\"true\" class=\"e-font-icon-svg e-fas-arrow-right\" viewBox=\"0 0 448 512\" xmlns=\"http:\/\/www.w3.org\/2000\/svg\"><path d=\"M190.5 66.9l22.2-22.2c9.4-9.4 24.6-9.4 33.9 0L441 239c9.4 9.4 9.4 24.6 0 33.9L246.6 467.3c-9.4 9.4-24.6 9.4-33.9 0l-22.2-22.2c-9.5-9.5-9.3-25 .4-34.3L311.4 296H24c-13.3 0-24-10.7-24-24v-32c0-13.3 10.7-24 24-24h287.4L190.9 101.2c-9.8-9.3-10-24.8-.4-34.3z\"><\/path><\/svg>\t\t\t<\/div>\n\t\t<\/div>\n\t\t\t\t\t\t<\/div>\n\t\t\t\t<\/div>\n\t\t\t\t\t<\/div>\n\t\t\t\t<\/a>\n\t\t<a class=\"elementor-element elementor-element-b80237a e-flex e-con-boxed e-con e-parent\" data-id=\"b80237a\" data-element_type=\"container\" data-e-type=\"container\" href=\"https:\/\/www.ondacero.es\/podcast\/emisoras\/pamplona\/mas-de-uno-pamplona\/mas-uno-pamplona-26022024_2024022665dc8c936d70b0e4f60b120d.html\" target=\"_blank\">\n\t\t\t\t\t<div class=\"e-con-inner\">\n\t\t<div class=\"elementor-element elementor-element-0e35e87 e-con-full e-flex e-con e-child\" data-id=\"0e35e87\" data-element_type=\"container\" data-e-type=\"container\">\n\t\t\t\t<div class=\"elementor-element elementor-element-2329112 elementor-widget elementor-widget-image\" data-id=\"2329112\" data-element_type=\"widget\" data-e-type=\"widget\" data-widget_type=\"image.default\">\n\t\t\t\t\t\t\t\t\t\t\t\t\t\t\t<img decoding=\"async\" src=\"https:\/\/aprem-e.org\/wp-content\/uploads\/elementor\/thumbs\/mas-uno-pamplona_4-rdjp9w6swaeewkqv2nhpqspledhvehvze43xp5g3w8.webp\" title=\"mas-uno-pamplona_4\" alt=\"mas-uno-pamplona_4\" loading=\"lazy\" \/>\t\t\t\t\t\t\t\t\t\t\t\t\t\t\t<\/div>\n\t\t\t\t<\/div>\n\t\t<div class=\"elementor-element elementor-element-9d502f6 e-con-full e-flex e-con e-child\" data-id=\"9d502f6\" data-element_type=\"container\" data-e-type=\"container\">\n\t\t\t\t<div class=\"elementor-element elementor-element-62b9e5b elementor-widget elementor-widget-text-editor\" data-id=\"62b9e5b\" data-element_type=\"widget\" data-e-type=\"widget\" data-widget_type=\"text-editor.default\">\n\t\t\t\t\t\t\t\t\t<h5 class=\"article-title\">M\u00e1s de uno Pamplona 26\/02\/2024<\/h5>\t\t\t\t\t\t\t\t<\/div>\n\t\t\t\t<\/div>\n\t\t<div class=\"elementor-element elementor-element-b8d0408 e-con-full e-flex e-con e-child\" data-id=\"b8d0408\" data-element_type=\"container\" data-e-type=\"container\">\n\t\t\t\t<div class=\"elementor-element elementor-element-c9ac7a2 elementor-view-default elementor-widget elementor-widget-icon\" data-id=\"c9ac7a2\" data-element_type=\"widget\" data-e-type=\"widget\" data-widget_type=\"icon.default\">\n\t\t\t\t\t\t\t<div class=\"elementor-icon-wrapper\">\n\t\t\t<div class=\"elementor-icon\">\n\t\t\t<svg aria-hidden=\"true\" class=\"e-font-icon-svg e-fas-arrow-right\" viewBox=\"0 0 448 512\" xmlns=\"http:\/\/www.w3.org\/2000\/svg\"><path d=\"M190.5 66.9l22.2-22.2c9.4-9.4 24.6-9.4 33.9 0L441 239c9.4 9.4 9.4 24.6 0 33.9L246.6 467.3c-9.4 9.4-24.6 9.4-33.9 0l-22.2-22.2c-9.5-9.5-9.3-25 .4-34.3L311.4 296H24c-13.3 0-24-10.7-24-24v-32c0-13.3 10.7-24 24-24h287.4L190.9 101.2c-9.8-9.3-10-24.8-.4-34.3z\"><\/path><\/svg>\t\t\t<\/div>\n\t\t<\/div>\n\t\t\t\t\t\t<\/div>\n\t\t\t\t<\/div>\n\t\t\t\t\t<\/div>\n\t\t\t\t<\/a>\n\t\t<a class=\"elementor-element elementor-element-f6c77fc e-flex e-con-boxed e-con e-parent\" data-id=\"f6c77fc\" data-element_type=\"container\" data-e-type=\"container\" href=\"https:\/\/www.ondacero.es\/emisoras\/navarra\/pamplona\/noticias\/pamplona-tine-morado-ninos-prematuros_202311176557c3cbf6ca72000125e74d.html?fbclid=PAb21jcANltfVleHRuA2FlbQIxMQABp8AyPYygOJUZG-w9XxW7CkEFDGjAF0B9oK93YHGDwmuKEPSuVW1uP4QkF4iX_aem_OaUKhKtrH2f6HsauFe491g\" target=\"_blank\">\n\t\t\t\t\t<div class=\"e-con-inner\">\n\t\t<div class=\"elementor-element elementor-element-87e690d e-con-full e-flex e-con e-child\" data-id=\"87e690d\" data-element_type=\"container\" data-e-type=\"container\">\n\t\t\t\t<div class=\"elementor-element elementor-element-8ac1b9f elementor-widget elementor-widget-image\" data-id=\"8ac1b9f\" data-element_type=\"widget\" data-e-type=\"widget\" data-widget_type=\"image.default\">\n\t\t\t\t\t\t\t\t\t\t\t\t\t\t\t<img decoding=\"async\" src=\"https:\/\/aprem-e.org\/wp-content\/uploads\/elementor\/thumbs\/prematuros_69-rel899m9uck57r5ink5xjtwdxzxlh0y4suzewxamd4.webp\" title=\"prematuros_69\" alt=\"prematuros_69\" loading=\"lazy\" \/>\t\t\t\t\t\t\t\t\t\t\t\t\t\t\t<\/div>\n\t\t\t\t<\/div>\n\t\t<div class=\"elementor-element elementor-element-29c9104 e-con-full e-flex e-con e-child\" data-id=\"29c9104\" data-element_type=\"container\" data-e-type=\"container\">\n\t\t\t\t<div class=\"elementor-element elementor-element-7b0a47b elementor-widget elementor-widget-text-editor\" data-id=\"7b0a47b\" data-element_type=\"widget\" data-e-type=\"widget\" data-widget_type=\"text-editor.default\">\n\t\t\t\t\t\t\t\t\t<h5 class=\"titular-noticia\">Pamplona se ti\u00f1e de morado por los ni\u00f1os prematuros<\/h5>\t\t\t\t\t\t\t\t<\/div>\n\t\t\t\t<\/div>\n\t\t<div class=\"elementor-element elementor-element-940d978 e-con-full e-flex e-con e-child\" data-id=\"940d978\" data-element_type=\"container\" data-e-type=\"container\">\n\t\t\t\t<div class=\"elementor-element elementor-element-76eda53 elementor-view-default elementor-widget elementor-widget-icon\" data-id=\"76eda53\" data-element_type=\"widget\" data-e-type=\"widget\" data-widget_type=\"icon.default\">\n\t\t\t\t\t\t\t<div class=\"elementor-icon-wrapper\">\n\t\t\t<div class=\"elementor-icon\">\n\t\t\t<svg aria-hidden=\"true\" class=\"e-font-icon-svg e-fas-arrow-right\" viewBox=\"0 0 448 512\" xmlns=\"http:\/\/www.w3.org\/2000\/svg\"><path d=\"M190.5 66.9l22.2-22.2c9.4-9.4 24.6-9.4 33.9 0L441 239c9.4 9.4 9.4 24.6 0 33.9L246.6 467.3c-9.4 9.4-24.6 9.4-33.9 0l-22.2-22.2c-9.5-9.5-9.3-25 .4-34.3L311.4 296H24c-13.3 0-24-10.7-24-24v-32c0-13.3 10.7-24 24-24h287.4L190.9 101.2c-9.8-9.3-10-24.8-.4-34.3z\"><\/path><\/svg>\t\t\t<\/div>\n\t\t<\/div>\n\t\t\t\t\t\t<\/div>\n\t\t\t\t<\/div>\n\t\t\t\t\t<\/div>\n\t\t\t\t<\/a>\n\t\t<a class=\"elementor-element elementor-element-8567e13 e-flex e-con-boxed e-con e-parent\" data-id=\"8567e13\" data-element_type=\"container\" data-e-type=\"container\" href=\"https:\/\/www.instagram.com\/p\/CzvqrTUskRZ\/?img_index=2&#038;igsh=c25raWFkM2J2a3Rx\" target=\"_blank\">\n\t\t\t\t\t<div class=\"e-con-inner\">\n\t\t<div class=\"elementor-element elementor-element-365991a e-con-full e-flex e-con e-child\" data-id=\"365991a\" data-element_type=\"container\" data-e-type=\"container\">\n\t\t\t\t<div class=\"elementor-element elementor-element-205bcb2 elementor-widget elementor-widget-image\" data-id=\"205bcb2\" data-element_type=\"widget\" data-e-type=\"widget\" data-widget_type=\"image.default\">\n\t\t\t\t\t\t\t\t\t\t\t\t\t\t\t<img decoding=\"async\" src=\"https:\/\/aprem-e.org\/wp-content\/uploads\/elementor\/thumbs\/403770620_715703856735371_2286461000774085017_n-rel8dpeu46mw1gpeqh8ibpkqxi1ztkki2tvyhypozc.jpeg\" title=\"403770620_715703856735371_2286461000774085017_n\" alt=\"403770620_715703856735371_2286461000774085017_n\" loading=\"lazy\" \/>\t\t\t\t\t\t\t\t\t\t\t\t\t\t\t<\/div>\n\t\t\t\t<\/div>\n\t\t<div class=\"elementor-element elementor-element-440424a e-con-full e-flex e-con e-child\" data-id=\"440424a\" data-element_type=\"container\" data-e-type=\"container\">\n\t\t\t\t<div class=\"elementor-element elementor-element-f11ca12 elementor-widget elementor-widget-text-editor\" data-id=\"f11ca12\" data-element_type=\"widget\" data-e-type=\"widget\" data-widget_type=\"text-editor.default\">\n\t\t\t\t\t\t\t\t\t<h5 class=\"titular-noticia\"><span style=\"font-weight: 400;\">Gramo a gramo. Soplo a soplo. Latido a latido. <\/span><\/h5>\t\t\t\t\t\t\t\t<\/div>\n\t\t\t\t<\/div>\n\t\t<div class=\"elementor-element elementor-element-301f4d0 e-con-full e-flex e-con e-child\" data-id=\"301f4d0\" data-element_type=\"container\" data-e-type=\"container\">\n\t\t\t\t<div class=\"elementor-element elementor-element-bf0da0f elementor-view-default elementor-widget elementor-widget-icon\" data-id=\"bf0da0f\" data-element_type=\"widget\" data-e-type=\"widget\" data-widget_type=\"icon.default\">\n\t\t\t\t\t\t\t<div class=\"elementor-icon-wrapper\">\n\t\t\t<div class=\"elementor-icon\">\n\t\t\t<svg aria-hidden=\"true\" class=\"e-font-icon-svg e-fas-arrow-right\" viewBox=\"0 0 448 512\" xmlns=\"http:\/\/www.w3.org\/2000\/svg\"><path d=\"M190.5 66.9l22.2-22.2c9.4-9.4 24.6-9.4 33.9 0L441 239c9.4 9.4 9.4 24.6 0 33.9L246.6 467.3c-9.4 9.4-24.6 9.4-33.9 0l-22.2-22.2c-9.5-9.5-9.3-25 .4-34.3L311.4 296H24c-13.3 0-24-10.7-24-24v-32c0-13.3 10.7-24 24-24h287.4L190.9 101.2c-9.8-9.3-10-24.8-.4-34.3z\"><\/path><\/svg>\t\t\t<\/div>\n\t\t<\/div>\n\t\t\t\t\t\t<\/div>\n\t\t\t\t<\/div>\n\t\t\t\t\t<\/div>\n\t\t\t\t<\/a>\n\t\t<a class=\"elementor-element elementor-element-7ba97aa e-flex e-con-boxed e-con e-parent\" data-id=\"7ba97aa\" data-element_type=\"container\" data-e-type=\"container\" href=\"https:\/\/www.instagram.com\/p\/CzyVDVeNb3D\/?igsh=MWVmczV4aWdseGRvNw==\" target=\"_blank\">\n\t\t\t\t\t<div class=\"e-con-inner\">\n\t\t<div class=\"elementor-element elementor-element-969e019 e-con-full e-flex e-con e-child\" data-id=\"969e019\" data-element_type=\"container\" data-e-type=\"container\">\n\t\t\t\t<div class=\"elementor-element elementor-element-f9f9322 elementor-widget elementor-widget-image\" data-id=\"f9f9322\" data-element_type=\"widget\" data-e-type=\"widget\" data-widget_type=\"image.default\">\n\t\t\t\t\t\t\t\t\t\t\t\t\t\t\t<img decoding=\"async\" src=\"https:\/\/aprem-e.org\/wp-content\/uploads\/elementor\/thumbs\/402622450_1343638209626221_6262779668706371147_n-rel8hoaaz02h26xvk6zsupit82hsbkbpah1rg0tupk.jpg\" title=\"402622450_1343638209626221_6262779668706371147_n\" alt=\"Acto organizado por un grupo de familias con motivo del D\u00eda Mundial del Prematuro.\" loading=\"lazy\" \/>\t\t\t\t\t\t\t\t\t\t\t\t\t\t\t<\/div>\n\t\t\t\t<\/div>\n\t\t<div class=\"elementor-element elementor-element-da2e2b6 e-con-full e-flex e-con e-child\" data-id=\"da2e2b6\" data-element_type=\"container\" data-e-type=\"container\">\n\t\t\t\t<div class=\"elementor-element elementor-element-67f3fa8 elementor-widget elementor-widget-text-editor\" data-id=\"67f3fa8\" data-element_type=\"widget\" data-e-type=\"widget\" data-widget_type=\"text-editor.default\">\n\t\t\t\t\t\t\t\t\t<h5 class=\"titular-noticia\"><span style=\"font-weight: 400;\">La prematuridad afecta a uno de cada diez embarazos<\/span><\/h5>\t\t\t\t\t\t\t\t<\/div>\n\t\t\t\t<\/div>\n\t\t<div class=\"elementor-element elementor-element-8778e87 e-con-full e-flex e-con e-child\" data-id=\"8778e87\" data-element_type=\"container\" data-e-type=\"container\">\n\t\t\t\t<div class=\"elementor-element elementor-element-bd934cb elementor-view-default elementor-widget elementor-widget-icon\" data-id=\"bd934cb\" data-element_type=\"widget\" data-e-type=\"widget\" data-widget_type=\"icon.default\">\n\t\t\t\t\t\t\t<div class=\"elementor-icon-wrapper\">\n\t\t\t<div class=\"elementor-icon\">\n\t\t\t<svg aria-hidden=\"true\" class=\"e-font-icon-svg e-fas-arrow-right\" viewBox=\"0 0 448 512\" xmlns=\"http:\/\/www.w3.org\/2000\/svg\"><path d=\"M190.5 66.9l22.2-22.2c9.4-9.4 24.6-9.4 33.9 0L441 239c9.4 9.4 9.4 24.6 0 33.9L246.6 467.3c-9.4 9.4-24.6 9.4-33.9 0l-22.2-22.2c-9.5-9.5-9.3-25 .4-34.3L311.4 296H24c-13.3 0-24-10.7-24-24v-32c0-13.3 10.7-24 24-24h287.4L190.9 101.2c-9.8-9.3-10-24.8-.4-34.3z\"><\/path><\/svg>\t\t\t<\/div>\n\t\t<\/div>\n\t\t\t\t\t\t<\/div>\n\t\t\t\t<\/div>\n\t\t\t\t\t<\/div>\n\t\t\t\t<\/a>\n\t\t<a class=\"elementor-element elementor-element-f4829db e-flex e-con-boxed e-con e-parent\" data-id=\"f4829db\" data-element_type=\"container\" data-e-type=\"container\" href=\"https:\/\/www.diariodenavarra.es\/noticias\/navarra\/2023\/11\/17\/udei-prematuro-navarra-superacion-589531-300.html?fbclid=PAb21jcANltZlleHRuA2FlbQIxMQABp98QPAj5rk76cdg4ofZXzD_UlIQj95rpJuhj1o_xn-kIpj7neV9njSGPPvzB_aem_HhggeO7bNujkdgG3W7J1RA\" target=\"_blank\">\n\t\t\t\t\t<div class=\"e-con-inner\">\n\t\t<div class=\"elementor-element elementor-element-4964fe3 e-con-full e-flex e-con e-child\" data-id=\"4964fe3\" data-element_type=\"container\" data-e-type=\"container\">\n\t\t\t\t<div class=\"elementor-element elementor-element-0e13956 elementor-widget elementor-widget-image\" data-id=\"0e13956\" data-element_type=\"widget\" data-e-type=\"widget\" data-widget_type=\"image.default\">\n\t\t\t\t\t\t\t\t\t\t\t\t\t\t\t<img decoding=\"async\" src=\"https:\/\/aprem-e.org\/wp-content\/uploads\/elementor\/thumbs\/68b16b8e103b4.r_d.1780-1016-1897-rel8kaa5yfn5b75cbbmhs1swmlmhpaouzeabfoyhfc.jpeg\" title=\"68b16b8e103b4.r_d.1780-1016-1897\" alt=\"68b16b8e103b4.r_d.1780-1016-1897\" loading=\"lazy\" \/>\t\t\t\t\t\t\t\t\t\t\t\t\t\t\t<\/div>\n\t\t\t\t<\/div>\n\t\t<div class=\"elementor-element elementor-element-875e3f8 e-con-full e-flex e-con e-child\" data-id=\"875e3f8\" data-element_type=\"container\" data-e-type=\"container\">\n\t\t\t\t<div class=\"elementor-element elementor-element-e5a12ed elementor-widget elementor-widget-text-editor\" data-id=\"e5a12ed\" data-element_type=\"widget\" data-e-type=\"widget\" data-widget_type=\"text-editor.default\">\n\t\t\t\t\t\t\t\t\t<h5 class=\"titular-noticia\"><span style=\"font-weight: 400;\">Udai Saiz Lizarraga fue un aut\u00e9ntico regalo de Reyes.<\/span><\/h5>\t\t\t\t\t\t\t\t<\/div>\n\t\t\t\t<\/div>\n\t\t<div class=\"elementor-element elementor-element-84f735c e-con-full e-flex e-con e-child\" data-id=\"84f735c\" data-element_type=\"container\" data-e-type=\"container\">\n\t\t\t\t<div class=\"elementor-element elementor-element-bb433fb elementor-view-default elementor-widget elementor-widget-icon\" data-id=\"bb433fb\" data-element_type=\"widget\" data-e-type=\"widget\" data-widget_type=\"icon.default\">\n\t\t\t\t\t\t\t<div class=\"elementor-icon-wrapper\">\n\t\t\t<div class=\"elementor-icon\">\n\t\t\t<svg aria-hidden=\"true\" class=\"e-font-icon-svg e-fas-arrow-right\" viewBox=\"0 0 448 512\" xmlns=\"http:\/\/www.w3.org\/2000\/svg\"><path d=\"M190.5 66.9l22.2-22.2c9.4-9.4 24.6-9.4 33.9 0L441 239c9.4 9.4 9.4 24.6 0 33.9L246.6 467.3c-9.4 9.4-24.6 9.4-33.9 0l-22.2-22.2c-9.5-9.5-9.3-25 .4-34.3L311.4 296H24c-13.3 0-24-10.7-24-24v-32c0-13.3 10.7-24 24-24h287.4L190.9 101.2c-9.8-9.3-10-24.8-.4-34.3z\"><\/path><\/svg>\t\t\t<\/div>\n\t\t<\/div>\n\t\t\t\t\t\t<\/div>\n\t\t\t\t<\/div>\n\t\t\t\t\t<\/div>\n\t\t\t\t<\/a>\n\t\t<a class=\"elementor-element elementor-element-c48777e e-flex e-con-boxed e-con e-parent\" data-id=\"c48777e\" data-element_type=\"container\" data-e-type=\"container\" href=\"https:\/\/navarra.okdiario.com\/articulo\/sociedad\/mireia-nina-prematura-cumple-anos\/20231117082037510815.html?fbclid=PAb21jcANltYhleHRuA2FlbQIxMQABp5jsVwKbyOSzqxgG3f6C3nWdqYUAyzVvs2S6tRDme5c85gRgF3Y5LzDnhlEw_aem_Dj0AQWjkfhvJGADsBSdi-w\" target=\"_blank\">\n\t\t\t\t\t<div class=\"e-con-inner\">\n\t\t<div class=\"elementor-element elementor-element-6055880 e-con-full e-flex e-con e-child\" data-id=\"6055880\" data-element_type=\"container\" data-e-type=\"container\">\n\t\t\t\t<div class=\"elementor-element elementor-element-4c81f3d elementor-widget elementor-widget-image\" data-id=\"4c81f3d\" data-element_type=\"widget\" data-e-type=\"widget\" data-widget_type=\"image.default\">\n\t\t\t\t\t\t\t\t\t\t\t\t\t\t\t<img decoding=\"async\" src=\"https:\/\/aprem-e.org\/wp-content\/uploads\/elementor\/thumbs\/2023111511561245719-rel8manqkoe85687kowrm1jed9pr5zo6xcipdzz648.webp\" title=\"2023111511561245719\" alt=\"2023111511561245719\" loading=\"lazy\" \/>\t\t\t\t\t\t\t\t\t\t\t\t\t\t\t<\/div>\n\t\t\t\t<\/div>\n\t\t<div class=\"elementor-element elementor-element-c9b701c e-con-full e-flex e-con e-child\" data-id=\"c9b701c\" data-element_type=\"container\" data-e-type=\"container\">\n\t\t\t\t<div class=\"elementor-element elementor-element-bed6ce7 elementor-widget elementor-widget-text-editor\" data-id=\"bed6ce7\" data-element_type=\"widget\" data-e-type=\"widget\" data-widget_type=\"text-editor.default\">\n\t\t\t\t\t\t\t\t\t<h5 class=\"titular-noticia\"><span style=\"font-weight: 400;\">Mireia, la ni\u00f1a navarra que naci\u00f3 con s\u00f3lo 450 gramos <\/span><\/h5>\t\t\t\t\t\t\t\t<\/div>\n\t\t\t\t<\/div>\n\t\t<div class=\"elementor-element elementor-element-9a78b7d e-con-full e-flex e-con e-child\" data-id=\"9a78b7d\" data-element_type=\"container\" data-e-type=\"container\">\n\t\t\t\t<div class=\"elementor-element elementor-element-a261b70 elementor-view-default elementor-widget elementor-widget-icon\" data-id=\"a261b70\" data-element_type=\"widget\" data-e-type=\"widget\" data-widget_type=\"icon.default\">\n\t\t\t\t\t\t\t<div class=\"elementor-icon-wrapper\">\n\t\t\t<div class=\"elementor-icon\">\n\t\t\t<svg aria-hidden=\"true\" class=\"e-font-icon-svg e-fas-arrow-right\" viewBox=\"0 0 448 512\" xmlns=\"http:\/\/www.w3.org\/2000\/svg\"><path d=\"M190.5 66.9l22.2-22.2c9.4-9.4 24.6-9.4 33.9 0L441 239c9.4 9.4 9.4 24.6 0 33.9L246.6 467.3c-9.4 9.4-24.6 9.4-33.9 0l-22.2-22.2c-9.5-9.5-9.3-25 .4-34.3L311.4 296H24c-13.3 0-24-10.7-24-24v-32c0-13.3 10.7-24 24-24h287.4L190.9 101.2c-9.8-9.3-10-24.8-.4-34.3z\"><\/path><\/svg>\t\t\t<\/div>\n\t\t<\/div>\n\t\t\t\t\t\t<\/div>\n\t\t\t\t<\/div>\n\t\t\t\t\t<\/div>\n\t\t\t\t<\/a>\n\t\t<a class=\"elementor-element elementor-element-7b08ae5 e-flex e-con-boxed e-con e-parent\" data-id=\"7b08ae5\" data-element_type=\"container\" data-e-type=\"container\" href=\"https:\/\/www.navarratelevision.es\/noticia\/z9ed971d6-d6d7-2034-d26ce372414804eb\/202311\/mas-de-300-bebes-nacieron-prematuros-el-ano-pasado?fbclid=PAb21jcANltXxleHRuA2FlbQIxMQABpxken3vg7u5ZwY7tNCBPf1gUfx0GwQS0rfO2bFAkpoxx636QSVPdtpzrhEpC_aem_3eYexi55GiAzmnvBkovVuw\" target=\"_blank\">\n\t\t\t\t\t<div class=\"e-con-inner\">\n\t\t<div class=\"elementor-element elementor-element-5120d78 e-con-full e-flex e-con e-child\" data-id=\"5120d78\" data-element_type=\"container\" data-e-type=\"container\">\n\t\t\t\t<div class=\"elementor-element elementor-element-4f174ac elementor-widget elementor-widget-image\" data-id=\"4f174ac\" data-element_type=\"widget\" data-e-type=\"widget\" data-widget_type=\"image.default\">\n\t\t\t\t\t\t\t\t\t\t\t\t\t\t\t<img decoding=\"async\" src=\"https:\/\/aprem-e.org\/wp-content\/uploads\/elementor\/thumbs\/668cb0d3bca6f-rel9i1nhf7uwb03y6ez3u13wpt835xpsmht4ygwfy0.webp\" title=\"668cb0d3bca6f\" alt=\"668cb0d3bca6f\" loading=\"lazy\" \/>\t\t\t\t\t\t\t\t\t\t\t\t\t\t\t<\/div>\n\t\t\t\t<\/div>\n\t\t<div class=\"elementor-element elementor-element-9638d31 e-con-full e-flex e-con e-child\" data-id=\"9638d31\" data-element_type=\"container\" data-e-type=\"container\">\n\t\t\t\t<div class=\"elementor-element elementor-element-fa38d24 elementor-widget elementor-widget-text-editor\" data-id=\"fa38d24\" data-element_type=\"widget\" data-e-type=\"widget\" data-widget_type=\"text-editor.default\">\n\t\t\t\t\t\t\t\t\t<h5 class=\"titular-noticia\"><span style=\"font-weight: 400;\">M\u00e1s de 300 beb\u00e9s nacieron prematuros el a\u00f1o pasado <\/span><\/h5>\t\t\t\t\t\t\t\t<\/div>\n\t\t\t\t<\/div>\n\t\t<div class=\"elementor-element elementor-element-d4dcd17 e-con-full e-flex e-con e-child\" data-id=\"d4dcd17\" data-element_type=\"container\" data-e-type=\"container\">\n\t\t\t\t<div class=\"elementor-element elementor-element-8f68534 elementor-view-default elementor-widget elementor-widget-icon\" data-id=\"8f68534\" data-element_type=\"widget\" data-e-type=\"widget\" data-widget_type=\"icon.default\">\n\t\t\t\t\t\t\t<div class=\"elementor-icon-wrapper\">\n\t\t\t<div class=\"elementor-icon\">\n\t\t\t<svg aria-hidden=\"true\" class=\"e-font-icon-svg e-fas-arrow-right\" viewBox=\"0 0 448 512\" xmlns=\"http:\/\/www.w3.org\/2000\/svg\"><path d=\"M190.5 66.9l22.2-22.2c9.4-9.4 24.6-9.4 33.9 0L441 239c9.4 9.4 9.4 24.6 0 33.9L246.6 467.3c-9.4 9.4-24.6 9.4-33.9 0l-22.2-22.2c-9.5-9.5-9.3-25 .4-34.3L311.4 296H24c-13.3 0-24-10.7-24-24v-32c0-13.3 10.7-24 24-24h287.4L190.9 101.2c-9.8-9.3-10-24.8-.4-34.3z\"><\/path><\/svg>\t\t\t<\/div>\n\t\t<\/div>\n\t\t\t\t\t\t<\/div>\n\t\t\t\t<\/div>\n\t\t\t\t\t<\/div>\n\t\t\t\t<\/a>\n\t\t<a class=\"elementor-element elementor-element-debf4d0 e-flex e-con-boxed e-con e-parent\" data-id=\"debf4d0\" data-element_type=\"container\" data-e-type=\"container\" href=\"https:\/\/www.cope.es\/emisoras\/navarra\/navarra-provincia\/pamplona\/noticias\/dos-cada-cien-bebes-nacieron-navarra-antes-semana-gestacion-20231117_3006707?fbclid=PAb21jcANltW1leHRuA2FlbQIxMQABp1NxeUhJcDlVzUbbTn1b4SW1aV_jKhyv498xrqEjFjLbwOHMyksODZKUtm3S_aem_Dn6GY_WU1SSeoxuDu-p3yA\" target=\"_blank\">\n\t\t\t\t\t<div class=\"e-con-inner\">\n\t\t<div class=\"elementor-element elementor-element-8b85278 e-con-full e-flex e-con e-child\" data-id=\"8b85278\" data-element_type=\"container\" data-e-type=\"container\">\n\t\t\t\t<div class=\"elementor-element elementor-element-9eb05d9 elementor-widget elementor-widget-image\" data-id=\"9eb05d9\" data-element_type=\"widget\" data-e-type=\"widget\" data-widget_type=\"image.default\">\n\t\t\t\t\t\t\t\t\t\t\t\t\t\t\t<img decoding=\"async\" src=\"https:\/\/aprem-e.org\/wp-content\/uploads\/elementor\/thumbs\/668cb0d3bca6f-rel9i1nhf7uwb03y6ez3u13wpt835xpsmht4ygwfy0.webp\" title=\"668cb0d3bca6f\" alt=\"668cb0d3bca6f\" loading=\"lazy\" \/>\t\t\t\t\t\t\t\t\t\t\t\t\t\t\t<\/div>\n\t\t\t\t<\/div>\n\t\t<div class=\"elementor-element elementor-element-7ee3f2d e-con-full e-flex e-con e-child\" data-id=\"7ee3f2d\" data-element_type=\"container\" data-e-type=\"container\">\n\t\t\t\t<div class=\"elementor-element elementor-element-4156234 elementor-widget elementor-widget-text-editor\" data-id=\"4156234\" data-element_type=\"widget\" data-e-type=\"widget\" data-widget_type=\"text-editor.default\">\n\t\t\t\t\t\t\t\t\t<h4 class=\"titular-noticia\"><span style=\"font-weight: 400;\">Dos de cada cien beb\u00e9s nacieron en Navarra antes de la semana 32 de gestaci\u00f3n<\/span><\/h4>\t\t\t\t\t\t\t\t<\/div>\n\t\t\t\t<\/div>\n\t\t<div class=\"elementor-element elementor-element-e67563b e-con-full e-flex e-con e-child\" data-id=\"e67563b\" data-element_type=\"container\" data-e-type=\"container\">\n\t\t\t\t<div class=\"elementor-element elementor-element-ef26b89 elementor-view-default elementor-widget elementor-widget-icon\" data-id=\"ef26b89\" data-element_type=\"widget\" data-e-type=\"widget\" data-widget_type=\"icon.default\">\n\t\t\t\t\t\t\t<div class=\"elementor-icon-wrapper\">\n\t\t\t<div class=\"elementor-icon\">\n\t\t\t<svg aria-hidden=\"true\" class=\"e-font-icon-svg e-fas-arrow-right\" viewBox=\"0 0 448 512\" xmlns=\"http:\/\/www.w3.org\/2000\/svg\"><path d=\"M190.5 66.9l22.2-22.2c9.4-9.4 24.6-9.4 33.9 0L441 239c9.4 9.4 9.4 24.6 0 33.9L246.6 467.3c-9.4 9.4-24.6 9.4-33.9 0l-22.2-22.2c-9.5-9.5-9.3-25 .4-34.3L311.4 296H24c-13.3 0-24-10.7-24-24v-32c0-13.3 10.7-24 24-24h287.4L190.9 101.2c-9.8-9.3-10-24.8-.4-34.3z\"><\/path><\/svg>\t\t\t<\/div>\n\t\t<\/div>\n\t\t\t\t\t\t<\/div>\n\t\t\t\t<\/div>\n\t\t\t\t\t<\/div>\n\t\t\t\t<\/a>\n\t\t<a class=\"elementor-element elementor-element-bff51da e-flex e-con-boxed e-con e-parent\" data-id=\"bff51da\" data-element_type=\"container\" data-e-type=\"container\" href=\"https:\/\/cadenaser.com\/navarra\/2023\/11\/17\/ella-decidio-respirar-y-respiramos-con-ella-mireia-llego-al-mundo-en-la-semana-24-de-gestacion-radio-pamplona\/?fbclid=PAb21jcANltWJleHRuA2FlbQIxMQABp_MvbL4F8NOGvbZ90A3qaVDVy_GSOaRDyNZowigTHsFg8yynVW0n7Km4RLWY_aem_81p-fJpAlh8O-nnE9KcJuA\" target=\"_blank\">\n\t\t\t\t\t<div class=\"e-con-inner\">\n\t\t<div class=\"elementor-element elementor-element-d42f30f e-con-full e-flex e-con e-child\" data-id=\"d42f30f\" data-element_type=\"container\" data-e-type=\"container\">\n\t\t\t\t<div class=\"elementor-element elementor-element-09c682c elementor-widget elementor-widget-image\" data-id=\"09c682c\" data-element_type=\"widget\" data-e-type=\"widget\" data-widget_type=\"image.default\">\n\t\t\t\t\t\t\t\t\t\t\t\t\t\t\t<img decoding=\"async\" src=\"https:\/\/aprem-e.org\/wp-content\/uploads\/elementor\/thumbs\/https___sdmedia.playser.cadenaser.com_playser_image_202311_17_1700225684168_1700225736_asset_still-rel9mfkdbdv2hhqkkb8fgx9cijlr334p87epkyeawo.jpeg\" title=\"https___sdmedia.playser.cadenaser.com_playser_image_202311_17_1700225684168_1700225736_asset_still\" alt=\"https___sdmedia.playser.cadenaser.com_playser_image_202311_17_1700225684168_1700225736_asset_still\" loading=\"lazy\" \/>\t\t\t\t\t\t\t\t\t\t\t\t\t\t\t<\/div>\n\t\t\t\t<\/div>\n\t\t<div class=\"elementor-element elementor-element-8be26ea e-con-full e-flex e-con e-child\" data-id=\"8be26ea\" data-element_type=\"container\" data-e-type=\"container\">\n\t\t\t\t<div class=\"elementor-element elementor-element-c3989e8 elementor-widget elementor-widget-text-editor\" data-id=\"c3989e8\" data-element_type=\"widget\" data-e-type=\"widget\" data-widget_type=\"text-editor.default\">\n\t\t\t\t\t\t\t\t\t<h5 class=\"titular-noticia\"><span style=\"font-weight: 400;\">\u00abElla decidi\u00f3 respirar y respiramos con ella\u00bb: Mireia lleg\u00f3 al mundo en la semana 24 de gestaci\u00f3n<\/span><\/h5>\t\t\t\t\t\t\t\t<\/div>\n\t\t\t\t<\/div>\n\t\t<div class=\"elementor-element elementor-element-378a4ef e-con-full e-flex e-con e-child\" data-id=\"378a4ef\" data-element_type=\"container\" data-e-type=\"container\">\n\t\t\t\t<div class=\"elementor-element elementor-element-a15954a elementor-view-default elementor-widget elementor-widget-icon\" data-id=\"a15954a\" data-element_type=\"widget\" data-e-type=\"widget\" data-widget_type=\"icon.default\">\n\t\t\t\t\t\t\t<div class=\"elementor-icon-wrapper\">\n\t\t\t<div class=\"elementor-icon\">\n\t\t\t<svg aria-hidden=\"true\" class=\"e-font-icon-svg e-fas-arrow-right\" viewBox=\"0 0 448 512\" xmlns=\"http:\/\/www.w3.org\/2000\/svg\"><path d=\"M190.5 66.9l22.2-22.2c9.4-9.4 24.6-9.4 33.9 0L441 239c9.4 9.4 9.4 24.6 0 33.9L246.6 467.3c-9.4 9.4-24.6 9.4-33.9 0l-22.2-22.2c-9.5-9.5-9.3-25 .4-34.3L311.4 296H24c-13.3 0-24-10.7-24-24v-32c0-13.3 10.7-24 24-24h287.4L190.9 101.2c-9.8-9.3-10-24.8-.4-34.3z\"><\/path><\/svg>\t\t\t<\/div>\n\t\t<\/div>\n\t\t\t\t\t\t<\/div>\n\t\t\t\t<\/div>\n\t\t\t\t\t<\/div>\n\t\t\t\t<\/a>\n\t\t<a class=\"elementor-element elementor-element-0edfd97 e-flex e-con-boxed e-con e-parent\" data-id=\"0edfd97\" data-element_type=\"container\" data-e-type=\"container\" href=\"https:\/\/www.noticiasdenavarra.com\/opinion\/tribunas\/2023\/11\/17\/dia-mundial-prematuro-7526309.html?fbclid=PAb21jcANltVFleHRuA2FlbQIxMQABpylcFQZUG_sNFHrpu2HjEj_BY2yYshKJJ3kJwFRKBe_RGnUIRxAHBCn3fBON_aem_SMBfhBD3xAPoK5AKH3n4Og\" target=\"_blank\">\n\t\t\t\t\t<div class=\"e-con-inner\">\n\t\t<div class=\"elementor-element elementor-element-250476b e-con-full e-flex e-con e-child\" data-id=\"250476b\" data-element_type=\"container\" data-e-type=\"container\">\n\t\t\t\t<div class=\"elementor-element elementor-element-288e3e0 elementor-widget elementor-widget-image\" data-id=\"288e3e0\" data-element_type=\"widget\" data-e-type=\"widget\" data-widget_type=\"image.default\">\n\t\t\t\t\t\t\t\t\t\t\t\t\t\t\t<img decoding=\"async\" src=\"https:\/\/aprem-e.org\/wp-content\/uploads\/elementor\/thumbs\/79638b2c-094a-4248-b26b-69635308a2a5_16-9-discover-aspect-ratio_default_0-relac7b2ov52smaz2y97bx5atul14cfrrray926qbc.jpg\" title=\"79638b2c-094a-4248-b26b-69635308a2a5_16-9-discover-aspect-ratio_default_0\" alt=\"79638b2c-094a-4248-b26b-69635308a2a5_16-9-discover-aspect-ratio_default_0\" loading=\"lazy\" \/>\t\t\t\t\t\t\t\t\t\t\t\t\t\t\t<\/div>\n\t\t\t\t<\/div>\n\t\t<div class=\"elementor-element elementor-element-76e03cf e-con-full e-flex e-con e-child\" data-id=\"76e03cf\" data-element_type=\"container\" data-e-type=\"container\">\n\t\t\t\t<div class=\"elementor-element elementor-element-7138ea5 elementor-widget elementor-widget-text-editor\" data-id=\"7138ea5\" data-element_type=\"widget\" data-e-type=\"widget\" data-widget_type=\"text-editor.default\">\n\t\t\t\t\t\t\t\t\t<h5 class=\"titular-noticia\"><span style=\"font-weight: 400;\">En el D\u00eda Mundial del Prematuro<\/span><\/h5>\t\t\t\t\t\t\t\t<\/div>\n\t\t\t\t<\/div>\n\t\t<div class=\"elementor-element elementor-element-83976b0 e-con-full e-flex e-con e-child\" data-id=\"83976b0\" data-element_type=\"container\" data-e-type=\"container\">\n\t\t\t\t<div class=\"elementor-element elementor-element-9d8ba4d elementor-view-default elementor-widget elementor-widget-icon\" data-id=\"9d8ba4d\" data-element_type=\"widget\" data-e-type=\"widget\" data-widget_type=\"icon.default\">\n\t\t\t\t\t\t\t<div class=\"elementor-icon-wrapper\">\n\t\t\t<div class=\"elementor-icon\">\n\t\t\t<svg aria-hidden=\"true\" class=\"e-font-icon-svg e-fas-arrow-right\" viewBox=\"0 0 448 512\" xmlns=\"http:\/\/www.w3.org\/2000\/svg\"><path d=\"M190.5 66.9l22.2-22.2c9.4-9.4 24.6-9.4 33.9 0L441 239c9.4 9.4 9.4 24.6 0 33.9L246.6 467.3c-9.4 9.4-24.6 9.4-33.9 0l-22.2-22.2c-9.5-9.5-9.3-25 .4-34.3L311.4 296H24c-13.3 0-24-10.7-24-24v-32c0-13.3 10.7-24 24-24h287.4L190.9 101.2c-9.8-9.3-10-24.8-.4-34.3z\"><\/path><\/svg>\t\t\t<\/div>\n\t\t<\/div>\n\t\t\t\t\t\t<\/div>\n\t\t\t\t<\/div>\n\t\t\t\t\t<\/div>\n\t\t\t\t<\/a>\n\t\t<a class=\"elementor-element elementor-element-12c718c e-flex e-con-boxed e-con e-parent\" data-id=\"12c718c\" data-element_type=\"container\" data-e-type=\"container\" href=\"https:\/\/www.ondacero.es\/emisoras\/navarra\/pamplona\/noticias\/sandra-arzoz-jennifer-usoz-ser-madre-nino-prematuro-carrera-fondo-hay-mucho-desconocimiento-que-tener-hijo-prematuro_2023111465537a90f6ca7200011c940a.html?fbclid=PAb21jcANltP9leHRuA2FlbQIxMQABpxMqg0D8PVaK1thGpwKyh_yD9NG8jdIE3IPEa2xA6TZD1exOdq4B7a9PLKkX_aem_3zPzWVcuZ2yCAT0FZJ69nA\" target=\"_blank\">\n\t\t\t\t\t<div class=\"e-con-inner\">\n\t\t<div class=\"elementor-element elementor-element-8690cc2 e-con-full e-flex e-con e-child\" data-id=\"8690cc2\" data-element_type=\"container\" data-e-type=\"container\">\n\t\t\t\t<div class=\"elementor-element elementor-element-e759e6e elementor-widget elementor-widget-image\" data-id=\"e759e6e\" data-element_type=\"widget\" data-e-type=\"widget\" data-widget_type=\"image.default\">\n\t\t\t\t\t\t\t\t\t\t\t\t\t\t\t<img decoding=\"async\" src=\"https:\/\/aprem-e.org\/wp-content\/uploads\/elementor\/thumbs\/sandra-arzoz-jennifer-usoz_69-relaillj79wbt30gq7ssst18d91yi6u0bf4wtup9yw.webp\" title=\"sandra-arzoz-jennifer-usoz_69\" alt=\"sandra-arzoz-jennifer-usoz_69\" loading=\"lazy\" \/>\t\t\t\t\t\t\t\t\t\t\t\t\t\t\t<\/div>\n\t\t\t\t<\/div>\n\t\t<div class=\"elementor-element elementor-element-e24c730 e-con-full e-flex e-con e-child\" data-id=\"e24c730\" data-element_type=\"container\" data-e-type=\"container\">\n\t\t\t\t<div class=\"elementor-element elementor-element-78f09cf elementor-widget elementor-widget-text-editor\" data-id=\"78f09cf\" data-element_type=\"widget\" data-e-type=\"widget\" data-widget_type=\"text-editor.default\">\n\t\t\t\t\t\t\t\t\t<h5 class=\"titular-noticia\"><span style=\"font-weight: 400;\">Sandra Arzoz y Jennifer Usoz: \u00abSer madre de un ni\u00f1o prematuro es una carrera de fondo. Hay mucho desconocimiento sobre lo que significa\u00bb <\/span><\/h5>\t\t\t\t\t\t\t\t<\/div>\n\t\t\t\t<\/div>\n\t\t<div class=\"elementor-element elementor-element-c69e7cb e-con-full e-flex e-con e-child\" data-id=\"c69e7cb\" data-element_type=\"container\" data-e-type=\"container\">\n\t\t\t\t<div class=\"elementor-element elementor-element-af95b42 elementor-view-default elementor-widget elementor-widget-icon\" data-id=\"af95b42\" data-element_type=\"widget\" data-e-type=\"widget\" data-widget_type=\"icon.default\">\n\t\t\t\t\t\t\t<div class=\"elementor-icon-wrapper\">\n\t\t\t<div class=\"elementor-icon\">\n\t\t\t<svg aria-hidden=\"true\" class=\"e-font-icon-svg e-fas-arrow-right\" viewBox=\"0 0 448 512\" xmlns=\"http:\/\/www.w3.org\/2000\/svg\"><path d=\"M190.5 66.9l22.2-22.2c9.4-9.4 24.6-9.4 33.9 0L441 239c9.4 9.4 9.4 24.6 0 33.9L246.6 467.3c-9.4 9.4-24.6 9.4-33.9 0l-22.2-22.2c-9.5-9.5-9.3-25 .4-34.3L311.4 296H24c-13.3 0-24-10.7-24-24v-32c0-13.3 10.7-24 24-24h287.4L190.9 101.2c-9.8-9.3-10-24.8-.4-34.3z\"><\/path><\/svg>\t\t\t<\/div>\n\t\t<\/div>\n\t\t\t\t\t\t<\/div>\n\t\t\t\t<\/div>\n\t\t\t\t\t<\/div>\n\t\t\t\t<\/a>\n\t\t<div class=\"elementor-element elementor-element-0b2c78c e-flex e-con-boxed e-con e-parent\" data-id=\"0b2c78c\" data-element_type=\"container\" data-e-type=\"container\">\n\t\t\t\t\t<div class=\"e-con-inner\">\n\t\t\t\t<div class=\"elementor-element elementor-element-1b00fb5 elementor-widget elementor-widget-heading\" data-id=\"1b00fb5\" data-element_type=\"widget\" data-e-type=\"widget\" data-widget_type=\"heading.default\">\n\t\t\t\t\t<h2 class=\"elementor-heading-title elementor-size-default\">Personas de Contacto<\/h2>\t\t\t\t<\/div>\n\t\t<div class=\"elementor-element elementor-element-3979385 e-con-full e-flex e-con e-child\" data-id=\"3979385\" data-element_type=\"container\" data-e-type=\"container\">\n\t\t<div class=\"elementor-element elementor-element-2a8af61 e-con-full e-flex e-con e-child\" data-id=\"2a8af61\" data-element_type=\"container\" data-e-type=\"container\">\n\t\t\t\t<div class=\"elementor-element elementor-element-f6e16d1 elementor-widget elementor-widget-heading\" data-id=\"f6e16d1\" data-element_type=\"widget\" data-e-type=\"widget\" data-widget_type=\"heading.default\">\n\t\t\t\t\t<h2 class=\"elementor-heading-title elementor-size-default\">Jennifer Usoz<\/h2>\t\t\t\t<\/div>\n\t\t\t\t<div class=\"elementor-element elementor-element-6497284 elementor-widget__width-initial elementor-widget elementor-widget-text-editor\" data-id=\"6497284\" data-element_type=\"widget\" data-e-type=\"widget\" data-widget_type=\"text-editor.default\">\n\t\t\t\t\t\t\t\t\t<p><em>Vive en Pamplona y dio a luz a mellizos en 2019 con 25 semanas de gestaci\u00f3n, dos ni\u00f1os prematuros que nacieron pesando 750 y 530 gramos, respectivamente. Estuvieron m\u00e1s de 140 d\u00edas ingresados en Neonatolog\u00eda. Esta asociaci\u00f3n surgi\u00f3 de su propia b\u00fasqueda para sentirse apoyada por la experiencia de otros padres y madres que han tenido hijos prematuros y de la necesidad de orientar y acompa\u00f1ar a todas las familias\u00a0nuevas.<\/em><\/p>\t\t\t\t\t\t\t\t<\/div>\n\t\t\t\t<\/div>\n\t\t<div class=\"elementor-element elementor-element-baa1343 e-con-full e-flex e-con e-child\" data-id=\"baa1343\" data-element_type=\"container\" data-e-type=\"container\">\n\t\t\t\t<div class=\"elementor-element elementor-element-1146156 elementor-widget elementor-widget-image\" data-id=\"1146156\" data-element_type=\"widget\" data-e-type=\"widget\" data-widget_type=\"image.default\">\n\t\t\t\t\t\t\t\t\t\t\t\t\t\t\t<img decoding=\"async\" width=\"800\" height=\"800\" src=\"https:\/\/aprem-e.org\/wp-content\/uploads\/2025\/10\/sandra-arzoz-jennifer-usoz_104-1024x1024-1.webp\" class=\"attachment-large size-large wp-image-198\" alt=\"\" srcset=\"https:\/\/aprem-e.org\/wp-content\/uploads\/2025\/10\/sandra-arzoz-jennifer-usoz_104-1024x1024-1.webp 1024w, https:\/\/aprem-e.org\/wp-content\/uploads\/2025\/10\/sandra-arzoz-jennifer-usoz_104-1024x1024-1-300x300.webp 300w, https:\/\/aprem-e.org\/wp-content\/uploads\/2025\/10\/sandra-arzoz-jennifer-usoz_104-1024x1024-1-150x150.webp 150w, https:\/\/aprem-e.org\/wp-content\/uploads\/2025\/10\/sandra-arzoz-jennifer-usoz_104-1024x1024-1-768x768.webp 768w\" sizes=\"(max-width: 800px) 100vw, 800px\" \/>\t\t\t\t\t\t\t\t\t\t\t\t\t\t\t<\/div>\n\t\t\t\t<\/div>\n\t\t<div class=\"elementor-element elementor-element-45c85df e-con-full e-flex e-con e-child\" data-id=\"45c85df\" data-element_type=\"container\" data-e-type=\"container\">\n\t\t\t\t<div class=\"elementor-element elementor-element-1daa85a elementor-widget elementor-widget-heading\" data-id=\"1daa85a\" data-element_type=\"widget\" data-e-type=\"widget\" data-widget_type=\"heading.default\">\n\t\t\t\t\t<h2 class=\"elementor-heading-title elementor-size-default\">Sandra Arzoz<\/h2>\t\t\t\t<\/div>\n\t\t\t\t<div class=\"elementor-element elementor-element-42829ce elementor-widget__width-initial elementor-widget elementor-widget-text-editor\" data-id=\"42829ce\" data-element_type=\"widget\" data-e-type=\"widget\" data-widget_type=\"text-editor.default\">\n\t\t\t\t\t\t\t\t\t<p><em>Soy Sandra, mam\u00e1 de Mireia, que naci\u00f3 el d\u00eda que cumpl\u00edamos 24 semanas de gestaci\u00f3n. Pes\u00f3 450 gr y estuvimos ingresados en la Unidad de Neonatolog\u00eda 127 d\u00edas, incluidos dos desplazamientos al Hospital La Paz para tratar una retinopat\u00eda.<\/em><\/p><p><em>Del apoyo que encontramos en otras familias durante el ingreso surgi\u00f3 la inquietud de crear una asociaci\u00f3n y, junto con Jennifer, impulsamos la celebraci\u00f3n del d\u00eda del prematuro en noviembre de 2023, germen de la ahora Delegaci\u00f3n de Aprem en Navarra.\u00bb<\/em><\/p>\t\t\t\t\t\t\t\t<\/div>\n\t\t\t\t<\/div>\n\t\t\t\t<\/div>\n\t\t\t\t\t<\/div>\n\t\t\t\t<\/div>\n\t\t\t\t<\/div>\n\t\t","protected":false},"excerpt":{"rendered":"<p>APREM Navarra Historia Como muchas iniciativas basadas en la empat\u00eda, la historia de nuestra delegaci\u00f3n en el Norte de Espa\u00f1a empez\u00f3 con el apoyo mutuo de dos madres que enfrentaron las mismas dificultades. Jennifer Usoz y Sandra Arzoz son las iniciadoras de APREM Navarra, que actualmente cuenta con un grupo de unas 88 familias.\u00a0 En [&hellip;]<\/p>\n","protected":false},"author":1,"featured_media":0,"parent":0,"menu_order":0,"comment_status":"closed","ping_status":"closed","template":"","meta":{"inline_featured_image":false,"footnotes":""},"class_list":["post-186","page","type-page","status-publish","hentry"],"yoast_head":"<!-- This site is optimized with the Yoast SEO plugin v27.4 - https:\/\/yoast.com\/product\/yoast-seo-wordpress\/ -->\n<title>APREM Navarra - Aprem<\/title>\n<meta name=\"description\" content=\"APREM Navarra se fund\u00f3 en el a\u00f1o 2024. Jennifer Usoz y Sandra Arzoz son las iniciadoras de APREM Navarra, que cuenta con 70 familias.\" \/>\n<meta name=\"robots\" content=\"index, follow, max-snippet:-1, max-image-preview:large, max-video-preview:-1\" \/>\n<link rel=\"canonical\" href=\"https:\/\/aprem-e.org\/index.php\/aprem-navarra\/\" \/>\n<meta property=\"og:locale\" content=\"es_ES\" \/>\n<meta property=\"og:type\" content=\"article\" \/>\n<meta property=\"og:title\" content=\"APREM Navarra - Aprem\" \/>\n<meta property=\"og:description\" content=\"APREM Navarra se fund\u00f3 en el a\u00f1o 2024. Jennifer Usoz y Sandra Arzoz son las iniciadoras de APREM Navarra, que cuenta con 70 familias.\" \/>\n<meta property=\"og:url\" content=\"https:\/\/aprem-e.org\/index.php\/aprem-navarra\/\" \/>\n<meta property=\"og:site_name\" content=\"Aprem\" \/>\n<meta property=\"article:modified_time\" content=\"2026-01-27T10:34:20+00:00\" \/>\n<meta property=\"og:image\" content=\"https:\/\/aprem-e.org\/wp-content\/uploads\/2025\/10\/2d0e161a-b5f8-46dc-ab47-b807ceff7183_16-9-discover-aspect-ratio_default_0.jpg\" \/>\n\t<meta property=\"og:image:width\" content=\"1200\" \/>\n\t<meta property=\"og:image:height\" content=\"675\" \/>\n\t<meta property=\"og:image:type\" content=\"image\/jpeg\" \/>\n<meta name=\"twitter:card\" content=\"summary_large_image\" \/>\n<meta name=\"twitter:label1\" content=\"Tiempo de lectura\" \/>\n\t<meta name=\"twitter:data1\" content=\"3 minutos\" \/>\n<script type=\"application\/ld+json\" class=\"yoast-schema-graph\">{\"@context\":\"https:\\\/\\\/schema.org\",\"@graph\":[{\"@type\":\"WebPage\",\"@id\":\"https:\\\/\\\/aprem-e.org\\\/index.php\\\/aprem-navarra\\\/\",\"url\":\"https:\\\/\\\/aprem-e.org\\\/index.php\\\/aprem-navarra\\\/\",\"name\":\"APREM Navarra - Aprem\",\"isPartOf\":{\"@id\":\"https:\\\/\\\/aprem-e.org\\\/#website\"},\"primaryImageOfPage\":{\"@id\":\"https:\\\/\\\/aprem-e.org\\\/index.php\\\/aprem-navarra\\\/#primaryimage\"},\"image\":{\"@id\":\"https:\\\/\\\/aprem-e.org\\\/index.php\\\/aprem-navarra\\\/#primaryimage\"},\"thumbnailUrl\":\"https:\\\/\\\/aprem-e.org\\\/wp-content\\\/uploads\\\/2025\\\/10\\\/2d0e161a-b5f8-46dc-ab47-b807ceff7183_16-9-discover-aspect-ratio_default_0-1024x576.jpg\",\"datePublished\":\"2025-10-21T18:30:53+00:00\",\"dateModified\":\"2026-01-27T10:34:20+00:00\",\"description\":\"APREM Navarra se fund\u00f3 en el a\u00f1o 2024. Jennifer Usoz y Sandra Arzoz son las iniciadoras de APREM Navarra, que cuenta con 70 familias.\",\"breadcrumb\":{\"@id\":\"https:\\\/\\\/aprem-e.org\\\/index.php\\\/aprem-navarra\\\/#breadcrumb\"},\"inLanguage\":\"es\",\"potentialAction\":[{\"@type\":\"ReadAction\",\"target\":[\"https:\\\/\\\/aprem-e.org\\\/index.php\\\/aprem-navarra\\\/\"]}]},{\"@type\":\"ImageObject\",\"inLanguage\":\"es\",\"@id\":\"https:\\\/\\\/aprem-e.org\\\/index.php\\\/aprem-navarra\\\/#primaryimage\",\"url\":\"https:\\\/\\\/aprem-e.org\\\/wp-content\\\/uploads\\\/2025\\\/10\\\/2d0e161a-b5f8-46dc-ab47-b807ceff7183_16-9-discover-aspect-ratio_default_0.jpg\",\"contentUrl\":\"https:\\\/\\\/aprem-e.org\\\/wp-content\\\/uploads\\\/2025\\\/10\\\/2d0e161a-b5f8-46dc-ab47-b807ceff7183_16-9-discover-aspect-ratio_default_0.jpg\",\"width\":1200,\"height\":675},{\"@type\":\"BreadcrumbList\",\"@id\":\"https:\\\/\\\/aprem-e.org\\\/index.php\\\/aprem-navarra\\\/#breadcrumb\",\"itemListElement\":[{\"@type\":\"ListItem\",\"position\":1,\"name\":\"Home\",\"item\":\"https:\\\/\\\/aprem-e.org\\\/\"},{\"@type\":\"ListItem\",\"position\":2,\"name\":\"APREM Navarra\"}]},{\"@type\":\"WebSite\",\"@id\":\"https:\\\/\\\/aprem-e.org\\\/#website\",\"url\":\"https:\\\/\\\/aprem-e.org\\\/\",\"name\":\"Aprem\",\"description\":\"Asociaci\u00f3n de Padres de Ni\u00f1os Prematuros\",\"publisher\":{\"@id\":\"https:\\\/\\\/aprem-e.org\\\/#organization\"},\"potentialAction\":[{\"@type\":\"SearchAction\",\"target\":{\"@type\":\"EntryPoint\",\"urlTemplate\":\"https:\\\/\\\/aprem-e.org\\\/?s={search_term_string}\"},\"query-input\":{\"@type\":\"PropertyValueSpecification\",\"valueRequired\":true,\"valueName\":\"search_term_string\"}}],\"inLanguage\":\"es\"},{\"@type\":\"Organization\",\"@id\":\"https:\\\/\\\/aprem-e.org\\\/#organization\",\"name\":\"Aprem\",\"url\":\"https:\\\/\\\/aprem-e.org\\\/\",\"logo\":{\"@type\":\"ImageObject\",\"inLanguage\":\"es\",\"@id\":\"https:\\\/\\\/aprem-e.org\\\/#\\\/schema\\\/logo\\\/image\\\/\",\"url\":\"https:\\\/\\\/aprem-e.org\\\/wp-content\\\/uploads\\\/2025\\\/09\\\/cropped-Logo-APREM_M1.png\",\"contentUrl\":\"https:\\\/\\\/aprem-e.org\\\/wp-content\\\/uploads\\\/2025\\\/09\\\/cropped-Logo-APREM_M1.png\",\"width\":512,\"height\":512,\"caption\":\"Aprem\"},\"image\":{\"@id\":\"https:\\\/\\\/aprem-e.org\\\/#\\\/schema\\\/logo\\\/image\\\/\"}}]}<\/script>\n<!-- \/ Yoast SEO plugin. -->","yoast_head_json":{"title":"APREM Navarra - Aprem","description":"APREM Navarra se fund\u00f3 en el a\u00f1o 2024. Jennifer Usoz y Sandra Arzoz son las iniciadoras de APREM Navarra, que cuenta con 70 familias.","robots":{"index":"index","follow":"follow","max-snippet":"max-snippet:-1","max-image-preview":"max-image-preview:large","max-video-preview":"max-video-preview:-1"},"canonical":"https:\/\/aprem-e.org\/index.php\/aprem-navarra\/","og_locale":"es_ES","og_type":"article","og_title":"APREM Navarra - Aprem","og_description":"APREM Navarra se fund\u00f3 en el a\u00f1o 2024. Jennifer Usoz y Sandra Arzoz son las iniciadoras de APREM Navarra, que cuenta con 70 familias.","og_url":"https:\/\/aprem-e.org\/index.php\/aprem-navarra\/","og_site_name":"Aprem","article_modified_time":"2026-01-27T10:34:20+00:00","og_image":[{"width":1200,"height":675,"url":"https:\/\/aprem-e.org\/wp-content\/uploads\/2025\/10\/2d0e161a-b5f8-46dc-ab47-b807ceff7183_16-9-discover-aspect-ratio_default_0.jpg","type":"image\/jpeg"}],"twitter_card":"summary_large_image","twitter_misc":{"Tiempo de lectura":"3 minutos"},"schema":{"@context":"https:\/\/schema.org","@graph":[{"@type":"WebPage","@id":"https:\/\/aprem-e.org\/index.php\/aprem-navarra\/","url":"https:\/\/aprem-e.org\/index.php\/aprem-navarra\/","name":"APREM Navarra - Aprem","isPartOf":{"@id":"https:\/\/aprem-e.org\/#website"},"primaryImageOfPage":{"@id":"https:\/\/aprem-e.org\/index.php\/aprem-navarra\/#primaryimage"},"image":{"@id":"https:\/\/aprem-e.org\/index.php\/aprem-navarra\/#primaryimage"},"thumbnailUrl":"https:\/\/aprem-e.org\/wp-content\/uploads\/2025\/10\/2d0e161a-b5f8-46dc-ab47-b807ceff7183_16-9-discover-aspect-ratio_default_0-1024x576.jpg","datePublished":"2025-10-21T18:30:53+00:00","dateModified":"2026-01-27T10:34:20+00:00","description":"APREM Navarra se fund\u00f3 en el a\u00f1o 2024. Jennifer Usoz y Sandra Arzoz son las iniciadoras de APREM Navarra, que cuenta con 70 familias.","breadcrumb":{"@id":"https:\/\/aprem-e.org\/index.php\/aprem-navarra\/#breadcrumb"},"inLanguage":"es","potentialAction":[{"@type":"ReadAction","target":["https:\/\/aprem-e.org\/index.php\/aprem-navarra\/"]}]},{"@type":"ImageObject","inLanguage":"es","@id":"https:\/\/aprem-e.org\/index.php\/aprem-navarra\/#primaryimage","url":"https:\/\/aprem-e.org\/wp-content\/uploads\/2025\/10\/2d0e161a-b5f8-46dc-ab47-b807ceff7183_16-9-discover-aspect-ratio_default_0.jpg","contentUrl":"https:\/\/aprem-e.org\/wp-content\/uploads\/2025\/10\/2d0e161a-b5f8-46dc-ab47-b807ceff7183_16-9-discover-aspect-ratio_default_0.jpg","width":1200,"height":675},{"@type":"BreadcrumbList","@id":"https:\/\/aprem-e.org\/index.php\/aprem-navarra\/#breadcrumb","itemListElement":[{"@type":"ListItem","position":1,"name":"Home","item":"https:\/\/aprem-e.org\/"},{"@type":"ListItem","position":2,"name":"APREM Navarra"}]},{"@type":"WebSite","@id":"https:\/\/aprem-e.org\/#website","url":"https:\/\/aprem-e.org\/","name":"Aprem","description":"Asociaci\u00f3n de Padres de Ni\u00f1os Prematuros","publisher":{"@id":"https:\/\/aprem-e.org\/#organization"},"potentialAction":[{"@type":"SearchAction","target":{"@type":"EntryPoint","urlTemplate":"https:\/\/aprem-e.org\/?s={search_term_string}"},"query-input":{"@type":"PropertyValueSpecification","valueRequired":true,"valueName":"search_term_string"}}],"inLanguage":"es"},{"@type":"Organization","@id":"https:\/\/aprem-e.org\/#organization","name":"Aprem","url":"https:\/\/aprem-e.org\/","logo":{"@type":"ImageObject","inLanguage":"es","@id":"https:\/\/aprem-e.org\/#\/schema\/logo\/image\/","url":"https:\/\/aprem-e.org\/wp-content\/uploads\/2025\/09\/cropped-Logo-APREM_M1.png","contentUrl":"https:\/\/aprem-e.org\/wp-content\/uploads\/2025\/09\/cropped-Logo-APREM_M1.png","width":512,"height":512,"caption":"Aprem"},"image":{"@id":"https:\/\/aprem-e.org\/#\/schema\/logo\/image\/"}}]}},"_links":{"self":[{"href":"https:\/\/aprem-e.org\/index.php\/wp-json\/wp\/v2\/pages\/186","targetHints":{"allow":["GET"]}}],"collection":[{"href":"https:\/\/aprem-e.org\/index.php\/wp-json\/wp\/v2\/pages"}],"about":[{"href":"https:\/\/aprem-e.org\/index.php\/wp-json\/wp\/v2\/types\/page"}],"author":[{"embeddable":true,"href":"https:\/\/aprem-e.org\/index.php\/wp-json\/wp\/v2\/users\/1"}],"replies":[{"embeddable":true,"href":"https:\/\/aprem-e.org\/index.php\/wp-json\/wp\/v2\/comments?post=186"}],"version-history":[{"count":40,"href":"https:\/\/aprem-e.org\/index.php\/wp-json\/wp\/v2\/pages\/186\/revisions"}],"predecessor-version":[{"id":964,"href":"https:\/\/aprem-e.org\/index.php\/wp-json\/wp\/v2\/pages\/186\/revisions\/964"}],"wp:attachment":[{"href":"https:\/\/aprem-e.org\/index.php\/wp-json\/wp\/v2\/media?parent=186"}],"curies":[{"name":"wp","href":"https:\/\/api.w.org\/{rel}","templated":true}]}}