{"id":202,"date":"2025-10-21T19:35:33","date_gmt":"2025-10-21T19:35:33","guid":{"rendered":"https:\/\/aprem-e.org\/?page_id=202"},"modified":"2025-11-07T14:06:32","modified_gmt":"2025-11-07T14:06:32","slug":"aprem-la-rioja","status":"publish","type":"page","link":"https:\/\/aprem-e.org\/index.php\/aprem-la-rioja\/","title":{"rendered":"APREM La Rioja"},"content":{"rendered":"\t\t<div data-elementor-type=\"wp-page\" data-elementor-id=\"202\" class=\"elementor elementor-202\" data-elementor-post-type=\"page\">\n\t\t\t\t\t\t<section class=\"elementor-section elementor-top-section elementor-element elementor-element-9ba6c85 elementor-section-boxed elementor-section-height-default elementor-section-height-default\" data-id=\"9ba6c85\" data-element_type=\"section\" data-e-type=\"section\">\n\t\t\t\t\t\t<div class=\"elementor-container elementor-column-gap-default\">\n\t\t\t\t\t<div class=\"elementor-column elementor-col-100 elementor-top-column elementor-element elementor-element-2db95e7\" data-id=\"2db95e7\" data-element_type=\"column\" data-e-type=\"column\">\n\t\t\t<div class=\"elementor-widget-wrap elementor-element-populated\">\n\t\t\t\t\t\t<div class=\"elementor-element elementor-element-e7be04a elementor-widget elementor-widget-heading\" data-id=\"e7be04a\" data-element_type=\"widget\" data-e-type=\"widget\" data-widget_type=\"heading.default\">\n\t\t\t\t\t<h1 class=\"elementor-heading-title elementor-size-default\">APREM La Rioja<\/h1>\t\t\t\t<\/div>\n\t\t\t\t\t<\/div>\n\t\t<\/div>\n\t\t\t\t\t<\/div>\n\t\t<\/section>\n\t\t<div class=\"elementor-element elementor-element-b4405d6 e-flex e-con-boxed e-con e-parent\" data-id=\"b4405d6\" data-element_type=\"container\" data-e-type=\"container\">\n\t\t\t\t\t<div class=\"e-con-inner\">\n\t\t<div class=\"elementor-element elementor-element-b594439 e-con-full e-flex e-con e-child\" data-id=\"b594439\" data-element_type=\"container\" data-e-type=\"container\">\n\t\t\t\t<div class=\"elementor-element elementor-element-4123888 elementor-widget elementor-widget-heading\" data-id=\"4123888\" data-element_type=\"widget\" data-e-type=\"widget\" data-widget_type=\"heading.default\">\n\t\t\t\t\t<h2 class=\"elementor-heading-title elementor-size-default\">\nHistoria<\/h2>\t\t\t\t<\/div>\n\t\t\t\t<div class=\"elementor-element elementor-element-69da4d3 elementor-widget__width-initial elementor-widget elementor-widget-text-editor\" data-id=\"69da4d3\" data-element_type=\"widget\" data-e-type=\"widget\" data-widget_type=\"text-editor.default\">\n\t\t\t\t\t\t\t\t\t<p><span style=\"font-weight: 400;\">La Delegaci\u00f3n en La Rioja naci\u00f3 en 2023 gracias al impulso de Marta, que, a ra\u00edz de su propia experiencia personal, sinti\u00f3 la necesidad de crear un espacio de apoyo y acompa\u00f1amiento para las familias que atraviesan el ingreso de un reci\u00e9n nacido en la unidad de neonatolog\u00eda. Su iniciativa abri\u00f3 el camino para que hoy podamos continuar con este proyecto, lleno de ilusi\u00f3n y con la voluntad de crecer junto a las familias y los hospitales de la comunidad.<br \/><br \/><\/span><\/p><p><span style=\"font-weight: 400;\">Sabemos que cada ingreso en una Unidad de Neonatolog\u00eda es un camino cargado de emociones, incertidumbres y aprendizajes, y queremos estar al lado de quienes lo recorren.<\/span><\/p><p><span style=\"font-weight: 400;\">Cada a\u00f1o, alrededor de 200 beb\u00e9s ingresan en la Unidad de Neonatos del Hospital San Pedro de Logro\u00f1o. La mayor\u00eda de ellos son pret\u00e9rminos tard\u00edos, nacidos a partir de las 34 semanas de gestaci\u00f3n, pero hasta un 10% llegan al mundo mucho antes, con menos de 30 semanas, requiriendo cuidados intensivos y prolongados. Estas cifras nos recuerdan la importancia de crear redes de apoyo s\u00f3lidas para las familias y de colaborar estrechamente con los equipos m\u00e9dicos y hospitalarios.<\/span><\/p><p>\u00a0<\/p>\t\t\t\t\t\t\t\t<\/div>\n\t\t\t\t<\/div>\n\t\t<div class=\"elementor-element elementor-element-cff5c5c e-con-full e-flex e-con e-child\" data-id=\"cff5c5c\" data-element_type=\"container\" data-e-type=\"container\">\n\t\t\t\t<div class=\"elementor-element elementor-element-37a5ff2 elementor-widget elementor-widget-image\" data-id=\"37a5ff2\" data-element_type=\"widget\" data-e-type=\"widget\" data-widget_type=\"image.default\">\n\t\t\t\t\t\t\t\t\t\t\t\t\t\t\t<img fetchpriority=\"high\" decoding=\"async\" width=\"800\" height=\"358\" src=\"https:\/\/aprem-e.org\/wp-content\/uploads\/2025\/11\/2b0ed71f-d3ab-4b30-a322-aa638bbecbd2-1024x458.jpg\" class=\"attachment-large size-large wp-image-469\" alt=\"\" srcset=\"https:\/\/aprem-e.org\/wp-content\/uploads\/2025\/11\/2b0ed71f-d3ab-4b30-a322-aa638bbecbd2-1024x458.jpg 1024w, https:\/\/aprem-e.org\/wp-content\/uploads\/2025\/11\/2b0ed71f-d3ab-4b30-a322-aa638bbecbd2-300x134.jpg 300w, https:\/\/aprem-e.org\/wp-content\/uploads\/2025\/11\/2b0ed71f-d3ab-4b30-a322-aa638bbecbd2-768x344.jpg 768w, https:\/\/aprem-e.org\/wp-content\/uploads\/2025\/11\/2b0ed71f-d3ab-4b30-a322-aa638bbecbd2-1536x687.jpg 1536w, https:\/\/aprem-e.org\/wp-content\/uploads\/2025\/11\/2b0ed71f-d3ab-4b30-a322-aa638bbecbd2.jpg 1600w\" sizes=\"(max-width: 800px) 100vw, 800px\" \/>\t\t\t\t\t\t\t\t\t\t\t\t\t\t\t<\/div>\n\t\t\t\t<\/div>\n\t\t\t\t\t<\/div>\n\t\t\t\t<\/div>\n\t\t\t\t<section class=\"elementor-section elementor-top-section elementor-element elementor-element-90ff39b elementor-section-boxed elementor-section-height-default elementor-section-height-default\" data-id=\"90ff39b\" data-element_type=\"section\" data-e-type=\"section\">\n\t\t\t\t\t\t<div class=\"elementor-container elementor-column-gap-default\">\n\t\t\t\t\t<div class=\"elementor-column elementor-col-50 elementor-top-column elementor-element elementor-element-a6c820a\" data-id=\"a6c820a\" data-element_type=\"column\" data-e-type=\"column\">\n\t\t\t<div class=\"elementor-widget-wrap elementor-element-populated\">\n\t\t\t\t\t\t<div class=\"elementor-element elementor-element-e0fbd1a elementor-widget__width-initial elementor-widget elementor-widget-image\" data-id=\"e0fbd1a\" data-element_type=\"widget\" data-e-type=\"widget\" data-widget_type=\"image.default\">\n\t\t\t\t\t\t\t\t\t\t\t\t\t\t\t<img decoding=\"async\" src=\"https:\/\/aprem-e.org\/wp-content\/uploads\/2025\/10\/gettyimages-rbma_0019-scaled-1.jpg\" title=\"gettyimages-rbma_0019-scaled.jpg\" alt=\"gettyimages-rbma_0019-scaled.jpg\" loading=\"lazy\" \/>\t\t\t\t\t\t\t\t\t\t\t\t\t\t\t<\/div>\n\t\t\t\t<div class=\"elementor-element elementor-element-b26d13e elementor-widget elementor-widget-spacer\" data-id=\"b26d13e\" data-element_type=\"widget\" data-e-type=\"widget\" data-widget_type=\"spacer.default\">\n\t\t\t\t\t\t\t<div class=\"elementor-spacer\">\n\t\t\t<div class=\"elementor-spacer-inner\"><\/div>\n\t\t<\/div>\n\t\t\t\t\t\t<\/div>\n\t\t\t\t\t<\/div>\n\t\t<\/div>\n\t\t\t\t<div class=\"elementor-column elementor-col-50 elementor-top-column elementor-element elementor-element-81e953a\" data-id=\"81e953a\" data-element_type=\"column\" data-e-type=\"column\">\n\t\t\t<div class=\"elementor-widget-wrap elementor-element-populated\">\n\t\t\t\t\t\t<div class=\"elementor-element elementor-element-ffe3e19 elementor-widget elementor-widget-heading\" data-id=\"ffe3e19\" data-element_type=\"widget\" data-e-type=\"widget\" data-widget_type=\"heading.default\">\n\t\t\t\t\t<h2 class=\"elementor-heading-title elementor-size-default\">Fundaci\u00f3n: 2023<\/h2>\t\t\t\t<\/div>\n\t\t\t\t<div class=\"elementor-element elementor-element-2c7970a elementor-widget elementor-widget-heading\" data-id=\"2c7970a\" data-element_type=\"widget\" data-e-type=\"widget\" data-widget_type=\"heading.default\">\n\t\t\t\t\t<h2 class=\"elementor-heading-title elementor-size-default\">Programas<\/h2>\t\t\t\t<\/div>\n\t\t\t\t<div class=\"elementor-element elementor-element-27fdede elementor-widget__width-initial elementor-widget elementor-widget-text-editor\" data-id=\"27fdede\" data-element_type=\"widget\" data-e-type=\"widget\" data-widget_type=\"text-editor.default\">\n\t\t\t\t\t\t\t\t\t<ul><li style=\"font-weight: 400;\" aria-level=\"1\"><span style=\"font-weight: 400;\">Se\u00a0 ha mantenido el compromiso con las familias y se continu\u00f3 trabajando de forma cercana con el Hospital San Pedro, hospital de referencia en la Comunidad Aut\u00f3noma, con el que inicialmente se establecieron l\u00edneas de colaboraci\u00f3n en torno al Programa <\/span><b>ConTacto<\/b><span style=\"font-weight: 400;\">.<\/span><\/li><\/ul><ul><li style=\"font-weight: 400;\" aria-level=\"1\"><span style=\"font-weight: 400;\">Atenci\u00f3n a las familias y en la visibilizaci\u00f3n de la prematuridad en la comunidad.<\/span><\/li><\/ul><p>.<\/p>\t\t\t\t\t\t\t\t<\/div>\n\t\t\t\t<div class=\"elementor-element elementor-element-3ceeac6 elementor-widget elementor-widget-heading\" data-id=\"3ceeac6\" data-element_type=\"widget\" data-e-type=\"widget\" data-widget_type=\"heading.default\">\n\t\t\t\t\t<h2 class=\"elementor-heading-title elementor-size-default\">Hospital en el que estamos presentes: <\/h2>\t\t\t\t<\/div>\n\t\t\t\t<div class=\"elementor-element elementor-element-30a5f85 elementor-widget__width-initial elementor-widget elementor-widget-heading\" data-id=\"30a5f85\" data-element_type=\"widget\" data-e-type=\"widget\" data-widget_type=\"heading.default\">\n\t\t\t\t\t<h4 class=\"elementor-heading-title elementor-size-default\">Hospital San Pedro de Logro\u00f1o<\/h4>\t\t\t\t<\/div>\n\t\t\t\t<div class=\"elementor-element elementor-element-d95de9a elementor-widget elementor-widget-spacer\" data-id=\"d95de9a\" data-element_type=\"widget\" data-e-type=\"widget\" data-widget_type=\"spacer.default\">\n\t\t\t\t\t\t\t<div class=\"elementor-spacer\">\n\t\t\t<div class=\"elementor-spacer-inner\"><\/div>\n\t\t<\/div>\n\t\t\t\t\t\t<\/div>\n\t\t\t\t\t<\/div>\n\t\t<\/div>\n\t\t\t\t\t<\/div>\n\t\t<\/section>\n\t\t<div class=\"elementor-element elementor-element-e2fa2b8 e-flex e-con-boxed e-con e-parent\" data-id=\"e2fa2b8\" data-element_type=\"container\" data-e-type=\"container\">\n\t\t\t\t\t<div class=\"e-con-inner\">\n\t\t\t\t<div class=\"elementor-element elementor-element-e555e2a elementor-widget elementor-widget-heading\" data-id=\"e555e2a\" data-element_type=\"widget\" data-e-type=\"widget\" data-widget_type=\"heading.default\">\n\t\t\t\t\t<h2 class=\"elementor-heading-title elementor-size-default\">Contacto:<\/h2>\t\t\t\t<\/div>\n\t\t<div class=\"elementor-element elementor-element-157b31b e-con-full e-flex e-con e-child\" data-id=\"157b31b\" data-element_type=\"container\" data-e-type=\"container\">\n\t\t<div class=\"elementor-element elementor-element-a99d5b7 e-con-full e-flex e-con e-child\" data-id=\"a99d5b7\" data-element_type=\"container\" data-e-type=\"container\">\n\t\t<div class=\"elementor-element elementor-element-d48f86b e-con-full e-flex e-con e-child\" data-id=\"d48f86b\" data-element_type=\"container\" data-e-type=\"container\">\n\t\t\t\t<div class=\"elementor-element elementor-element-c1a33d7 elementor-view-default elementor-widget elementor-widget-icon\" data-id=\"c1a33d7\" data-element_type=\"widget\" data-e-type=\"widget\" data-widget_type=\"icon.default\">\n\t\t\t\t\t\t\t<div class=\"elementor-icon-wrapper\">\n\t\t\t<div class=\"elementor-icon\">\n\t\t\t<svg aria-hidden=\"true\" class=\"e-font-icon-svg e-fas-envelope\" viewBox=\"0 0 512 512\" xmlns=\"http:\/\/www.w3.org\/2000\/svg\"><path d=\"M502.3 190.8c3.9-3.1 9.7-.2 9.7 4.7V400c0 26.5-21.5 48-48 48H48c-26.5 0-48-21.5-48-48V195.6c0-5 5.7-7.8 9.7-4.7 22.4 17.4 52.1 39.5 154.1 113.6 21.1 15.4 56.7 47.8 92.2 47.6 35.7.3 72-32.8 92.3-47.6 102-74.1 131.6-96.3 154-113.7zM256 320c23.2.4 56.6-29.2 73.4-41.4 132.7-96.3 142.8-104.7 173.4-128.7 5.8-4.5 9.2-11.5 9.2-18.9v-19c0-26.5-21.5-48-48-48H48C21.5 64 0 85.5 0 112v19c0 7.4 3.4 14.3 9.2 18.9 30.6 23.9 40.7 32.4 173.4 128.7 16.8 12.2 50.2 41.8 73.4 41.4z\"><\/path><\/svg>\t\t\t<\/div>\n\t\t<\/div>\n\t\t\t\t\t\t<\/div>\n\t\t\t\t<div class=\"elementor-element elementor-element-c4a82fa elementor-widget elementor-widget-heading\" data-id=\"c4a82fa\" data-element_type=\"widget\" data-e-type=\"widget\" data-widget_type=\"heading.default\">\n\t\t\t\t\t<h2 class=\"elementor-heading-title elementor-size-default\">aprem_larioja@aprem-e.org<\/h2>\t\t\t\t<\/div>\n\t\t\t\t<\/div>\n\t\t<a class=\"elementor-element elementor-element-70a90ee e-con-full e-flex e-con e-child\" data-id=\"70a90ee\" data-element_type=\"container\" data-e-type=\"container\" href=\"https:\/\/www.instagram.com\/aprem_larioja\/\" target=\"_blank\">\n\t\t\t\t<div class=\"elementor-element elementor-element-4d194ff elementor-view-default elementor-widget elementor-widget-icon\" data-id=\"4d194ff\" data-element_type=\"widget\" data-e-type=\"widget\" data-widget_type=\"icon.default\">\n\t\t\t\t\t\t\t<div class=\"elementor-icon-wrapper\">\n\t\t\t<div class=\"elementor-icon\">\n\t\t\t<svg aria-hidden=\"true\" class=\"e-font-icon-svg e-fab-instagram\" viewBox=\"0 0 448 512\" xmlns=\"http:\/\/www.w3.org\/2000\/svg\"><path d=\"M224.1 141c-63.6 0-114.9 51.3-114.9 114.9s51.3 114.9 114.9 114.9S339 319.5 339 255.9 287.7 141 224.1 141zm0 189.6c-41.1 0-74.7-33.5-74.7-74.7s33.5-74.7 74.7-74.7 74.7 33.5 74.7 74.7-33.6 74.7-74.7 74.7zm146.4-194.3c0 14.9-12 26.8-26.8 26.8-14.9 0-26.8-12-26.8-26.8s12-26.8 26.8-26.8 26.8 12 26.8 26.8zm76.1 27.2c-1.7-35.9-9.9-67.7-36.2-93.9-26.2-26.2-58-34.4-93.9-36.2-37-2.1-147.9-2.1-184.9 0-35.8 1.7-67.6 9.9-93.9 36.1s-34.4 58-36.2 93.9c-2.1 37-2.1 147.9 0 184.9 1.7 35.9 9.9 67.7 36.2 93.9s58 34.4 93.9 36.2c37 2.1 147.9 2.1 184.9 0 35.9-1.7 67.7-9.9 93.9-36.2 26.2-26.2 34.4-58 36.2-93.9 2.1-37 2.1-147.8 0-184.8zM398.8 388c-7.8 19.6-22.9 34.7-42.6 42.6-29.5 11.7-99.5 9-132.1 9s-102.7 2.6-132.1-9c-19.6-7.8-34.7-22.9-42.6-42.6-11.7-29.5-9-99.5-9-132.1s-2.6-102.7 9-132.1c7.8-19.6 22.9-34.7 42.6-42.6 29.5-11.7 99.5-9 132.1-9s102.7-2.6 132.1 9c19.6 7.8 34.7 22.9 42.6 42.6 11.7 29.5 9 99.5 9 132.1s2.7 102.7-9 132.1z\"><\/path><\/svg>\t\t\t<\/div>\n\t\t<\/div>\n\t\t\t\t\t\t<\/div>\n\t\t\t\t<div class=\"elementor-element elementor-element-7993688 elementor-widget elementor-widget-heading\" data-id=\"7993688\" data-element_type=\"widget\" data-e-type=\"widget\" data-widget_type=\"heading.default\">\n\t\t\t\t\t<h2 class=\"elementor-heading-title elementor-size-default\">@aprem_larioja<\/h2>\t\t\t\t<\/div>\n\t\t\t\t<\/a>\n\t\t\t\t<\/div>\n\t\t\t\t<\/div>\n\t\t\t\t\t<\/div>\n\t\t\t\t<\/div>\n\t\t<div class=\"elementor-element elementor-element-6feb645 e-flex e-con-boxed e-con e-parent\" data-id=\"6feb645\" data-element_type=\"container\" data-e-type=\"container\">\n\t\t\t\t\t<div class=\"e-con-inner\">\n\t\t\t\t<div class=\"elementor-element elementor-element-64ee825 elementor-widget elementor-widget-heading\" data-id=\"64ee825\" data-element_type=\"widget\" data-e-type=\"widget\" data-widget_type=\"heading.default\">\n\t\t\t\t\t<h2 class=\"elementor-heading-title elementor-size-default\">En los Medios <\/h2>\t\t\t\t<\/div>\n\t\t\t\t\t<\/div>\n\t\t\t\t<\/div>\n\t\t<a class=\"elementor-element elementor-element-be28ba8 e-flex e-con-boxed e-con e-parent\" data-id=\"be28ba8\" data-element_type=\"container\" data-e-type=\"container\" href=\"https:\/\/www.ondacero.es\/emisoras\/rioja\/rioja\/noticias\/marta-elosua-impulsora-asociacion-padres-ninos-prematuros-rioja-nos-relata-llegada-bebe-28-semanas-gestacion_20231117655762a5b276150001b9c1a7.html\">\n\t\t\t\t\t<div class=\"e-con-inner\">\n\t\t<div class=\"elementor-element elementor-element-0511393 e-con-full e-flex e-con e-child\" data-id=\"0511393\" data-element_type=\"container\" data-e-type=\"container\">\n\t\t\t\t<div class=\"elementor-element elementor-element-9baa0e4 elementor-widget elementor-widget-image\" data-id=\"9baa0e4\" data-element_type=\"widget\" data-e-type=\"widget\" data-widget_type=\"image.default\">\n\t\t\t\t\t\t\t\t\t\t\t\t\t\t\t<img decoding=\"async\" width=\"800\" height=\"450\" src=\"https:\/\/aprem-e.org\/wp-content\/uploads\/2025\/10\/aprem-rioja_69-1024x576.webp\" class=\"attachment-large size-large wp-image-204\" alt=\"\" srcset=\"https:\/\/aprem-e.org\/wp-content\/uploads\/2025\/10\/aprem-rioja_69-1024x576.webp 1024w, https:\/\/aprem-e.org\/wp-content\/uploads\/2025\/10\/aprem-rioja_69-300x169.webp 300w, https:\/\/aprem-e.org\/wp-content\/uploads\/2025\/10\/aprem-rioja_69-768x432.webp 768w, https:\/\/aprem-e.org\/wp-content\/uploads\/2025\/10\/aprem-rioja_69.webp 1280w\" sizes=\"(max-width: 800px) 100vw, 800px\" \/>\t\t\t\t\t\t\t\t\t\t\t\t\t\t\t<\/div>\n\t\t\t\t<\/div>\n\t\t<div class=\"elementor-element elementor-element-6579d1f e-con-full e-flex e-con e-child\" data-id=\"6579d1f\" data-element_type=\"container\" data-e-type=\"container\">\n\t\t\t\t<div class=\"elementor-element elementor-element-895c92e elementor-widget elementor-widget-text-editor\" data-id=\"895c92e\" data-element_type=\"widget\" data-e-type=\"widget\" data-widget_type=\"text-editor.default\">\n\t\t\t\t\t\t\t\t\t<h4 class=\"titular-noticia\">Marta Elos\u00faa, impulsora de la Asociaci\u00f3n de Padres de Ni\u00f1os Prematuros en La Rioja, nos relata la llegada de su beb\u00e9 a las 28 semanas de gestaci\u00f3n<\/h4>\t\t\t\t\t\t\t\t<\/div>\n\t\t\t\t<\/div>\n\t\t<div class=\"elementor-element elementor-element-b1c6b6b e-con-full e-flex e-con e-child\" data-id=\"b1c6b6b\" data-element_type=\"container\" data-e-type=\"container\">\n\t\t\t\t<div class=\"elementor-element elementor-element-2237123 elementor-view-default elementor-widget elementor-widget-icon\" data-id=\"2237123\" data-element_type=\"widget\" data-e-type=\"widget\" data-widget_type=\"icon.default\">\n\t\t\t\t\t\t\t<div class=\"elementor-icon-wrapper\">\n\t\t\t<div class=\"elementor-icon\">\n\t\t\t<svg aria-hidden=\"true\" class=\"e-font-icon-svg e-fas-arrow-right\" viewBox=\"0 0 448 512\" xmlns=\"http:\/\/www.w3.org\/2000\/svg\"><path d=\"M190.5 66.9l22.2-22.2c9.4-9.4 24.6-9.4 33.9 0L441 239c9.4 9.4 9.4 24.6 0 33.9L246.6 467.3c-9.4 9.4-24.6 9.4-33.9 0l-22.2-22.2c-9.5-9.5-9.3-25 .4-34.3L311.4 296H24c-13.3 0-24-10.7-24-24v-32c0-13.3 10.7-24 24-24h287.4L190.9 101.2c-9.8-9.3-10-24.8-.4-34.3z\"><\/path><\/svg>\t\t\t<\/div>\n\t\t<\/div>\n\t\t\t\t\t\t<\/div>\n\t\t\t\t<\/div>\n\t\t\t\t\t<\/div>\n\t\t\t\t<\/a>\n\t\t<div class=\"elementor-element elementor-element-28647d9 elementor-hidden-desktop elementor-hidden-tablet elementor-hidden-mobile e-flex e-con-boxed e-con e-parent\" data-id=\"28647d9\" data-element_type=\"container\" data-e-type=\"container\">\n\t\t\t\t\t<div class=\"e-con-inner\">\n\t\t\t\t<div class=\"elementor-element elementor-element-6a47ccc elementor-widget elementor-widget-heading\" data-id=\"6a47ccc\" data-element_type=\"widget\" data-e-type=\"widget\" data-widget_type=\"heading.default\">\n\t\t\t\t\t<h2 class=\"elementor-heading-title elementor-size-default\">Personas de Contacto<\/h2>\t\t\t\t<\/div>\n\t\t<div class=\"elementor-element elementor-element-4c68b01 e-con-full e-flex e-con e-child\" data-id=\"4c68b01\" data-element_type=\"container\" data-e-type=\"container\">\n\t\t<div class=\"elementor-element elementor-element-e1ffb98 e-con-full e-flex e-con e-child\" data-id=\"e1ffb98\" data-element_type=\"container\" data-e-type=\"container\">\n\t\t\t\t<div class=\"elementor-element elementor-element-944e067 elementor-widget elementor-widget-heading\" data-id=\"944e067\" data-element_type=\"widget\" data-e-type=\"widget\" data-widget_type=\"heading.default\">\n\t\t\t\t\t<h2 class=\"elementor-heading-title elementor-size-default\">Jennifer Usoz<\/h2>\t\t\t\t<\/div>\n\t\t\t\t<div class=\"elementor-element elementor-element-081fcaf elementor-widget__width-initial elementor-widget elementor-widget-text-editor\" data-id=\"081fcaf\" data-element_type=\"widget\" data-e-type=\"widget\" data-widget_type=\"text-editor.default\">\n\t\t\t\t\t\t\t\t\t<p><em>Vive en Pamplona y dio a luz a mellizos en 2019 con 25 semanas de gestaci\u00f3n, dos ni\u00f1os prematuros que nacieron pesando 750 y 530 gramos, respectivamente. Estuvieron m\u00e1s de 140 d\u00edas ingresados en Neonatolog\u00eda. Esta asociaci\u00f3n surgi\u00f3 de su propia b\u00fasqueda para sentirse apoyada por la experiencia de otros padres y madres que han tenido hijos prematuros y de la necesidad de orientar y acompa\u00f1ar a todas las familias\u00a0nuevas.<\/em><\/p>\t\t\t\t\t\t\t\t<\/div>\n\t\t\t\t<\/div>\n\t\t<div class=\"elementor-element elementor-element-5304059 e-con-full e-flex e-con e-child\" data-id=\"5304059\" data-element_type=\"container\" data-e-type=\"container\">\n\t\t\t\t<div class=\"elementor-element elementor-element-8761d5b elementor-widget elementor-widget-image\" data-id=\"8761d5b\" data-element_type=\"widget\" data-e-type=\"widget\" data-widget_type=\"image.default\">\n\t\t\t\t\t\t\t\t\t\t\t\t\t\t\t<img decoding=\"async\" width=\"800\" height=\"800\" src=\"https:\/\/aprem-e.org\/wp-content\/uploads\/2025\/10\/sandra-arzoz-jennifer-usoz_104-1024x1024-1.webp\" class=\"attachment-large size-large wp-image-198\" alt=\"\" srcset=\"https:\/\/aprem-e.org\/wp-content\/uploads\/2025\/10\/sandra-arzoz-jennifer-usoz_104-1024x1024-1.webp 1024w, https:\/\/aprem-e.org\/wp-content\/uploads\/2025\/10\/sandra-arzoz-jennifer-usoz_104-1024x1024-1-300x300.webp 300w, https:\/\/aprem-e.org\/wp-content\/uploads\/2025\/10\/sandra-arzoz-jennifer-usoz_104-1024x1024-1-150x150.webp 150w, https:\/\/aprem-e.org\/wp-content\/uploads\/2025\/10\/sandra-arzoz-jennifer-usoz_104-1024x1024-1-768x768.webp 768w\" sizes=\"(max-width: 800px) 100vw, 800px\" \/>\t\t\t\t\t\t\t\t\t\t\t\t\t\t\t<\/div>\n\t\t\t\t<\/div>\n\t\t<div class=\"elementor-element elementor-element-025e3da e-con-full e-flex e-con e-child\" data-id=\"025e3da\" data-element_type=\"container\" data-e-type=\"container\">\n\t\t\t\t<div class=\"elementor-element elementor-element-0ca23f1 elementor-widget elementor-widget-heading\" data-id=\"0ca23f1\" data-element_type=\"widget\" data-e-type=\"widget\" data-widget_type=\"heading.default\">\n\t\t\t\t\t<h2 class=\"elementor-heading-title elementor-size-default\">Sandra Arzoz<\/h2>\t\t\t\t<\/div>\n\t\t\t\t<div class=\"elementor-element elementor-element-52de20b elementor-widget__width-initial elementor-widget elementor-widget-text-editor\" data-id=\"52de20b\" data-element_type=\"widget\" data-e-type=\"widget\" data-widget_type=\"text-editor.default\">\n\t\t\t\t\t\t\t\t\t<p><em>Soy Sandra, mam\u00e1 de Mireia, que naci\u00f3 el d\u00eda que cumpl\u00edamos 24 semanas de gestaci\u00f3n. Pes\u00f3 450 gr y estuvimos ingresados en la Unidad de Neonatolog\u00eda 127 d\u00edas, incluidos dos desplazamientos al Hospital La Paz para tratar una retinopat\u00eda.<\/em><\/p><p><em>Del apoyo que encontramos en otras familias durante el ingreso surgi\u00f3 la inquietud de crear una asociaci\u00f3n y, junto con Jennifer, impulsamos la celebraci\u00f3n del d\u00eda del prematuro en noviembre de 2023, germen de la ahora Delegaci\u00f3n de Aprem en Navarra.\u00bb<\/em><\/p>\t\t\t\t\t\t\t\t<\/div>\n\t\t\t\t<\/div>\n\t\t\t\t<\/div>\n\t\t\t\t\t<\/div>\n\t\t\t\t<\/div>\n\t\t\t\t<\/div>\n\t\t","protected":false},"excerpt":{"rendered":"<p>APREM La Rioja Historia La Delegaci\u00f3n en La Rioja naci\u00f3 en 2023 gracias al impulso de Marta, que, a ra\u00edz de su propia experiencia personal, sinti\u00f3 la necesidad de crear un espacio de apoyo y acompa\u00f1amiento para las familias que atraviesan el ingreso de un reci\u00e9n nacido en la unidad de neonatolog\u00eda. Su iniciativa abri\u00f3 [&hellip;]<\/p>\n","protected":false},"author":1,"featured_media":0,"parent":0,"menu_order":0,"comment_status":"closed","ping_status":"closed","template":"","meta":{"inline_featured_image":false,"footnotes":""},"class_list":["post-202","page","type-page","status-publish","hentry"],"yoast_head":"<!-- This site is optimized with the Yoast SEO plugin v27.4 - https:\/\/yoast.com\/product\/yoast-seo-wordpress\/ -->\n<title>APREM La Rioja - Aprem<\/title>\n<meta name=\"description\" content=\"Descubre el apoyo esencial de APREM La Rioja. Nacida en 2023 por el impulso de Marta, nuestra delegaci\u00f3n ofrece un espacio de acompa\u00f1amiento y soporte.\" \/>\n<meta name=\"robots\" content=\"index, follow, max-snippet:-1, max-image-preview:large, max-video-preview:-1\" \/>\n<link rel=\"canonical\" href=\"https:\/\/aprem-e.org\/index.php\/aprem-la-rioja\/\" \/>\n<meta property=\"og:locale\" content=\"es_ES\" \/>\n<meta property=\"og:type\" content=\"article\" \/>\n<meta property=\"og:title\" content=\"APREM La Rioja - Aprem\" \/>\n<meta property=\"og:description\" content=\"Descubre el apoyo esencial de APREM La Rioja. Nacida en 2023 por el impulso de Marta, nuestra delegaci\u00f3n ofrece un espacio de acompa\u00f1amiento y soporte.\" \/>\n<meta property=\"og:url\" content=\"https:\/\/aprem-e.org\/index.php\/aprem-la-rioja\/\" \/>\n<meta property=\"og:site_name\" content=\"Aprem\" \/>\n<meta property=\"article:modified_time\" content=\"2025-11-07T14:06:32+00:00\" \/>\n<meta property=\"og:image\" content=\"https:\/\/aprem-e.org\/wp-content\/uploads\/2025\/11\/2b0ed71f-d3ab-4b30-a322-aa638bbecbd2.jpg\" \/>\n\t<meta property=\"og:image:width\" content=\"1600\" \/>\n\t<meta property=\"og:image:height\" content=\"716\" \/>\n\t<meta property=\"og:image:type\" content=\"image\/jpeg\" \/>\n<meta name=\"twitter:card\" content=\"summary_large_image\" \/>\n<meta name=\"twitter:label1\" content=\"Tiempo de lectura\" \/>\n\t<meta name=\"twitter:data1\" content=\"2 minutos\" \/>\n<script type=\"application\/ld+json\" class=\"yoast-schema-graph\">{\"@context\":\"https:\\\/\\\/schema.org\",\"@graph\":[{\"@type\":\"WebPage\",\"@id\":\"https:\\\/\\\/aprem-e.org\\\/index.php\\\/aprem-la-rioja\\\/\",\"url\":\"https:\\\/\\\/aprem-e.org\\\/index.php\\\/aprem-la-rioja\\\/\",\"name\":\"APREM La Rioja - Aprem\",\"isPartOf\":{\"@id\":\"https:\\\/\\\/aprem-e.org\\\/#website\"},\"primaryImageOfPage\":{\"@id\":\"https:\\\/\\\/aprem-e.org\\\/index.php\\\/aprem-la-rioja\\\/#primaryimage\"},\"image\":{\"@id\":\"https:\\\/\\\/aprem-e.org\\\/index.php\\\/aprem-la-rioja\\\/#primaryimage\"},\"thumbnailUrl\":\"https:\\\/\\\/aprem-e.org\\\/wp-content\\\/uploads\\\/2025\\\/11\\\/2b0ed71f-d3ab-4b30-a322-aa638bbecbd2-1024x458.jpg\",\"datePublished\":\"2025-10-21T19:35:33+00:00\",\"dateModified\":\"2025-11-07T14:06:32+00:00\",\"description\":\"Descubre el apoyo esencial de APREM La Rioja. Nacida en 2023 por el impulso de Marta, nuestra delegaci\u00f3n ofrece un espacio de acompa\u00f1amiento y soporte.\",\"breadcrumb\":{\"@id\":\"https:\\\/\\\/aprem-e.org\\\/index.php\\\/aprem-la-rioja\\\/#breadcrumb\"},\"inLanguage\":\"es\",\"potentialAction\":[{\"@type\":\"ReadAction\",\"target\":[\"https:\\\/\\\/aprem-e.org\\\/index.php\\\/aprem-la-rioja\\\/\"]}]},{\"@type\":\"ImageObject\",\"inLanguage\":\"es\",\"@id\":\"https:\\\/\\\/aprem-e.org\\\/index.php\\\/aprem-la-rioja\\\/#primaryimage\",\"url\":\"https:\\\/\\\/aprem-e.org\\\/wp-content\\\/uploads\\\/2025\\\/11\\\/2b0ed71f-d3ab-4b30-a322-aa638bbecbd2.jpg\",\"contentUrl\":\"https:\\\/\\\/aprem-e.org\\\/wp-content\\\/uploads\\\/2025\\\/11\\\/2b0ed71f-d3ab-4b30-a322-aa638bbecbd2.jpg\",\"width\":1600,\"height\":716},{\"@type\":\"BreadcrumbList\",\"@id\":\"https:\\\/\\\/aprem-e.org\\\/index.php\\\/aprem-la-rioja\\\/#breadcrumb\",\"itemListElement\":[{\"@type\":\"ListItem\",\"position\":1,\"name\":\"Home\",\"item\":\"https:\\\/\\\/aprem-e.org\\\/\"},{\"@type\":\"ListItem\",\"position\":2,\"name\":\"APREM La Rioja\"}]},{\"@type\":\"WebSite\",\"@id\":\"https:\\\/\\\/aprem-e.org\\\/#website\",\"url\":\"https:\\\/\\\/aprem-e.org\\\/\",\"name\":\"Aprem\",\"description\":\"Asociaci\u00f3n de Padres de Ni\u00f1os Prematuros\",\"publisher\":{\"@id\":\"https:\\\/\\\/aprem-e.org\\\/#organization\"},\"potentialAction\":[{\"@type\":\"SearchAction\",\"target\":{\"@type\":\"EntryPoint\",\"urlTemplate\":\"https:\\\/\\\/aprem-e.org\\\/?s={search_term_string}\"},\"query-input\":{\"@type\":\"PropertyValueSpecification\",\"valueRequired\":true,\"valueName\":\"search_term_string\"}}],\"inLanguage\":\"es\"},{\"@type\":\"Organization\",\"@id\":\"https:\\\/\\\/aprem-e.org\\\/#organization\",\"name\":\"Aprem\",\"url\":\"https:\\\/\\\/aprem-e.org\\\/\",\"logo\":{\"@type\":\"ImageObject\",\"inLanguage\":\"es\",\"@id\":\"https:\\\/\\\/aprem-e.org\\\/#\\\/schema\\\/logo\\\/image\\\/\",\"url\":\"https:\\\/\\\/aprem-e.org\\\/wp-content\\\/uploads\\\/2025\\\/09\\\/cropped-Logo-APREM_M1.png\",\"contentUrl\":\"https:\\\/\\\/aprem-e.org\\\/wp-content\\\/uploads\\\/2025\\\/09\\\/cropped-Logo-APREM_M1.png\",\"width\":512,\"height\":512,\"caption\":\"Aprem\"},\"image\":{\"@id\":\"https:\\\/\\\/aprem-e.org\\\/#\\\/schema\\\/logo\\\/image\\\/\"}}]}<\/script>\n<!-- \/ Yoast SEO plugin. -->","yoast_head_json":{"title":"APREM La Rioja - Aprem","description":"Descubre el apoyo esencial de APREM La Rioja. Nacida en 2023 por el impulso de Marta, nuestra delegaci\u00f3n ofrece un espacio de acompa\u00f1amiento y soporte.","robots":{"index":"index","follow":"follow","max-snippet":"max-snippet:-1","max-image-preview":"max-image-preview:large","max-video-preview":"max-video-preview:-1"},"canonical":"https:\/\/aprem-e.org\/index.php\/aprem-la-rioja\/","og_locale":"es_ES","og_type":"article","og_title":"APREM La Rioja - Aprem","og_description":"Descubre el apoyo esencial de APREM La Rioja. Nacida en 2023 por el impulso de Marta, nuestra delegaci\u00f3n ofrece un espacio de acompa\u00f1amiento y soporte.","og_url":"https:\/\/aprem-e.org\/index.php\/aprem-la-rioja\/","og_site_name":"Aprem","article_modified_time":"2025-11-07T14:06:32+00:00","og_image":[{"width":1600,"height":716,"url":"https:\/\/aprem-e.org\/wp-content\/uploads\/2025\/11\/2b0ed71f-d3ab-4b30-a322-aa638bbecbd2.jpg","type":"image\/jpeg"}],"twitter_card":"summary_large_image","twitter_misc":{"Tiempo de lectura":"2 minutos"},"schema":{"@context":"https:\/\/schema.org","@graph":[{"@type":"WebPage","@id":"https:\/\/aprem-e.org\/index.php\/aprem-la-rioja\/","url":"https:\/\/aprem-e.org\/index.php\/aprem-la-rioja\/","name":"APREM La Rioja - Aprem","isPartOf":{"@id":"https:\/\/aprem-e.org\/#website"},"primaryImageOfPage":{"@id":"https:\/\/aprem-e.org\/index.php\/aprem-la-rioja\/#primaryimage"},"image":{"@id":"https:\/\/aprem-e.org\/index.php\/aprem-la-rioja\/#primaryimage"},"thumbnailUrl":"https:\/\/aprem-e.org\/wp-content\/uploads\/2025\/11\/2b0ed71f-d3ab-4b30-a322-aa638bbecbd2-1024x458.jpg","datePublished":"2025-10-21T19:35:33+00:00","dateModified":"2025-11-07T14:06:32+00:00","description":"Descubre el apoyo esencial de APREM La Rioja. Nacida en 2023 por el impulso de Marta, nuestra delegaci\u00f3n ofrece un espacio de acompa\u00f1amiento y soporte.","breadcrumb":{"@id":"https:\/\/aprem-e.org\/index.php\/aprem-la-rioja\/#breadcrumb"},"inLanguage":"es","potentialAction":[{"@type":"ReadAction","target":["https:\/\/aprem-e.org\/index.php\/aprem-la-rioja\/"]}]},{"@type":"ImageObject","inLanguage":"es","@id":"https:\/\/aprem-e.org\/index.php\/aprem-la-rioja\/#primaryimage","url":"https:\/\/aprem-e.org\/wp-content\/uploads\/2025\/11\/2b0ed71f-d3ab-4b30-a322-aa638bbecbd2.jpg","contentUrl":"https:\/\/aprem-e.org\/wp-content\/uploads\/2025\/11\/2b0ed71f-d3ab-4b30-a322-aa638bbecbd2.jpg","width":1600,"height":716},{"@type":"BreadcrumbList","@id":"https:\/\/aprem-e.org\/index.php\/aprem-la-rioja\/#breadcrumb","itemListElement":[{"@type":"ListItem","position":1,"name":"Home","item":"https:\/\/aprem-e.org\/"},{"@type":"ListItem","position":2,"name":"APREM La Rioja"}]},{"@type":"WebSite","@id":"https:\/\/aprem-e.org\/#website","url":"https:\/\/aprem-e.org\/","name":"Aprem","description":"Asociaci\u00f3n de Padres de Ni\u00f1os Prematuros","publisher":{"@id":"https:\/\/aprem-e.org\/#organization"},"potentialAction":[{"@type":"SearchAction","target":{"@type":"EntryPoint","urlTemplate":"https:\/\/aprem-e.org\/?s={search_term_string}"},"query-input":{"@type":"PropertyValueSpecification","valueRequired":true,"valueName":"search_term_string"}}],"inLanguage":"es"},{"@type":"Organization","@id":"https:\/\/aprem-e.org\/#organization","name":"Aprem","url":"https:\/\/aprem-e.org\/","logo":{"@type":"ImageObject","inLanguage":"es","@id":"https:\/\/aprem-e.org\/#\/schema\/logo\/image\/","url":"https:\/\/aprem-e.org\/wp-content\/uploads\/2025\/09\/cropped-Logo-APREM_M1.png","contentUrl":"https:\/\/aprem-e.org\/wp-content\/uploads\/2025\/09\/cropped-Logo-APREM_M1.png","width":512,"height":512,"caption":"Aprem"},"image":{"@id":"https:\/\/aprem-e.org\/#\/schema\/logo\/image\/"}}]}},"_links":{"self":[{"href":"https:\/\/aprem-e.org\/index.php\/wp-json\/wp\/v2\/pages\/202","targetHints":{"allow":["GET"]}}],"collection":[{"href":"https:\/\/aprem-e.org\/index.php\/wp-json\/wp\/v2\/pages"}],"about":[{"href":"https:\/\/aprem-e.org\/index.php\/wp-json\/wp\/v2\/types\/page"}],"author":[{"embeddable":true,"href":"https:\/\/aprem-e.org\/index.php\/wp-json\/wp\/v2\/users\/1"}],"replies":[{"embeddable":true,"href":"https:\/\/aprem-e.org\/index.php\/wp-json\/wp\/v2\/comments?post=202"}],"version-history":[{"count":11,"href":"https:\/\/aprem-e.org\/index.php\/wp-json\/wp\/v2\/pages\/202\/revisions"}],"predecessor-version":[{"id":479,"href":"https:\/\/aprem-e.org\/index.php\/wp-json\/wp\/v2\/pages\/202\/revisions\/479"}],"wp:attachment":[{"href":"https:\/\/aprem-e.org\/index.php\/wp-json\/wp\/v2\/media?parent=202"}],"curies":[{"name":"wp","href":"https:\/\/api.w.org\/{rel}","templated":true}]}}