{"id":208,"date":"2025-10-21T19:48:43","date_gmt":"2025-10-21T19:48:43","guid":{"rendered":"https:\/\/aprem-e.org\/?page_id=208"},"modified":"2026-01-27T10:26:20","modified_gmt":"2026-01-27T10:26:20","slug":"aprem-albacete","status":"publish","type":"page","link":"https:\/\/aprem-e.org\/index.php\/aprem-albacete\/","title":{"rendered":"APREM Albacete"},"content":{"rendered":"\t\t<div data-elementor-type=\"wp-page\" data-elementor-id=\"208\" class=\"elementor elementor-208\" data-elementor-post-type=\"page\">\n\t\t\t\t\t\t<section class=\"elementor-section elementor-top-section elementor-element elementor-element-08b2575 elementor-section-boxed elementor-section-height-default elementor-section-height-default\" data-id=\"08b2575\" data-element_type=\"section\" data-e-type=\"section\">\n\t\t\t\t\t\t<div class=\"elementor-container elementor-column-gap-default\">\n\t\t\t\t\t<div class=\"elementor-column elementor-col-100 elementor-top-column elementor-element elementor-element-10984bb\" data-id=\"10984bb\" data-element_type=\"column\" data-e-type=\"column\">\n\t\t\t<div class=\"elementor-widget-wrap elementor-element-populated\">\n\t\t\t\t\t\t<div class=\"elementor-element elementor-element-10faec1 elementor-widget elementor-widget-heading\" data-id=\"10faec1\" data-element_type=\"widget\" data-e-type=\"widget\" data-widget_type=\"heading.default\">\n\t\t\t\t\t<h1 class=\"elementor-heading-title elementor-size-default\">APREM Albacete<\/h1>\t\t\t\t<\/div>\n\t\t\t\t\t<\/div>\n\t\t<\/div>\n\t\t\t\t\t<\/div>\n\t\t<\/section>\n\t\t<div class=\"elementor-element elementor-element-ec858b6 e-con-full e-flex e-con e-parent\" data-id=\"ec858b6\" data-element_type=\"container\" data-e-type=\"container\">\n\t\t<div class=\"elementor-element elementor-element-2356d0e e-con-full e-flex e-con e-child\" data-id=\"2356d0e\" data-element_type=\"container\" data-e-type=\"container\">\n\t\t\t\t<div class=\"elementor-element elementor-element-2478b1d elementor-widget elementor-widget-heading\" data-id=\"2478b1d\" data-element_type=\"widget\" data-e-type=\"widget\" data-widget_type=\"heading.default\">\n\t\t\t\t\t<h2 class=\"elementor-heading-title elementor-size-default\">\nHistoria<\/h2>\t\t\t\t<\/div>\n\t\t\t\t<div class=\"elementor-element elementor-element-3ee9667 elementor-widget__width-initial elementor-widget elementor-widget-text-editor\" data-id=\"3ee9667\" data-element_type=\"widget\" data-e-type=\"widget\" data-widget_type=\"text-editor.default\">\n\t\t\t\t\t\t\t\t\t<p><span style=\"font-weight: 400;\">En 2022, Laura, actual delegada de APREM Albacete, tiene contacto con APREM por primera vez ante la necesidad de sentirse apoyada tras el nacimiento prematuro de su beb\u00e9 con tan s\u00f3lo 27 semanas de gestaci\u00f3n. \u201cEn el momento en el que yo recib\u00ed tanta ayuda de la asociaci\u00f3n de la mano de su presidenta y de m\u00e1s miembros que componen la Junta Directiva, sent\u00ed la necesidad de ayudar, pronto se me plante\u00f3 la idea de formar una delegaci\u00f3n en Albacete\u201d.<\/span><\/p><p><span style=\"font-weight: 400;\">Ser\u00eda la primera delegaci\u00f3n de APREM, acercando nuestra labor al Hospital General Universitario de Albacete.\u00a0<\/span><\/p><p><span style=\"font-weight: 400;\">Con la creaci\u00f3n de la Delegaci\u00f3n de APREM Albacete nos encontramos m\u00e1s cerca de las familias de nuestra provincia.\u00a0<\/span><\/p><p><span style=\"font-weight: 400;\">Hemos tenido reuniones con el personal del hospital para darnos a conocer, con la Jefa de la unidad de Pediatr\u00eda, y parte de su equipo, d\u00f3nde les contamos nuestro compromiso de ayudar a las familias de la forma mas directa posible, apoyando a pie de incubadora.\u00a0<\/span><\/p><p><span style=\"font-weight: 400;\">Desde entonces hemos ido construyendo una red de apoyo mutua, en la que contamos con profesionales del Servicio P\u00fablico de Salud, adem\u00e1s del personal de Atenci\u00f3n Temprana, con el fin de que las familias se encuentren lo m\u00e1s acogidas e informadas posibles. <\/span><\/p>\t\t\t\t\t\t\t\t<\/div>\n\t\t\t\t<\/div>\n\t\t<div class=\"elementor-element elementor-element-cc5187a e-con-full e-flex e-con e-child\" data-id=\"cc5187a\" data-element_type=\"container\" data-e-type=\"container\">\n\t\t\t\t<div class=\"elementor-element elementor-element-324e5d8 elementor-widget__width-initial elementor-widget elementor-widget-image\" data-id=\"324e5d8\" data-element_type=\"widget\" data-e-type=\"widget\" data-widget_type=\"image.default\">\n\t\t\t\t\t\t\t\t\t\t\t\t\t\t\t<img fetchpriority=\"high\" decoding=\"async\" width=\"800\" height=\"600\" src=\"https:\/\/aprem-e.org\/wp-content\/uploads\/2025\/10\/APREM-albacete-2023-1-1024x768.jpg\" class=\"attachment-large size-large wp-image-211\" alt=\"\" srcset=\"https:\/\/aprem-e.org\/wp-content\/uploads\/2025\/10\/APREM-albacete-2023-1-1024x768.jpg 1024w, https:\/\/aprem-e.org\/wp-content\/uploads\/2025\/10\/APREM-albacete-2023-1-300x225.jpg 300w, https:\/\/aprem-e.org\/wp-content\/uploads\/2025\/10\/APREM-albacete-2023-1-768x576.jpg 768w, https:\/\/aprem-e.org\/wp-content\/uploads\/2025\/10\/APREM-albacete-2023-1.jpg 1080w\" sizes=\"(max-width: 800px) 100vw, 800px\" \/>\t\t\t\t\t\t\t\t\t\t\t\t\t\t\t<\/div>\n\t\t\t\t<\/div>\n\t\t\t\t<\/div>\n\t\t<div class=\"elementor-element elementor-element-03b3c12 e-flex e-con-boxed e-con e-parent\" data-id=\"03b3c12\" data-element_type=\"container\" data-e-type=\"container\">\n\t\t\t\t\t<div class=\"e-con-inner\">\n\t\t\t\t<div class=\"elementor-element elementor-element-2d9fd03 elementor-widget__width-initial elementor-widget elementor-widget-image\" data-id=\"2d9fd03\" data-element_type=\"widget\" data-e-type=\"widget\" data-widget_type=\"image.default\">\n\t\t\t\t\t\t\t\t\t\t\t\t\t\t\t<img decoding=\"async\" src=\"https:\/\/aprem-e.org\/wp-content\/uploads\/2025\/11\/I.APAlb080425.1TallerSuenoNuriaLozanoGemaLopez-scaled.jpg\" title=\"I.APAlb080425.1TallerSue\u00f1oNuriaLozanoGemaL\u00f3pez\" alt=\"I.APAlb080425.1TallerSue\u00f1oNuriaLozanoGemaL\u00f3pez\" loading=\"lazy\" \/>\t\t\t\t\t\t\t\t\t\t\t\t\t\t\t<\/div>\n\t\t<div class=\"elementor-element elementor-element-2722c26 e-con-full e-flex e-con e-child\" data-id=\"2722c26\" data-element_type=\"container\" data-e-type=\"container\">\n\t\t\t\t<div class=\"elementor-element elementor-element-172cf03 elementor-widget elementor-widget-heading\" data-id=\"172cf03\" data-element_type=\"widget\" data-e-type=\"widget\" data-widget_type=\"heading.default\">\n\t\t\t\t\t<h2 class=\"elementor-heading-title elementor-size-default\">Fundaci\u00f3n: 2022<\/h2>\t\t\t\t<\/div>\n\t\t\t\t<div class=\"elementor-element elementor-element-f74cd83 elementor-widget elementor-widget-heading\" data-id=\"f74cd83\" data-element_type=\"widget\" data-e-type=\"widget\" data-widget_type=\"heading.default\">\n\t\t\t\t\t<h2 class=\"elementor-heading-title elementor-size-default\">Programas<\/h2>\t\t\t\t<\/div>\n\t\t\t\t<div class=\"elementor-element elementor-element-b5b78a9 elementor-widget__width-initial elementor-widget elementor-widget-text-editor\" data-id=\"b5b78a9\" data-element_type=\"widget\" data-e-type=\"widget\" data-widget_type=\"text-editor.default\">\n\t\t\t\t\t\t\t\t\t<ul><li><span style=\"font-weight: 400;\">Talleres mensuales con profesionales, abiertos a todas las familias con hijos e hijas nacidos prematuramente.\u00a0<\/span><\/li><li><span style=\"font-weight: 400;\">Reuniones peri\u00f3dicas con la direcci\u00f3n y coordinaci\u00f3n Centro Base y distintos coordinadores de Atenci\u00f3n Temprana.\u00a0<\/span><\/li><li><span style=\"font-weight: 400;\">Reuniones peri\u00f3dicas con los profesionales de la UCIN y Neonatos del Hospital General Universitario de Albacete.\u00a0<\/span><\/li><\/ul>\t\t\t\t\t\t\t\t<\/div>\n\t\t\t\t<div class=\"elementor-element elementor-element-6ffeaf1 elementor-widget__width-initial elementor-widget elementor-widget-text-editor\" data-id=\"6ffeaf1\" data-element_type=\"widget\" data-e-type=\"widget\" data-widget_type=\"text-editor.default\">\n\t\t\t\t\t\t\t\t\t<ul><li>Organizaci\u00f3n de mesas de informaci\u00f3n y concienciaci\u00f3n sobre los cuidados de los ni\u00f1os y ni\u00f1as que nacen prematuramente en la provincia<span style=\"font-weight: 400;\">Colaboraci\u00f3n en eventos ben\u00e9ficos a beneficio de APREM en nuestra provincia.\u00a0<\/span><\/li><li><span style=\"font-weight: 400;\">Asesoramiento de familia a familia: atendemos cualquier duda y damos apoyo a las familias que lo necesiten.\u00a0<\/span><\/li><li><span style=\"font-weight: 400;\">Colaboramos en los trabajos de investigaci\u00f3n que se nos ofrecen, centrados en la prematuridad y las consecuencias de los nacimientos prematuros. <\/span><\/li><\/ul>\t\t\t\t\t\t\t\t<\/div>\n\t\t\t\t<div class=\"elementor-element elementor-element-ba5e143 elementor-widget elementor-widget-heading\" data-id=\"ba5e143\" data-element_type=\"widget\" data-e-type=\"widget\" data-widget_type=\"heading.default\">\n\t\t\t\t\t<h2 class=\"elementor-heading-title elementor-size-default\">Hospital en el que estamos presentes: <\/h2>\t\t\t\t<\/div>\n\t\t\t\t<div class=\"elementor-element elementor-element-6c8f34c elementor-widget__width-initial elementor-widget elementor-widget-heading\" data-id=\"6c8f34c\" data-element_type=\"widget\" data-e-type=\"widget\" data-widget_type=\"heading.default\">\n\t\t\t\t\t<h4 class=\"elementor-heading-title elementor-size-default\"><a href=\"https:\/\/www.pamplona.es\/entidades\/hospital-universitario-de-navarra-virgen-del-camino-hun\">Hospital General Universitario de Albacete<\/a><\/h4>\t\t\t\t<\/div>\n\t\t\t\t<\/div>\n\t\t\t\t\t<\/div>\n\t\t\t\t<\/div>\n\t\t<div class=\"elementor-element elementor-element-fd40fef e-flex e-con-boxed e-con e-parent\" data-id=\"fd40fef\" data-element_type=\"container\" data-e-type=\"container\">\n\t\t\t\t\t<div class=\"e-con-inner\">\n\t\t<div class=\"elementor-element elementor-element-2fb231e e-con-full e-flex e-con e-child\" data-id=\"2fb231e\" data-element_type=\"container\" data-e-type=\"container\">\n\t\t\t\t<div class=\"elementor-element elementor-element-a93474a elementor-widget elementor-widget-heading\" data-id=\"a93474a\" data-element_type=\"widget\" data-e-type=\"widget\" data-widget_type=\"heading.default\">\n\t\t\t\t\t<h2 class=\"elementor-heading-title elementor-size-default\">Contacto:<\/h2>\t\t\t\t<\/div>\n\t\t<div class=\"elementor-element elementor-element-9c87499 e-con-full e-flex e-con e-child\" data-id=\"9c87499\" data-element_type=\"container\" data-e-type=\"container\">\n\t\t<div class=\"elementor-element elementor-element-720c554 e-con-full e-flex e-con e-child\" data-id=\"720c554\" data-element_type=\"container\" data-e-type=\"container\">\n\t\t\t\t<div class=\"elementor-element elementor-element-ebf4f40 elementor-view-default elementor-widget elementor-widget-icon\" data-id=\"ebf4f40\" data-element_type=\"widget\" data-e-type=\"widget\" data-widget_type=\"icon.default\">\n\t\t\t\t\t\t\t<div class=\"elementor-icon-wrapper\">\n\t\t\t<div class=\"elementor-icon\">\n\t\t\t<svg aria-hidden=\"true\" class=\"e-font-icon-svg e-fas-envelope\" viewBox=\"0 0 512 512\" xmlns=\"http:\/\/www.w3.org\/2000\/svg\"><path d=\"M502.3 190.8c3.9-3.1 9.7-.2 9.7 4.7V400c0 26.5-21.5 48-48 48H48c-26.5 0-48-21.5-48-48V195.6c0-5 5.7-7.8 9.7-4.7 22.4 17.4 52.1 39.5 154.1 113.6 21.1 15.4 56.7 47.8 92.2 47.6 35.7.3 72-32.8 92.3-47.6 102-74.1 131.6-96.3 154-113.7zM256 320c23.2.4 56.6-29.2 73.4-41.4 132.7-96.3 142.8-104.7 173.4-128.7 5.8-4.5 9.2-11.5 9.2-18.9v-19c0-26.5-21.5-48-48-48H48C21.5 64 0 85.5 0 112v19c0 7.4 3.4 14.3 9.2 18.9 30.6 23.9 40.7 32.4 173.4 128.7 16.8 12.2 50.2 41.8 73.4 41.4z\"><\/path><\/svg>\t\t\t<\/div>\n\t\t<\/div>\n\t\t\t\t\t\t<\/div>\n\t\t\t\t<div class=\"elementor-element elementor-element-f3bcb0d elementor-widget elementor-widget-heading\" data-id=\"f3bcb0d\" data-element_type=\"widget\" data-e-type=\"widget\" data-widget_type=\"heading.default\">\n\t\t\t\t\t<h2 class=\"elementor-heading-title elementor-size-default\">aprem_albacete@aprem-e.org<\/h2>\t\t\t\t<\/div>\n\t\t\t\t<\/div>\n\t\t<a class=\"elementor-element elementor-element-ca6a6da e-con-full e-flex e-con e-child\" data-id=\"ca6a6da\" data-element_type=\"container\" data-e-type=\"container\" href=\"https:\/\/www.instagram.com\/aprem_albacete\/\" target=\"_blank\">\n\t\t\t\t<div class=\"elementor-element elementor-element-0ff45e6 elementor-view-default elementor-widget elementor-widget-icon\" data-id=\"0ff45e6\" data-element_type=\"widget\" data-e-type=\"widget\" data-widget_type=\"icon.default\">\n\t\t\t\t\t\t\t<div class=\"elementor-icon-wrapper\">\n\t\t\t<div class=\"elementor-icon\">\n\t\t\t<svg aria-hidden=\"true\" class=\"e-font-icon-svg e-fab-instagram\" viewBox=\"0 0 448 512\" xmlns=\"http:\/\/www.w3.org\/2000\/svg\"><path d=\"M224.1 141c-63.6 0-114.9 51.3-114.9 114.9s51.3 114.9 114.9 114.9S339 319.5 339 255.9 287.7 141 224.1 141zm0 189.6c-41.1 0-74.7-33.5-74.7-74.7s33.5-74.7 74.7-74.7 74.7 33.5 74.7 74.7-33.6 74.7-74.7 74.7zm146.4-194.3c0 14.9-12 26.8-26.8 26.8-14.9 0-26.8-12-26.8-26.8s12-26.8 26.8-26.8 26.8 12 26.8 26.8zm76.1 27.2c-1.7-35.9-9.9-67.7-36.2-93.9-26.2-26.2-58-34.4-93.9-36.2-37-2.1-147.9-2.1-184.9 0-35.8 1.7-67.6 9.9-93.9 36.1s-34.4 58-36.2 93.9c-2.1 37-2.1 147.9 0 184.9 1.7 35.9 9.9 67.7 36.2 93.9s58 34.4 93.9 36.2c37 2.1 147.9 2.1 184.9 0 35.9-1.7 67.7-9.9 93.9-36.2 26.2-26.2 34.4-58 36.2-93.9 2.1-37 2.1-147.8 0-184.8zM398.8 388c-7.8 19.6-22.9 34.7-42.6 42.6-29.5 11.7-99.5 9-132.1 9s-102.7 2.6-132.1-9c-19.6-7.8-34.7-22.9-42.6-42.6-11.7-29.5-9-99.5-9-132.1s-2.6-102.7 9-132.1c7.8-19.6 22.9-34.7 42.6-42.6 29.5-11.7 99.5-9 132.1-9s102.7-2.6 132.1 9c19.6 7.8 34.7 22.9 42.6 42.6 11.7 29.5 9 99.5 9 132.1s2.7 102.7-9 132.1z\"><\/path><\/svg>\t\t\t<\/div>\n\t\t<\/div>\n\t\t\t\t\t\t<\/div>\n\t\t\t\t<div class=\"elementor-element elementor-element-6869e15 elementor-widget elementor-widget-heading\" data-id=\"6869e15\" data-element_type=\"widget\" data-e-type=\"widget\" data-widget_type=\"heading.default\">\n\t\t\t\t\t<h2 class=\"elementor-heading-title elementor-size-default\">@aprem_albacete<\/h2>\t\t\t\t<\/div>\n\t\t\t\t<\/a>\n\t\t\t\t<\/div>\n\t\t\t\t<\/div>\n\t\t\t\t\t<\/div>\n\t\t\t\t<\/div>\n\t\t<div class=\"elementor-element elementor-element-2ac44da e-flex e-con-boxed e-con e-parent\" data-id=\"2ac44da\" data-element_type=\"container\" data-e-type=\"container\">\n\t\t\t\t\t<div class=\"e-con-inner\">\n\t\t\t\t<div class=\"elementor-element elementor-element-95ef1a3 elementor-widget elementor-widget-heading\" data-id=\"95ef1a3\" data-element_type=\"widget\" data-e-type=\"widget\" data-widget_type=\"heading.default\">\n\t\t\t\t\t<h2 class=\"elementor-heading-title elementor-size-default\">En los Medios <\/h2>\t\t\t\t<\/div>\n\t\t\t\t\t<\/div>\n\t\t\t\t<\/div>\n\t\t<a class=\"elementor-element elementor-element-a654c8b e-flex e-con-boxed e-con e-parent\" data-id=\"a654c8b\" data-element_type=\"container\" data-e-type=\"container\" href=\"https:\/\/www.latribunadealbacete.es\/noticia\/z19a718ae-09ca-afbc-58bccf4344efc154\/202311\/el-duro-camino-de-ser-mama-antes-de-tiempo\" target=\"_blank\">\n\t\t\t\t\t<div class=\"e-con-inner\">\n\t\t<div class=\"elementor-element elementor-element-35207d7 e-con-full e-flex e-con e-child\" data-id=\"35207d7\" data-element_type=\"container\" data-e-type=\"container\">\n\t\t\t\t<div class=\"elementor-element elementor-element-4d47e1b elementor-widget elementor-widget-image\" data-id=\"4d47e1b\" data-element_type=\"widget\" data-e-type=\"widget\" data-widget_type=\"image.default\">\n\t\t\t\t\t\t\t\t\t\t\t\t\t\t\t<img decoding=\"async\" width=\"800\" height=\"600\" src=\"https:\/\/aprem-e.org\/wp-content\/uploads\/2026\/01\/19A719E6-C4B8-96F1-82896FF1A3A69574.webp\" class=\"attachment-large size-large wp-image-953\" alt=\"\" srcset=\"https:\/\/aprem-e.org\/wp-content\/uploads\/2026\/01\/19A719E6-C4B8-96F1-82896FF1A3A69574.webp 1000w, https:\/\/aprem-e.org\/wp-content\/uploads\/2026\/01\/19A719E6-C4B8-96F1-82896FF1A3A69574-300x225.webp 300w, https:\/\/aprem-e.org\/wp-content\/uploads\/2026\/01\/19A719E6-C4B8-96F1-82896FF1A3A69574-768x576.webp 768w\" sizes=\"(max-width: 800px) 100vw, 800px\" \/>\t\t\t\t\t\t\t\t\t\t\t\t\t\t\t<\/div>\n\t\t\t\t<\/div>\n\t\t<div class=\"elementor-element elementor-element-2e23e6a e-con-full e-flex e-con e-child\" data-id=\"2e23e6a\" data-element_type=\"container\" data-e-type=\"container\">\n\t\t\t\t<div class=\"elementor-element elementor-element-b6473ba elementor-widget elementor-widget-text-editor\" data-id=\"b6473ba\" data-element_type=\"widget\" data-e-type=\"widget\" data-widget_type=\"text-editor.default\">\n\t\t\t\t\t\t\t\t\t<h4 class=\"entry-title\"><span style=\"font-weight: 400;\">En el 2021 nacieron en el Hospital General de Albacete 161 beb\u00e9s prematuros, de ellos 31 pesaban menos de 1.500 gramos.<\/span><\/h4>\t\t\t\t\t\t\t\t<\/div>\n\t\t\t\t<\/div>\n\t\t<div class=\"elementor-element elementor-element-2c627b6 e-con-full e-flex e-con e-child\" data-id=\"2c627b6\" data-element_type=\"container\" data-e-type=\"container\">\n\t\t\t\t<div class=\"elementor-element elementor-element-02e8133 elementor-view-default elementor-widget elementor-widget-icon\" data-id=\"02e8133\" data-element_type=\"widget\" data-e-type=\"widget\" data-widget_type=\"icon.default\">\n\t\t\t\t\t\t\t<div class=\"elementor-icon-wrapper\">\n\t\t\t<div class=\"elementor-icon\">\n\t\t\t<svg aria-hidden=\"true\" class=\"e-font-icon-svg e-fas-arrow-right\" viewBox=\"0 0 448 512\" xmlns=\"http:\/\/www.w3.org\/2000\/svg\"><path d=\"M190.5 66.9l22.2-22.2c9.4-9.4 24.6-9.4 33.9 0L441 239c9.4 9.4 9.4 24.6 0 33.9L246.6 467.3c-9.4 9.4-24.6 9.4-33.9 0l-22.2-22.2c-9.5-9.5-9.3-25 .4-34.3L311.4 296H24c-13.3 0-24-10.7-24-24v-32c0-13.3 10.7-24 24-24h287.4L190.9 101.2c-9.8-9.3-10-24.8-.4-34.3z\"><\/path><\/svg>\t\t\t<\/div>\n\t\t<\/div>\n\t\t\t\t\t\t<\/div>\n\t\t\t\t<\/div>\n\t\t\t\t\t<\/div>\n\t\t\t\t<\/a>\n\t\t<div class=\"elementor-element elementor-element-7858392 e-flex e-con-boxed e-con e-parent\" data-id=\"7858392\" data-element_type=\"container\" data-e-type=\"container\">\n\t\t\t\t\t<div class=\"e-con-inner\">\n\t\t\t\t<div class=\"elementor-element elementor-element-af4b7ed elementor-widget elementor-widget-heading\" data-id=\"af4b7ed\" data-element_type=\"widget\" data-e-type=\"widget\" data-widget_type=\"heading.default\">\n\t\t\t\t\t<h2 class=\"elementor-heading-title elementor-size-default\">Persona de Contacto<\/h2>\t\t\t\t<\/div>\n\t\t<div class=\"elementor-element elementor-element-a026d8e e-con-full e-flex e-con e-child\" data-id=\"a026d8e\" data-element_type=\"container\" data-e-type=\"container\">\n\t\t<div class=\"elementor-element elementor-element-960ce13 e-con-full e-flex e-con e-child\" data-id=\"960ce13\" data-element_type=\"container\" data-e-type=\"container\">\n\t\t\t\t<div class=\"elementor-element elementor-element-c679b1e elementor-widget elementor-widget-heading\" data-id=\"c679b1e\" data-element_type=\"widget\" data-e-type=\"widget\" data-widget_type=\"heading.default\">\n\t\t\t\t\t<h2 class=\"elementor-heading-title elementor-size-default\"> Laura Rivas<\/h2>\t\t\t\t<\/div>\n\t\t\t\t<div class=\"elementor-element elementor-element-c1326b2 elementor-widget__width-initial elementor-widget elementor-widget-text-editor\" data-id=\"c1326b2\" data-element_type=\"widget\" data-e-type=\"widget\" data-widget_type=\"text-editor.default\">\n\t\t\t\t\t\t\t\t\t<p><span style=\"font-weight: 400;\">Delegada de APREM Albacete. Nuestro objetivo es apoyar a las familias desde el momento en el que tienen riesgo de parto prematuro. Centrando nuestra atenci\u00f3n en las necesidades que puedan tener a lo largo del proceso. Concienciar e informar a la comunidad albacete\u00f1a de lo que es la prematuridad para facilitar a nuestras familias entornos seguros de apoyo y comprensi\u00f3n. <\/span><\/p>\t\t\t\t\t\t\t\t<\/div>\n\t\t\t\t<\/div>\n\t\t<div class=\"elementor-element elementor-element-942b412 e-con-full e-flex e-con e-child\" data-id=\"942b412\" data-element_type=\"container\" data-e-type=\"container\">\n\t\t\t\t<div class=\"elementor-element elementor-element-6c65087 elementor-widget__width-initial elementor-widget elementor-widget-image\" data-id=\"6c65087\" data-element_type=\"widget\" data-e-type=\"widget\" data-widget_type=\"image.default\">\n\t\t\t\t\t\t\t\t\t\t\t\t\t\t\t<img decoding=\"async\" width=\"768\" height=\"1024\" src=\"https:\/\/aprem-e.org\/wp-content\/uploads\/2025\/09\/Maria-de-viarce-768x1024.jpg\" class=\"attachment-large size-large wp-image-176\" alt=\"\" srcset=\"https:\/\/aprem-e.org\/wp-content\/uploads\/2025\/09\/Maria-de-viarce-768x1024.jpg 768w, https:\/\/aprem-e.org\/wp-content\/uploads\/2025\/09\/Maria-de-viarce-225x300.jpg 225w, https:\/\/aprem-e.org\/wp-content\/uploads\/2025\/09\/Maria-de-viarce-1152x1536.jpg 1152w, https:\/\/aprem-e.org\/wp-content\/uploads\/2025\/09\/Maria-de-viarce.jpg 1536w\" sizes=\"(max-width: 768px) 100vw, 768px\" \/>\t\t\t\t\t\t\t\t\t\t\t\t\t\t\t<\/div>\n\t\t\t\t<\/div>\n\t\t\t\t<\/div>\n\t\t\t\t\t<\/div>\n\t\t\t\t<\/div>\n\t\t\t\t<\/div>\n\t\t","protected":false},"excerpt":{"rendered":"<p>APREM Albacete Historia En 2022, Laura, actual delegada de APREM Albacete, tiene contacto con APREM por primera vez ante la necesidad de sentirse apoyada tras el nacimiento prematuro de su beb\u00e9 con tan s\u00f3lo 27 semanas de gestaci\u00f3n. \u201cEn el momento en el que yo recib\u00ed tanta ayuda de la asociaci\u00f3n de la mano de [&hellip;]<\/p>\n","protected":false},"author":1,"featured_media":0,"parent":0,"menu_order":0,"comment_status":"closed","ping_status":"closed","template":"","meta":{"inline_featured_image":false,"footnotes":""},"class_list":["post-208","page","type-page","status-publish","hentry"],"yoast_head":"<!-- This site is optimized with the Yoast SEO plugin v27.4 - https:\/\/yoast.com\/product\/yoast-seo-wordpress\/ -->\n<title>APREM Albacete - Aprem<\/title>\n<meta name=\"description\" content=\"Ser\u00eda la primera delegaci\u00f3n de APREM, acercando nuestra labor al Hospital General Universitario de Albacete.\" \/>\n<meta name=\"robots\" content=\"index, follow, max-snippet:-1, max-image-preview:large, max-video-preview:-1\" \/>\n<link rel=\"canonical\" href=\"https:\/\/aprem-e.org\/index.php\/aprem-albacete\/\" \/>\n<meta property=\"og:locale\" content=\"es_ES\" \/>\n<meta property=\"og:type\" content=\"article\" \/>\n<meta property=\"og:title\" content=\"APREM Albacete - Aprem\" \/>\n<meta property=\"og:description\" content=\"Ser\u00eda la primera delegaci\u00f3n de APREM, acercando nuestra labor al Hospital General Universitario de Albacete.\" \/>\n<meta property=\"og:url\" content=\"https:\/\/aprem-e.org\/index.php\/aprem-albacete\/\" \/>\n<meta property=\"og:site_name\" content=\"Aprem\" \/>\n<meta property=\"article:modified_time\" content=\"2026-01-27T10:26:20+00:00\" \/>\n<meta property=\"og:image\" content=\"https:\/\/aprem-e.org\/wp-content\/uploads\/2025\/10\/APREM-albacete-2023-1.jpg\" \/>\n\t<meta property=\"og:image:width\" content=\"1080\" \/>\n\t<meta property=\"og:image:height\" content=\"810\" \/>\n\t<meta property=\"og:image:type\" content=\"image\/jpeg\" \/>\n<meta name=\"twitter:card\" content=\"summary_large_image\" \/>\n<meta name=\"twitter:label1\" content=\"Tiempo de lectura\" \/>\n\t<meta name=\"twitter:data1\" content=\"2 minutos\" \/>\n<script type=\"application\/ld+json\" class=\"yoast-schema-graph\">{\"@context\":\"https:\\\/\\\/schema.org\",\"@graph\":[{\"@type\":\"WebPage\",\"@id\":\"https:\\\/\\\/aprem-e.org\\\/index.php\\\/aprem-albacete\\\/\",\"url\":\"https:\\\/\\\/aprem-e.org\\\/index.php\\\/aprem-albacete\\\/\",\"name\":\"APREM Albacete - Aprem\",\"isPartOf\":{\"@id\":\"https:\\\/\\\/aprem-e.org\\\/#website\"},\"primaryImageOfPage\":{\"@id\":\"https:\\\/\\\/aprem-e.org\\\/index.php\\\/aprem-albacete\\\/#primaryimage\"},\"image\":{\"@id\":\"https:\\\/\\\/aprem-e.org\\\/index.php\\\/aprem-albacete\\\/#primaryimage\"},\"thumbnailUrl\":\"https:\\\/\\\/aprem-e.org\\\/wp-content\\\/uploads\\\/2025\\\/10\\\/APREM-albacete-2023-1-1024x768.jpg\",\"datePublished\":\"2025-10-21T19:48:43+00:00\",\"dateModified\":\"2026-01-27T10:26:20+00:00\",\"description\":\"Ser\u00eda la primera delegaci\u00f3n de APREM, acercando nuestra labor al Hospital General Universitario de Albacete.\",\"breadcrumb\":{\"@id\":\"https:\\\/\\\/aprem-e.org\\\/index.php\\\/aprem-albacete\\\/#breadcrumb\"},\"inLanguage\":\"es\",\"potentialAction\":[{\"@type\":\"ReadAction\",\"target\":[\"https:\\\/\\\/aprem-e.org\\\/index.php\\\/aprem-albacete\\\/\"]}]},{\"@type\":\"ImageObject\",\"inLanguage\":\"es\",\"@id\":\"https:\\\/\\\/aprem-e.org\\\/index.php\\\/aprem-albacete\\\/#primaryimage\",\"url\":\"https:\\\/\\\/aprem-e.org\\\/wp-content\\\/uploads\\\/2025\\\/10\\\/APREM-albacete-2023-1.jpg\",\"contentUrl\":\"https:\\\/\\\/aprem-e.org\\\/wp-content\\\/uploads\\\/2025\\\/10\\\/APREM-albacete-2023-1.jpg\",\"width\":1080,\"height\":810},{\"@type\":\"BreadcrumbList\",\"@id\":\"https:\\\/\\\/aprem-e.org\\\/index.php\\\/aprem-albacete\\\/#breadcrumb\",\"itemListElement\":[{\"@type\":\"ListItem\",\"position\":1,\"name\":\"Home\",\"item\":\"https:\\\/\\\/aprem-e.org\\\/\"},{\"@type\":\"ListItem\",\"position\":2,\"name\":\"APREM Albacete\"}]},{\"@type\":\"WebSite\",\"@id\":\"https:\\\/\\\/aprem-e.org\\\/#website\",\"url\":\"https:\\\/\\\/aprem-e.org\\\/\",\"name\":\"Aprem\",\"description\":\"Asociaci\u00f3n de Padres de Ni\u00f1os Prematuros\",\"publisher\":{\"@id\":\"https:\\\/\\\/aprem-e.org\\\/#organization\"},\"potentialAction\":[{\"@type\":\"SearchAction\",\"target\":{\"@type\":\"EntryPoint\",\"urlTemplate\":\"https:\\\/\\\/aprem-e.org\\\/?s={search_term_string}\"},\"query-input\":{\"@type\":\"PropertyValueSpecification\",\"valueRequired\":true,\"valueName\":\"search_term_string\"}}],\"inLanguage\":\"es\"},{\"@type\":\"Organization\",\"@id\":\"https:\\\/\\\/aprem-e.org\\\/#organization\",\"name\":\"Aprem\",\"url\":\"https:\\\/\\\/aprem-e.org\\\/\",\"logo\":{\"@type\":\"ImageObject\",\"inLanguage\":\"es\",\"@id\":\"https:\\\/\\\/aprem-e.org\\\/#\\\/schema\\\/logo\\\/image\\\/\",\"url\":\"https:\\\/\\\/aprem-e.org\\\/wp-content\\\/uploads\\\/2025\\\/09\\\/cropped-Logo-APREM_M1.png\",\"contentUrl\":\"https:\\\/\\\/aprem-e.org\\\/wp-content\\\/uploads\\\/2025\\\/09\\\/cropped-Logo-APREM_M1.png\",\"width\":512,\"height\":512,\"caption\":\"Aprem\"},\"image\":{\"@id\":\"https:\\\/\\\/aprem-e.org\\\/#\\\/schema\\\/logo\\\/image\\\/\"}}]}<\/script>\n<!-- \/ Yoast SEO plugin. -->","yoast_head_json":{"title":"APREM Albacete - Aprem","description":"Ser\u00eda la primera delegaci\u00f3n de APREM, acercando nuestra labor al Hospital General Universitario de Albacete.","robots":{"index":"index","follow":"follow","max-snippet":"max-snippet:-1","max-image-preview":"max-image-preview:large","max-video-preview":"max-video-preview:-1"},"canonical":"https:\/\/aprem-e.org\/index.php\/aprem-albacete\/","og_locale":"es_ES","og_type":"article","og_title":"APREM Albacete - Aprem","og_description":"Ser\u00eda la primera delegaci\u00f3n de APREM, acercando nuestra labor al Hospital General Universitario de Albacete.","og_url":"https:\/\/aprem-e.org\/index.php\/aprem-albacete\/","og_site_name":"Aprem","article_modified_time":"2026-01-27T10:26:20+00:00","og_image":[{"width":1080,"height":810,"url":"https:\/\/aprem-e.org\/wp-content\/uploads\/2025\/10\/APREM-albacete-2023-1.jpg","type":"image\/jpeg"}],"twitter_card":"summary_large_image","twitter_misc":{"Tiempo de lectura":"2 minutos"},"schema":{"@context":"https:\/\/schema.org","@graph":[{"@type":"WebPage","@id":"https:\/\/aprem-e.org\/index.php\/aprem-albacete\/","url":"https:\/\/aprem-e.org\/index.php\/aprem-albacete\/","name":"APREM Albacete - Aprem","isPartOf":{"@id":"https:\/\/aprem-e.org\/#website"},"primaryImageOfPage":{"@id":"https:\/\/aprem-e.org\/index.php\/aprem-albacete\/#primaryimage"},"image":{"@id":"https:\/\/aprem-e.org\/index.php\/aprem-albacete\/#primaryimage"},"thumbnailUrl":"https:\/\/aprem-e.org\/wp-content\/uploads\/2025\/10\/APREM-albacete-2023-1-1024x768.jpg","datePublished":"2025-10-21T19:48:43+00:00","dateModified":"2026-01-27T10:26:20+00:00","description":"Ser\u00eda la primera delegaci\u00f3n de APREM, acercando nuestra labor al Hospital General Universitario de Albacete.","breadcrumb":{"@id":"https:\/\/aprem-e.org\/index.php\/aprem-albacete\/#breadcrumb"},"inLanguage":"es","potentialAction":[{"@type":"ReadAction","target":["https:\/\/aprem-e.org\/index.php\/aprem-albacete\/"]}]},{"@type":"ImageObject","inLanguage":"es","@id":"https:\/\/aprem-e.org\/index.php\/aprem-albacete\/#primaryimage","url":"https:\/\/aprem-e.org\/wp-content\/uploads\/2025\/10\/APREM-albacete-2023-1.jpg","contentUrl":"https:\/\/aprem-e.org\/wp-content\/uploads\/2025\/10\/APREM-albacete-2023-1.jpg","width":1080,"height":810},{"@type":"BreadcrumbList","@id":"https:\/\/aprem-e.org\/index.php\/aprem-albacete\/#breadcrumb","itemListElement":[{"@type":"ListItem","position":1,"name":"Home","item":"https:\/\/aprem-e.org\/"},{"@type":"ListItem","position":2,"name":"APREM Albacete"}]},{"@type":"WebSite","@id":"https:\/\/aprem-e.org\/#website","url":"https:\/\/aprem-e.org\/","name":"Aprem","description":"Asociaci\u00f3n de Padres de Ni\u00f1os Prematuros","publisher":{"@id":"https:\/\/aprem-e.org\/#organization"},"potentialAction":[{"@type":"SearchAction","target":{"@type":"EntryPoint","urlTemplate":"https:\/\/aprem-e.org\/?s={search_term_string}"},"query-input":{"@type":"PropertyValueSpecification","valueRequired":true,"valueName":"search_term_string"}}],"inLanguage":"es"},{"@type":"Organization","@id":"https:\/\/aprem-e.org\/#organization","name":"Aprem","url":"https:\/\/aprem-e.org\/","logo":{"@type":"ImageObject","inLanguage":"es","@id":"https:\/\/aprem-e.org\/#\/schema\/logo\/image\/","url":"https:\/\/aprem-e.org\/wp-content\/uploads\/2025\/09\/cropped-Logo-APREM_M1.png","contentUrl":"https:\/\/aprem-e.org\/wp-content\/uploads\/2025\/09\/cropped-Logo-APREM_M1.png","width":512,"height":512,"caption":"Aprem"},"image":{"@id":"https:\/\/aprem-e.org\/#\/schema\/logo\/image\/"}}]}},"_links":{"self":[{"href":"https:\/\/aprem-e.org\/index.php\/wp-json\/wp\/v2\/pages\/208","targetHints":{"allow":["GET"]}}],"collection":[{"href":"https:\/\/aprem-e.org\/index.php\/wp-json\/wp\/v2\/pages"}],"about":[{"href":"https:\/\/aprem-e.org\/index.php\/wp-json\/wp\/v2\/types\/page"}],"author":[{"embeddable":true,"href":"https:\/\/aprem-e.org\/index.php\/wp-json\/wp\/v2\/users\/1"}],"replies":[{"embeddable":true,"href":"https:\/\/aprem-e.org\/index.php\/wp-json\/wp\/v2\/comments?post=208"}],"version-history":[{"count":73,"href":"https:\/\/aprem-e.org\/index.php\/wp-json\/wp\/v2\/pages\/208\/revisions"}],"predecessor-version":[{"id":957,"href":"https:\/\/aprem-e.org\/index.php\/wp-json\/wp\/v2\/pages\/208\/revisions\/957"}],"wp:attachment":[{"href":"https:\/\/aprem-e.org\/index.php\/wp-json\/wp\/v2\/media?parent=208"}],"curies":[{"name":"wp","href":"https:\/\/api.w.org\/{rel}","templated":true}]}}