{"id":21282,"date":"2026-03-13T20:54:47","date_gmt":"2026-03-13T20:54:47","guid":{"rendered":"https:\/\/aprem-e.org\/?page_id=21282"},"modified":"2026-03-16T06:27:43","modified_gmt":"2026-03-16T06:27:43","slug":"etapa-preparto","status":"publish","type":"page","link":"https:\/\/aprem-e.org\/index.php\/etapa-preparto\/","title":{"rendered":"Etapa Preparto"},"content":{"rendered":"\t\t<div data-elementor-type=\"wp-page\" data-elementor-id=\"21282\" class=\"elementor elementor-21282\" data-elementor-post-type=\"page\">\n\t\t\t\t<div class=\"elementor-element elementor-element-20ce678 e-con-full e-flex e-con e-parent\" data-id=\"20ce678\" data-element_type=\"container\" data-e-type=\"container\" data-settings=\"{&quot;background_background&quot;:&quot;classic&quot;}\">\n\t\t\t\t<\/div>\n\t\t<div class=\"elementor-element elementor-element-68f8125 e-flex e-con-boxed e-con e-parent\" data-id=\"68f8125\" data-element_type=\"container\" data-e-type=\"container\">\n\t\t\t\t\t<div class=\"e-con-inner\">\n\t\t\t\t<div class=\"elementor-element elementor-element-ce26853 elementor-widget elementor-widget-heading\" data-id=\"ce26853\" data-element_type=\"widget\" data-e-type=\"widget\" data-widget_type=\"heading.default\">\n\t\t\t\t\t<h2 class=\"elementor-heading-title elementor-size-default\">Periodo Prenatal y Perinatal<\/h2>\t\t\t\t<\/div>\n\t\t\t\t<div class=\"elementor-element elementor-element-3b909f1 elementor-widget__width-initial elementor-widget elementor-widget-text-editor\" data-id=\"3b909f1\" data-element_type=\"widget\" data-e-type=\"widget\" data-widget_type=\"text-editor.default\">\n\t\t\t\t\t\t\t\t\t<p><span data-contrast=\"auto\">Durante el embarazo, adem\u00e1s de la formaci\u00f3n f\u00edsica del feto, la mente de la mujer se encarga de la formaci\u00f3n de la idea de la madre en que se va a convertir y se comienza a crear una imagen mental de c\u00f3mo cree que ser\u00e1 el beb\u00e9. As\u00ed, se podr\u00eda decir que se producen tres embarazos (Daniel Stern):<\/span><span data-ccp-props=\"{\">\u00a0<\/span><\/p><ul><li data-leveltext=\"-\" data-font=\"Calibri\" data-listid=\"2\" aria-setsize=\"-1\" data-aria-posinset=\"0\" data-aria-level=\"1\"><span data-contrast=\"auto\">F\u00edsico,<\/span><span data-ccp-props=\"{\">\u00a0<\/span><\/li><\/ul><ul><li data-leveltext=\"-\" data-font=\"Calibri\" data-listid=\"2\" aria-setsize=\"-1\" data-aria-posinset=\"0\" data-aria-level=\"1\"><span data-contrast=\"auto\">Actitud mental de maternidad.<\/span><span data-ccp-props=\"{\">\u00a0<\/span><\/li><li data-leveltext=\"-\" data-font=\"Calibri\" data-listid=\"2\" aria-setsize=\"-1\" data-aria-posinset=\"0\" data-aria-level=\"1\"><span data-contrast=\"auto\">Beb\u00e9 imaginado.<\/span><span data-ccp-props=\"{\">\u00a0<\/span><\/li><\/ul><p><span data-ccp-props=\"{\">\u00a0<\/span><b><span data-contrast=\"auto\">Representaciones maternas:<\/span><\/b><span data-ccp-props=\"{\">\u00a0<\/span><\/p><p><span data-contrast=\"auto\">La relaci\u00f3n de una madre con su hijo tiene su origen en su propia historia vincular con sus cuidadores significativos. Sus experiencias tempranas y las de relaci\u00f3n posteriores tienen una gran incidencia en el momento de ejercer la maternidad ya desde el embarazo.<\/span><span data-ccp-props=\"{\">\u00a0<\/span><\/p><p><span data-contrast=\"auto\">Durante el periodo perinatal, en la mujer se producen importantes cambios fisiol\u00f3gicos y psicol\u00f3gicos (Raphael-Leff, 1991), consider\u00e1ndose una etapa importante en la relaci\u00f3n madre-beb\u00e9. Las representaciones sobre la maternidad y el beb\u00e9, influenciadas por la propia experiencia de apego de la madre, sus recuerdos de relaciones tempranas, sus fantas\u00edas, sus temores, anhelos, tradiciones familiares, mitos y experiencia personal (Stern, 1995), comienzan a activarse durante el embarazo. Se trata de \u201cmodelos de estar con\u201d que se forman en la mente de la madre y que posibilitan el desarrollo de la representaci\u00f3n del hijo, de s\u00ed misma como madre, de su pareja como padre, debiendo reestructura y reorganizar algunos de estos esquemas cognitivos, modelos o representaciones en pos de la relaci\u00f3n con su futuro beb\u00e9 y de la de la integraci\u00f3n del rol materno en su identidad y mundo relacional.<\/span><span data-ccp-props=\"{\">\u00a0<\/span><\/p><p><span data-contrast=\"auto\">Estas representaciones maternales se van configurando a trav\u00e9s de una serie de procesos, entre los cuales se encuentran las fases del embarazo. En este sentido, Dinora Pines (m\u00e9dica psicoanalista) identific\u00f3 tres etapas:<\/span><span data-ccp-props=\"{\">\u00a0<\/span><\/p><ul><li data-leveltext=\"-\" data-font=\"Calibri\" data-listid=\"4\" aria-setsize=\"-1\" data-aria-posinset=\"0\" data-aria-level=\"1\"><span data-contrast=\"auto\">Primera fase: Desde la concepci\u00f3n hasta la percepci\u00f3n de movimientos fetales. Se caracteriza por la preocupaci\u00f3n por los cambios f\u00edsicos y por una ambivalencia normal (\u00bfser\u00e1 un buen momento?; \u00bflo har\u00e9 bien?).<\/span><span data-ccp-props=\"{\">\u00a0<\/span><\/li><li data-leveltext=\"-\" data-font=\"Calibri\" data-listid=\"4\" aria-setsize=\"-1\" data-aria-posinset=\"0\" data-aria-level=\"1\"><span data-contrast=\"auto\">Segunda fase: Desde los movimientos fetales hasta la semana 34. Es la fase de las representaciones maternales.<\/span><span data-ccp-props=\"{\">\u00a0<\/span><\/li><li data-leveltext=\"-\" data-font=\"Calibri\" data-listid=\"4\" aria-setsize=\"-1\" data-aria-posinset=\"0\" data-aria-level=\"1\"><span data-contrast=\"auto\">Tercera etapa: Recta final y parto. La representaci\u00f3n del beb\u00e9 es m\u00e1s realista y estable. Fantas\u00edas relacionadas con el parto que pueden producir un incremento de la ansiedad.<\/span><span data-ccp-props=\"{\">\u00a0<\/span><\/li><\/ul><p><b><span data-contrast=\"auto\">El nacimiento de un beb\u00e9 de forma prematura conlleva enfrentarse a\u202fcircunstancias que ponen a prueba nuestras capacidades de afrontamiento.\u00a0<\/span><\/b><span data-contrast=\"auto\">Entre los diversos factores estresantes a los que se enfrentan los progenitores, destacamos:<\/span><span data-contrast=\"auto\">\u200b<\/span><span data-ccp-props=\"{\">\u00a0<\/span><\/p><ul><li data-leveltext=\"\uf0b7\" data-font=\"Symbol\" data-listid=\"5\" aria-setsize=\"-1\" data-aria-posinset=\"1\" data-aria-level=\"1\"><span data-contrast=\"auto\">La finalizaci\u00f3n abrupta e inesperada de la gestaci\u00f3n trunca igualmente el proceso normal de configuraci\u00f3n de las representaciones maternas arriba explicado.<\/span><span data-ccp-props=\"{\">\u00a0<\/span><\/li><li data-leveltext=\"\uf0b7\" data-font=\"Symbol\" data-listid=\"5\" aria-setsize=\"-1\" data-aria-posinset=\"2\" data-aria-level=\"1\"><span data-contrast=\"auto\">Supone una separaci\u00f3n temprana e inmediata madre-hijo por razones m\u00e9dicas.<\/span><span data-contrast=\"auto\">\u200b En funci\u00f3n del grado de prematuridad y de la situaci\u00f3n cl\u00ednica del beb\u00e9, la p<\/span><span data-contrast=\"auto\">ermanencia en la UCI neonatal se prolongar\u00e1 en el tiempo y supone un desaf\u00edo para la respuesta de los progenitores.<\/span><span data-ccp-props=\"{\">\u00a0<\/span><\/li><li data-leveltext=\"\uf0b7\" data-font=\"Symbol\" data-listid=\"5\" aria-setsize=\"-1\" data-aria-posinset=\"3\" data-aria-level=\"1\"><span data-contrast=\"auto\">La elevada vulnerabilidad biol\u00f3gica, el aspecto f\u00edsico y las respuestas\u202f\u2018incomprensibles\u2019 del beb\u00e9 asustan.<\/span><span data-contrast=\"auto\">\u200b<\/span><span data-ccp-props=\"{\">\u00a0<\/span><\/li><li data-leveltext=\"\uf0b7\" data-font=\"Symbol\" data-listid=\"5\" aria-setsize=\"-1\" data-aria-posinset=\"4\" data-aria-level=\"1\"><span data-contrast=\"auto\">No es f\u00e1cil dar la ayuda inmediata que se quisiera, quedando as\u00ed\u202ftruncado el rol natural de madre\/padre como cuidadores.<\/span><span data-contrast=\"auto\">\u200b<\/span><span data-ccp-props=\"{\">\u00a0<\/span><\/li><\/ul><ul><li data-leveltext=\"\uf0b7\" data-font=\"Symbol\" data-listid=\"5\" aria-setsize=\"-1\" data-aria-posinset=\"1\" data-aria-level=\"1\"><span data-contrast=\"auto\">La labilidad de la evoluci\u00f3n desconcierta y produce un gran sentimiento de incertidumbre.<\/span><span data-contrast=\"auto\">\u200b<\/span><span data-ccp-props=\"{\">\u00a0<\/span><\/li><li data-leveltext=\"\uf0b7\" data-font=\"Symbol\" data-listid=\"5\" aria-setsize=\"-1\" data-aria-posinset=\"2\" data-aria-level=\"1\"><span data-contrast=\"auto\">El consuelo de los otros no es eficaz.<\/span><span data-contrast=\"auto\">\u200b<\/span><span data-ccp-props=\"{\">\u00a0<\/span><\/li><\/ul><p><span data-contrast=\"auto\">Todo esto puede incidir desfavorablemente tanto en la capacidad de adaptaci\u00f3n de la persona a esta circunstancia como en un adecuado desarrollo del v\u00ednculo con el beb\u00e9 reci\u00e9n nacido, pudiendo desarrollarse en algunos casos trastornos emocionales y alteraciones en las relaciones de apego. Por ello, es preciso detectar y dar respuesta lo m\u00e1s tempranamente posible a este tipo de problemas.\u00a0<\/span><span data-ccp-props=\"{\">\u00a0<\/span><\/p>\t\t\t\t\t\t\t\t<\/div>\n\t\t\t\t\t<\/div>\n\t\t\t\t<\/div>\n\t\t\t\t<\/div>\n\t\t","protected":false},"excerpt":{"rendered":"<p>Durante el embarazo, adem\u00e1s de la formaci\u00f3n f\u00edsica del feto, la mente de la mujer se encarga de la formaci\u00f3n de la idea de la madre en que se va a convertir y se comienza a crear una imagen mental de c\u00f3mo cree que ser\u00e1 el beb\u00e9. <\/p>\n","protected":false},"author":1,"featured_media":0,"parent":0,"menu_order":0,"comment_status":"closed","ping_status":"closed","template":"","meta":{"inline_featured_image":false,"footnotes":""},"class_list":["post-21282","page","type-page","status-publish","hentry"],"yoast_head":"<!-- This site is optimized with the Yoast SEO plugin v27.4 - https:\/\/yoast.com\/product\/yoast-seo-wordpress\/ -->\n<title>Etapa Preparto - Aprem<\/title>\n<meta name=\"robots\" content=\"index, follow, max-snippet:-1, max-image-preview:large, max-video-preview:-1\" \/>\n<link rel=\"canonical\" href=\"https:\/\/aprem-e.org\/index.php\/etapa-preparto\/\" \/>\n<meta property=\"og:locale\" content=\"es_ES\" \/>\n<meta property=\"og:type\" content=\"article\" \/>\n<meta property=\"og:title\" content=\"Etapa Preparto - Aprem\" \/>\n<meta property=\"og:description\" content=\"Durante el embarazo, adem\u00e1s de la formaci\u00f3n f\u00edsica del feto, la mente de la mujer se encarga de la formaci\u00f3n de la idea de la madre en que se va a convertir y se comienza a crear una imagen mental de c\u00f3mo cree que ser\u00e1 el beb\u00e9.\" \/>\n<meta property=\"og:url\" content=\"https:\/\/aprem-e.org\/index.php\/etapa-preparto\/\" \/>\n<meta property=\"og:site_name\" content=\"Aprem\" \/>\n<meta property=\"article:modified_time\" content=\"2026-03-16T06:27:43+00:00\" \/>\n<meta name=\"twitter:card\" content=\"summary_large_image\" \/>\n<meta name=\"twitter:label1\" content=\"Tiempo de lectura\" \/>\n\t<meta name=\"twitter:data1\" content=\"3 minutos\" \/>\n<script type=\"application\/ld+json\" class=\"yoast-schema-graph\">{\"@context\":\"https:\\\/\\\/schema.org\",\"@graph\":[{\"@type\":\"WebPage\",\"@id\":\"https:\\\/\\\/aprem-e.org\\\/index.php\\\/etapa-preparto\\\/\",\"url\":\"https:\\\/\\\/aprem-e.org\\\/index.php\\\/etapa-preparto\\\/\",\"name\":\"Etapa Preparto - Aprem\",\"isPartOf\":{\"@id\":\"https:\\\/\\\/aprem-e.org\\\/#website\"},\"datePublished\":\"2026-03-13T20:54:47+00:00\",\"dateModified\":\"2026-03-16T06:27:43+00:00\",\"breadcrumb\":{\"@id\":\"https:\\\/\\\/aprem-e.org\\\/index.php\\\/etapa-preparto\\\/#breadcrumb\"},\"inLanguage\":\"es\",\"potentialAction\":[{\"@type\":\"ReadAction\",\"target\":[\"https:\\\/\\\/aprem-e.org\\\/index.php\\\/etapa-preparto\\\/\"]}]},{\"@type\":\"BreadcrumbList\",\"@id\":\"https:\\\/\\\/aprem-e.org\\\/index.php\\\/etapa-preparto\\\/#breadcrumb\",\"itemListElement\":[{\"@type\":\"ListItem\",\"position\":1,\"name\":\"Home\",\"item\":\"https:\\\/\\\/aprem-e.org\\\/\"},{\"@type\":\"ListItem\",\"position\":2,\"name\":\"Etapa Preparto\"}]},{\"@type\":\"WebSite\",\"@id\":\"https:\\\/\\\/aprem-e.org\\\/#website\",\"url\":\"https:\\\/\\\/aprem-e.org\\\/\",\"name\":\"Aprem\",\"description\":\"Asociaci\u00f3n de Padres de Ni\u00f1os Prematuros\",\"publisher\":{\"@id\":\"https:\\\/\\\/aprem-e.org\\\/#organization\"},\"potentialAction\":[{\"@type\":\"SearchAction\",\"target\":{\"@type\":\"EntryPoint\",\"urlTemplate\":\"https:\\\/\\\/aprem-e.org\\\/?s={search_term_string}\"},\"query-input\":{\"@type\":\"PropertyValueSpecification\",\"valueRequired\":true,\"valueName\":\"search_term_string\"}}],\"inLanguage\":\"es\"},{\"@type\":\"Organization\",\"@id\":\"https:\\\/\\\/aprem-e.org\\\/#organization\",\"name\":\"Aprem\",\"url\":\"https:\\\/\\\/aprem-e.org\\\/\",\"logo\":{\"@type\":\"ImageObject\",\"inLanguage\":\"es\",\"@id\":\"https:\\\/\\\/aprem-e.org\\\/#\\\/schema\\\/logo\\\/image\\\/\",\"url\":\"https:\\\/\\\/aprem-e.org\\\/wp-content\\\/uploads\\\/2025\\\/09\\\/cropped-Logo-APREM_M1.png\",\"contentUrl\":\"https:\\\/\\\/aprem-e.org\\\/wp-content\\\/uploads\\\/2025\\\/09\\\/cropped-Logo-APREM_M1.png\",\"width\":512,\"height\":512,\"caption\":\"Aprem\"},\"image\":{\"@id\":\"https:\\\/\\\/aprem-e.org\\\/#\\\/schema\\\/logo\\\/image\\\/\"}}]}<\/script>\n<!-- \/ Yoast SEO plugin. -->","yoast_head_json":{"title":"Etapa Preparto - Aprem","robots":{"index":"index","follow":"follow","max-snippet":"max-snippet:-1","max-image-preview":"max-image-preview:large","max-video-preview":"max-video-preview:-1"},"canonical":"https:\/\/aprem-e.org\/index.php\/etapa-preparto\/","og_locale":"es_ES","og_type":"article","og_title":"Etapa Preparto - Aprem","og_description":"Durante el embarazo, adem\u00e1s de la formaci\u00f3n f\u00edsica del feto, la mente de la mujer se encarga de la formaci\u00f3n de la idea de la madre en que se va a convertir y se comienza a crear una imagen mental de c\u00f3mo cree que ser\u00e1 el beb\u00e9.","og_url":"https:\/\/aprem-e.org\/index.php\/etapa-preparto\/","og_site_name":"Aprem","article_modified_time":"2026-03-16T06:27:43+00:00","twitter_card":"summary_large_image","twitter_misc":{"Tiempo de lectura":"3 minutos"},"schema":{"@context":"https:\/\/schema.org","@graph":[{"@type":"WebPage","@id":"https:\/\/aprem-e.org\/index.php\/etapa-preparto\/","url":"https:\/\/aprem-e.org\/index.php\/etapa-preparto\/","name":"Etapa Preparto - Aprem","isPartOf":{"@id":"https:\/\/aprem-e.org\/#website"},"datePublished":"2026-03-13T20:54:47+00:00","dateModified":"2026-03-16T06:27:43+00:00","breadcrumb":{"@id":"https:\/\/aprem-e.org\/index.php\/etapa-preparto\/#breadcrumb"},"inLanguage":"es","potentialAction":[{"@type":"ReadAction","target":["https:\/\/aprem-e.org\/index.php\/etapa-preparto\/"]}]},{"@type":"BreadcrumbList","@id":"https:\/\/aprem-e.org\/index.php\/etapa-preparto\/#breadcrumb","itemListElement":[{"@type":"ListItem","position":1,"name":"Home","item":"https:\/\/aprem-e.org\/"},{"@type":"ListItem","position":2,"name":"Etapa Preparto"}]},{"@type":"WebSite","@id":"https:\/\/aprem-e.org\/#website","url":"https:\/\/aprem-e.org\/","name":"Aprem","description":"Asociaci\u00f3n de Padres de Ni\u00f1os Prematuros","publisher":{"@id":"https:\/\/aprem-e.org\/#organization"},"potentialAction":[{"@type":"SearchAction","target":{"@type":"EntryPoint","urlTemplate":"https:\/\/aprem-e.org\/?s={search_term_string}"},"query-input":{"@type":"PropertyValueSpecification","valueRequired":true,"valueName":"search_term_string"}}],"inLanguage":"es"},{"@type":"Organization","@id":"https:\/\/aprem-e.org\/#organization","name":"Aprem","url":"https:\/\/aprem-e.org\/","logo":{"@type":"ImageObject","inLanguage":"es","@id":"https:\/\/aprem-e.org\/#\/schema\/logo\/image\/","url":"https:\/\/aprem-e.org\/wp-content\/uploads\/2025\/09\/cropped-Logo-APREM_M1.png","contentUrl":"https:\/\/aprem-e.org\/wp-content\/uploads\/2025\/09\/cropped-Logo-APREM_M1.png","width":512,"height":512,"caption":"Aprem"},"image":{"@id":"https:\/\/aprem-e.org\/#\/schema\/logo\/image\/"}}]}},"_links":{"self":[{"href":"https:\/\/aprem-e.org\/index.php\/wp-json\/wp\/v2\/pages\/21282","targetHints":{"allow":["GET"]}}],"collection":[{"href":"https:\/\/aprem-e.org\/index.php\/wp-json\/wp\/v2\/pages"}],"about":[{"href":"https:\/\/aprem-e.org\/index.php\/wp-json\/wp\/v2\/types\/page"}],"author":[{"embeddable":true,"href":"https:\/\/aprem-e.org\/index.php\/wp-json\/wp\/v2\/users\/1"}],"replies":[{"embeddable":true,"href":"https:\/\/aprem-e.org\/index.php\/wp-json\/wp\/v2\/comments?post=21282"}],"version-history":[{"count":13,"href":"https:\/\/aprem-e.org\/index.php\/wp-json\/wp\/v2\/pages\/21282\/revisions"}],"predecessor-version":[{"id":21344,"href":"https:\/\/aprem-e.org\/index.php\/wp-json\/wp\/v2\/pages\/21282\/revisions\/21344"}],"wp:attachment":[{"href":"https:\/\/aprem-e.org\/index.php\/wp-json\/wp\/v2\/media?parent=21282"}],"curies":[{"name":"wp","href":"https:\/\/api.w.org\/{rel}","templated":true}]}}