{"id":21303,"date":"2026-03-13T21:29:35","date_gmt":"2026-03-13T21:29:35","guid":{"rendered":"https:\/\/aprem-e.org\/?page_id=21303"},"modified":"2026-03-13T21:31:04","modified_gmt":"2026-03-13T21:31:04","slug":"lactancia-materna","status":"publish","type":"page","link":"https:\/\/aprem-e.org\/index.php\/lactancia-materna\/","title":{"rendered":"Lactancia Materna"},"content":{"rendered":"\t\t<div data-elementor-type=\"wp-page\" data-elementor-id=\"21303\" class=\"elementor elementor-21303\" data-elementor-post-type=\"page\">\n\t\t\t\t<div class=\"elementor-element elementor-element-e1dc444 e-con-full e-flex e-con e-parent\" data-id=\"e1dc444\" data-element_type=\"container\" data-e-type=\"container\" data-settings=\"{&quot;background_background&quot;:&quot;classic&quot;}\">\n\t\t\t\t<\/div>\n\t\t<div class=\"elementor-element elementor-element-646e89d e-flex e-con-boxed e-con e-parent\" data-id=\"646e89d\" data-element_type=\"container\" data-e-type=\"container\">\n\t\t\t\t\t<div class=\"e-con-inner\">\n\t\t\t\t<div class=\"elementor-element elementor-element-0c01bff elementor-widget elementor-widget-heading\" data-id=\"0c01bff\" data-element_type=\"widget\" data-e-type=\"widget\" data-widget_type=\"heading.default\">\n\t\t\t\t\t<h2 class=\"elementor-heading-title elementor-size-default\">Lactancia materna<\/h2>\t\t\t\t<\/div>\n\t\t\t\t<div class=\"elementor-element elementor-element-bce4ad8 elementor-widget__width-initial elementor-widget elementor-widget-text-editor\" data-id=\"bce4ad8\" data-element_type=\"widget\" data-e-type=\"widget\" data-widget_type=\"text-editor.default\">\n\t\t\t\t\t\t\t\t\t<p>La Lactancia materna es el alimento ideal para el crecimiento y desarrollo de los ni\u00f1os y ni\u00f1as de manera exclusiva hasta los 6 meses y acompa\u00f1ada de otros alimentos hasta los 2 a\u00f1os o m\u00e1s, incluidos los prematuros y ni\u00f1os\/as enfermos\/as.\u00a0 Adem\u00e1s, la lactancia materna tiene repercusi\u00f3n en la salud de las madres previniendo el c\u00e1ncer de ovario, el c\u00e1ncer de mama o la osteoporosis, tambi\u00e9n mejora el v\u00ednculo con el beb\u00e9, disminuye el gasto sanitario y protege el medio ambiente.<\/p><p>La leche materna fomenta el desarrollo sensorial y cognitivo protegiendo al ni\u00f1o de enfermedades infecciosas y cr\u00f3nicas.<\/p><p>Para los reci\u00e9n nacidos enfermos o prematuros ingresados que no dispongan de leche de su propia madre est\u00e1n los Bancos de Leche, que proporcionan leche humana donada de manera altruista y tratada para que sea segura y de alta calidad.<\/p><p>Existen Bancos de leche en pr\u00e1cticamente todas las comunidades aut\u00f3nomas.\u00a0<\/p><p>La lactancia materna sobre todo al principio puede tener alguna dificultad (dolor al amamantar, ingurgitaci\u00f3n del pecho, grietas), la mayor parte de estas molestias se pueden mejorar con una buena t\u00e9cnica de lactancia. Si necesitas ayuda busca una\/o experta\/o en lactancia (enfermera, pediatra, matrona, asesora de lactancia, IBCLC). Tambi\u00e9n puedes buscar ayuda en alg\u00fan grupo de apoyo a la lactancia, es posible que tengas alguno cerca de tu domicilio en:\u00a0<a href=\"http:\/\/www.ihan.es\/grupos-apoyo\/\">www.ihan.es\/grupos-apoyo\/<\/a><br \/><br \/><br \/><\/p><h1>Para saber m\u00e1s\u2026<\/h1><p>Informaci\u00f3n sobre donaci\u00f3n de leche y d\u00f3nde hay Bancos:<\/p><p><a href=\"http:\/\/www.aeblh.org\/\">www.aeblh.org<\/a><\/p><p>Si tienes que tomar alguna medicaci\u00f3n durante la lactancia puedes consultar en:<\/p><p><a href=\"http:\/\/www.e-lactancia.org\/\">www.e-lactancia.org<\/a>.<\/p><p>Otras p\u00e1ginas que te pueden interesar:<\/p><p><a href=\"http:\/\/www.ihan.es\/\">www.ihan.es<\/a><\/p><p><a href=\"http:\/\/www.laligadelaleche.es\/\">www.laligadelaleche.es<\/a><\/p>\t\t\t\t\t\t\t\t<\/div>\n\t\t\t\t\t<\/div>\n\t\t\t\t<\/div>\n\t\t\t\t<\/div>\n\t\t","protected":false},"excerpt":{"rendered":"<p>Lactancia materna La Lactancia materna es el alimento ideal para el crecimiento y desarrollo de los ni\u00f1os y ni\u00f1as de manera exclusiva hasta los 6 meses y acompa\u00f1ada de otros alimentos hasta los 2 a\u00f1os o m\u00e1s, incluidos los prematuros y ni\u00f1os\/as enfermos\/as.\u00a0 Adem\u00e1s, la lactancia materna tiene repercusi\u00f3n en la salud de las madres [&hellip;]<\/p>\n","protected":false},"author":1,"featured_media":0,"parent":0,"menu_order":0,"comment_status":"closed","ping_status":"closed","template":"","meta":{"inline_featured_image":false,"footnotes":""},"class_list":["post-21303","page","type-page","status-publish","hentry"],"yoast_head":"<!-- This site is optimized with the Yoast SEO plugin v27.4 - https:\/\/yoast.com\/product\/yoast-seo-wordpress\/ -->\n<title>Lactancia Materna - Aprem<\/title>\n<meta name=\"robots\" content=\"index, follow, max-snippet:-1, max-image-preview:large, max-video-preview:-1\" \/>\n<link rel=\"canonical\" href=\"https:\/\/aprem-e.org\/index.php\/lactancia-materna\/\" \/>\n<meta property=\"og:locale\" content=\"es_ES\" \/>\n<meta property=\"og:type\" content=\"article\" \/>\n<meta property=\"og:title\" content=\"Lactancia Materna - Aprem\" \/>\n<meta property=\"og:description\" content=\"Lactancia materna La Lactancia materna es el alimento ideal para el crecimiento y desarrollo de los ni\u00f1os y ni\u00f1as de manera exclusiva hasta los 6 meses y acompa\u00f1ada de otros alimentos hasta los 2 a\u00f1os o m\u00e1s, incluidos los prematuros y ni\u00f1os\/as enfermos\/as.\u00a0 Adem\u00e1s, la lactancia materna tiene repercusi\u00f3n en la salud de las madres [&hellip;]\" \/>\n<meta property=\"og:url\" content=\"https:\/\/aprem-e.org\/index.php\/lactancia-materna\/\" \/>\n<meta property=\"og:site_name\" content=\"Aprem\" \/>\n<meta property=\"article:modified_time\" content=\"2026-03-13T21:31:04+00:00\" \/>\n<meta name=\"twitter:card\" content=\"summary_large_image\" \/>\n<meta name=\"twitter:label1\" content=\"Tiempo de lectura\" \/>\n\t<meta name=\"twitter:data1\" content=\"2 minutos\" \/>\n<script type=\"application\/ld+json\" class=\"yoast-schema-graph\">{\"@context\":\"https:\\\/\\\/schema.org\",\"@graph\":[{\"@type\":\"WebPage\",\"@id\":\"https:\\\/\\\/aprem-e.org\\\/index.php\\\/lactancia-materna\\\/\",\"url\":\"https:\\\/\\\/aprem-e.org\\\/index.php\\\/lactancia-materna\\\/\",\"name\":\"Lactancia Materna - Aprem\",\"isPartOf\":{\"@id\":\"https:\\\/\\\/aprem-e.org\\\/#website\"},\"datePublished\":\"2026-03-13T21:29:35+00:00\",\"dateModified\":\"2026-03-13T21:31:04+00:00\",\"breadcrumb\":{\"@id\":\"https:\\\/\\\/aprem-e.org\\\/index.php\\\/lactancia-materna\\\/#breadcrumb\"},\"inLanguage\":\"es\",\"potentialAction\":[{\"@type\":\"ReadAction\",\"target\":[\"https:\\\/\\\/aprem-e.org\\\/index.php\\\/lactancia-materna\\\/\"]}]},{\"@type\":\"BreadcrumbList\",\"@id\":\"https:\\\/\\\/aprem-e.org\\\/index.php\\\/lactancia-materna\\\/#breadcrumb\",\"itemListElement\":[{\"@type\":\"ListItem\",\"position\":1,\"name\":\"Home\",\"item\":\"https:\\\/\\\/aprem-e.org\\\/\"},{\"@type\":\"ListItem\",\"position\":2,\"name\":\"Lactancia Materna\"}]},{\"@type\":\"WebSite\",\"@id\":\"https:\\\/\\\/aprem-e.org\\\/#website\",\"url\":\"https:\\\/\\\/aprem-e.org\\\/\",\"name\":\"Aprem\",\"description\":\"Asociaci\u00f3n de Padres de Ni\u00f1os Prematuros\",\"publisher\":{\"@id\":\"https:\\\/\\\/aprem-e.org\\\/#organization\"},\"potentialAction\":[{\"@type\":\"SearchAction\",\"target\":{\"@type\":\"EntryPoint\",\"urlTemplate\":\"https:\\\/\\\/aprem-e.org\\\/?s={search_term_string}\"},\"query-input\":{\"@type\":\"PropertyValueSpecification\",\"valueRequired\":true,\"valueName\":\"search_term_string\"}}],\"inLanguage\":\"es\"},{\"@type\":\"Organization\",\"@id\":\"https:\\\/\\\/aprem-e.org\\\/#organization\",\"name\":\"Aprem\",\"url\":\"https:\\\/\\\/aprem-e.org\\\/\",\"logo\":{\"@type\":\"ImageObject\",\"inLanguage\":\"es\",\"@id\":\"https:\\\/\\\/aprem-e.org\\\/#\\\/schema\\\/logo\\\/image\\\/\",\"url\":\"https:\\\/\\\/aprem-e.org\\\/wp-content\\\/uploads\\\/2025\\\/09\\\/cropped-Logo-APREM_M1.png\",\"contentUrl\":\"https:\\\/\\\/aprem-e.org\\\/wp-content\\\/uploads\\\/2025\\\/09\\\/cropped-Logo-APREM_M1.png\",\"width\":512,\"height\":512,\"caption\":\"Aprem\"},\"image\":{\"@id\":\"https:\\\/\\\/aprem-e.org\\\/#\\\/schema\\\/logo\\\/image\\\/\"}}]}<\/script>\n<!-- \/ Yoast SEO plugin. -->","yoast_head_json":{"title":"Lactancia Materna - Aprem","robots":{"index":"index","follow":"follow","max-snippet":"max-snippet:-1","max-image-preview":"max-image-preview:large","max-video-preview":"max-video-preview:-1"},"canonical":"https:\/\/aprem-e.org\/index.php\/lactancia-materna\/","og_locale":"es_ES","og_type":"article","og_title":"Lactancia Materna - Aprem","og_description":"Lactancia materna La Lactancia materna es el alimento ideal para el crecimiento y desarrollo de los ni\u00f1os y ni\u00f1as de manera exclusiva hasta los 6 meses y acompa\u00f1ada de otros alimentos hasta los 2 a\u00f1os o m\u00e1s, incluidos los prematuros y ni\u00f1os\/as enfermos\/as.\u00a0 Adem\u00e1s, la lactancia materna tiene repercusi\u00f3n en la salud de las madres [&hellip;]","og_url":"https:\/\/aprem-e.org\/index.php\/lactancia-materna\/","og_site_name":"Aprem","article_modified_time":"2026-03-13T21:31:04+00:00","twitter_card":"summary_large_image","twitter_misc":{"Tiempo de lectura":"2 minutos"},"schema":{"@context":"https:\/\/schema.org","@graph":[{"@type":"WebPage","@id":"https:\/\/aprem-e.org\/index.php\/lactancia-materna\/","url":"https:\/\/aprem-e.org\/index.php\/lactancia-materna\/","name":"Lactancia Materna - Aprem","isPartOf":{"@id":"https:\/\/aprem-e.org\/#website"},"datePublished":"2026-03-13T21:29:35+00:00","dateModified":"2026-03-13T21:31:04+00:00","breadcrumb":{"@id":"https:\/\/aprem-e.org\/index.php\/lactancia-materna\/#breadcrumb"},"inLanguage":"es","potentialAction":[{"@type":"ReadAction","target":["https:\/\/aprem-e.org\/index.php\/lactancia-materna\/"]}]},{"@type":"BreadcrumbList","@id":"https:\/\/aprem-e.org\/index.php\/lactancia-materna\/#breadcrumb","itemListElement":[{"@type":"ListItem","position":1,"name":"Home","item":"https:\/\/aprem-e.org\/"},{"@type":"ListItem","position":2,"name":"Lactancia Materna"}]},{"@type":"WebSite","@id":"https:\/\/aprem-e.org\/#website","url":"https:\/\/aprem-e.org\/","name":"Aprem","description":"Asociaci\u00f3n de Padres de Ni\u00f1os Prematuros","publisher":{"@id":"https:\/\/aprem-e.org\/#organization"},"potentialAction":[{"@type":"SearchAction","target":{"@type":"EntryPoint","urlTemplate":"https:\/\/aprem-e.org\/?s={search_term_string}"},"query-input":{"@type":"PropertyValueSpecification","valueRequired":true,"valueName":"search_term_string"}}],"inLanguage":"es"},{"@type":"Organization","@id":"https:\/\/aprem-e.org\/#organization","name":"Aprem","url":"https:\/\/aprem-e.org\/","logo":{"@type":"ImageObject","inLanguage":"es","@id":"https:\/\/aprem-e.org\/#\/schema\/logo\/image\/","url":"https:\/\/aprem-e.org\/wp-content\/uploads\/2025\/09\/cropped-Logo-APREM_M1.png","contentUrl":"https:\/\/aprem-e.org\/wp-content\/uploads\/2025\/09\/cropped-Logo-APREM_M1.png","width":512,"height":512,"caption":"Aprem"},"image":{"@id":"https:\/\/aprem-e.org\/#\/schema\/logo\/image\/"}}]}},"_links":{"self":[{"href":"https:\/\/aprem-e.org\/index.php\/wp-json\/wp\/v2\/pages\/21303","targetHints":{"allow":["GET"]}}],"collection":[{"href":"https:\/\/aprem-e.org\/index.php\/wp-json\/wp\/v2\/pages"}],"about":[{"href":"https:\/\/aprem-e.org\/index.php\/wp-json\/wp\/v2\/types\/page"}],"author":[{"embeddable":true,"href":"https:\/\/aprem-e.org\/index.php\/wp-json\/wp\/v2\/users\/1"}],"replies":[{"embeddable":true,"href":"https:\/\/aprem-e.org\/index.php\/wp-json\/wp\/v2\/comments?post=21303"}],"version-history":[{"count":4,"href":"https:\/\/aprem-e.org\/index.php\/wp-json\/wp\/v2\/pages\/21303\/revisions"}],"predecessor-version":[{"id":21308,"href":"https:\/\/aprem-e.org\/index.php\/wp-json\/wp\/v2\/pages\/21303\/revisions\/21308"}],"wp:attachment":[{"href":"https:\/\/aprem-e.org\/index.php\/wp-json\/wp\/v2\/media?parent=21303"}],"curies":[{"name":"wp","href":"https:\/\/api.w.org\/{rel}","templated":true}]}}