{"id":21348,"date":"2026-03-16T06:30:11","date_gmt":"2026-03-16T06:30:11","guid":{"rendered":"https:\/\/aprem-e.org\/?page_id=21348"},"modified":"2026-03-16T06:32:08","modified_gmt":"2026-03-16T06:32:08","slug":"duelo-perinatal","status":"publish","type":"page","link":"https:\/\/aprem-e.org\/index.php\/duelo-perinatal\/","title":{"rendered":"Duelo Perinatal"},"content":{"rendered":"\t\t<div data-elementor-type=\"wp-page\" data-elementor-id=\"21348\" class=\"elementor elementor-21348\" data-elementor-post-type=\"page\">\n\t\t\t\t<div class=\"elementor-element elementor-element-781e20f e-flex e-con-boxed e-con e-parent\" data-id=\"781e20f\" data-element_type=\"container\" data-e-type=\"container\">\n\t\t\t\t\t<div class=\"e-con-inner\">\n\t\t\t\t<div class=\"elementor-element elementor-element-0f653ba elementor-widget__width-initial elementor-widget elementor-widget-text-editor\" data-id=\"0f653ba\" data-element_type=\"widget\" data-e-type=\"widget\" data-widget_type=\"text-editor.default\">\n\t\t\t\t\t\t\t\t\t<p>Al hablar de\u00a0<strong>duelo perinatal<\/strong>\u00a0nos referimos al proceso que experimentan los progenitores cuando se produce la muerte del beb\u00e9 durante el embarazo, el parto o el primer mes de vida.<\/p><p>Como cualquier otro tipo de duelo, causa una gran angustia emocional. Por otra parte, en una sociedad en la que no est\u00e1n bien vistas las demostraciones p\u00fablicas de dolor y que a veces no reconoce este tipo de sufrimiento, las personas afectadas pueden sentirse incomprendidas y aisladas, circunstancia esta \u00faltima propiciada tambi\u00e9n por la \u00e9poca de pandemia que vivimos en la actualidad.<\/p><p>Es imprescindible conseguir el apoyo psicol\u00f3gico que las personas que atraviesan un proceso tan tr\u00e1gico y devastador como este precisen.<\/p><p>A continuaci\u00f3n, os dejamos enlaces de asociaciones especializadas en este tema:<\/p><p><strong><a href=\"https:\/\/fedupduelo.org\/\">Federaci\u00f3n Espa\u00f1ola de Duelo Gestacional, Perinatal y Neonatal (FEDUP)<\/a><\/strong><\/p><p><a href=\"https:\/\/www.asociacionania.org\/\"><strong>Asociaci\u00f3n Ania<\/strong><\/a><\/p><p><strong><a href=\"https:\/\/www.nubesma.org\/\">Asociaci\u00f3n Nubesma<\/a><\/strong><\/p><p><strong><a href=\"https:\/\/www.umamanita.es\/\">Asociaci\u00f3n Umamanita<\/a><\/strong><\/p><p>Y por \u00faltimo, esta fundaci\u00f3n tiene un\u00a0<strong>servicio de asistencia psicol\u00f3gica en duelo gratuita:<\/strong><\/p><p><a href=\"https:\/\/www.fundacionmlc.org\/proyecto\/terapias-de-duelo\/\"><strong>Fundaci\u00f3n Mario Losantos del Campo<\/strong><\/a><\/p>\t\t\t\t\t\t\t\t<\/div>\n\t\t\t\t\t<\/div>\n\t\t\t\t<\/div>\n\t\t\t\t<\/div>\n\t\t","protected":false},"excerpt":{"rendered":"<p>Al hablar de\u00a0duelo perinatal\u00a0nos referimos al proceso que experimentan los progenitores cuando se produce la muerte del beb\u00e9 durante el embarazo, el parto o el primer mes de vida. Como cualquier otro tipo de duelo, causa una gran angustia emocional. Por otra parte, en una sociedad en la que no est\u00e1n bien vistas las demostraciones [&hellip;]<\/p>\n","protected":false},"author":1,"featured_media":0,"parent":0,"menu_order":0,"comment_status":"closed","ping_status":"closed","template":"","meta":{"inline_featured_image":false,"footnotes":""},"class_list":["post-21348","page","type-page","status-publish","hentry"],"yoast_head":"<!-- This site is optimized with the Yoast SEO plugin v27.4 - https:\/\/yoast.com\/product\/yoast-seo-wordpress\/ -->\n<title>Duelo Perinatal - Aprem<\/title>\n<meta name=\"robots\" content=\"index, follow, max-snippet:-1, max-image-preview:large, max-video-preview:-1\" \/>\n<link rel=\"canonical\" href=\"https:\/\/aprem-e.org\/index.php\/duelo-perinatal\/\" \/>\n<meta property=\"og:locale\" content=\"es_ES\" \/>\n<meta property=\"og:type\" content=\"article\" \/>\n<meta property=\"og:title\" content=\"Duelo Perinatal - Aprem\" \/>\n<meta property=\"og:description\" content=\"Al hablar de\u00a0duelo perinatal\u00a0nos referimos al proceso que experimentan los progenitores cuando se produce la muerte del beb\u00e9 durante el embarazo, el parto o el primer mes de vida. Como cualquier otro tipo de duelo, causa una gran angustia emocional. Por otra parte, en una sociedad en la que no est\u00e1n bien vistas las demostraciones [&hellip;]\" \/>\n<meta property=\"og:url\" content=\"https:\/\/aprem-e.org\/index.php\/duelo-perinatal\/\" \/>\n<meta property=\"og:site_name\" content=\"Aprem\" \/>\n<meta property=\"article:modified_time\" content=\"2026-03-16T06:32:08+00:00\" \/>\n<meta name=\"twitter:card\" content=\"summary_large_image\" \/>\n<meta name=\"twitter:label1\" content=\"Tiempo de lectura\" \/>\n\t<meta name=\"twitter:data1\" content=\"1 minuto\" \/>\n<script type=\"application\/ld+json\" class=\"yoast-schema-graph\">{\"@context\":\"https:\\\/\\\/schema.org\",\"@graph\":[{\"@type\":\"WebPage\",\"@id\":\"https:\\\/\\\/aprem-e.org\\\/index.php\\\/duelo-perinatal\\\/\",\"url\":\"https:\\\/\\\/aprem-e.org\\\/index.php\\\/duelo-perinatal\\\/\",\"name\":\"Duelo Perinatal - Aprem\",\"isPartOf\":{\"@id\":\"https:\\\/\\\/aprem-e.org\\\/#website\"},\"datePublished\":\"2026-03-16T06:30:11+00:00\",\"dateModified\":\"2026-03-16T06:32:08+00:00\",\"breadcrumb\":{\"@id\":\"https:\\\/\\\/aprem-e.org\\\/index.php\\\/duelo-perinatal\\\/#breadcrumb\"},\"inLanguage\":\"es\",\"potentialAction\":[{\"@type\":\"ReadAction\",\"target\":[\"https:\\\/\\\/aprem-e.org\\\/index.php\\\/duelo-perinatal\\\/\"]}]},{\"@type\":\"BreadcrumbList\",\"@id\":\"https:\\\/\\\/aprem-e.org\\\/index.php\\\/duelo-perinatal\\\/#breadcrumb\",\"itemListElement\":[{\"@type\":\"ListItem\",\"position\":1,\"name\":\"Home\",\"item\":\"https:\\\/\\\/aprem-e.org\\\/\"},{\"@type\":\"ListItem\",\"position\":2,\"name\":\"Duelo Perinatal\"}]},{\"@type\":\"WebSite\",\"@id\":\"https:\\\/\\\/aprem-e.org\\\/#website\",\"url\":\"https:\\\/\\\/aprem-e.org\\\/\",\"name\":\"Aprem\",\"description\":\"Asociaci\u00f3n de Padres de Ni\u00f1os Prematuros\",\"publisher\":{\"@id\":\"https:\\\/\\\/aprem-e.org\\\/#organization\"},\"potentialAction\":[{\"@type\":\"SearchAction\",\"target\":{\"@type\":\"EntryPoint\",\"urlTemplate\":\"https:\\\/\\\/aprem-e.org\\\/?s={search_term_string}\"},\"query-input\":{\"@type\":\"PropertyValueSpecification\",\"valueRequired\":true,\"valueName\":\"search_term_string\"}}],\"inLanguage\":\"es\"},{\"@type\":\"Organization\",\"@id\":\"https:\\\/\\\/aprem-e.org\\\/#organization\",\"name\":\"Aprem\",\"url\":\"https:\\\/\\\/aprem-e.org\\\/\",\"logo\":{\"@type\":\"ImageObject\",\"inLanguage\":\"es\",\"@id\":\"https:\\\/\\\/aprem-e.org\\\/#\\\/schema\\\/logo\\\/image\\\/\",\"url\":\"https:\\\/\\\/aprem-e.org\\\/wp-content\\\/uploads\\\/2025\\\/09\\\/cropped-Logo-APREM_M1.png\",\"contentUrl\":\"https:\\\/\\\/aprem-e.org\\\/wp-content\\\/uploads\\\/2025\\\/09\\\/cropped-Logo-APREM_M1.png\",\"width\":512,\"height\":512,\"caption\":\"Aprem\"},\"image\":{\"@id\":\"https:\\\/\\\/aprem-e.org\\\/#\\\/schema\\\/logo\\\/image\\\/\"}}]}<\/script>\n<!-- \/ Yoast SEO plugin. -->","yoast_head_json":{"title":"Duelo Perinatal - Aprem","robots":{"index":"index","follow":"follow","max-snippet":"max-snippet:-1","max-image-preview":"max-image-preview:large","max-video-preview":"max-video-preview:-1"},"canonical":"https:\/\/aprem-e.org\/index.php\/duelo-perinatal\/","og_locale":"es_ES","og_type":"article","og_title":"Duelo Perinatal - Aprem","og_description":"Al hablar de\u00a0duelo perinatal\u00a0nos referimos al proceso que experimentan los progenitores cuando se produce la muerte del beb\u00e9 durante el embarazo, el parto o el primer mes de vida. Como cualquier otro tipo de duelo, causa una gran angustia emocional. Por otra parte, en una sociedad en la que no est\u00e1n bien vistas las demostraciones [&hellip;]","og_url":"https:\/\/aprem-e.org\/index.php\/duelo-perinatal\/","og_site_name":"Aprem","article_modified_time":"2026-03-16T06:32:08+00:00","twitter_card":"summary_large_image","twitter_misc":{"Tiempo de lectura":"1 minuto"},"schema":{"@context":"https:\/\/schema.org","@graph":[{"@type":"WebPage","@id":"https:\/\/aprem-e.org\/index.php\/duelo-perinatal\/","url":"https:\/\/aprem-e.org\/index.php\/duelo-perinatal\/","name":"Duelo Perinatal - Aprem","isPartOf":{"@id":"https:\/\/aprem-e.org\/#website"},"datePublished":"2026-03-16T06:30:11+00:00","dateModified":"2026-03-16T06:32:08+00:00","breadcrumb":{"@id":"https:\/\/aprem-e.org\/index.php\/duelo-perinatal\/#breadcrumb"},"inLanguage":"es","potentialAction":[{"@type":"ReadAction","target":["https:\/\/aprem-e.org\/index.php\/duelo-perinatal\/"]}]},{"@type":"BreadcrumbList","@id":"https:\/\/aprem-e.org\/index.php\/duelo-perinatal\/#breadcrumb","itemListElement":[{"@type":"ListItem","position":1,"name":"Home","item":"https:\/\/aprem-e.org\/"},{"@type":"ListItem","position":2,"name":"Duelo Perinatal"}]},{"@type":"WebSite","@id":"https:\/\/aprem-e.org\/#website","url":"https:\/\/aprem-e.org\/","name":"Aprem","description":"Asociaci\u00f3n de Padres de Ni\u00f1os Prematuros","publisher":{"@id":"https:\/\/aprem-e.org\/#organization"},"potentialAction":[{"@type":"SearchAction","target":{"@type":"EntryPoint","urlTemplate":"https:\/\/aprem-e.org\/?s={search_term_string}"},"query-input":{"@type":"PropertyValueSpecification","valueRequired":true,"valueName":"search_term_string"}}],"inLanguage":"es"},{"@type":"Organization","@id":"https:\/\/aprem-e.org\/#organization","name":"Aprem","url":"https:\/\/aprem-e.org\/","logo":{"@type":"ImageObject","inLanguage":"es","@id":"https:\/\/aprem-e.org\/#\/schema\/logo\/image\/","url":"https:\/\/aprem-e.org\/wp-content\/uploads\/2025\/09\/cropped-Logo-APREM_M1.png","contentUrl":"https:\/\/aprem-e.org\/wp-content\/uploads\/2025\/09\/cropped-Logo-APREM_M1.png","width":512,"height":512,"caption":"Aprem"},"image":{"@id":"https:\/\/aprem-e.org\/#\/schema\/logo\/image\/"}}]}},"_links":{"self":[{"href":"https:\/\/aprem-e.org\/index.php\/wp-json\/wp\/v2\/pages\/21348","targetHints":{"allow":["GET"]}}],"collection":[{"href":"https:\/\/aprem-e.org\/index.php\/wp-json\/wp\/v2\/pages"}],"about":[{"href":"https:\/\/aprem-e.org\/index.php\/wp-json\/wp\/v2\/types\/page"}],"author":[{"embeddable":true,"href":"https:\/\/aprem-e.org\/index.php\/wp-json\/wp\/v2\/users\/1"}],"replies":[{"embeddable":true,"href":"https:\/\/aprem-e.org\/index.php\/wp-json\/wp\/v2\/comments?post=21348"}],"version-history":[{"count":4,"href":"https:\/\/aprem-e.org\/index.php\/wp-json\/wp\/v2\/pages\/21348\/revisions"}],"predecessor-version":[{"id":21352,"href":"https:\/\/aprem-e.org\/index.php\/wp-json\/wp\/v2\/pages\/21348\/revisions\/21352"}],"wp:attachment":[{"href":"https:\/\/aprem-e.org\/index.php\/wp-json\/wp\/v2\/media?parent=21348"}],"curies":[{"name":"wp","href":"https:\/\/api.w.org\/{rel}","templated":true}]}}