{"id":238,"date":"2025-10-21T21:12:00","date_gmt":"2025-10-21T21:12:00","guid":{"rendered":"https:\/\/aprem-e.org\/?page_id=238"},"modified":"2025-11-13T14:56:40","modified_gmt":"2025-11-13T14:56:40","slug":"aprem-pais-vasco","status":"publish","type":"page","link":"https:\/\/aprem-e.org\/index.php\/aprem-pais-vasco\/","title":{"rendered":"APREM Pa\u00eds Vasco"},"content":{"rendered":"\t\t<div data-elementor-type=\"wp-page\" data-elementor-id=\"238\" class=\"elementor elementor-238\" data-elementor-post-type=\"page\">\n\t\t\t\t\t\t<section class=\"elementor-section elementor-top-section elementor-element elementor-element-2914f3b elementor-section-boxed elementor-section-height-default elementor-section-height-default\" data-id=\"2914f3b\" data-element_type=\"section\" data-e-type=\"section\">\n\t\t\t\t\t\t<div class=\"elementor-container elementor-column-gap-default\">\n\t\t\t\t\t<div class=\"elementor-column elementor-col-100 elementor-top-column elementor-element elementor-element-39b30f3\" data-id=\"39b30f3\" data-element_type=\"column\" data-e-type=\"column\">\n\t\t\t<div class=\"elementor-widget-wrap elementor-element-populated\">\n\t\t\t\t\t\t<div class=\"elementor-element elementor-element-385b3c5 elementor-widget elementor-widget-heading\" data-id=\"385b3c5\" data-element_type=\"widget\" data-e-type=\"widget\" data-widget_type=\"heading.default\">\n\t\t\t\t\t<h1 class=\"elementor-heading-title elementor-size-default\">APREM Pa\u00eds Vasco<\/h1>\t\t\t\t<\/div>\n\t\t\t\t\t<\/div>\n\t\t<\/div>\n\t\t\t\t\t<\/div>\n\t\t<\/section>\n\t\t<div class=\"elementor-element elementor-element-02f2f70 e-flex e-con-boxed e-con e-parent\" data-id=\"02f2f70\" data-element_type=\"container\" data-e-type=\"container\">\n\t\t\t\t\t<div class=\"e-con-inner\">\n\t\t<div class=\"elementor-element elementor-element-b2aff95 e-con-full e-flex e-con e-child\" data-id=\"b2aff95\" data-element_type=\"container\" data-e-type=\"container\">\n\t\t\t\t<div class=\"elementor-element elementor-element-ba98ac1 elementor-widget elementor-widget-heading\" data-id=\"ba98ac1\" data-element_type=\"widget\" data-e-type=\"widget\" data-widget_type=\"heading.default\">\n\t\t\t\t\t<h2 class=\"elementor-heading-title elementor-size-default\">\nHistoria<\/h2>\t\t\t\t<\/div>\n\t\t\t\t<div class=\"elementor-element elementor-element-5a0670a elementor-widget__width-initial elementor-widget elementor-widget-text-editor\" data-id=\"5a0670a\" data-element_type=\"widget\" data-e-type=\"widget\" data-widget_type=\"text-editor.default\">\n\t\t\t\t\t\t\t\t\t<p><span style=\"font-weight: 400;\">APREM PA\u00cdS VASCO acaba de empezar a andar este 2025, lo mismo que Astrid Ulnos, reci\u00e9n aterrizada en este mundo de la prematuridad. En este caso, la asociaci\u00f3n tambi\u00e9n surge de la inquietud y las ganas de ayudar a las familias que pasan por este proceso, tras ver que existe un \u201cvac\u00edo \u201c en torno a este mundo, que es m\u00e1s frecuente de lo que creemos.\u00a0 Con ganas de apoyar, acompa\u00f1ar y dar visibilidad empezamos este camino.<\/span><\/p>\t\t\t\t\t\t\t\t<\/div>\n\t\t\t\t<\/div>\n\t\t<div class=\"elementor-element elementor-element-57ef436 e-con-full e-flex e-con e-child\" data-id=\"57ef436\" data-element_type=\"container\" data-e-type=\"container\">\n\t\t\t\t<div class=\"elementor-element elementor-element-fef4d9e elementor-widget elementor-widget-image\" data-id=\"fef4d9e\" data-element_type=\"widget\" data-e-type=\"widget\" data-widget_type=\"image.default\">\n\t\t\t\t\t\t\t\t\t\t\t\t\t\t\t<img fetchpriority=\"high\" decoding=\"async\" width=\"800\" height=\"534\" src=\"https:\/\/aprem-e.org\/wp-content\/uploads\/2025\/11\/image-1024x684.jpeg\" class=\"attachment-large size-large wp-image-340\" alt=\"\" srcset=\"https:\/\/aprem-e.org\/wp-content\/uploads\/2025\/11\/image-1024x684.jpeg 1024w, https:\/\/aprem-e.org\/wp-content\/uploads\/2025\/11\/image-300x200.jpeg 300w, https:\/\/aprem-e.org\/wp-content\/uploads\/2025\/11\/image-768x513.jpeg 768w, https:\/\/aprem-e.org\/wp-content\/uploads\/2025\/11\/image-1536x1025.jpeg 1536w, https:\/\/aprem-e.org\/wp-content\/uploads\/2025\/11\/image.jpeg 1600w\" sizes=\"(max-width: 800px) 100vw, 800px\" \/>\t\t\t\t\t\t\t\t\t\t\t\t\t\t\t<\/div>\n\t\t\t\t<\/div>\n\t\t\t\t\t<\/div>\n\t\t\t\t<\/div>\n\t\t\t\t<section class=\"elementor-section elementor-top-section elementor-element elementor-element-e2db04b elementor-section-boxed elementor-section-height-default elementor-section-height-default\" data-id=\"e2db04b\" data-element_type=\"section\" data-e-type=\"section\">\n\t\t\t\t\t\t<div class=\"elementor-container elementor-column-gap-default\">\n\t\t\t\t\t<div class=\"elementor-column elementor-col-50 elementor-top-column elementor-element elementor-element-269192b\" data-id=\"269192b\" data-element_type=\"column\" data-e-type=\"column\">\n\t\t\t<div class=\"elementor-widget-wrap elementor-element-populated\">\n\t\t\t\t\t\t<div class=\"elementor-element elementor-element-dd60143 elementor-widget__width-initial elementor-widget elementor-widget-image\" data-id=\"dd60143\" data-element_type=\"widget\" data-e-type=\"widget\" data-widget_type=\"image.default\">\n\t\t\t\t\t\t\t\t\t\t\t\t\t\t\t<img decoding=\"async\" src=\"https:\/\/aprem-e.org\/wp-content\/uploads\/2025\/11\/da4941dc-0bf1-4532-b785-8ff06218f58f-1.jpg\" title=\"da4941dc-0bf1-4532-b785-8ff06218f58f (1)\" alt=\"da4941dc-0bf1-4532-b785-8ff06218f58f (1)\" loading=\"lazy\" \/>\t\t\t\t\t\t\t\t\t\t\t\t\t\t\t<\/div>\n\t\t\t\t<div class=\"elementor-element elementor-element-51c7bd5 elementor-widget elementor-widget-spacer\" data-id=\"51c7bd5\" data-element_type=\"widget\" data-e-type=\"widget\" data-widget_type=\"spacer.default\">\n\t\t\t\t\t\t\t<div class=\"elementor-spacer\">\n\t\t\t<div class=\"elementor-spacer-inner\"><\/div>\n\t\t<\/div>\n\t\t\t\t\t\t<\/div>\n\t\t\t\t\t<\/div>\n\t\t<\/div>\n\t\t\t\t<div class=\"elementor-column elementor-col-50 elementor-top-column elementor-element elementor-element-ffd1f6e\" data-id=\"ffd1f6e\" data-element_type=\"column\" data-e-type=\"column\">\n\t\t\t<div class=\"elementor-widget-wrap elementor-element-populated\">\n\t\t\t\t\t\t<div class=\"elementor-element elementor-element-a31c1c1 elementor-widget elementor-widget-heading\" data-id=\"a31c1c1\" data-element_type=\"widget\" data-e-type=\"widget\" data-widget_type=\"heading.default\">\n\t\t\t\t\t<h2 class=\"elementor-heading-title elementor-size-default\">Fundaci\u00f3n: 2025<\/h2>\t\t\t\t<\/div>\n\t\t\t\t<div class=\"elementor-element elementor-element-323172d elementor-widget elementor-widget-heading\" data-id=\"323172d\" data-element_type=\"widget\" data-e-type=\"widget\" data-widget_type=\"heading.default\">\n\t\t\t\t\t<h2 class=\"elementor-heading-title elementor-size-default\">Programas<\/h2>\t\t\t\t<\/div>\n\t\t\t\t<div class=\"elementor-element elementor-element-55ed298 elementor-widget__width-initial elementor-widget elementor-widget-text-editor\" data-id=\"55ed298\" data-element_type=\"widget\" data-e-type=\"widget\" data-widget_type=\"text-editor.default\">\n\t\t\t\t\t\t\t\t\t<ul><li style=\"font-weight: 400;\" aria-level=\"1\"><span style=\"font-weight: 400;\">Reuniones peri\u00f3dicas con las profesionales responsables de la UCIN del Hospital de Basurto<\/span><\/li><li style=\"font-weight: 400;\" aria-level=\"1\"><span style=\"font-weight: 400;\">Apoyo familia a familia: colaboramos con el Hospital de Basurto para acompa\u00f1ar emocional y psicol\u00f3gicamente a las familias de la UCIN.\u00a0<\/span><\/li><li style=\"font-weight: 400;\" aria-level=\"1\"><span style=\"font-weight: 400;\">Reuniones con familias de ni\u00f1os\/as prematuros para compartir experiencias y crear una comunidad segura donde hablar de nuestros miedos, dudas\u00a0 y poder acompa\u00f1arnos en este nuevo camino. \u201c<\/span><span style=\"font-weight: 400;\">Para educar a un ni\u00f1o, hace falta una tribu entera\u00bb<\/span><\/li><\/ul>\t\t\t\t\t\t\t\t<\/div>\n\t\t\t\t<div class=\"elementor-element elementor-element-93b99fe elementor-widget elementor-widget-heading\" data-id=\"93b99fe\" data-element_type=\"widget\" data-e-type=\"widget\" data-widget_type=\"heading.default\">\n\t\t\t\t\t<h2 class=\"elementor-heading-title elementor-size-default\">Hospital en el que estamos presentes: <\/h2>\t\t\t\t<\/div>\n\t\t\t\t<div class=\"elementor-element elementor-element-3f1c05f elementor-widget__width-initial elementor-widget elementor-widget-heading\" data-id=\"3f1c05f\" data-element_type=\"widget\" data-e-type=\"widget\" data-widget_type=\"heading.default\">\n\t\t\t\t\t<h4 class=\"elementor-heading-title elementor-size-default\"><a href=\"https:\/\/www.pamplona.es\/entidades\/hospital-universitario-de-navarra-virgen-del-camino-hun\">Hospital Universitario de Basurto.<\/a><\/h4>\t\t\t\t<\/div>\n\t\t\t\t<div class=\"elementor-element elementor-element-d20d7af elementor-widget elementor-widget-spacer\" data-id=\"d20d7af\" data-element_type=\"widget\" data-e-type=\"widget\" data-widget_type=\"spacer.default\">\n\t\t\t\t\t\t\t<div class=\"elementor-spacer\">\n\t\t\t<div class=\"elementor-spacer-inner\"><\/div>\n\t\t<\/div>\n\t\t\t\t\t\t<\/div>\n\t\t\t\t\t<\/div>\n\t\t<\/div>\n\t\t\t\t\t<\/div>\n\t\t<\/section>\n\t\t<div class=\"elementor-element elementor-element-7538393 e-flex e-con-boxed e-con e-parent\" data-id=\"7538393\" data-element_type=\"container\" data-e-type=\"container\">\n\t\t\t\t\t<div class=\"e-con-inner\">\n\t\t\t\t<div class=\"elementor-element elementor-element-ffc4343 elementor-widget elementor-widget-heading\" data-id=\"ffc4343\" data-element_type=\"widget\" data-e-type=\"widget\" data-widget_type=\"heading.default\">\n\t\t\t\t\t<h2 class=\"elementor-heading-title elementor-size-default\">Contacto:<\/h2>\t\t\t\t<\/div>\n\t\t<div class=\"elementor-element elementor-element-a3a51e5 e-con-full e-flex e-con e-child\" data-id=\"a3a51e5\" data-element_type=\"container\" data-e-type=\"container\">\n\t\t<div class=\"elementor-element elementor-element-5fccc00 e-con-full e-flex e-con e-child\" data-id=\"5fccc00\" data-element_type=\"container\" data-e-type=\"container\">\n\t\t\t\t<div class=\"elementor-element elementor-element-298477a elementor-view-default elementor-widget elementor-widget-icon\" data-id=\"298477a\" data-element_type=\"widget\" data-e-type=\"widget\" data-widget_type=\"icon.default\">\n\t\t\t\t\t\t\t<div class=\"elementor-icon-wrapper\">\n\t\t\t<div class=\"elementor-icon\">\n\t\t\t<svg aria-hidden=\"true\" class=\"e-font-icon-svg e-fas-envelope\" viewBox=\"0 0 512 512\" xmlns=\"http:\/\/www.w3.org\/2000\/svg\"><path d=\"M502.3 190.8c3.9-3.1 9.7-.2 9.7 4.7V400c0 26.5-21.5 48-48 48H48c-26.5 0-48-21.5-48-48V195.6c0-5 5.7-7.8 9.7-4.7 22.4 17.4 52.1 39.5 154.1 113.6 21.1 15.4 56.7 47.8 92.2 47.6 35.7.3 72-32.8 92.3-47.6 102-74.1 131.6-96.3 154-113.7zM256 320c23.2.4 56.6-29.2 73.4-41.4 132.7-96.3 142.8-104.7 173.4-128.7 5.8-4.5 9.2-11.5 9.2-18.9v-19c0-26.5-21.5-48-48-48H48C21.5 64 0 85.5 0 112v19c0 7.4 3.4 14.3 9.2 18.9 30.6 23.9 40.7 32.4 173.4 128.7 16.8 12.2 50.2 41.8 73.4 41.4z\"><\/path><\/svg>\t\t\t<\/div>\n\t\t<\/div>\n\t\t\t\t\t\t<\/div>\n\t\t\t\t<div class=\"elementor-element elementor-element-cc24717 elementor-widget elementor-widget-heading\" data-id=\"cc24717\" data-element_type=\"widget\" data-e-type=\"widget\" data-widget_type=\"heading.default\">\n\t\t\t\t\t<h2 class=\"elementor-heading-title elementor-size-default\">aprem_paisvasco@aprem-e.org<\/h2>\t\t\t\t<\/div>\n\t\t\t\t<\/div>\n\t\t<a class=\"elementor-element elementor-element-7f681f3 e-con-full e-flex e-con e-child\" data-id=\"7f681f3\" data-element_type=\"container\" data-e-type=\"container\" href=\"https:\/\/www.instagram.com\/aprem_euskadi?igsh=NnN1N2tnbHNoczZ4\" target=\"_blank\">\n\t\t\t\t<div class=\"elementor-element elementor-element-d2a41cc elementor-view-default elementor-widget elementor-widget-icon\" data-id=\"d2a41cc\" data-element_type=\"widget\" data-e-type=\"widget\" data-widget_type=\"icon.default\">\n\t\t\t\t\t\t\t<div class=\"elementor-icon-wrapper\">\n\t\t\t<div class=\"elementor-icon\">\n\t\t\t<svg aria-hidden=\"true\" class=\"e-font-icon-svg e-fab-instagram\" viewBox=\"0 0 448 512\" xmlns=\"http:\/\/www.w3.org\/2000\/svg\"><path d=\"M224.1 141c-63.6 0-114.9 51.3-114.9 114.9s51.3 114.9 114.9 114.9S339 319.5 339 255.9 287.7 141 224.1 141zm0 189.6c-41.1 0-74.7-33.5-74.7-74.7s33.5-74.7 74.7-74.7 74.7 33.5 74.7 74.7-33.6 74.7-74.7 74.7zm146.4-194.3c0 14.9-12 26.8-26.8 26.8-14.9 0-26.8-12-26.8-26.8s12-26.8 26.8-26.8 26.8 12 26.8 26.8zm76.1 27.2c-1.7-35.9-9.9-67.7-36.2-93.9-26.2-26.2-58-34.4-93.9-36.2-37-2.1-147.9-2.1-184.9 0-35.8 1.7-67.6 9.9-93.9 36.1s-34.4 58-36.2 93.9c-2.1 37-2.1 147.9 0 184.9 1.7 35.9 9.9 67.7 36.2 93.9s58 34.4 93.9 36.2c37 2.1 147.9 2.1 184.9 0 35.9-1.7 67.7-9.9 93.9-36.2 26.2-26.2 34.4-58 36.2-93.9 2.1-37 2.1-147.8 0-184.8zM398.8 388c-7.8 19.6-22.9 34.7-42.6 42.6-29.5 11.7-99.5 9-132.1 9s-102.7 2.6-132.1-9c-19.6-7.8-34.7-22.9-42.6-42.6-11.7-29.5-9-99.5-9-132.1s-2.6-102.7 9-132.1c7.8-19.6 22.9-34.7 42.6-42.6 29.5-11.7 99.5-9 132.1-9s102.7-2.6 132.1 9c19.6 7.8 34.7 22.9 42.6 42.6 11.7 29.5 9 99.5 9 132.1s2.7 102.7-9 132.1z\"><\/path><\/svg>\t\t\t<\/div>\n\t\t<\/div>\n\t\t\t\t\t\t<\/div>\n\t\t\t\t<div class=\"elementor-element elementor-element-728edfb elementor-widget elementor-widget-heading\" data-id=\"728edfb\" data-element_type=\"widget\" data-e-type=\"widget\" data-widget_type=\"heading.default\">\n\t\t\t\t\t<h2 class=\"elementor-heading-title elementor-size-default\">@aprem_esuskadi<\/h2>\t\t\t\t<\/div>\n\t\t\t\t<\/a>\n\t\t\t\t<\/div>\n\t\t\t\t\t<\/div>\n\t\t\t\t<\/div>\n\t\t<div class=\"elementor-element elementor-element-e42ac28 e-flex e-con-boxed e-con e-parent\" data-id=\"e42ac28\" data-element_type=\"container\" data-e-type=\"container\">\n\t\t\t\t\t<div class=\"e-con-inner\">\n\t\t\t\t<div class=\"elementor-element elementor-element-5a078e9 elementor-widget elementor-widget-heading\" data-id=\"5a078e9\" data-element_type=\"widget\" data-e-type=\"widget\" data-widget_type=\"heading.default\">\n\t\t\t\t\t<h2 class=\"elementor-heading-title elementor-size-default\">Persona de Contacto<\/h2>\t\t\t\t<\/div>\n\t\t<div class=\"elementor-element elementor-element-aef7722 e-con-full e-flex e-con e-child\" data-id=\"aef7722\" data-element_type=\"container\" data-e-type=\"container\">\n\t\t<div class=\"elementor-element elementor-element-a4f16ea e-con-full e-flex e-con e-child\" data-id=\"a4f16ea\" data-element_type=\"container\" data-e-type=\"container\">\n\t\t\t\t<div class=\"elementor-element elementor-element-f8d757e elementor-widget elementor-widget-heading\" data-id=\"f8d757e\" data-element_type=\"widget\" data-e-type=\"widget\" data-widget_type=\"heading.default\">\n\t\t\t\t\t<h2 class=\"elementor-heading-title elementor-size-default\">Astrid Ulnos<\/h2>\t\t\t\t<\/div>\n\t\t\t\t<div class=\"elementor-element elementor-element-8297c1b elementor-widget__width-initial elementor-widget elementor-widget-text-editor\" data-id=\"8297c1b\" data-element_type=\"widget\" data-e-type=\"widget\" data-widget_type=\"text-editor.default\">\n\t\t\t\t\t\t\t\t\t<p><span style=\"font-weight: 400;\">Vive en Bilbao y fue amatxu en abril de 2024, con 26 semanas de gestaci\u00f3n, Tras casi 4 meses ingresados en la UCIN del Hospital de Basurto ( inclu\u00eddo un traslado a Cruces), se anima a empezar este camino\u00a0 con la ilusi\u00f3n de poder ayudar, acompa\u00f1ar a las familias que pasen por este proceso, dando el reconocimiento que la prematuridad se merece tanto\u00a0 a nivel social\u00a0 como institucional.<\/span><\/p>\t\t\t\t\t\t\t\t<\/div>\n\t\t\t\t<\/div>\n\t\t<div class=\"elementor-element elementor-element-864f5df e-con-full e-flex e-con e-child\" data-id=\"864f5df\" data-element_type=\"container\" data-e-type=\"container\">\n\t\t\t\t<div class=\"elementor-element elementor-element-f1f257e elementor-widget elementor-widget-image\" data-id=\"f1f257e\" data-element_type=\"widget\" data-e-type=\"widget\" data-widget_type=\"image.default\">\n\t\t\t\t\t\t\t\t\t\t\t\t\t\t\t<img decoding=\"async\" width=\"193\" height=\"300\" src=\"https:\/\/aprem-e.org\/wp-content\/uploads\/2025\/10\/IMG_5522-193x300-1.jpeg\" class=\"attachment-large size-large wp-image-246\" alt=\"\" \/>\t\t\t\t\t\t\t\t\t\t\t\t\t\t\t<\/div>\n\t\t\t\t<\/div>\n\t\t\t\t<\/div>\n\t\t\t\t\t<\/div>\n\t\t\t\t<\/div>\n\t\t\t\t<\/div>\n\t\t","protected":false},"excerpt":{"rendered":"<p>APREM Pa\u00eds Vasco Historia APREM PA\u00cdS VASCO acaba de empezar a andar este 2025, lo mismo que Astrid Ulnos, reci\u00e9n aterrizada en este mundo de la prematuridad. En este caso, la asociaci\u00f3n tambi\u00e9n surge de la inquietud y las ganas de ayudar a las familias que pasan por este proceso, tras ver que existe un [&hellip;]<\/p>\n","protected":false},"author":1,"featured_media":0,"parent":0,"menu_order":0,"comment_status":"closed","ping_status":"closed","template":"","meta":{"inline_featured_image":false,"footnotes":""},"class_list":["post-238","page","type-page","status-publish","hentry"],"yoast_head":"<!-- This site is optimized with the Yoast SEO plugin v27.4 - https:\/\/yoast.com\/product\/yoast-seo-wordpress\/ -->\n<title>APREM Pa\u00eds Vasco - Aprem<\/title>\n<meta name=\"description\" content=\"APREM PA\u00cdS VASCO acaba de empezar a andar este 2025, lo mismo que Astrid Ulnos, reci\u00e9n aterrizada en este mundo de la prematuridad\" \/>\n<meta name=\"robots\" content=\"index, follow, max-snippet:-1, max-image-preview:large, max-video-preview:-1\" \/>\n<link rel=\"canonical\" href=\"https:\/\/aprem-e.org\/index.php\/aprem-pais-vasco\/\" \/>\n<meta property=\"og:locale\" content=\"es_ES\" \/>\n<meta property=\"og:type\" content=\"article\" \/>\n<meta property=\"og:title\" content=\"APREM Pa\u00eds Vasco - Aprem\" \/>\n<meta property=\"og:description\" content=\"APREM PA\u00cdS VASCO acaba de empezar a andar este 2025, lo mismo que Astrid Ulnos, reci\u00e9n aterrizada en este mundo de la prematuridad\" \/>\n<meta property=\"og:url\" content=\"https:\/\/aprem-e.org\/index.php\/aprem-pais-vasco\/\" \/>\n<meta property=\"og:site_name\" content=\"Aprem\" \/>\n<meta property=\"article:modified_time\" content=\"2025-11-13T14:56:40+00:00\" \/>\n<meta property=\"og:image\" content=\"https:\/\/aprem-e.org\/wp-content\/uploads\/2025\/11\/image.jpeg\" \/>\n\t<meta property=\"og:image:width\" content=\"1600\" \/>\n\t<meta property=\"og:image:height\" content=\"1068\" \/>\n\t<meta property=\"og:image:type\" content=\"image\/jpeg\" \/>\n<meta name=\"twitter:card\" content=\"summary_large_image\" \/>\n<meta name=\"twitter:label1\" content=\"Tiempo de lectura\" \/>\n\t<meta name=\"twitter:data1\" content=\"2 minutos\" \/>\n<script type=\"application\/ld+json\" class=\"yoast-schema-graph\">{\"@context\":\"https:\\\/\\\/schema.org\",\"@graph\":[{\"@type\":\"WebPage\",\"@id\":\"https:\\\/\\\/aprem-e.org\\\/index.php\\\/aprem-pais-vasco\\\/\",\"url\":\"https:\\\/\\\/aprem-e.org\\\/index.php\\\/aprem-pais-vasco\\\/\",\"name\":\"APREM Pa\u00eds Vasco - Aprem\",\"isPartOf\":{\"@id\":\"https:\\\/\\\/aprem-e.org\\\/#website\"},\"primaryImageOfPage\":{\"@id\":\"https:\\\/\\\/aprem-e.org\\\/index.php\\\/aprem-pais-vasco\\\/#primaryimage\"},\"image\":{\"@id\":\"https:\\\/\\\/aprem-e.org\\\/index.php\\\/aprem-pais-vasco\\\/#primaryimage\"},\"thumbnailUrl\":\"https:\\\/\\\/aprem-e.org\\\/wp-content\\\/uploads\\\/2025\\\/11\\\/image-1024x684.jpeg\",\"datePublished\":\"2025-10-21T21:12:00+00:00\",\"dateModified\":\"2025-11-13T14:56:40+00:00\",\"description\":\"APREM PA\u00cdS VASCO acaba de empezar a andar este 2025, lo mismo que Astrid Ulnos, reci\u00e9n aterrizada en este mundo de la prematuridad\",\"breadcrumb\":{\"@id\":\"https:\\\/\\\/aprem-e.org\\\/index.php\\\/aprem-pais-vasco\\\/#breadcrumb\"},\"inLanguage\":\"es\",\"potentialAction\":[{\"@type\":\"ReadAction\",\"target\":[\"https:\\\/\\\/aprem-e.org\\\/index.php\\\/aprem-pais-vasco\\\/\"]}]},{\"@type\":\"ImageObject\",\"inLanguage\":\"es\",\"@id\":\"https:\\\/\\\/aprem-e.org\\\/index.php\\\/aprem-pais-vasco\\\/#primaryimage\",\"url\":\"https:\\\/\\\/aprem-e.org\\\/wp-content\\\/uploads\\\/2025\\\/11\\\/image.jpeg\",\"contentUrl\":\"https:\\\/\\\/aprem-e.org\\\/wp-content\\\/uploads\\\/2025\\\/11\\\/image.jpeg\",\"width\":1600,\"height\":1068},{\"@type\":\"BreadcrumbList\",\"@id\":\"https:\\\/\\\/aprem-e.org\\\/index.php\\\/aprem-pais-vasco\\\/#breadcrumb\",\"itemListElement\":[{\"@type\":\"ListItem\",\"position\":1,\"name\":\"Home\",\"item\":\"https:\\\/\\\/aprem-e.org\\\/\"},{\"@type\":\"ListItem\",\"position\":2,\"name\":\"APREM Pa\u00eds Vasco\"}]},{\"@type\":\"WebSite\",\"@id\":\"https:\\\/\\\/aprem-e.org\\\/#website\",\"url\":\"https:\\\/\\\/aprem-e.org\\\/\",\"name\":\"Aprem\",\"description\":\"Asociaci\u00f3n de Padres de Ni\u00f1os Prematuros\",\"publisher\":{\"@id\":\"https:\\\/\\\/aprem-e.org\\\/#organization\"},\"potentialAction\":[{\"@type\":\"SearchAction\",\"target\":{\"@type\":\"EntryPoint\",\"urlTemplate\":\"https:\\\/\\\/aprem-e.org\\\/?s={search_term_string}\"},\"query-input\":{\"@type\":\"PropertyValueSpecification\",\"valueRequired\":true,\"valueName\":\"search_term_string\"}}],\"inLanguage\":\"es\"},{\"@type\":\"Organization\",\"@id\":\"https:\\\/\\\/aprem-e.org\\\/#organization\",\"name\":\"Aprem\",\"url\":\"https:\\\/\\\/aprem-e.org\\\/\",\"logo\":{\"@type\":\"ImageObject\",\"inLanguage\":\"es\",\"@id\":\"https:\\\/\\\/aprem-e.org\\\/#\\\/schema\\\/logo\\\/image\\\/\",\"url\":\"https:\\\/\\\/aprem-e.org\\\/wp-content\\\/uploads\\\/2025\\\/09\\\/cropped-Logo-APREM_M1.png\",\"contentUrl\":\"https:\\\/\\\/aprem-e.org\\\/wp-content\\\/uploads\\\/2025\\\/09\\\/cropped-Logo-APREM_M1.png\",\"width\":512,\"height\":512,\"caption\":\"Aprem\"},\"image\":{\"@id\":\"https:\\\/\\\/aprem-e.org\\\/#\\\/schema\\\/logo\\\/image\\\/\"}}]}<\/script>\n<!-- \/ Yoast SEO plugin. -->","yoast_head_json":{"title":"APREM Pa\u00eds Vasco - Aprem","description":"APREM PA\u00cdS VASCO acaba de empezar a andar este 2025, lo mismo que Astrid Ulnos, reci\u00e9n aterrizada en este mundo de la prematuridad","robots":{"index":"index","follow":"follow","max-snippet":"max-snippet:-1","max-image-preview":"max-image-preview:large","max-video-preview":"max-video-preview:-1"},"canonical":"https:\/\/aprem-e.org\/index.php\/aprem-pais-vasco\/","og_locale":"es_ES","og_type":"article","og_title":"APREM Pa\u00eds Vasco - Aprem","og_description":"APREM PA\u00cdS VASCO acaba de empezar a andar este 2025, lo mismo que Astrid Ulnos, reci\u00e9n aterrizada en este mundo de la prematuridad","og_url":"https:\/\/aprem-e.org\/index.php\/aprem-pais-vasco\/","og_site_name":"Aprem","article_modified_time":"2025-11-13T14:56:40+00:00","og_image":[{"width":1600,"height":1068,"url":"https:\/\/aprem-e.org\/wp-content\/uploads\/2025\/11\/image.jpeg","type":"image\/jpeg"}],"twitter_card":"summary_large_image","twitter_misc":{"Tiempo de lectura":"2 minutos"},"schema":{"@context":"https:\/\/schema.org","@graph":[{"@type":"WebPage","@id":"https:\/\/aprem-e.org\/index.php\/aprem-pais-vasco\/","url":"https:\/\/aprem-e.org\/index.php\/aprem-pais-vasco\/","name":"APREM Pa\u00eds Vasco - Aprem","isPartOf":{"@id":"https:\/\/aprem-e.org\/#website"},"primaryImageOfPage":{"@id":"https:\/\/aprem-e.org\/index.php\/aprem-pais-vasco\/#primaryimage"},"image":{"@id":"https:\/\/aprem-e.org\/index.php\/aprem-pais-vasco\/#primaryimage"},"thumbnailUrl":"https:\/\/aprem-e.org\/wp-content\/uploads\/2025\/11\/image-1024x684.jpeg","datePublished":"2025-10-21T21:12:00+00:00","dateModified":"2025-11-13T14:56:40+00:00","description":"APREM PA\u00cdS VASCO acaba de empezar a andar este 2025, lo mismo que Astrid Ulnos, reci\u00e9n aterrizada en este mundo de la prematuridad","breadcrumb":{"@id":"https:\/\/aprem-e.org\/index.php\/aprem-pais-vasco\/#breadcrumb"},"inLanguage":"es","potentialAction":[{"@type":"ReadAction","target":["https:\/\/aprem-e.org\/index.php\/aprem-pais-vasco\/"]}]},{"@type":"ImageObject","inLanguage":"es","@id":"https:\/\/aprem-e.org\/index.php\/aprem-pais-vasco\/#primaryimage","url":"https:\/\/aprem-e.org\/wp-content\/uploads\/2025\/11\/image.jpeg","contentUrl":"https:\/\/aprem-e.org\/wp-content\/uploads\/2025\/11\/image.jpeg","width":1600,"height":1068},{"@type":"BreadcrumbList","@id":"https:\/\/aprem-e.org\/index.php\/aprem-pais-vasco\/#breadcrumb","itemListElement":[{"@type":"ListItem","position":1,"name":"Home","item":"https:\/\/aprem-e.org\/"},{"@type":"ListItem","position":2,"name":"APREM Pa\u00eds Vasco"}]},{"@type":"WebSite","@id":"https:\/\/aprem-e.org\/#website","url":"https:\/\/aprem-e.org\/","name":"Aprem","description":"Asociaci\u00f3n de Padres de Ni\u00f1os Prematuros","publisher":{"@id":"https:\/\/aprem-e.org\/#organization"},"potentialAction":[{"@type":"SearchAction","target":{"@type":"EntryPoint","urlTemplate":"https:\/\/aprem-e.org\/?s={search_term_string}"},"query-input":{"@type":"PropertyValueSpecification","valueRequired":true,"valueName":"search_term_string"}}],"inLanguage":"es"},{"@type":"Organization","@id":"https:\/\/aprem-e.org\/#organization","name":"Aprem","url":"https:\/\/aprem-e.org\/","logo":{"@type":"ImageObject","inLanguage":"es","@id":"https:\/\/aprem-e.org\/#\/schema\/logo\/image\/","url":"https:\/\/aprem-e.org\/wp-content\/uploads\/2025\/09\/cropped-Logo-APREM_M1.png","contentUrl":"https:\/\/aprem-e.org\/wp-content\/uploads\/2025\/09\/cropped-Logo-APREM_M1.png","width":512,"height":512,"caption":"Aprem"},"image":{"@id":"https:\/\/aprem-e.org\/#\/schema\/logo\/image\/"}}]}},"_links":{"self":[{"href":"https:\/\/aprem-e.org\/index.php\/wp-json\/wp\/v2\/pages\/238","targetHints":{"allow":["GET"]}}],"collection":[{"href":"https:\/\/aprem-e.org\/index.php\/wp-json\/wp\/v2\/pages"}],"about":[{"href":"https:\/\/aprem-e.org\/index.php\/wp-json\/wp\/v2\/types\/page"}],"author":[{"embeddable":true,"href":"https:\/\/aprem-e.org\/index.php\/wp-json\/wp\/v2\/users\/1"}],"replies":[{"embeddable":true,"href":"https:\/\/aprem-e.org\/index.php\/wp-json\/wp\/v2\/comments?post=238"}],"version-history":[{"count":19,"href":"https:\/\/aprem-e.org\/index.php\/wp-json\/wp\/v2\/pages\/238\/revisions"}],"predecessor-version":[{"id":612,"href":"https:\/\/aprem-e.org\/index.php\/wp-json\/wp\/v2\/pages\/238\/revisions\/612"}],"wp:attachment":[{"href":"https:\/\/aprem-e.org\/index.php\/wp-json\/wp\/v2\/media?parent=238"}],"curies":[{"name":"wp","href":"https:\/\/api.w.org\/{rel}","templated":true}]}}