{"id":260,"date":"2025-10-22T01:08:07","date_gmt":"2025-10-22T01:08:07","guid":{"rendered":"https:\/\/aprem-e.org\/?page_id=260"},"modified":"2026-01-28T14:56:56","modified_gmt":"2026-01-28T14:56:56","slug":"unete","status":"publish","type":"page","link":"https:\/\/aprem-e.org\/index.php\/unete\/","title":{"rendered":"\u00danete"},"content":{"rendered":"\t\t<div data-elementor-type=\"wp-page\" data-elementor-id=\"260\" class=\"elementor elementor-260\" data-elementor-post-type=\"page\">\n\t\t\t\t<div class=\"elementor-element elementor-element-71bec58 e-flex e-con-boxed e-con e-parent\" data-id=\"71bec58\" data-element_type=\"container\" data-e-type=\"container\">\n\t\t\t\t\t<div class=\"e-con-inner\">\n\t\t\t\t<div class=\"elementor-element elementor-element-6f039f4 elementor-widget elementor-widget-heading\" data-id=\"6f039f4\" data-element_type=\"widget\" data-e-type=\"widget\" data-widget_type=\"heading.default\">\n\t\t\t\t\t<h2 class=\"elementor-heading-title elementor-size-default\">NUESTRO MOTOR: LOS NI\u00d1OS Y NI\u00d1AS PREMATUROS<\/h2>\t\t\t\t<\/div>\n\t\t\t\t<div class=\"elementor-element elementor-element-4131fab elementor-widget__width-initial elementor-widget elementor-widget-text-editor\" data-id=\"4131fab\" data-element_type=\"widget\" data-e-type=\"widget\" data-widget_type=\"text-editor.default\">\n\t\t\t\t\t\t\t\t\t<p>\u00bfQuieres ayudar a familias con beb\u00e9s prematuros? <b>Ap\u00f3yanos<\/b> con donativos, voluntariados o haci\u00e9ndote socio de APREM.<span style=\"font-weight: 400;\">\u00a0Hay\u00a0 muchas maneras de ayudar. Ponte en contacto con nosotros para saber cu\u00e1l es la que mejor encaja contigo<\/span><\/p>\t\t\t\t\t\t\t\t<\/div>\n\t\t\t\t\t<\/div>\n\t\t\t\t<\/div>\n\t\t<div class=\"elementor-element elementor-element-91398df e-flex e-con-boxed e-con e-parent\" data-id=\"91398df\" data-element_type=\"container\" data-e-type=\"container\">\n\t\t\t\t\t<div class=\"e-con-inner\">\n\t\t<div class=\"elementor-element elementor-element-61c10a9 e-con-full e-flex e-con e-child\" data-id=\"61c10a9\" data-element_type=\"container\" data-e-type=\"container\">\n\t\t<div class=\"elementor-element elementor-element-a5867aa e-con-full e-flex e-con e-child\" data-id=\"a5867aa\" data-element_type=\"container\" data-e-type=\"container\">\n\t\t\t\t<div class=\"elementor-element elementor-element-b2fadae elementor-widget elementor-widget-heading\" data-id=\"b2fadae\" data-element_type=\"widget\" data-e-type=\"widget\" data-widget_type=\"heading.default\">\n\t\t\t\t\t<h2 class=\"elementor-heading-title elementor-size-default\">\u00daNETE<\/h2>\t\t\t\t<\/div>\n\t\t\t\t<\/div>\n\t\t\t\t<\/div>\n\t\t<div class=\"elementor-element elementor-element-f969282 e-con-full e-flex e-con e-child\" data-id=\"f969282\" data-element_type=\"container\" data-e-type=\"container\">\n\t\t<a class=\"elementor-element elementor-element-853594f e-con-full e-flex e-con e-child\" data-id=\"853594f\" data-element_type=\"container\" data-e-type=\"container\" data-settings=\"{&quot;background_background&quot;:&quot;classic&quot;}\" href=\"https:\/\/aprem-e.org\/index.php\/hazte-socio\/\" target=\"_blank\">\n\t\t\t\t<div class=\"elementor-element elementor-element-17c872c elementor-widget__width-initial elementor-position-top elementor-widget elementor-widget-image-box\" data-id=\"17c872c\" data-element_type=\"widget\" data-e-type=\"widget\" data-widget_type=\"image-box.default\">\n\t\t\t\t\t<div class=\"elementor-image-box-wrapper\"><figure class=\"elementor-image-box-img\"><img decoding=\"async\" width=\"128\" height=\"128\" src=\"https:\/\/aprem-e.org\/wp-content\/uploads\/2025\/10\/trush.png\" class=\"attachment-full size-full wp-image-263\" alt=\"\" \/><\/figure><div class=\"elementor-image-box-content\"><h3 class=\"elementor-image-box-title\">Hazte socio<\/h3><p class=\"elementor-image-box-description\">Hazte socio y ay\u00fadanos a que ninguna familia viva la prematuridad en soledad\n\n<\/p><\/div><\/div>\t\t\t\t<\/div>\n\t\t\t\t<\/a>\n\t\t<div class=\"elementor-element elementor-element-0d67c7f e-con-full e-flex e-con e-child\" data-id=\"0d67c7f\" data-element_type=\"container\" data-e-type=\"container\" data-settings=\"{&quot;background_background&quot;:&quot;classic&quot;}\">\n\t\t\t\t<div class=\"elementor-element elementor-element-f2ebbb7 elementor-widget__width-initial elementor-position-top elementor-widget elementor-widget-image-box\" data-id=\"f2ebbb7\" data-element_type=\"widget\" data-e-type=\"widget\" data-widget_type=\"image-box.default\">\n\t\t\t\t\t<div class=\"elementor-image-box-wrapper\"><figure class=\"elementor-image-box-img\"><img decoding=\"async\" width=\"128\" height=\"128\" src=\"https:\/\/aprem-e.org\/wp-content\/uploads\/2025\/10\/caja-de-regalo.png\" class=\"attachment-full size-full wp-image-267\" alt=\"\" \/><\/figure><div class=\"elementor-image-box-content\"><h3 class=\"elementor-image-box-title\">Haz tu donativo<\/h3><p class=\"elementor-image-box-description\">Si quieres ayudarnos con un donativo, te dejamos nuestro n\u00famero de cuenta, indicando en el concepto \"Donativo APREM\":\n\nES15 2038 1087 98 6001002386\n\nO mediante BIZUM con el siguiente c\u00f3digo:\n\n07682<\/p><\/div><\/div>\t\t\t\t<\/div>\n\t\t\t\t<\/div>\n\t\t\t\t<\/div>\n\t\t<div class=\"elementor-element elementor-element-2ae40ab e-con-full e-flex e-con e-child\" data-id=\"2ae40ab\" data-element_type=\"container\" data-e-type=\"container\">\n\t\t<a class=\"elementor-element elementor-element-5790c38 e-con-full e-flex e-con e-child\" data-id=\"5790c38\" data-element_type=\"container\" data-e-type=\"container\" data-settings=\"{&quot;background_background&quot;:&quot;classic&quot;}\" href=\"https:\/\/aprem-e.org\/index.php\/hazte-voluntario\/\" target=\"_blank\">\n\t\t\t\t<div class=\"elementor-element elementor-element-8eb71f9 elementor-widget__width-initial elementor-position-top elementor-widget elementor-widget-image-box\" data-id=\"8eb71f9\" data-element_type=\"widget\" data-e-type=\"widget\" data-widget_type=\"image-box.default\">\n\t\t\t\t\t<div class=\"elementor-image-box-wrapper\"><figure class=\"elementor-image-box-img\"><img decoding=\"async\" width=\"128\" height=\"128\" src=\"https:\/\/aprem-e.org\/wp-content\/uploads\/2025\/10\/voluntario.png\" class=\"attachment-full size-full wp-image-268\" alt=\"\" \/><\/figure><div class=\"elementor-image-box-content\"><h3 class=\"elementor-image-box-title\">Hazte voluntario<\/h3><p class=\"elementor-image-box-description\">\u00danete a nuestro grupo de WhatsApp y comparte dudas, alegr\u00edas y experiencias con quienes realmente te entienden.<\/p><\/div><\/div>\t\t\t\t<\/div>\n\t\t\t\t<\/a>\n\t\t<a class=\"elementor-element elementor-element-18d9761 e-con-full e-flex e-con e-child\" data-id=\"18d9761\" data-element_type=\"container\" data-e-type=\"container\" data-settings=\"{&quot;background_background&quot;:&quot;classic&quot;}\" href=\"https:\/\/aprem-e.org\/index.php\/regalo-solidario\/\" target=\"_blank\">\n\t\t\t\t<div class=\"elementor-element elementor-element-b9b7b51 elementor-widget__width-initial elementor-position-top elementor-widget elementor-widget-image-box\" data-id=\"b9b7b51\" data-element_type=\"widget\" data-e-type=\"widget\" data-widget_type=\"image-box.default\">\n\t\t\t\t\t<div class=\"elementor-image-box-wrapper\"><figure class=\"elementor-image-box-img\"><img loading=\"lazy\" decoding=\"async\" width=\"128\" height=\"128\" src=\"https:\/\/aprem-e.org\/wp-content\/uploads\/2025\/10\/manos-solidarias.png\" class=\"attachment-full size-full wp-image-269\" alt=\"\" \/><\/figure><div class=\"elementor-image-box-content\"><h3 class=\"elementor-image-box-title\">Regalos solidarios<\/h3><p class=\"elementor-image-box-description\">Regala con el coraz\u00f3n: cada detalle ayuda a acompa\u00f1ar a m\u00e1s familias\n<\/p><\/div><\/div>\t\t\t\t<\/div>\n\t\t\t\t<\/a>\n\t\t\t\t<\/div>\n\t\t\t\t\t<\/div>\n\t\t\t\t<\/div>\n\t\t\t\t<\/div>\n\t\t","protected":false},"excerpt":{"rendered":"<p>NUESTRO MOTOR: LOS NI\u00d1OS Y NI\u00d1AS PREMATUROS \u00bfQuieres ayudar a familias con beb\u00e9s prematuros? Ap\u00f3yanos con donativos, voluntariados o haci\u00e9ndote socio de APREM.\u00a0Hay\u00a0 muchas maneras de ayudar. Ponte en contacto con nosotros para saber cu\u00e1l es la que mejor encaja contigo \u00daNETE Hazte socio Hazte socio y ay\u00fadanos a que ninguna familia viva la prematuridad [&hellip;]<\/p>\n","protected":false},"author":1,"featured_media":0,"parent":0,"menu_order":0,"comment_status":"closed","ping_status":"closed","template":"","meta":{"inline_featured_image":false,"footnotes":""},"class_list":["post-260","page","type-page","status-publish","hentry"],"yoast_head":"<!-- This site is optimized with the Yoast SEO plugin v27.4 - https:\/\/yoast.com\/product\/yoast-seo-wordpress\/ -->\n<title>\u00danete - Aprem<\/title>\n<meta name=\"description\" content=\"\u00bfQuieres ayudar a familias con beb\u00e9s prematuros? Apoyanos con donativos, voluntariados o haci\u00e9ndote socio de APREM.\" \/>\n<meta name=\"robots\" content=\"index, follow, max-snippet:-1, max-image-preview:large, max-video-preview:-1\" \/>\n<link rel=\"canonical\" href=\"https:\/\/aprem-e.org\/index.php\/unete\/\" \/>\n<meta property=\"og:locale\" content=\"es_ES\" \/>\n<meta property=\"og:type\" content=\"article\" \/>\n<meta property=\"og:title\" content=\"\u00danete - Aprem\" \/>\n<meta property=\"og:description\" content=\"\u00bfQuieres ayudar a familias con beb\u00e9s prematuros? Apoyanos con donativos, voluntariados o haci\u00e9ndote socio de APREM.\" \/>\n<meta property=\"og:url\" content=\"https:\/\/aprem-e.org\/index.php\/unete\/\" \/>\n<meta property=\"og:site_name\" content=\"Aprem\" \/>\n<meta property=\"article:modified_time\" content=\"2026-01-28T14:56:56+00:00\" \/>\n<meta property=\"og:image\" content=\"https:\/\/aprem-e.org\/wp-content\/uploads\/2025\/10\/trush.png\" \/>\n\t<meta property=\"og:image:width\" content=\"128\" \/>\n\t<meta property=\"og:image:height\" content=\"128\" \/>\n\t<meta property=\"og:image:type\" content=\"image\/png\" \/>\n<meta name=\"twitter:card\" content=\"summary_large_image\" \/>\n<meta name=\"twitter:label1\" content=\"Tiempo de lectura\" \/>\n\t<meta name=\"twitter:data1\" content=\"2 minutos\" \/>\n<script type=\"application\/ld+json\" class=\"yoast-schema-graph\">{\"@context\":\"https:\\\/\\\/schema.org\",\"@graph\":[{\"@type\":\"WebPage\",\"@id\":\"https:\\\/\\\/aprem-e.org\\\/index.php\\\/unete\\\/\",\"url\":\"https:\\\/\\\/aprem-e.org\\\/index.php\\\/unete\\\/\",\"name\":\"\u00danete - Aprem\",\"isPartOf\":{\"@id\":\"https:\\\/\\\/aprem-e.org\\\/#website\"},\"primaryImageOfPage\":{\"@id\":\"https:\\\/\\\/aprem-e.org\\\/index.php\\\/unete\\\/#primaryimage\"},\"image\":{\"@id\":\"https:\\\/\\\/aprem-e.org\\\/index.php\\\/unete\\\/#primaryimage\"},\"thumbnailUrl\":\"https:\\\/\\\/aprem-e.org\\\/wp-content\\\/uploads\\\/2025\\\/10\\\/trush.png\",\"datePublished\":\"2025-10-22T01:08:07+00:00\",\"dateModified\":\"2026-01-28T14:56:56+00:00\",\"description\":\"\u00bfQuieres ayudar a familias con beb\u00e9s prematuros? Apoyanos con donativos, voluntariados o haci\u00e9ndote socio de APREM.\",\"breadcrumb\":{\"@id\":\"https:\\\/\\\/aprem-e.org\\\/index.php\\\/unete\\\/#breadcrumb\"},\"inLanguage\":\"es\",\"potentialAction\":[{\"@type\":\"ReadAction\",\"target\":[\"https:\\\/\\\/aprem-e.org\\\/index.php\\\/unete\\\/\"]}]},{\"@type\":\"ImageObject\",\"inLanguage\":\"es\",\"@id\":\"https:\\\/\\\/aprem-e.org\\\/index.php\\\/unete\\\/#primaryimage\",\"url\":\"https:\\\/\\\/aprem-e.org\\\/wp-content\\\/uploads\\\/2025\\\/10\\\/trush.png\",\"contentUrl\":\"https:\\\/\\\/aprem-e.org\\\/wp-content\\\/uploads\\\/2025\\\/10\\\/trush.png\",\"width\":128,\"height\":128},{\"@type\":\"BreadcrumbList\",\"@id\":\"https:\\\/\\\/aprem-e.org\\\/index.php\\\/unete\\\/#breadcrumb\",\"itemListElement\":[{\"@type\":\"ListItem\",\"position\":1,\"name\":\"Home\",\"item\":\"https:\\\/\\\/aprem-e.org\\\/\"},{\"@type\":\"ListItem\",\"position\":2,\"name\":\"\u00danete\"}]},{\"@type\":\"WebSite\",\"@id\":\"https:\\\/\\\/aprem-e.org\\\/#website\",\"url\":\"https:\\\/\\\/aprem-e.org\\\/\",\"name\":\"Aprem\",\"description\":\"Asociaci\u00f3n de Padres de Ni\u00f1os Prematuros\",\"publisher\":{\"@id\":\"https:\\\/\\\/aprem-e.org\\\/#organization\"},\"potentialAction\":[{\"@type\":\"SearchAction\",\"target\":{\"@type\":\"EntryPoint\",\"urlTemplate\":\"https:\\\/\\\/aprem-e.org\\\/?s={search_term_string}\"},\"query-input\":{\"@type\":\"PropertyValueSpecification\",\"valueRequired\":true,\"valueName\":\"search_term_string\"}}],\"inLanguage\":\"es\"},{\"@type\":\"Organization\",\"@id\":\"https:\\\/\\\/aprem-e.org\\\/#organization\",\"name\":\"Aprem\",\"url\":\"https:\\\/\\\/aprem-e.org\\\/\",\"logo\":{\"@type\":\"ImageObject\",\"inLanguage\":\"es\",\"@id\":\"https:\\\/\\\/aprem-e.org\\\/#\\\/schema\\\/logo\\\/image\\\/\",\"url\":\"https:\\\/\\\/aprem-e.org\\\/wp-content\\\/uploads\\\/2025\\\/09\\\/cropped-Logo-APREM_M1.png\",\"contentUrl\":\"https:\\\/\\\/aprem-e.org\\\/wp-content\\\/uploads\\\/2025\\\/09\\\/cropped-Logo-APREM_M1.png\",\"width\":512,\"height\":512,\"caption\":\"Aprem\"},\"image\":{\"@id\":\"https:\\\/\\\/aprem-e.org\\\/#\\\/schema\\\/logo\\\/image\\\/\"}}]}<\/script>\n<!-- \/ Yoast SEO plugin. -->","yoast_head_json":{"title":"\u00danete - Aprem","description":"\u00bfQuieres ayudar a familias con beb\u00e9s prematuros? Apoyanos con donativos, voluntariados o haci\u00e9ndote socio de APREM.","robots":{"index":"index","follow":"follow","max-snippet":"max-snippet:-1","max-image-preview":"max-image-preview:large","max-video-preview":"max-video-preview:-1"},"canonical":"https:\/\/aprem-e.org\/index.php\/unete\/","og_locale":"es_ES","og_type":"article","og_title":"\u00danete - Aprem","og_description":"\u00bfQuieres ayudar a familias con beb\u00e9s prematuros? Apoyanos con donativos, voluntariados o haci\u00e9ndote socio de APREM.","og_url":"https:\/\/aprem-e.org\/index.php\/unete\/","og_site_name":"Aprem","article_modified_time":"2026-01-28T14:56:56+00:00","og_image":[{"width":128,"height":128,"url":"https:\/\/aprem-e.org\/wp-content\/uploads\/2025\/10\/trush.png","type":"image\/png"}],"twitter_card":"summary_large_image","twitter_misc":{"Tiempo de lectura":"2 minutos"},"schema":{"@context":"https:\/\/schema.org","@graph":[{"@type":"WebPage","@id":"https:\/\/aprem-e.org\/index.php\/unete\/","url":"https:\/\/aprem-e.org\/index.php\/unete\/","name":"\u00danete - Aprem","isPartOf":{"@id":"https:\/\/aprem-e.org\/#website"},"primaryImageOfPage":{"@id":"https:\/\/aprem-e.org\/index.php\/unete\/#primaryimage"},"image":{"@id":"https:\/\/aprem-e.org\/index.php\/unete\/#primaryimage"},"thumbnailUrl":"https:\/\/aprem-e.org\/wp-content\/uploads\/2025\/10\/trush.png","datePublished":"2025-10-22T01:08:07+00:00","dateModified":"2026-01-28T14:56:56+00:00","description":"\u00bfQuieres ayudar a familias con beb\u00e9s prematuros? Apoyanos con donativos, voluntariados o haci\u00e9ndote socio de APREM.","breadcrumb":{"@id":"https:\/\/aprem-e.org\/index.php\/unete\/#breadcrumb"},"inLanguage":"es","potentialAction":[{"@type":"ReadAction","target":["https:\/\/aprem-e.org\/index.php\/unete\/"]}]},{"@type":"ImageObject","inLanguage":"es","@id":"https:\/\/aprem-e.org\/index.php\/unete\/#primaryimage","url":"https:\/\/aprem-e.org\/wp-content\/uploads\/2025\/10\/trush.png","contentUrl":"https:\/\/aprem-e.org\/wp-content\/uploads\/2025\/10\/trush.png","width":128,"height":128},{"@type":"BreadcrumbList","@id":"https:\/\/aprem-e.org\/index.php\/unete\/#breadcrumb","itemListElement":[{"@type":"ListItem","position":1,"name":"Home","item":"https:\/\/aprem-e.org\/"},{"@type":"ListItem","position":2,"name":"\u00danete"}]},{"@type":"WebSite","@id":"https:\/\/aprem-e.org\/#website","url":"https:\/\/aprem-e.org\/","name":"Aprem","description":"Asociaci\u00f3n de Padres de Ni\u00f1os Prematuros","publisher":{"@id":"https:\/\/aprem-e.org\/#organization"},"potentialAction":[{"@type":"SearchAction","target":{"@type":"EntryPoint","urlTemplate":"https:\/\/aprem-e.org\/?s={search_term_string}"},"query-input":{"@type":"PropertyValueSpecification","valueRequired":true,"valueName":"search_term_string"}}],"inLanguage":"es"},{"@type":"Organization","@id":"https:\/\/aprem-e.org\/#organization","name":"Aprem","url":"https:\/\/aprem-e.org\/","logo":{"@type":"ImageObject","inLanguage":"es","@id":"https:\/\/aprem-e.org\/#\/schema\/logo\/image\/","url":"https:\/\/aprem-e.org\/wp-content\/uploads\/2025\/09\/cropped-Logo-APREM_M1.png","contentUrl":"https:\/\/aprem-e.org\/wp-content\/uploads\/2025\/09\/cropped-Logo-APREM_M1.png","width":512,"height":512,"caption":"Aprem"},"image":{"@id":"https:\/\/aprem-e.org\/#\/schema\/logo\/image\/"}}]}},"_links":{"self":[{"href":"https:\/\/aprem-e.org\/index.php\/wp-json\/wp\/v2\/pages\/260","targetHints":{"allow":["GET"]}}],"collection":[{"href":"https:\/\/aprem-e.org\/index.php\/wp-json\/wp\/v2\/pages"}],"about":[{"href":"https:\/\/aprem-e.org\/index.php\/wp-json\/wp\/v2\/types\/page"}],"author":[{"embeddable":true,"href":"https:\/\/aprem-e.org\/index.php\/wp-json\/wp\/v2\/users\/1"}],"replies":[{"embeddable":true,"href":"https:\/\/aprem-e.org\/index.php\/wp-json\/wp\/v2\/comments?post=260"}],"version-history":[{"count":38,"href":"https:\/\/aprem-e.org\/index.php\/wp-json\/wp\/v2\/pages\/260\/revisions"}],"predecessor-version":[{"id":1056,"href":"https:\/\/aprem-e.org\/index.php\/wp-json\/wp\/v2\/pages\/260\/revisions\/1056"}],"wp:attachment":[{"href":"https:\/\/aprem-e.org\/index.php\/wp-json\/wp\/v2\/media?parent=260"}],"curies":[{"name":"wp","href":"https:\/\/api.w.org\/{rel}","templated":true}]}}