{"id":411,"date":"2025-11-07T12:51:53","date_gmt":"2025-11-07T12:51:53","guid":{"rendered":"https:\/\/aprem-e.org\/?page_id=411"},"modified":"2026-02-03T11:03:33","modified_gmt":"2026-02-03T11:03:33","slug":"orientacion-psicologica","status":"publish","type":"page","link":"https:\/\/aprem-e.org\/index.php\/orientacion-psicologica\/","title":{"rendered":"Orientaci\u00f3n psicol\u00f3gica"},"content":{"rendered":"\t\t<div data-elementor-type=\"wp-page\" data-elementor-id=\"411\" class=\"elementor elementor-411\" data-elementor-post-type=\"page\">\n\t\t\t\t<div class=\"elementor-element elementor-element-399b1d1 e-flex e-con-boxed e-con e-parent\" data-id=\"399b1d1\" data-element_type=\"container\" data-e-type=\"container\">\n\t\t\t\t\t<div class=\"e-con-inner\">\n\t\t<div class=\"elementor-element elementor-element-4078f14 e-con-full e-flex e-con e-child\" data-id=\"4078f14\" data-element_type=\"container\" data-e-type=\"container\">\n\t\t\t\t<div class=\"elementor-element elementor-element-cf46516 elementor-widget elementor-widget-heading\" data-id=\"cf46516\" data-element_type=\"widget\" data-e-type=\"widget\" data-widget_type=\"heading.default\">\n\t\t\t\t\t<h2 class=\"elementor-heading-title elementor-size-default\">Orientaci\u00f3n y apoyo psicol\u00f3gico\n<\/h2>\t\t\t\t<\/div>\n\t\t\t\t<div class=\"elementor-element elementor-element-504513b elementor-widget__width-initial elementor-widget elementor-widget-text-editor\" data-id=\"504513b\" data-element_type=\"widget\" data-e-type=\"widget\" data-widget_type=\"text-editor.default\">\n\t\t\t\t\t\t\t\t\t<p><span style=\"font-weight: 400;\">Cuando llega un beb\u00e9 prematuro, tambi\u00e9n nacen muchas emociones: miedo, incertidumbre, culpa, cansancio\u2026 una aut\u00e9ntica monta\u00f1a rusa dif\u00edcil de sostener.<\/span><span style=\"font-weight: 400;\"><br \/><\/span><span style=\"font-weight: 400;\"> En APREM lo sabemos porque lo hemos vivido, y por eso hemos creado este espacio: <\/span><b>para cuidar a quienes cuidan<\/b><span style=\"font-weight: 400;\">.<\/span><\/p><p><span style=\"font-weight: 400;\">Nuestro servicio de <\/span><b>Orientaci\u00f3n y Apoyo Psicol\u00f3gico<\/b><span style=\"font-weight: 400;\"> est\u00e1 pensado para acompa\u00f1ar a madres y padres en esos momentos en los que todo se hace un poco cuesta arriba.<\/span><span style=\"font-weight: 400;\"><br \/><\/span><span style=\"font-weight: 400;\"> Un lugar seguro donde poder hablar, desahogarse y sentirse escuchados, sin juicios y con respeto.<\/span><\/p>\t\t\t\t\t\t\t\t<\/div>\n\t\t\t\t<\/div>\n\t\t<div class=\"elementor-element elementor-element-33ba8b5 e-con-full e-flex e-con e-child\" data-id=\"33ba8b5\" data-element_type=\"container\" data-e-type=\"container\">\n\t\t\t\t<div class=\"elementor-element elementor-element-dfab4f7 elementor-widget elementor-widget-image\" data-id=\"dfab4f7\" data-element_type=\"widget\" data-e-type=\"widget\" data-widget_type=\"image.default\">\n\t\t\t\t\t\t\t\t\t\t\t\t\t\t\t<img fetchpriority=\"high\" decoding=\"async\" width=\"800\" height=\"534\" src=\"https:\/\/aprem-e.org\/wp-content\/uploads\/2025\/11\/iStock-182174357-1024x683.jpg\" class=\"attachment-large size-large wp-image-523\" alt=\"\" srcset=\"https:\/\/aprem-e.org\/wp-content\/uploads\/2025\/11\/iStock-182174357-1024x683.jpg 1024w, https:\/\/aprem-e.org\/wp-content\/uploads\/2025\/11\/iStock-182174357-300x200.jpg 300w, https:\/\/aprem-e.org\/wp-content\/uploads\/2025\/11\/iStock-182174357-768x512.jpg 768w, https:\/\/aprem-e.org\/wp-content\/uploads\/2025\/11\/iStock-182174357-1536x1024.jpg 1536w, https:\/\/aprem-e.org\/wp-content\/uploads\/2025\/11\/iStock-182174357-2048x1365.jpg 2048w\" sizes=\"(max-width: 800px) 100vw, 800px\" \/>\t\t\t\t\t\t\t\t\t\t\t\t\t\t\t<\/div>\n\t\t\t\t<\/div>\n\t\t\t\t\t<\/div>\n\t\t\t\t<\/div>\n\t\t<div class=\"elementor-element elementor-element-016d399 e-flex e-con-boxed e-con e-parent\" data-id=\"016d399\" data-element_type=\"container\" data-e-type=\"container\">\n\t\t\t\t\t<div class=\"e-con-inner\">\n\t\t<div class=\"elementor-element elementor-element-0faa76c e-con-full e-flex e-con e-child\" data-id=\"0faa76c\" data-element_type=\"container\" data-e-type=\"container\">\n\t\t\t\t<div class=\"elementor-element elementor-element-0005ea7 elementor-widget elementor-widget-heading\" data-id=\"0005ea7\" data-element_type=\"widget\" data-e-type=\"widget\" data-widget_type=\"heading.default\">\n\t\t\t\t\t<h2 class=\"elementor-heading-title elementor-size-default\">\u00bfC\u00f3mo funciona?\n<\/h2>\t\t\t\t<\/div>\n\t\t\t\t<div class=\"elementor-element elementor-element-25c007b elementor-widget__width-initial elementor-widget elementor-widget-text-editor\" data-id=\"25c007b\" data-element_type=\"widget\" data-e-type=\"widget\" data-widget_type=\"text-editor.default\">\n\t\t\t\t\t\t\t\t\t<p><span style=\"font-weight: 400;\">Este servicio ofrece <\/span><b>orientaci\u00f3n psicol\u00f3gica individual<\/b><span style=\"font-weight: 400;\">, adaptada a las necesidades de cada familia y al momento vital en el que se encuentra.<\/span><span style=\"font-weight: 400;\"><br \/><\/span><span style=\"font-weight: 400;\"> El acompa\u00f1amiento puede realizarse por <\/span><b>tel\u00e9fono o videollamada<\/b><span style=\"font-weight: 400;\">, facilitando el acceso desde cualquier punto de Espa\u00f1a y respetando siempre la <\/span><b>confidencialidad<\/b><span style=\"font-weight: 400;\">.<\/span><\/p><p><span style=\"font-weight: 400;\">Durante las sesiones, se ayuda a las familias a:<\/span><\/p><ul><li style=\"font-weight: 400;\" aria-level=\"1\"><span style=\"font-weight: 400;\">Reconocer y validar sus emociones.<\/span><span style=\"font-weight: 400;\"><br \/><\/span><\/li><li style=\"font-weight: 400;\" aria-level=\"1\"><span style=\"font-weight: 400;\">Encontrar recursos personales para afrontar esta etapa.<\/span><span style=\"font-weight: 400;\"><br \/><\/span><\/li><li style=\"font-weight: 400;\" aria-level=\"1\"><span style=\"font-weight: 400;\">Sentirse acompa\u00f1adas en un proceso que muchas veces resulta solitario.<\/span><span style=\"font-weight: 400;\"><br \/><br \/><\/span><\/li><\/ul><p><span style=\"font-weight: 400;\">Cuando es necesario, tambi\u00e9n se orienta sobre la conveniencia de iniciar un proceso terap\u00e9utico m\u00e1s profundo o se facilita informaci\u00f3n sobre recursos profesionales adecuados.<\/span><\/p><p><span style=\"font-weight: 400;\">Este servicio est\u00e1 coordinado por <\/span><b>Ramona Pozuelo<\/b><span style=\"font-weight: 400;\">, psic\u00f3loga y madre de un joven nacido prematuramente, que acompa\u00f1a desde la experiencia profesional y personal.<\/span><\/p><p><span style=\"font-weight: 400;\">Porque acompa\u00f1ar tambi\u00e9n es cuidar \ud83d\udc9c<\/span><span style=\"font-weight: 400;\"><br \/><\/span><span style=\"font-weight: 400;\"> Y cuando las familias se sienten sostenidas, <\/span><b>los beb\u00e9s tambi\u00e9n crecen mejor<\/b><span style=\"font-weight: 400;\">.<\/span><\/p>\t\t\t\t\t\t\t\t<\/div>\n\t\t\t\t<\/div>\n\t\t<div class=\"elementor-element elementor-element-4f3d124 e-con-full e-flex e-con e-child\" data-id=\"4f3d124\" data-element_type=\"container\" data-e-type=\"container\">\n\t\t\t\t<div class=\"elementor-element elementor-element-e73c363 elementor-widget elementor-widget-image\" data-id=\"e73c363\" data-element_type=\"widget\" data-e-type=\"widget\" data-widget_type=\"image.default\">\n\t\t\t\t\t\t\t\t\t\t\t\t\t\t\t<img decoding=\"async\" width=\"800\" height=\"545\" src=\"https:\/\/aprem-e.org\/wp-content\/uploads\/2025\/11\/english-teacher-doing-her-lessons-online.jpg\" class=\"attachment-large size-large wp-image-522\" alt=\"\" srcset=\"https:\/\/aprem-e.org\/wp-content\/uploads\/2025\/11\/english-teacher-doing-her-lessons-online.jpg 1000w, https:\/\/aprem-e.org\/wp-content\/uploads\/2025\/11\/english-teacher-doing-her-lessons-online-300x204.jpg 300w, https:\/\/aprem-e.org\/wp-content\/uploads\/2025\/11\/english-teacher-doing-her-lessons-online-768x523.jpg 768w\" sizes=\"(max-width: 800px) 100vw, 800px\" \/>\t\t\t\t\t\t\t\t\t\t\t\t\t\t\t<\/div>\n\t\t\t\t<\/div>\n\t\t\t\t\t<\/div>\n\t\t\t\t<\/div>\n\t\t\t\t<\/div>\n\t\t","protected":false},"excerpt":{"rendered":"<p>Orientaci\u00f3n y apoyo psicol\u00f3gico Cuando llega un beb\u00e9 prematuro, tambi\u00e9n nacen muchas emociones: miedo, incertidumbre, culpa, cansancio\u2026 una aut\u00e9ntica monta\u00f1a rusa dif\u00edcil de sostener. En APREM lo sabemos porque lo hemos vivido, y por eso hemos creado este espacio: para cuidar a quienes cuidan. Nuestro servicio de Orientaci\u00f3n y Apoyo Psicol\u00f3gico est\u00e1 pensado para acompa\u00f1ar [&hellip;]<\/p>\n","protected":false},"author":1,"featured_media":0,"parent":0,"menu_order":0,"comment_status":"closed","ping_status":"closed","template":"","meta":{"inline_featured_image":false,"footnotes":""},"class_list":["post-411","page","type-page","status-publish","hentry"],"yoast_head":"<!-- This site is optimized with the Yoast SEO plugin v27.4 - https:\/\/yoast.com\/product\/yoast-seo-wordpress\/ -->\n<title>Orientaci\u00f3n psicol\u00f3gica - Aprem<\/title>\n<meta name=\"robots\" content=\"index, follow, max-snippet:-1, max-image-preview:large, max-video-preview:-1\" \/>\n<link rel=\"canonical\" href=\"https:\/\/aprem-e.org\/index.php\/orientacion-psicologica\/\" \/>\n<meta property=\"og:locale\" content=\"es_ES\" \/>\n<meta property=\"og:type\" content=\"article\" \/>\n<meta property=\"og:title\" content=\"Orientaci\u00f3n psicol\u00f3gica - Aprem\" \/>\n<meta property=\"og:description\" content=\"Orientaci\u00f3n y apoyo psicol\u00f3gico Cuando llega un beb\u00e9 prematuro, tambi\u00e9n nacen muchas emociones: miedo, incertidumbre, culpa, cansancio\u2026 una aut\u00e9ntica monta\u00f1a rusa dif\u00edcil de sostener. En APREM lo sabemos porque lo hemos vivido, y por eso hemos creado este espacio: para cuidar a quienes cuidan. Nuestro servicio de Orientaci\u00f3n y Apoyo Psicol\u00f3gico est\u00e1 pensado para acompa\u00f1ar [&hellip;]\" \/>\n<meta property=\"og:url\" content=\"https:\/\/aprem-e.org\/index.php\/orientacion-psicologica\/\" \/>\n<meta property=\"og:site_name\" content=\"Aprem\" \/>\n<meta property=\"article:modified_time\" content=\"2026-02-03T11:03:33+00:00\" \/>\n<meta property=\"og:image\" content=\"https:\/\/aprem-e.org\/wp-content\/uploads\/2025\/11\/iStock-182174357-scaled.jpg\" \/>\n\t<meta property=\"og:image:width\" content=\"2560\" \/>\n\t<meta property=\"og:image:height\" content=\"1707\" \/>\n\t<meta property=\"og:image:type\" content=\"image\/jpeg\" \/>\n<meta name=\"twitter:card\" content=\"summary_large_image\" \/>\n<meta name=\"twitter:label1\" content=\"Tiempo de lectura\" \/>\n\t<meta name=\"twitter:data1\" content=\"2 minutos\" \/>\n<script type=\"application\/ld+json\" class=\"yoast-schema-graph\">{\"@context\":\"https:\\\/\\\/schema.org\",\"@graph\":[{\"@type\":\"WebPage\",\"@id\":\"https:\\\/\\\/aprem-e.org\\\/index.php\\\/orientacion-psicologica\\\/\",\"url\":\"https:\\\/\\\/aprem-e.org\\\/index.php\\\/orientacion-psicologica\\\/\",\"name\":\"Orientaci\u00f3n psicol\u00f3gica - Aprem\",\"isPartOf\":{\"@id\":\"https:\\\/\\\/aprem-e.org\\\/#website\"},\"primaryImageOfPage\":{\"@id\":\"https:\\\/\\\/aprem-e.org\\\/index.php\\\/orientacion-psicologica\\\/#primaryimage\"},\"image\":{\"@id\":\"https:\\\/\\\/aprem-e.org\\\/index.php\\\/orientacion-psicologica\\\/#primaryimage\"},\"thumbnailUrl\":\"https:\\\/\\\/aprem-e.org\\\/wp-content\\\/uploads\\\/2025\\\/11\\\/iStock-182174357-1024x683.jpg\",\"datePublished\":\"2025-11-07T12:51:53+00:00\",\"dateModified\":\"2026-02-03T11:03:33+00:00\",\"breadcrumb\":{\"@id\":\"https:\\\/\\\/aprem-e.org\\\/index.php\\\/orientacion-psicologica\\\/#breadcrumb\"},\"inLanguage\":\"es\",\"potentialAction\":[{\"@type\":\"ReadAction\",\"target\":[\"https:\\\/\\\/aprem-e.org\\\/index.php\\\/orientacion-psicologica\\\/\"]}]},{\"@type\":\"ImageObject\",\"inLanguage\":\"es\",\"@id\":\"https:\\\/\\\/aprem-e.org\\\/index.php\\\/orientacion-psicologica\\\/#primaryimage\",\"url\":\"https:\\\/\\\/aprem-e.org\\\/wp-content\\\/uploads\\\/2025\\\/11\\\/iStock-182174357-scaled.jpg\",\"contentUrl\":\"https:\\\/\\\/aprem-e.org\\\/wp-content\\\/uploads\\\/2025\\\/11\\\/iStock-182174357-scaled.jpg\",\"width\":2560,\"height\":1707,\"caption\":\"\\\"Premature Infant in intesnive care in an Isolette under Biliruben lights. Heart monitor, IV, and O2 equipment.Thanks for looking at this file. You might also like:\\\"\"},{\"@type\":\"BreadcrumbList\",\"@id\":\"https:\\\/\\\/aprem-e.org\\\/index.php\\\/orientacion-psicologica\\\/#breadcrumb\",\"itemListElement\":[{\"@type\":\"ListItem\",\"position\":1,\"name\":\"Home\",\"item\":\"https:\\\/\\\/aprem-e.org\\\/\"},{\"@type\":\"ListItem\",\"position\":2,\"name\":\"Orientaci\u00f3n psicol\u00f3gica\"}]},{\"@type\":\"WebSite\",\"@id\":\"https:\\\/\\\/aprem-e.org\\\/#website\",\"url\":\"https:\\\/\\\/aprem-e.org\\\/\",\"name\":\"Aprem\",\"description\":\"Asociaci\u00f3n de Padres de Ni\u00f1os Prematuros\",\"publisher\":{\"@id\":\"https:\\\/\\\/aprem-e.org\\\/#organization\"},\"potentialAction\":[{\"@type\":\"SearchAction\",\"target\":{\"@type\":\"EntryPoint\",\"urlTemplate\":\"https:\\\/\\\/aprem-e.org\\\/?s={search_term_string}\"},\"query-input\":{\"@type\":\"PropertyValueSpecification\",\"valueRequired\":true,\"valueName\":\"search_term_string\"}}],\"inLanguage\":\"es\"},{\"@type\":\"Organization\",\"@id\":\"https:\\\/\\\/aprem-e.org\\\/#organization\",\"name\":\"Aprem\",\"url\":\"https:\\\/\\\/aprem-e.org\\\/\",\"logo\":{\"@type\":\"ImageObject\",\"inLanguage\":\"es\",\"@id\":\"https:\\\/\\\/aprem-e.org\\\/#\\\/schema\\\/logo\\\/image\\\/\",\"url\":\"https:\\\/\\\/aprem-e.org\\\/wp-content\\\/uploads\\\/2025\\\/09\\\/cropped-Logo-APREM_M1.png\",\"contentUrl\":\"https:\\\/\\\/aprem-e.org\\\/wp-content\\\/uploads\\\/2025\\\/09\\\/cropped-Logo-APREM_M1.png\",\"width\":512,\"height\":512,\"caption\":\"Aprem\"},\"image\":{\"@id\":\"https:\\\/\\\/aprem-e.org\\\/#\\\/schema\\\/logo\\\/image\\\/\"}}]}<\/script>\n<!-- \/ Yoast SEO plugin. -->","yoast_head_json":{"title":"Orientaci\u00f3n psicol\u00f3gica - Aprem","robots":{"index":"index","follow":"follow","max-snippet":"max-snippet:-1","max-image-preview":"max-image-preview:large","max-video-preview":"max-video-preview:-1"},"canonical":"https:\/\/aprem-e.org\/index.php\/orientacion-psicologica\/","og_locale":"es_ES","og_type":"article","og_title":"Orientaci\u00f3n psicol\u00f3gica - Aprem","og_description":"Orientaci\u00f3n y apoyo psicol\u00f3gico Cuando llega un beb\u00e9 prematuro, tambi\u00e9n nacen muchas emociones: miedo, incertidumbre, culpa, cansancio\u2026 una aut\u00e9ntica monta\u00f1a rusa dif\u00edcil de sostener. En APREM lo sabemos porque lo hemos vivido, y por eso hemos creado este espacio: para cuidar a quienes cuidan. Nuestro servicio de Orientaci\u00f3n y Apoyo Psicol\u00f3gico est\u00e1 pensado para acompa\u00f1ar [&hellip;]","og_url":"https:\/\/aprem-e.org\/index.php\/orientacion-psicologica\/","og_site_name":"Aprem","article_modified_time":"2026-02-03T11:03:33+00:00","og_image":[{"width":2560,"height":1707,"url":"https:\/\/aprem-e.org\/wp-content\/uploads\/2025\/11\/iStock-182174357-scaled.jpg","type":"image\/jpeg"}],"twitter_card":"summary_large_image","twitter_misc":{"Tiempo de lectura":"2 minutos"},"schema":{"@context":"https:\/\/schema.org","@graph":[{"@type":"WebPage","@id":"https:\/\/aprem-e.org\/index.php\/orientacion-psicologica\/","url":"https:\/\/aprem-e.org\/index.php\/orientacion-psicologica\/","name":"Orientaci\u00f3n psicol\u00f3gica - Aprem","isPartOf":{"@id":"https:\/\/aprem-e.org\/#website"},"primaryImageOfPage":{"@id":"https:\/\/aprem-e.org\/index.php\/orientacion-psicologica\/#primaryimage"},"image":{"@id":"https:\/\/aprem-e.org\/index.php\/orientacion-psicologica\/#primaryimage"},"thumbnailUrl":"https:\/\/aprem-e.org\/wp-content\/uploads\/2025\/11\/iStock-182174357-1024x683.jpg","datePublished":"2025-11-07T12:51:53+00:00","dateModified":"2026-02-03T11:03:33+00:00","breadcrumb":{"@id":"https:\/\/aprem-e.org\/index.php\/orientacion-psicologica\/#breadcrumb"},"inLanguage":"es","potentialAction":[{"@type":"ReadAction","target":["https:\/\/aprem-e.org\/index.php\/orientacion-psicologica\/"]}]},{"@type":"ImageObject","inLanguage":"es","@id":"https:\/\/aprem-e.org\/index.php\/orientacion-psicologica\/#primaryimage","url":"https:\/\/aprem-e.org\/wp-content\/uploads\/2025\/11\/iStock-182174357-scaled.jpg","contentUrl":"https:\/\/aprem-e.org\/wp-content\/uploads\/2025\/11\/iStock-182174357-scaled.jpg","width":2560,"height":1707,"caption":"\"Premature Infant in intesnive care in an Isolette under Biliruben lights. Heart monitor, IV, and O2 equipment.Thanks for looking at this file. You might also like:\""},{"@type":"BreadcrumbList","@id":"https:\/\/aprem-e.org\/index.php\/orientacion-psicologica\/#breadcrumb","itemListElement":[{"@type":"ListItem","position":1,"name":"Home","item":"https:\/\/aprem-e.org\/"},{"@type":"ListItem","position":2,"name":"Orientaci\u00f3n psicol\u00f3gica"}]},{"@type":"WebSite","@id":"https:\/\/aprem-e.org\/#website","url":"https:\/\/aprem-e.org\/","name":"Aprem","description":"Asociaci\u00f3n de Padres de Ni\u00f1os Prematuros","publisher":{"@id":"https:\/\/aprem-e.org\/#organization"},"potentialAction":[{"@type":"SearchAction","target":{"@type":"EntryPoint","urlTemplate":"https:\/\/aprem-e.org\/?s={search_term_string}"},"query-input":{"@type":"PropertyValueSpecification","valueRequired":true,"valueName":"search_term_string"}}],"inLanguage":"es"},{"@type":"Organization","@id":"https:\/\/aprem-e.org\/#organization","name":"Aprem","url":"https:\/\/aprem-e.org\/","logo":{"@type":"ImageObject","inLanguage":"es","@id":"https:\/\/aprem-e.org\/#\/schema\/logo\/image\/","url":"https:\/\/aprem-e.org\/wp-content\/uploads\/2025\/09\/cropped-Logo-APREM_M1.png","contentUrl":"https:\/\/aprem-e.org\/wp-content\/uploads\/2025\/09\/cropped-Logo-APREM_M1.png","width":512,"height":512,"caption":"Aprem"},"image":{"@id":"https:\/\/aprem-e.org\/#\/schema\/logo\/image\/"}}]}},"_links":{"self":[{"href":"https:\/\/aprem-e.org\/index.php\/wp-json\/wp\/v2\/pages\/411","targetHints":{"allow":["GET"]}}],"collection":[{"href":"https:\/\/aprem-e.org\/index.php\/wp-json\/wp\/v2\/pages"}],"about":[{"href":"https:\/\/aprem-e.org\/index.php\/wp-json\/wp\/v2\/types\/page"}],"author":[{"embeddable":true,"href":"https:\/\/aprem-e.org\/index.php\/wp-json\/wp\/v2\/users\/1"}],"replies":[{"embeddable":true,"href":"https:\/\/aprem-e.org\/index.php\/wp-json\/wp\/v2\/comments?post=411"}],"version-history":[{"count":13,"href":"https:\/\/aprem-e.org\/index.php\/wp-json\/wp\/v2\/pages\/411\/revisions"}],"predecessor-version":[{"id":21179,"href":"https:\/\/aprem-e.org\/index.php\/wp-json\/wp\/v2\/pages\/411\/revisions\/21179"}],"wp:attachment":[{"href":"https:\/\/aprem-e.org\/index.php\/wp-json\/wp\/v2\/media?parent=411"}],"curies":[{"name":"wp","href":"https:\/\/api.w.org\/{rel}","templated":true}]}}