{"id":419,"date":"2025-11-07T12:54:11","date_gmt":"2025-11-07T12:54:11","guid":{"rendered":"https:\/\/aprem-e.org\/?page_id=419"},"modified":"2025-12-30T13:14:07","modified_gmt":"2025-12-30T13:14:07","slug":"escuela-de-familias","status":"publish","type":"page","link":"https:\/\/aprem-e.org\/index.php\/escuela-de-familias\/","title":{"rendered":"Escuela de Familias"},"content":{"rendered":"\t\t<div data-elementor-type=\"wp-page\" data-elementor-id=\"419\" class=\"elementor elementor-419\" data-elementor-post-type=\"page\">\n\t\t\t\t<div class=\"elementor-element elementor-element-ec2174e e-flex e-con-boxed e-con e-parent\" data-id=\"ec2174e\" data-element_type=\"container\" data-e-type=\"container\">\n\t\t\t\t\t<div class=\"e-con-inner\">\n\t\t<div class=\"elementor-element elementor-element-cc138da e-con-full e-flex e-con e-child\" data-id=\"cc138da\" data-element_type=\"container\" data-e-type=\"container\">\n\t\t\t\t<div class=\"elementor-element elementor-element-5f3eb6f elementor-widget elementor-widget-heading\" data-id=\"5f3eb6f\" data-element_type=\"widget\" data-e-type=\"widget\" data-widget_type=\"heading.default\">\n\t\t\t\t\t<h2 class=\"elementor-heading-title elementor-size-default\">\nEscuela de Familias<\/h2>\t\t\t\t<\/div>\n\t\t\t\t<div class=\"elementor-element elementor-element-9c4ad01 elementor-widget__width-initial elementor-widget elementor-widget-text-editor\" data-id=\"9c4ad01\" data-element_type=\"widget\" data-e-type=\"widget\" data-widget_type=\"text-editor.default\">\n\t\t\t\t\t\t\t\t\t<p><span style=\"font-weight: 400;\">Cuando nace un beb\u00e9 prematuro, las dudas, los miedos y la sensaci\u00f3n de no saber \u201csi lo haremos bien\u201d son muy comunes.<\/span><span style=\"font-weight: 400;\"><br \/><\/span><span style=\"font-weight: 400;\"> Por eso, desde APREM creemos que <\/span><b>la formaci\u00f3n tambi\u00e9n es una forma de cuidar.<\/b><\/p><p><span style=\"font-weight: 400;\">A trav\u00e9s de las <\/span><b>Escuelas de Familias<\/b><span style=\"font-weight: 400;\">, acompa\u00f1amos a madres, padres y cuidadores para que se sientan seguros en la atenci\u00f3n de sus hijos e hijas, entendiendo sus necesidades y aprendiendo a cuidar desde el conocimiento y el amor.<\/span><\/p><p><span style=\"font-weight: 400;\">Estas escuelas son espacios donde las familias pueden preguntar, compartir, aprender y sentirse acompa\u00f1adas.<\/span><span style=\"font-weight: 400;\"><br \/><\/span><\/p>\t\t\t\t\t\t\t\t<\/div>\n\t\t\t\t<\/div>\n\t\t<div class=\"elementor-element elementor-element-68557f5 e-con-full e-flex e-con e-child\" data-id=\"68557f5\" data-element_type=\"container\" data-e-type=\"container\">\n\t\t\t\t<div class=\"elementor-element elementor-element-7253770 elementor-widget elementor-widget-image\" data-id=\"7253770\" data-element_type=\"widget\" data-e-type=\"widget\" data-widget_type=\"image.default\">\n\t\t\t\t\t\t\t\t\t\t\t\t\t\t\t<img fetchpriority=\"high\" decoding=\"async\" width=\"800\" height=\"600\" src=\"https:\/\/aprem-e.org\/wp-content\/uploads\/2025\/11\/b508576b-8a8c-4c4e-b410-cc752ee99384-1024x768.jpg\" class=\"attachment-large size-large wp-image-527\" alt=\"\" srcset=\"https:\/\/aprem-e.org\/wp-content\/uploads\/2025\/11\/b508576b-8a8c-4c4e-b410-cc752ee99384-1024x768.jpg 1024w, https:\/\/aprem-e.org\/wp-content\/uploads\/2025\/11\/b508576b-8a8c-4c4e-b410-cc752ee99384-300x225.jpg 300w, https:\/\/aprem-e.org\/wp-content\/uploads\/2025\/11\/b508576b-8a8c-4c4e-b410-cc752ee99384-768x576.jpg 768w, https:\/\/aprem-e.org\/wp-content\/uploads\/2025\/11\/b508576b-8a8c-4c4e-b410-cc752ee99384-1536x1152.jpg 1536w, https:\/\/aprem-e.org\/wp-content\/uploads\/2025\/11\/b508576b-8a8c-4c4e-b410-cc752ee99384.jpg 1600w\" sizes=\"(max-width: 800px) 100vw, 800px\" \/>\t\t\t\t\t\t\t\t\t\t\t\t\t\t\t<\/div>\n\t\t\t\t<\/div>\n\t\t\t\t\t<\/div>\n\t\t\t\t<\/div>\n\t\t<div class=\"elementor-element elementor-element-29488f1 e-flex e-con-boxed e-con e-parent\" data-id=\"29488f1\" data-element_type=\"container\" data-e-type=\"container\">\n\t\t\t\t\t<div class=\"e-con-inner\">\n\t\t<div class=\"elementor-element elementor-element-a2f77c9 e-con-full e-flex e-con e-child\" data-id=\"a2f77c9\" data-element_type=\"container\" data-e-type=\"container\">\n\t\t\t\t<div class=\"elementor-element elementor-element-734efae elementor-widget__width-initial elementor-widget elementor-widget-text-editor\" data-id=\"734efae\" data-element_type=\"widget\" data-e-type=\"widget\" data-widget_type=\"text-editor.default\">\n\t\t\t\t\t\t\t\t\t<p><span style=\"font-weight: 400;\">\u00a0Porque nadie deber\u00eda enfrentarse solo a la experiencia de cuidar a un beb\u00e9 prematuro.<\/span><\/p><p><span style=\"font-weight: 400;\">Actualmente, <\/span><b>APREM participa en las Escuelas de Familias de los Hospitales La Paz, Gregorio Mara\u00f1\u00f3n, Puerta de Hierro y \u00a0Cl\u00ednico San Carlos<\/b><span style=\"font-weight: 400;\">, colaborando junto a los equipos de Neonatolog\u00eda para ofrecer apoyo, informaci\u00f3n y acompa\u00f1amiento directo a las familias durante el ingreso de sus beb\u00e9s.<\/span><\/p><p><span style=\"font-weight: 400;\">Desde 2009, APREM ha impulsado la creaci\u00f3n de Escuelas de Familias en distintas unidades de Neonatolog\u00eda de la Comunidad de Madrid y en otras comunidades aut\u00f3nomas que han querido replicar este modelo de acompa\u00f1amiento.<\/span><\/p>\t\t\t\t\t\t\t\t<\/div>\n\t\t\t\t<\/div>\n\t\t<div class=\"elementor-element elementor-element-1f13ed9 e-con-full e-flex e-con e-child\" data-id=\"1f13ed9\" data-element_type=\"container\" data-e-type=\"container\">\n\t\t\t\t<div class=\"elementor-element elementor-element-bb1e31a elementor-widget elementor-widget-image\" data-id=\"bb1e31a\" data-element_type=\"widget\" data-e-type=\"widget\" data-widget_type=\"image.default\">\n\t\t\t\t\t\t\t\t\t\t\t\t\t\t\t<img decoding=\"async\" width=\"800\" height=\"600\" src=\"https:\/\/aprem-e.org\/wp-content\/uploads\/2025\/11\/I.APAlb080425.1TallerSuenoNuriaLozanoGemaLopez-1024x768.jpg\" class=\"attachment-large size-large wp-image-351\" alt=\"\" srcset=\"https:\/\/aprem-e.org\/wp-content\/uploads\/2025\/11\/I.APAlb080425.1TallerSuenoNuriaLozanoGemaLopez-1024x768.jpg 1024w, https:\/\/aprem-e.org\/wp-content\/uploads\/2025\/11\/I.APAlb080425.1TallerSuenoNuriaLozanoGemaLopez-300x225.jpg 300w, https:\/\/aprem-e.org\/wp-content\/uploads\/2025\/11\/I.APAlb080425.1TallerSuenoNuriaLozanoGemaLopez-768x576.jpg 768w, https:\/\/aprem-e.org\/wp-content\/uploads\/2025\/11\/I.APAlb080425.1TallerSuenoNuriaLozanoGemaLopez-1536x1152.jpg 1536w, https:\/\/aprem-e.org\/wp-content\/uploads\/2025\/11\/I.APAlb080425.1TallerSuenoNuriaLozanoGemaLopez-2048x1536.jpg 2048w\" sizes=\"(max-width: 800px) 100vw, 800px\" \/>\t\t\t\t\t\t\t\t\t\t\t\t\t\t\t<\/div>\n\t\t\t\t<\/div>\n\t\t\t\t\t<\/div>\n\t\t\t\t<\/div>\n\t\t<div class=\"elementor-element elementor-element-156cc79 e-flex e-con-boxed e-con e-parent\" data-id=\"156cc79\" data-element_type=\"container\" data-e-type=\"container\">\n\t\t\t\t\t<div class=\"e-con-inner\">\n\t\t\t\t<div class=\"elementor-element elementor-element-68590f9 elementor-widget__width-initial elementor-widget elementor-widget-text-editor\" data-id=\"68590f9\" data-element_type=\"widget\" data-e-type=\"widget\" data-widget_type=\"text-editor.default\">\n\t\t\t\t\t\t\t\t\t<p><span style=\"font-weight: 400;\">Adem\u00e1s, desde <\/span><b>febrero de 2023<\/b><span style=\"font-weight: 400;\"> realizamos <\/span><b>talleres virtuales<\/b><span style=\"font-weight: 400;\"> para llegar a las familias vivan donde vivan.<\/span><span style=\"font-weight: 400;\"><br \/><\/span><span style=\"font-weight: 400;\"> Estos talleres forman parte de nuestro <\/span><b>Programa ConTacto<\/b><span style=\"font-weight: 400;\">, desarrollado con la colaboraci\u00f3n de la <\/span><b>Fundaci\u00f3n \u201cla Caixa\u201d<\/b><span style=\"font-weight: 400;\"> y el <\/span><b>Ministerio de Derechos Sociales, Consumo y Agenda 2030<\/b><span style=\"font-weight: 400;\"> durante los a\u00f1os <\/span><b>2024 y 2025<\/b><span style=\"font-weight: 400;\">.<\/span><\/p><p><span style=\"font-weight: 400;\">Porque cada familia que aprende, conf\u00eda.<\/span><span style=\"font-weight: 400;\"><br \/><\/span><span style=\"font-weight: 400;\"> Y cada beb\u00e9 que siente esa confianza, crece un poco m\u00e1s fuerte \ud83d\udc9c<\/span><\/p>\t\t\t\t\t\t\t\t<\/div>\n\t\t\t\t\t<\/div>\n\t\t\t\t<\/div>\n\t\t\t\t<\/div>\n\t\t","protected":false},"excerpt":{"rendered":"<p>Escuela de Familias Cuando nace un beb\u00e9 prematuro, las dudas, los miedos y la sensaci\u00f3n de no saber \u201csi lo haremos bien\u201d son muy comunes. Por eso, desde APREM creemos que la formaci\u00f3n tambi\u00e9n es una forma de cuidar. A trav\u00e9s de las Escuelas de Familias, acompa\u00f1amos a madres, padres y cuidadores para que se [&hellip;]<\/p>\n","protected":false},"author":1,"featured_media":0,"parent":0,"menu_order":0,"comment_status":"closed","ping_status":"closed","template":"","meta":{"inline_featured_image":false,"footnotes":""},"class_list":["post-419","page","type-page","status-publish","hentry"],"yoast_head":"<!-- This site is optimized with the Yoast SEO plugin v27.4 - https:\/\/yoast.com\/product\/yoast-seo-wordpress\/ -->\n<title>Escuela de Familias - Aprem<\/title>\n<meta name=\"robots\" content=\"index, follow, max-snippet:-1, max-image-preview:large, max-video-preview:-1\" \/>\n<link rel=\"canonical\" href=\"https:\/\/aprem-e.org\/index.php\/escuela-de-familias\/\" \/>\n<meta property=\"og:locale\" content=\"es_ES\" \/>\n<meta property=\"og:type\" content=\"article\" \/>\n<meta property=\"og:title\" content=\"Escuela de Familias - Aprem\" \/>\n<meta property=\"og:description\" content=\"Escuela de Familias Cuando nace un beb\u00e9 prematuro, las dudas, los miedos y la sensaci\u00f3n de no saber \u201csi lo haremos bien\u201d son muy comunes. Por eso, desde APREM creemos que la formaci\u00f3n tambi\u00e9n es una forma de cuidar. A trav\u00e9s de las Escuelas de Familias, acompa\u00f1amos a madres, padres y cuidadores para que se [&hellip;]\" \/>\n<meta property=\"og:url\" content=\"https:\/\/aprem-e.org\/index.php\/escuela-de-familias\/\" \/>\n<meta property=\"og:site_name\" content=\"Aprem\" \/>\n<meta property=\"article:modified_time\" content=\"2025-12-30T13:14:07+00:00\" \/>\n<meta property=\"og:image\" content=\"https:\/\/aprem-e.org\/wp-content\/uploads\/2025\/11\/b508576b-8a8c-4c4e-b410-cc752ee99384.jpg\" \/>\n\t<meta property=\"og:image:width\" content=\"1600\" \/>\n\t<meta property=\"og:image:height\" content=\"1200\" \/>\n\t<meta property=\"og:image:type\" content=\"image\/jpeg\" \/>\n<meta name=\"twitter:card\" content=\"summary_large_image\" \/>\n<meta name=\"twitter:label1\" content=\"Tiempo de lectura\" \/>\n\t<meta name=\"twitter:data1\" content=\"2 minutos\" \/>\n<script type=\"application\/ld+json\" class=\"yoast-schema-graph\">{\"@context\":\"https:\\\/\\\/schema.org\",\"@graph\":[{\"@type\":\"WebPage\",\"@id\":\"https:\\\/\\\/aprem-e.org\\\/index.php\\\/escuela-de-familias\\\/\",\"url\":\"https:\\\/\\\/aprem-e.org\\\/index.php\\\/escuela-de-familias\\\/\",\"name\":\"Escuela de Familias - Aprem\",\"isPartOf\":{\"@id\":\"https:\\\/\\\/aprem-e.org\\\/#website\"},\"primaryImageOfPage\":{\"@id\":\"https:\\\/\\\/aprem-e.org\\\/index.php\\\/escuela-de-familias\\\/#primaryimage\"},\"image\":{\"@id\":\"https:\\\/\\\/aprem-e.org\\\/index.php\\\/escuela-de-familias\\\/#primaryimage\"},\"thumbnailUrl\":\"https:\\\/\\\/aprem-e.org\\\/wp-content\\\/uploads\\\/2025\\\/11\\\/b508576b-8a8c-4c4e-b410-cc752ee99384-1024x768.jpg\",\"datePublished\":\"2025-11-07T12:54:11+00:00\",\"dateModified\":\"2025-12-30T13:14:07+00:00\",\"breadcrumb\":{\"@id\":\"https:\\\/\\\/aprem-e.org\\\/index.php\\\/escuela-de-familias\\\/#breadcrumb\"},\"inLanguage\":\"es\",\"potentialAction\":[{\"@type\":\"ReadAction\",\"target\":[\"https:\\\/\\\/aprem-e.org\\\/index.php\\\/escuela-de-familias\\\/\"]}]},{\"@type\":\"ImageObject\",\"inLanguage\":\"es\",\"@id\":\"https:\\\/\\\/aprem-e.org\\\/index.php\\\/escuela-de-familias\\\/#primaryimage\",\"url\":\"https:\\\/\\\/aprem-e.org\\\/wp-content\\\/uploads\\\/2025\\\/11\\\/b508576b-8a8c-4c4e-b410-cc752ee99384.jpg\",\"contentUrl\":\"https:\\\/\\\/aprem-e.org\\\/wp-content\\\/uploads\\\/2025\\\/11\\\/b508576b-8a8c-4c4e-b410-cc752ee99384.jpg\",\"width\":1600,\"height\":1200},{\"@type\":\"BreadcrumbList\",\"@id\":\"https:\\\/\\\/aprem-e.org\\\/index.php\\\/escuela-de-familias\\\/#breadcrumb\",\"itemListElement\":[{\"@type\":\"ListItem\",\"position\":1,\"name\":\"Home\",\"item\":\"https:\\\/\\\/aprem-e.org\\\/\"},{\"@type\":\"ListItem\",\"position\":2,\"name\":\"Escuela de Familias\"}]},{\"@type\":\"WebSite\",\"@id\":\"https:\\\/\\\/aprem-e.org\\\/#website\",\"url\":\"https:\\\/\\\/aprem-e.org\\\/\",\"name\":\"Aprem\",\"description\":\"Asociaci\u00f3n de Padres de Ni\u00f1os Prematuros\",\"publisher\":{\"@id\":\"https:\\\/\\\/aprem-e.org\\\/#organization\"},\"potentialAction\":[{\"@type\":\"SearchAction\",\"target\":{\"@type\":\"EntryPoint\",\"urlTemplate\":\"https:\\\/\\\/aprem-e.org\\\/?s={search_term_string}\"},\"query-input\":{\"@type\":\"PropertyValueSpecification\",\"valueRequired\":true,\"valueName\":\"search_term_string\"}}],\"inLanguage\":\"es\"},{\"@type\":\"Organization\",\"@id\":\"https:\\\/\\\/aprem-e.org\\\/#organization\",\"name\":\"Aprem\",\"url\":\"https:\\\/\\\/aprem-e.org\\\/\",\"logo\":{\"@type\":\"ImageObject\",\"inLanguage\":\"es\",\"@id\":\"https:\\\/\\\/aprem-e.org\\\/#\\\/schema\\\/logo\\\/image\\\/\",\"url\":\"https:\\\/\\\/aprem-e.org\\\/wp-content\\\/uploads\\\/2025\\\/09\\\/cropped-Logo-APREM_M1.png\",\"contentUrl\":\"https:\\\/\\\/aprem-e.org\\\/wp-content\\\/uploads\\\/2025\\\/09\\\/cropped-Logo-APREM_M1.png\",\"width\":512,\"height\":512,\"caption\":\"Aprem\"},\"image\":{\"@id\":\"https:\\\/\\\/aprem-e.org\\\/#\\\/schema\\\/logo\\\/image\\\/\"}}]}<\/script>\n<!-- \/ Yoast SEO plugin. -->","yoast_head_json":{"title":"Escuela de Familias - Aprem","robots":{"index":"index","follow":"follow","max-snippet":"max-snippet:-1","max-image-preview":"max-image-preview:large","max-video-preview":"max-video-preview:-1"},"canonical":"https:\/\/aprem-e.org\/index.php\/escuela-de-familias\/","og_locale":"es_ES","og_type":"article","og_title":"Escuela de Familias - Aprem","og_description":"Escuela de Familias Cuando nace un beb\u00e9 prematuro, las dudas, los miedos y la sensaci\u00f3n de no saber \u201csi lo haremos bien\u201d son muy comunes. Por eso, desde APREM creemos que la formaci\u00f3n tambi\u00e9n es una forma de cuidar. A trav\u00e9s de las Escuelas de Familias, acompa\u00f1amos a madres, padres y cuidadores para que se [&hellip;]","og_url":"https:\/\/aprem-e.org\/index.php\/escuela-de-familias\/","og_site_name":"Aprem","article_modified_time":"2025-12-30T13:14:07+00:00","og_image":[{"width":1600,"height":1200,"url":"https:\/\/aprem-e.org\/wp-content\/uploads\/2025\/11\/b508576b-8a8c-4c4e-b410-cc752ee99384.jpg","type":"image\/jpeg"}],"twitter_card":"summary_large_image","twitter_misc":{"Tiempo de lectura":"2 minutos"},"schema":{"@context":"https:\/\/schema.org","@graph":[{"@type":"WebPage","@id":"https:\/\/aprem-e.org\/index.php\/escuela-de-familias\/","url":"https:\/\/aprem-e.org\/index.php\/escuela-de-familias\/","name":"Escuela de Familias - Aprem","isPartOf":{"@id":"https:\/\/aprem-e.org\/#website"},"primaryImageOfPage":{"@id":"https:\/\/aprem-e.org\/index.php\/escuela-de-familias\/#primaryimage"},"image":{"@id":"https:\/\/aprem-e.org\/index.php\/escuela-de-familias\/#primaryimage"},"thumbnailUrl":"https:\/\/aprem-e.org\/wp-content\/uploads\/2025\/11\/b508576b-8a8c-4c4e-b410-cc752ee99384-1024x768.jpg","datePublished":"2025-11-07T12:54:11+00:00","dateModified":"2025-12-30T13:14:07+00:00","breadcrumb":{"@id":"https:\/\/aprem-e.org\/index.php\/escuela-de-familias\/#breadcrumb"},"inLanguage":"es","potentialAction":[{"@type":"ReadAction","target":["https:\/\/aprem-e.org\/index.php\/escuela-de-familias\/"]}]},{"@type":"ImageObject","inLanguage":"es","@id":"https:\/\/aprem-e.org\/index.php\/escuela-de-familias\/#primaryimage","url":"https:\/\/aprem-e.org\/wp-content\/uploads\/2025\/11\/b508576b-8a8c-4c4e-b410-cc752ee99384.jpg","contentUrl":"https:\/\/aprem-e.org\/wp-content\/uploads\/2025\/11\/b508576b-8a8c-4c4e-b410-cc752ee99384.jpg","width":1600,"height":1200},{"@type":"BreadcrumbList","@id":"https:\/\/aprem-e.org\/index.php\/escuela-de-familias\/#breadcrumb","itemListElement":[{"@type":"ListItem","position":1,"name":"Home","item":"https:\/\/aprem-e.org\/"},{"@type":"ListItem","position":2,"name":"Escuela de Familias"}]},{"@type":"WebSite","@id":"https:\/\/aprem-e.org\/#website","url":"https:\/\/aprem-e.org\/","name":"Aprem","description":"Asociaci\u00f3n de Padres de Ni\u00f1os Prematuros","publisher":{"@id":"https:\/\/aprem-e.org\/#organization"},"potentialAction":[{"@type":"SearchAction","target":{"@type":"EntryPoint","urlTemplate":"https:\/\/aprem-e.org\/?s={search_term_string}"},"query-input":{"@type":"PropertyValueSpecification","valueRequired":true,"valueName":"search_term_string"}}],"inLanguage":"es"},{"@type":"Organization","@id":"https:\/\/aprem-e.org\/#organization","name":"Aprem","url":"https:\/\/aprem-e.org\/","logo":{"@type":"ImageObject","inLanguage":"es","@id":"https:\/\/aprem-e.org\/#\/schema\/logo\/image\/","url":"https:\/\/aprem-e.org\/wp-content\/uploads\/2025\/09\/cropped-Logo-APREM_M1.png","contentUrl":"https:\/\/aprem-e.org\/wp-content\/uploads\/2025\/09\/cropped-Logo-APREM_M1.png","width":512,"height":512,"caption":"Aprem"},"image":{"@id":"https:\/\/aprem-e.org\/#\/schema\/logo\/image\/"}}]}},"_links":{"self":[{"href":"https:\/\/aprem-e.org\/index.php\/wp-json\/wp\/v2\/pages\/419","targetHints":{"allow":["GET"]}}],"collection":[{"href":"https:\/\/aprem-e.org\/index.php\/wp-json\/wp\/v2\/pages"}],"about":[{"href":"https:\/\/aprem-e.org\/index.php\/wp-json\/wp\/v2\/types\/page"}],"author":[{"embeddable":true,"href":"https:\/\/aprem-e.org\/index.php\/wp-json\/wp\/v2\/users\/1"}],"replies":[{"embeddable":true,"href":"https:\/\/aprem-e.org\/index.php\/wp-json\/wp\/v2\/comments?post=419"}],"version-history":[{"count":13,"href":"https:\/\/aprem-e.org\/index.php\/wp-json\/wp\/v2\/pages\/419\/revisions"}],"predecessor-version":[{"id":779,"href":"https:\/\/aprem-e.org\/index.php\/wp-json\/wp\/v2\/pages\/419\/revisions\/779"}],"wp:attachment":[{"href":"https:\/\/aprem-e.org\/index.php\/wp-json\/wp\/v2\/media?parent=419"}],"curies":[{"name":"wp","href":"https:\/\/api.w.org\/{rel}","templated":true}]}}