{"id":836,"date":"2026-01-26T20:25:01","date_gmt":"2026-01-26T20:25:01","guid":{"rendered":"https:\/\/aprem-e.org\/?page_id=836"},"modified":"2026-01-27T11:46:16","modified_gmt":"2026-01-27T11:46:16","slug":"politica-de-privacidad","status":"publish","type":"page","link":"https:\/\/aprem-e.org\/index.php\/politica-de-privacidad\/","title":{"rendered":"Pol\u00edtica de Privacidad"},"content":{"rendered":"\t\t<div data-elementor-type=\"wp-page\" data-elementor-id=\"836\" class=\"elementor elementor-836\" data-elementor-post-type=\"page\">\n\t\t\t\t<div class=\"elementor-element elementor-element-1d175611 e-flex e-con-boxed e-con e-parent\" data-id=\"1d175611\" data-element_type=\"container\" data-e-type=\"container\">\n\t\t\t\t\t<div class=\"e-con-inner\">\n\t\t\t\t<div class=\"elementor-element elementor-element-6814e8a7 elementor-widget elementor-widget-text-editor\" data-id=\"6814e8a7\" data-element_type=\"widget\" data-e-type=\"widget\" data-widget_type=\"text-editor.default\">\n\t\t\t\t\t\t\t\t\t<p><b>POL\u00cdTICA DE PRIVACIDAD Y PROTECCI\u00d3N DE DATOS<\/b><\/p>\n<p>\u00a0<\/p>\n<p><span style=\"font-weight: 400;\">En cumplimiento Reglamento (UE) 2016\/679 (Reglamento General de Protecci\u00f3n de datos) y su normativa de desarrollo, as\u00ed como la Ley Org\u00e1nica 3\/2018, de 5 de diciembre, de Protecci\u00f3n de Datos y garant\u00eda de derechos digitales le ofrecemos la siguiente informaci\u00f3n de su inter\u00e9s en relaci\u00f3n al tratamiento de sus datos personales:\u00a0<\/span><\/p>\n<p><br \/><b><\/b><\/p>\n<ul>\n<li aria-level=\"1\"><b>RESPONSABLE DEL TRATAMIENTO:\u00a0<\/b><\/li>\n<\/ul>\n<p><span style=\"font-weight: 400;\">Sus datos ser\u00e1n tratados por <\/span><b>ASOCIACI\u00d3N DE PADRES DE NI\u00d1OS PREMATUROS (en adelante APREM), con CIF: G82731282 y domicilio en C\/ Ribadavia 9 Bajo, Puerta 4, 28029 Madrid, <\/b><span style=\"font-weight: 400;\">con email: aprem@aprem-e.org<\/span><\/p>\n<p><br \/><b><\/b><\/p>\n<ul>\n<li aria-level=\"1\"><b>DELEGADO DE PROTECCI\u00d3N DE DATOS:\u00a0<\/b><\/li>\n<\/ul>\n<p><span style=\"font-weight: 400;\">El responsable del tratamiento ha designado como delegado de protecci\u00f3n de datos a <\/span><b>TECNODERECHO ASESORES, S.L.<\/b><span style=\"font-weight: 400;\">, con <\/span><b>CIF B85234177<\/b><span style=\"font-weight: 400;\">, y usted podr\u00e1 contactar con el mismo a trav\u00e9s del siguiente n\u00famero de tel\u00e9fono <\/span><b>914898274<\/b><span style=\"font-weight: 400;\"> o escribiendo un email a <\/span><b>dpo@tecnoderecho.com<\/b><\/p>\n<p>\u00a0<\/p>\n<ul>\n<li style=\"font-weight: 400;\" aria-level=\"1\"><b>FINALIDAD DEL TRATAMIENTO Y LEGITIMACI\u00d3N:<\/b><b>\u00a0<\/b><\/li>\n<\/ul>\n<p><b>APREM,<\/b><span style=\"font-weight: 400;\"> le informa que solamente utilizar\u00e1 sus datos para finalidades leg\u00edtimas, tales como:<\/span><\/p>\n<ul>\n<li style=\"font-weight: 400;\" aria-level=\"1\"><span style=\"font-weight: 400;\">Cumplimiento de nuestra relaci\u00f3n: sus datos ser\u00e1n tratados para poder mantener y cumplir las obligaciones derivadas de la gesti\u00f3n de la relaci\u00f3n como miembro asociado a la entidad.<\/span><\/li>\n<li style=\"font-weight: 400;\" aria-level=\"1\"><span style=\"font-weight: 400;\">Cumplimiento de obligaciones legales (Agencia Tributaria, acciones judiciales, etc.)<\/span><\/li>\n<li style=\"font-weight: 400;\" aria-level=\"1\"><span style=\"font-weight: 400;\">Env\u00edo de comunicaciones informativas sobre posibles incidencias o brechas de seguridad inform\u00e1tica.<\/span><\/li>\n<\/ul>\n<p>\u00a0<\/p>\n<p><span style=\"font-weight: 400;\">Para cualquier otra finalidad que previa y expresamente haya sido autorizada por usted como:<\/span><\/p>\n<ul>\n<li style=\"font-weight: 400;\" aria-level=\"1\"><span style=\"font-weight: 400;\">Responder a las consultas, as\u00ed como a las solicitudes de informaci\u00f3n que nos planteen a trav\u00e9s de los formularios de la p\u00e1gina web<\/span><\/li>\n<li style=\"font-weight: 400;\" aria-level=\"1\"><span style=\"font-weight: 400;\">Elaborar un perfil comercial en base a la informaci\u00f3n facilitada por usted con el objeto de mostrarle o remitirle publicidad personalizada en base a sus h\u00e1bitos de consumo y\/o preferencias. Dicho perfil puede elaborarse a trav\u00e9s de las cookies o cualquier otro medio.\u00a0 En cualquier caso, no se tomar\u00e1n decisiones automatizadas en base a dicho perfil que produzcan efectos jur\u00eddicos o significativos para usted.\u00a0\u00a0<\/span><\/li>\n<\/ul>\n<p><br \/><b><\/b><\/p>\n<ul>\n<li aria-level=\"1\"><b>CATEGOR\u00cdAS DE DATOS OBJETO DE TRATAMIENTO.\u00a0<\/b><\/li>\n<\/ul>\n<p><span style=\"font-weight: 400;\">A fin de poder facilitarle una respuesta adecuada a las consultas que nos plantee a trav\u00e9s del Formulario del Servicio de Orientaci\u00f3n y Apoyo Psicol\u00f3gico, podremos tratar las siguientes categor\u00edas de datos personales:\u00a0\u00a0<\/span><\/p>\n<ul>\n<li style=\"font-weight: 400;\" aria-level=\"1\"><span style=\"font-weight: 400;\">Categor\u00edas especiales de datos: Salud.\u00a0<\/span><\/li>\n<li style=\"font-weight: 400;\" aria-level=\"1\"><span style=\"font-weight: 400;\">Datos identificativos: Nombre y direcci\u00f3n de correo electr\u00f3nico.<\/span><\/li>\n<li style=\"font-weight: 400;\" aria-level=\"1\"><span style=\"font-weight: 400;\">Otras categor\u00edas de datos personales: Caracter\u00edsticas personales y circunstancias sociales.<\/span><\/li>\n<\/ul>\n<p><br \/><b><\/b><\/p>\n<ul>\n<li aria-level=\"1\"><b>\u00bfA QUI\u00c9N FACILITAREMOS SUS DATOS?:<\/b><\/li>\n<\/ul>\n<p><span style=\"font-weight: 400;\">Sus datos podr\u00e1n ser cedidos o comunicados a aquellas entidades o administraciones que sea estrictamente necesarias para poder prestarle los servicios contratados o mantener la relaci\u00f3n comercial libremente aceptada, a aquellas entidades o administraciones a las que tengamos la obligaci\u00f3n de hacerlo en cumplimiento de alguna Ley, as\u00ed como a aquellas entidades o administraciones a las que usted nos haya autorizado expresamente.<\/span><\/p>\n<p><br \/><b><\/b><\/p>\n<ul>\n<li aria-level=\"1\"><b>PLAZO DE CONSERVACI\u00d3N DE SUS DATOS:\u00a0<\/b><\/li>\n<\/ul>\n<p><span style=\"font-weight: 400;\">Sus datos ser\u00e1n conservados mientras dure nuestra relaci\u00f3n contractual y\/o comercial, el tiempo necesario para cumplir con las correspondientes obligaciones legales, y el plazo de prescripci\u00f3n de las acciones judiciales pertinentes. En todo caso procederemos a borrar sus datos cuando nos solicite su supresi\u00f3n en los t\u00e9rminos previstos por la Ley.<\/span><\/p>\n<p><br \/><b><\/b><\/p>\n<ul>\n<li aria-level=\"1\"><b>SUS DERECHOS:<\/b><\/li>\n<\/ul>\n<p><span style=\"font-weight: 400;\">Podr\u00e1 ejercitar cualquiera de los siguientes derechos envi\u00e1ndonos una solicitud por escrito junto a una fotocopia de su DNI\/pasaporte a la siguiente direcci\u00f3n: <\/span><b>APREM, con domicilio en C\/ Ribadavia 9 Bajo, Puerta 4, 28029 Madrid,<\/b><span style=\"font-weight: 400;\"> email: aprem@aprem-e,org<\/span><\/p>\n<p><br \/><b><\/b><\/p>\n<ul>\n<li aria-level=\"1\"><b>Informaci\u00f3n: <\/b><span style=\"font-weight: 400;\">Podr\u00e1 pedirnos que le informemos si tratamos sus datos personales.<\/span><\/li>\n<\/ul>\n<p>\u00a0<\/p>\n<ul>\n<li style=\"font-weight: 400;\" aria-level=\"1\"><b>Acceso: <\/b><span style=\"font-weight: 400;\">Podr\u00e1 pedirnos que le informemos sobre cu\u00e1les son los datos personales que hemos incluido en nuestros ficheros y las finalidades para las que han sido recabados<\/span><\/li>\n<\/ul>\n<p><br \/><b><\/b><\/p>\n<ul>\n<li aria-level=\"1\"><b>Rectificaci\u00f3n: <\/b><span style=\"font-weight: 400;\">Podr\u00e1 solicitarnos que modifiquemos sus datos personales cuando sean inexactos, as\u00ed como completar aquellos que sean incompletos.<\/span><\/li>\n<\/ul>\n<p><b><\/b><br \/><b><\/b><\/p>\n<ul>\n<li aria-level=\"1\"><b>Supresi\u00f3n: <\/b><span style=\"font-weight: 400;\">Podr\u00e1 solicitarnos la eliminaci\u00f3n de sus datos personales cuando, entre otros motivos, retire su consentimiento y los datos ya no sean necesarios para los fines que fueron recabados.<\/span><\/li>\n<\/ul>\n<p><b><\/b><br \/><b><\/b><\/p>\n<ul>\n<li aria-level=\"1\"><b>Oposici\u00f3n: <\/b><span style=\"font-weight: 400;\">Podr\u00e1 solicitar que no se traten sus datos personales.<\/span><\/li>\n<\/ul>\n<p>\u00a0<\/p>\n<ul>\n<li style=\"font-weight: 400;\" aria-level=\"1\"><b>Derecho de Limitaci\u00f3n: <\/b><span style=\"font-weight: 400;\">Podr\u00e1 solicitar la limitaci\u00f3n del tratamiento de sus datos cuando se cumpla alguna de las condiciones siguientes:<\/span><\/li>\n<\/ul>\n<p>\u00a0<\/p>\n<ol>\n<li><span style=\"font-weight: 400;\">a) el interesado impugne la exactitud de los datos personales y mientras se comprueba la exactitud de los mismos.\u00a0\u00a0<\/span><\/li>\n<li><span style=\"font-weight: 400;\">b) el tratamiento sea il\u00edcito y el interesado se oponga a la supresi\u00f3n de los datos personales y solicite en su lugar la limitaci\u00f3n de su uso;<\/span><\/li>\n<li><span style=\"font-weight: 400;\">c) el responsable ya no necesite los datos personales para los fines del tratamiento, pero el interesado los necesite para la formulaci\u00f3n, el ejercicio o la defensa de reclamaciones;<\/span><\/li>\n<li><span style=\"font-weight: 400;\">d) el interesado se haya opuesto al tratamiento mientras se verifica si los motivos leg\u00edtimos del responsable prevalecen sobre los del interesado.<\/span><\/li>\n<\/ol>\n<p><br \/><b><\/b><\/p>\n<ul>\n<li aria-level=\"1\"><b>Derecho de Portabilidad: <\/b><span style=\"font-weight: 400;\">Tendr\u00e1 derecho a recibir los datos que nos ha facilitado en un formato estructurado, de uso com\u00fan y lectura mec\u00e1nica, siempre y cuando los mismos est\u00e9n automatizados, as\u00ed como a que los trasmitamos a otro responsable.\u00a0\u00a0\u00a0<\/span><\/li>\n<\/ul>\n<p><b><\/b><br \/><b><\/b><\/p>\n<ul>\n<li aria-level=\"1\"><b>MENORES E INCAPACES:<\/b><\/li>\n<\/ul>\n<p><span style=\"font-weight: 400;\">En el caso de personas menores de 14 a\u00f1os o incapaces, deber\u00e1 otorgar el consentimiento para el tratamiento de los datos personales el padre, madre o tutor del menor o incapaz.<\/span><\/p>\n<p><br \/><b><\/b><\/p>\n<ul>\n<li aria-level=\"1\"><b>MEDIDAS DE SEGURIDAD:<\/b><\/li>\n<\/ul>\n<p><span style=\"font-weight: 400;\">De conformidad con la legislaci\u00f3n vigente, <\/span><b>APREM<\/b><span style=\"font-weight: 400;\"> se obliga a implementar las medidas t\u00e9cnicas y organizativas que resulten necesarias en cada momento para garantizar la seguridad de sus datos y evitar su alteraci\u00f3n, perdida o tratamiento no autorizado.\u00a0\u00a0<\/span><\/p>\n<p><br \/><b><\/b><\/p>\n<ul>\n<li aria-level=\"1\"><b>POL\u00cdTICA DE COOKIES:<\/b><\/li>\n<\/ul>\n<p>\u00a0<\/p>\n<p><b>APREM<\/b><span style=\"font-weight: 400;\"> utiliza cookies que se quedar\u00e1n almacenadas en el ordenador. Las cookies son peque\u00f1os archivos que nuestro ordenador env\u00eda al suyo, pero que no nos proporcionan informaci\u00f3n ni sobre su nombre, ni sobre cualquier dato de car\u00e1cter personal suyo. Las cookies que utilizamos no pueden leer datos de su ordenador ni leer las cookies que existan en su ordenador.<\/span><\/p>\n<p><span style=\"font-weight: 400;\">Cuando el usuario se encuentre navegando por nuestra p\u00e1gina web el servidor donde se encuentra alojada reconoce autom\u00e1ticamente la direcci\u00f3n IP de su ordenador, el d\u00eda y la hora en la que comienza la visita, en la que abandona la visita, as\u00ed como informaci\u00f3n sobre las distintas secciones consultadas. Es necesario que el servidor conozca estos datos para poder comunicarse y enviarle la petici\u00f3n realizada y que a trav\u00e9s del navegador se pueda ver en la pantalla, por lo que es necesario tener activadas las cookies de su navegador para poder hacer uso de determinados servicios de la web.<\/span><\/p>\n<p><span style=\"font-weight: 400;\">Si usted lo desea puede configurar su navegador de manera que le avise en la pantalla si va a recibir una cookie. El usuario puede configurar su ordenador de manera que no reciba estas cookies, pero este hecho impedir\u00e1 que se pueda hacer uso de determinados servicios de la web.\u00a0<\/span><\/p>\n<p>\u00a0<\/p>\t\t\t\t\t\t\t\t<\/div>\n\t\t\t\t\t<\/div>\n\t\t\t\t<\/div>\n\t\t\t\t<\/div>\n\t\t","protected":false},"excerpt":{"rendered":"<p>POL\u00cdTICA DE PRIVACIDAD Y PROTECCI\u00d3N DE DATOS \u00a0 En cumplimiento Reglamento (UE) 2016\/679 (Reglamento General de Protecci\u00f3n de datos) y su normativa de desarrollo, as\u00ed como la Ley Org\u00e1nica 3\/2018, de 5 de diciembre, de Protecci\u00f3n de Datos y garant\u00eda de derechos digitales le ofrecemos la siguiente informaci\u00f3n de su inter\u00e9s en relaci\u00f3n al tratamiento [&hellip;]<\/p>\n","protected":false},"author":1,"featured_media":0,"parent":0,"menu_order":0,"comment_status":"closed","ping_status":"closed","template":"","meta":{"inline_featured_image":false,"footnotes":""},"class_list":["post-836","page","type-page","status-publish","hentry"],"yoast_head":"<!-- This site is optimized with the Yoast SEO plugin v27.4 - https:\/\/yoast.com\/product\/yoast-seo-wordpress\/ -->\n<title>Pol\u00edtica de Privacidad - Aprem<\/title>\n<meta name=\"robots\" content=\"index, follow, max-snippet:-1, max-image-preview:large, max-video-preview:-1\" \/>\n<link rel=\"canonical\" href=\"https:\/\/aprem-e.org\/index.php\/politica-de-privacidad\/\" \/>\n<meta property=\"og:locale\" content=\"es_ES\" \/>\n<meta property=\"og:type\" content=\"article\" \/>\n<meta property=\"og:title\" content=\"Pol\u00edtica de Privacidad - Aprem\" \/>\n<meta property=\"og:description\" content=\"POL\u00cdTICA DE PRIVACIDAD Y PROTECCI\u00d3N DE DATOS \u00a0 En cumplimiento Reglamento (UE) 2016\/679 (Reglamento General de Protecci\u00f3n de datos) y su normativa de desarrollo, as\u00ed como la Ley Org\u00e1nica 3\/2018, de 5 de diciembre, de Protecci\u00f3n de Datos y garant\u00eda de derechos digitales le ofrecemos la siguiente informaci\u00f3n de su inter\u00e9s en relaci\u00f3n al tratamiento [&hellip;]\" \/>\n<meta property=\"og:url\" content=\"https:\/\/aprem-e.org\/index.php\/politica-de-privacidad\/\" \/>\n<meta property=\"og:site_name\" content=\"Aprem\" \/>\n<meta property=\"article:modified_time\" content=\"2026-01-27T11:46:16+00:00\" \/>\n<meta name=\"twitter:card\" content=\"summary_large_image\" \/>\n<meta name=\"twitter:label1\" content=\"Tiempo de lectura\" \/>\n\t<meta name=\"twitter:data1\" content=\"5 minutos\" \/>\n<script type=\"application\/ld+json\" class=\"yoast-schema-graph\">{\"@context\":\"https:\\\/\\\/schema.org\",\"@graph\":[{\"@type\":\"WebPage\",\"@id\":\"https:\\\/\\\/aprem-e.org\\\/index.php\\\/politica-de-privacidad\\\/\",\"url\":\"https:\\\/\\\/aprem-e.org\\\/index.php\\\/politica-de-privacidad\\\/\",\"name\":\"Pol\u00edtica de Privacidad - Aprem\",\"isPartOf\":{\"@id\":\"https:\\\/\\\/aprem-e.org\\\/#website\"},\"datePublished\":\"2026-01-26T20:25:01+00:00\",\"dateModified\":\"2026-01-27T11:46:16+00:00\",\"breadcrumb\":{\"@id\":\"https:\\\/\\\/aprem-e.org\\\/index.php\\\/politica-de-privacidad\\\/#breadcrumb\"},\"inLanguage\":\"es\",\"potentialAction\":[{\"@type\":\"ReadAction\",\"target\":[\"https:\\\/\\\/aprem-e.org\\\/index.php\\\/politica-de-privacidad\\\/\"]}]},{\"@type\":\"BreadcrumbList\",\"@id\":\"https:\\\/\\\/aprem-e.org\\\/index.php\\\/politica-de-privacidad\\\/#breadcrumb\",\"itemListElement\":[{\"@type\":\"ListItem\",\"position\":1,\"name\":\"Home\",\"item\":\"https:\\\/\\\/aprem-e.org\\\/\"},{\"@type\":\"ListItem\",\"position\":2,\"name\":\"Pol\u00edtica de Privacidad\"}]},{\"@type\":\"WebSite\",\"@id\":\"https:\\\/\\\/aprem-e.org\\\/#website\",\"url\":\"https:\\\/\\\/aprem-e.org\\\/\",\"name\":\"Aprem\",\"description\":\"Asociaci\u00f3n de Padres de Ni\u00f1os Prematuros\",\"publisher\":{\"@id\":\"https:\\\/\\\/aprem-e.org\\\/#organization\"},\"potentialAction\":[{\"@type\":\"SearchAction\",\"target\":{\"@type\":\"EntryPoint\",\"urlTemplate\":\"https:\\\/\\\/aprem-e.org\\\/?s={search_term_string}\"},\"query-input\":{\"@type\":\"PropertyValueSpecification\",\"valueRequired\":true,\"valueName\":\"search_term_string\"}}],\"inLanguage\":\"es\"},{\"@type\":\"Organization\",\"@id\":\"https:\\\/\\\/aprem-e.org\\\/#organization\",\"name\":\"Aprem\",\"url\":\"https:\\\/\\\/aprem-e.org\\\/\",\"logo\":{\"@type\":\"ImageObject\",\"inLanguage\":\"es\",\"@id\":\"https:\\\/\\\/aprem-e.org\\\/#\\\/schema\\\/logo\\\/image\\\/\",\"url\":\"https:\\\/\\\/aprem-e.org\\\/wp-content\\\/uploads\\\/2025\\\/09\\\/cropped-Logo-APREM_M1.png\",\"contentUrl\":\"https:\\\/\\\/aprem-e.org\\\/wp-content\\\/uploads\\\/2025\\\/09\\\/cropped-Logo-APREM_M1.png\",\"width\":512,\"height\":512,\"caption\":\"Aprem\"},\"image\":{\"@id\":\"https:\\\/\\\/aprem-e.org\\\/#\\\/schema\\\/logo\\\/image\\\/\"}}]}<\/script>\n<!-- \/ Yoast SEO plugin. -->","yoast_head_json":{"title":"Pol\u00edtica de Privacidad - Aprem","robots":{"index":"index","follow":"follow","max-snippet":"max-snippet:-1","max-image-preview":"max-image-preview:large","max-video-preview":"max-video-preview:-1"},"canonical":"https:\/\/aprem-e.org\/index.php\/politica-de-privacidad\/","og_locale":"es_ES","og_type":"article","og_title":"Pol\u00edtica de Privacidad - Aprem","og_description":"POL\u00cdTICA DE PRIVACIDAD Y PROTECCI\u00d3N DE DATOS \u00a0 En cumplimiento Reglamento (UE) 2016\/679 (Reglamento General de Protecci\u00f3n de datos) y su normativa de desarrollo, as\u00ed como la Ley Org\u00e1nica 3\/2018, de 5 de diciembre, de Protecci\u00f3n de Datos y garant\u00eda de derechos digitales le ofrecemos la siguiente informaci\u00f3n de su inter\u00e9s en relaci\u00f3n al tratamiento [&hellip;]","og_url":"https:\/\/aprem-e.org\/index.php\/politica-de-privacidad\/","og_site_name":"Aprem","article_modified_time":"2026-01-27T11:46:16+00:00","twitter_card":"summary_large_image","twitter_misc":{"Tiempo de lectura":"5 minutos"},"schema":{"@context":"https:\/\/schema.org","@graph":[{"@type":"WebPage","@id":"https:\/\/aprem-e.org\/index.php\/politica-de-privacidad\/","url":"https:\/\/aprem-e.org\/index.php\/politica-de-privacidad\/","name":"Pol\u00edtica de Privacidad - Aprem","isPartOf":{"@id":"https:\/\/aprem-e.org\/#website"},"datePublished":"2026-01-26T20:25:01+00:00","dateModified":"2026-01-27T11:46:16+00:00","breadcrumb":{"@id":"https:\/\/aprem-e.org\/index.php\/politica-de-privacidad\/#breadcrumb"},"inLanguage":"es","potentialAction":[{"@type":"ReadAction","target":["https:\/\/aprem-e.org\/index.php\/politica-de-privacidad\/"]}]},{"@type":"BreadcrumbList","@id":"https:\/\/aprem-e.org\/index.php\/politica-de-privacidad\/#breadcrumb","itemListElement":[{"@type":"ListItem","position":1,"name":"Home","item":"https:\/\/aprem-e.org\/"},{"@type":"ListItem","position":2,"name":"Pol\u00edtica de Privacidad"}]},{"@type":"WebSite","@id":"https:\/\/aprem-e.org\/#website","url":"https:\/\/aprem-e.org\/","name":"Aprem","description":"Asociaci\u00f3n de Padres de Ni\u00f1os Prematuros","publisher":{"@id":"https:\/\/aprem-e.org\/#organization"},"potentialAction":[{"@type":"SearchAction","target":{"@type":"EntryPoint","urlTemplate":"https:\/\/aprem-e.org\/?s={search_term_string}"},"query-input":{"@type":"PropertyValueSpecification","valueRequired":true,"valueName":"search_term_string"}}],"inLanguage":"es"},{"@type":"Organization","@id":"https:\/\/aprem-e.org\/#organization","name":"Aprem","url":"https:\/\/aprem-e.org\/","logo":{"@type":"ImageObject","inLanguage":"es","@id":"https:\/\/aprem-e.org\/#\/schema\/logo\/image\/","url":"https:\/\/aprem-e.org\/wp-content\/uploads\/2025\/09\/cropped-Logo-APREM_M1.png","contentUrl":"https:\/\/aprem-e.org\/wp-content\/uploads\/2025\/09\/cropped-Logo-APREM_M1.png","width":512,"height":512,"caption":"Aprem"},"image":{"@id":"https:\/\/aprem-e.org\/#\/schema\/logo\/image\/"}}]}},"_links":{"self":[{"href":"https:\/\/aprem-e.org\/index.php\/wp-json\/wp\/v2\/pages\/836","targetHints":{"allow":["GET"]}}],"collection":[{"href":"https:\/\/aprem-e.org\/index.php\/wp-json\/wp\/v2\/pages"}],"about":[{"href":"https:\/\/aprem-e.org\/index.php\/wp-json\/wp\/v2\/types\/page"}],"author":[{"embeddable":true,"href":"https:\/\/aprem-e.org\/index.php\/wp-json\/wp\/v2\/users\/1"}],"replies":[{"embeddable":true,"href":"https:\/\/aprem-e.org\/index.php\/wp-json\/wp\/v2\/comments?post=836"}],"version-history":[{"count":11,"href":"https:\/\/aprem-e.org\/index.php\/wp-json\/wp\/v2\/pages\/836\/revisions"}],"predecessor-version":[{"id":1006,"href":"https:\/\/aprem-e.org\/index.php\/wp-json\/wp\/v2\/pages\/836\/revisions\/1006"}],"wp:attachment":[{"href":"https:\/\/aprem-e.org\/index.php\/wp-json\/wp\/v2\/media?parent=836"}],"curies":[{"name":"wp","href":"https:\/\/api.w.org\/{rel}","templated":true}]}}