{"id":912,"date":"2026-01-27T03:11:00","date_gmt":"2026-01-27T03:11:00","guid":{"rendered":"https:\/\/aprem-e.org\/?page_id=912"},"modified":"2026-04-06T11:55:13","modified_gmt":"2026-04-06T11:55:13","slug":"aprem-madrid","status":"publish","type":"page","link":"https:\/\/aprem-e.org\/index.php\/aprem-madrid\/","title":{"rendered":"APREM Madrid"},"content":{"rendered":"\t\t<div data-elementor-type=\"wp-page\" data-elementor-id=\"912\" class=\"elementor elementor-912\" data-elementor-post-type=\"page\">\n\t\t\t\t\t\t<section class=\"elementor-section elementor-top-section elementor-element elementor-element-08b2575 elementor-section-boxed elementor-section-height-default elementor-section-height-default\" data-id=\"08b2575\" data-element_type=\"section\" data-e-type=\"section\">\n\t\t\t\t\t\t<div class=\"elementor-container elementor-column-gap-default\">\n\t\t\t\t\t<div class=\"elementor-column elementor-col-100 elementor-top-column elementor-element elementor-element-10984bb\" data-id=\"10984bb\" data-element_type=\"column\" data-e-type=\"column\">\n\t\t\t<div class=\"elementor-widget-wrap elementor-element-populated\">\n\t\t\t\t\t\t<div class=\"elementor-element elementor-element-10faec1 elementor-widget elementor-widget-heading\" data-id=\"10faec1\" data-element_type=\"widget\" data-e-type=\"widget\" data-widget_type=\"heading.default\">\n\t\t\t\t\t<h1 class=\"elementor-heading-title elementor-size-default\">Sede Central (Madrid)<\/h1>\t\t\t\t<\/div>\n\t\t\t\t\t<\/div>\n\t\t<\/div>\n\t\t\t\t\t<\/div>\n\t\t<\/section>\n\t\t<div class=\"elementor-element elementor-element-ec858b6 e-con-full e-flex e-con e-parent\" data-id=\"ec858b6\" data-element_type=\"container\" data-e-type=\"container\">\n\t\t<div class=\"elementor-element elementor-element-2356d0e e-con-full e-flex e-con e-child\" data-id=\"2356d0e\" data-element_type=\"container\" data-e-type=\"container\">\n\t\t\t\t<div class=\"elementor-element elementor-element-2478b1d elementor-widget elementor-widget-heading\" data-id=\"2478b1d\" data-element_type=\"widget\" data-e-type=\"widget\" data-widget_type=\"heading.default\">\n\t\t\t\t\t<h2 class=\"elementor-heading-title elementor-size-default\">\nHistoria<\/h2>\t\t\t\t<\/div>\n\t\t\t\t<div class=\"elementor-element elementor-element-3ee9667 elementor-widget__width-initial elementor-widget elementor-widget-text-editor\" data-id=\"3ee9667\" data-element_type=\"widget\" data-e-type=\"widget\" data-widget_type=\"text-editor.default\">\n\t\t\t\t\t\t\t\t\t<p><span style=\"font-weight: 400;\">En el a\u00f1o 1999 la prematuridad era a\u00fan muy desconocida. Un grupo de familias con hijos nacidos prematuros extremos coincidimos en el Servicio de Neonatolog\u00eda y vivimos una experiencia para la que ninguna familia, ni entonces ni ahora, est\u00e1 preparada.<\/span><\/p><p><span style=\"font-weight: 400;\">En nuestro caso, con hijos tan vulnerables, nadie sab\u00eda si deb\u00eda darnos el p\u00e9same o la enhorabuena; en nuestro entorno se hizo el silencio. Solo encontr\u00e1bamos comprensi\u00f3n en aquellos que estaban viviendo lo que nosotros. As\u00ed naci\u00f3 APREM, como un grupo de ayuda mutua, cuando comprendimos intuitivamente que no es lo mismo enfrentar un problema como un individuo aislado que con la ayuda de otros. A partir de ese momento, nos prometimos que nunca otras familias se iban a encontrar tan solas como lo hab\u00edamos estado nosotros, y un 27 de agosto de 1999 creamos la que ser\u00eda la primera asociaci\u00f3n de padres de ni\u00f1os prematuros en nuestro pa\u00eds: APREM.<\/span><\/p><p><span style=\"font-weight: 400;\">El Hospital Universitario La Paz fue nuestro primer espacio y la incubadora del movimiento asociativo de la prematuridad en nuestro pa\u00eds y, de entonces a hoy, hemos encontrado el apoyo incondicional de sus profesionales, al que se han sumado otros que valoran la experiencia y la larga y comprometida actividad de APREM en el \u00e1mbito de la prematuridad.<\/span><\/p>\t\t\t\t\t\t\t\t<\/div>\n\t\t\t\t<\/div>\n\t\t<div class=\"elementor-element elementor-element-cc5187a e-con-full e-flex e-con e-child\" data-id=\"cc5187a\" data-element_type=\"container\" data-e-type=\"container\">\n\t\t\t\t<div class=\"elementor-element elementor-element-324e5d8 elementor-widget__width-initial elementor-widget elementor-widget-image\" data-id=\"324e5d8\" data-element_type=\"widget\" data-e-type=\"widget\" data-widget_type=\"image.default\">\n\t\t\t\t\t\t\t\t\t\t\t\t\t\t\t<img fetchpriority=\"high\" decoding=\"async\" width=\"600\" height=\"308\" src=\"https:\/\/aprem-e.org\/wp-content\/uploads\/2026\/01\/FOTO-FAMILIA-EN-GREGORIO.jpg\" class=\"attachment-large size-large wp-image-914\" alt=\"\" srcset=\"https:\/\/aprem-e.org\/wp-content\/uploads\/2026\/01\/FOTO-FAMILIA-EN-GREGORIO.jpg 600w, https:\/\/aprem-e.org\/wp-content\/uploads\/2026\/01\/FOTO-FAMILIA-EN-GREGORIO-300x154.jpg 300w\" sizes=\"(max-width: 600px) 100vw, 600px\" \/>\t\t\t\t\t\t\t\t\t\t\t\t\t\t\t<\/div>\n\t\t\t\t<\/div>\n\t\t\t\t<\/div>\n\t\t<div class=\"elementor-element elementor-element-03b3c12 e-flex e-con-boxed e-con e-parent\" data-id=\"03b3c12\" data-element_type=\"container\" data-e-type=\"container\">\n\t\t\t\t\t<div class=\"e-con-inner\">\n\t\t\t\t<div class=\"elementor-element elementor-element-2d9fd03 elementor-widget__width-initial elementor-widget elementor-widget-image\" data-id=\"2d9fd03\" data-element_type=\"widget\" data-e-type=\"widget\" data-widget_type=\"image.default\">\n\t\t\t\t\t\t\t\t\t\t\t\t\t\t\t<img decoding=\"async\" src=\"https:\/\/aprem-e.org\/wp-content\/uploads\/2026\/01\/FOTO-DMP-20219-CON-PABLO-IGLESIAS-1.png\" title=\"FOTO-DMP-20219-CON-PABLO-IGLESIAS-(1)\" alt=\"FOTO-DMP-20219-CON-PABLO-IGLESIAS-(1)\" loading=\"lazy\" \/>\t\t\t\t\t\t\t\t\t\t\t\t\t\t\t<\/div>\n\t\t<div class=\"elementor-element elementor-element-2722c26 e-con-full e-flex e-con e-child\" data-id=\"2722c26\" data-element_type=\"container\" data-e-type=\"container\">\n\t\t\t\t<div class=\"elementor-element elementor-element-172cf03 elementor-widget elementor-widget-heading\" data-id=\"172cf03\" data-element_type=\"widget\" data-e-type=\"widget\" data-widget_type=\"heading.default\">\n\t\t\t\t\t<h2 class=\"elementor-heading-title elementor-size-default\">Fundaci\u00f3n: 1999<\/h2>\t\t\t\t<\/div>\n\t\t\t\t<div class=\"elementor-element elementor-element-f74cd83 elementor-widget elementor-widget-heading\" data-id=\"f74cd83\" data-element_type=\"widget\" data-e-type=\"widget\" data-widget_type=\"heading.default\">\n\t\t\t\t\t<h2 class=\"elementor-heading-title elementor-size-default\">Programas<\/h2>\t\t\t\t<\/div>\n\t\t\t\t<div class=\"elementor-element elementor-element-b5b78a9 elementor-widget__width-initial elementor-widget elementor-widget-text-editor\" data-id=\"b5b78a9\" data-element_type=\"widget\" data-e-type=\"widget\" data-widget_type=\"text-editor.default\">\n\t\t\t\t\t\t\t\t\t<ul><li style=\"font-weight: 400;\" aria-level=\"1\"><span style=\"font-weight: 400;\">Apoyo familia a familia: colaboraci\u00f3n con el hospital para brindar apoyo psicol\u00f3gico y emocional a las familias en la Unidad de Neonatos.<\/span><\/li><li style=\"font-weight: 400;\" aria-level=\"1\"><span style=\"font-weight: 400;\">Reuniones mensuales de familias de prematuros para acompa\u00f1ar, orientar y resolver dudas, acompa\u00f1adas por diferentes profesionales, en un centro c\u00edvico.<\/span><\/li><li style=\"font-weight: 400;\" aria-level=\"1\"><span style=\"font-weight: 400;\">Programa Contacto.\u00a0<\/span><\/li><\/ul>\t\t\t\t\t\t\t\t<\/div>\n\t\t\t\t<div class=\"elementor-element elementor-element-ba5e143 elementor-widget elementor-widget-heading\" data-id=\"ba5e143\" data-element_type=\"widget\" data-e-type=\"widget\" data-widget_type=\"heading.default\">\n\t\t\t\t\t<h2 class=\"elementor-heading-title elementor-size-default\">Hospital en el que estamos presentes: <\/h2>\t\t\t\t<\/div>\n\t\t\t\t<div class=\"elementor-element elementor-element-6c8f34c elementor-widget__width-initial elementor-widget elementor-widget-heading\" data-id=\"6c8f34c\" data-element_type=\"widget\" data-e-type=\"widget\" data-widget_type=\"heading.default\">\n\t\t\t\t\t<h4 class=\"elementor-heading-title elementor-size-default\">Hospital Universitario La Paz <br>\nHospital Universitarios Gregorio Mara\u00f1\u00f3n<br>\nHospital Universitario Puerta de Hierro<br>\nHospital Cl\u00ednico San Carlos<\/br>\n<\/br>Estamos presentes en m\u00e1s de 10 hospitales a lo largo de todo el territorio nacional. \n\n<\/h4>\t\t\t\t<\/div>\n\t\t\t\t<\/div>\n\t\t\t\t\t<\/div>\n\t\t\t\t<\/div>\n\t\t<div class=\"elementor-element elementor-element-fd40fef e-flex e-con-boxed e-con e-parent\" data-id=\"fd40fef\" data-element_type=\"container\" data-e-type=\"container\">\n\t\t\t\t\t<div class=\"e-con-inner\">\n\t\t<div class=\"elementor-element elementor-element-2fb231e e-con-full e-flex e-con e-child\" data-id=\"2fb231e\" data-element_type=\"container\" data-e-type=\"container\">\n\t\t\t\t<div class=\"elementor-element elementor-element-a93474a elementor-widget elementor-widget-heading\" data-id=\"a93474a\" data-element_type=\"widget\" data-e-type=\"widget\" data-widget_type=\"heading.default\">\n\t\t\t\t\t<h2 class=\"elementor-heading-title elementor-size-default\">Contacto:<\/h2>\t\t\t\t<\/div>\n\t\t<div class=\"elementor-element elementor-element-9c87499 e-con-full e-flex e-con e-child\" data-id=\"9c87499\" data-element_type=\"container\" data-e-type=\"container\">\n\t\t<div class=\"elementor-element elementor-element-720c554 e-con-full e-flex e-con e-child\" data-id=\"720c554\" data-element_type=\"container\" data-e-type=\"container\">\n\t\t\t\t<div class=\"elementor-element elementor-element-ebf4f40 elementor-view-default elementor-widget elementor-widget-icon\" data-id=\"ebf4f40\" data-element_type=\"widget\" data-e-type=\"widget\" data-widget_type=\"icon.default\">\n\t\t\t\t\t\t\t<div class=\"elementor-icon-wrapper\">\n\t\t\t<div class=\"elementor-icon\">\n\t\t\t<svg aria-hidden=\"true\" class=\"e-font-icon-svg e-fas-envelope\" viewBox=\"0 0 512 512\" xmlns=\"http:\/\/www.w3.org\/2000\/svg\"><path d=\"M502.3 190.8c3.9-3.1 9.7-.2 9.7 4.7V400c0 26.5-21.5 48-48 48H48c-26.5 0-48-21.5-48-48V195.6c0-5 5.7-7.8 9.7-4.7 22.4 17.4 52.1 39.5 154.1 113.6 21.1 15.4 56.7 47.8 92.2 47.6 35.7.3 72-32.8 92.3-47.6 102-74.1 131.6-96.3 154-113.7zM256 320c23.2.4 56.6-29.2 73.4-41.4 132.7-96.3 142.8-104.7 173.4-128.7 5.8-4.5 9.2-11.5 9.2-18.9v-19c0-26.5-21.5-48-48-48H48C21.5 64 0 85.5 0 112v19c0 7.4 3.4 14.3 9.2 18.9 30.6 23.9 40.7 32.4 173.4 128.7 16.8 12.2 50.2 41.8 73.4 41.4z\"><\/path><\/svg>\t\t\t<\/div>\n\t\t<\/div>\n\t\t\t\t\t\t<\/div>\n\t\t\t\t<div class=\"elementor-element elementor-element-f3bcb0d elementor-widget elementor-widget-heading\" data-id=\"f3bcb0d\" data-element_type=\"widget\" data-e-type=\"widget\" data-widget_type=\"heading.default\">\n\t\t\t\t\t<h2 class=\"elementor-heading-title elementor-size-default\">aprem@aprem-e.org<\/h2>\t\t\t\t<\/div>\n\t\t\t\t<\/div>\n\t\t<a class=\"elementor-element elementor-element-ca6a6da e-con-full e-flex e-con e-child\" data-id=\"ca6a6da\" data-element_type=\"container\" data-e-type=\"container\" href=\"https:\/\/www.instagram.com\/aprem_albacete\/\" target=\"_blank\">\n\t\t\t\t<div class=\"elementor-element elementor-element-0ff45e6 elementor-view-default elementor-widget elementor-widget-icon\" data-id=\"0ff45e6\" data-element_type=\"widget\" data-e-type=\"widget\" data-widget_type=\"icon.default\">\n\t\t\t\t\t\t\t<div class=\"elementor-icon-wrapper\">\n\t\t\t<div class=\"elementor-icon\">\n\t\t\t<svg aria-hidden=\"true\" class=\"e-font-icon-svg e-fab-instagram\" viewBox=\"0 0 448 512\" xmlns=\"http:\/\/www.w3.org\/2000\/svg\"><path d=\"M224.1 141c-63.6 0-114.9 51.3-114.9 114.9s51.3 114.9 114.9 114.9S339 319.5 339 255.9 287.7 141 224.1 141zm0 189.6c-41.1 0-74.7-33.5-74.7-74.7s33.5-74.7 74.7-74.7 74.7 33.5 74.7 74.7-33.6 74.7-74.7 74.7zm146.4-194.3c0 14.9-12 26.8-26.8 26.8-14.9 0-26.8-12-26.8-26.8s12-26.8 26.8-26.8 26.8 12 26.8 26.8zm76.1 27.2c-1.7-35.9-9.9-67.7-36.2-93.9-26.2-26.2-58-34.4-93.9-36.2-37-2.1-147.9-2.1-184.9 0-35.8 1.7-67.6 9.9-93.9 36.1s-34.4 58-36.2 93.9c-2.1 37-2.1 147.9 0 184.9 1.7 35.9 9.9 67.7 36.2 93.9s58 34.4 93.9 36.2c37 2.1 147.9 2.1 184.9 0 35.9-1.7 67.7-9.9 93.9-36.2 26.2-26.2 34.4-58 36.2-93.9 2.1-37 2.1-147.8 0-184.8zM398.8 388c-7.8 19.6-22.9 34.7-42.6 42.6-29.5 11.7-99.5 9-132.1 9s-102.7 2.6-132.1-9c-19.6-7.8-34.7-22.9-42.6-42.6-11.7-29.5-9-99.5-9-132.1s-2.6-102.7 9-132.1c7.8-19.6 22.9-34.7 42.6-42.6 29.5-11.7 99.5-9 132.1-9s102.7-2.6 132.1 9c19.6 7.8 34.7 22.9 42.6 42.6 11.7 29.5 9 99.5 9 132.1s2.7 102.7-9 132.1z\"><\/path><\/svg>\t\t\t<\/div>\n\t\t<\/div>\n\t\t\t\t\t\t<\/div>\n\t\t\t\t<div class=\"elementor-element elementor-element-6869e15 elementor-widget elementor-widget-heading\" data-id=\"6869e15\" data-element_type=\"widget\" data-e-type=\"widget\" data-widget_type=\"heading.default\">\n\t\t\t\t\t<h2 class=\"elementor-heading-title elementor-size-default\">@_aprem_es<\/h2>\t\t\t\t<\/div>\n\t\t\t\t<\/a>\n\t\t\t\t<\/div>\n\t\t\t\t<\/div>\n\t\t\t\t\t<\/div>\n\t\t\t\t<\/div>\n\t\t<div class=\"elementor-element elementor-element-2ac44da e-flex e-con-boxed e-con e-parent\" data-id=\"2ac44da\" data-element_type=\"container\" data-e-type=\"container\">\n\t\t\t\t\t<div class=\"e-con-inner\">\n\t\t\t\t<div class=\"elementor-element elementor-element-95ef1a3 elementor-widget elementor-widget-heading\" data-id=\"95ef1a3\" data-element_type=\"widget\" data-e-type=\"widget\" data-widget_type=\"heading.default\">\n\t\t\t\t\t<h2 class=\"elementor-heading-title elementor-size-default\">En los Medios <\/h2>\t\t\t\t<\/div>\n\t\t\t\t\t<\/div>\n\t\t\t\t<\/div>\n\t\t<a class=\"elementor-element elementor-element-a654c8b e-flex e-con-boxed e-con e-parent\" data-id=\"a654c8b\" data-element_type=\"container\" data-e-type=\"container\" href=\"https:\/\/www.youtube.com\/@apremprematuros5360\">\n\t\t\t\t\t<div class=\"e-con-inner\">\n\t\t<div class=\"elementor-element elementor-element-35207d7 e-con-full e-flex e-con e-child\" data-id=\"35207d7\" data-element_type=\"container\" data-e-type=\"container\">\n\t\t\t\t<div class=\"elementor-element elementor-element-4d47e1b elementor-widget elementor-widget-image\" data-id=\"4d47e1b\" data-element_type=\"widget\" data-e-type=\"widget\" data-widget_type=\"image.default\">\n\t\t\t\t\t\t\t\t\t\t\t\t\t\t\t<img decoding=\"async\" width=\"320\" height=\"180\" src=\"https:\/\/aprem-e.org\/wp-content\/uploads\/2026\/01\/mqdefault_6s.webp\" class=\"attachment-large size-large wp-image-915\" alt=\"\" \/>\t\t\t\t\t\t\t\t\t\t\t\t\t\t\t<\/div>\n\t\t\t\t<\/div>\n\t\t<div class=\"elementor-element elementor-element-2e23e6a e-con-full e-flex e-con e-child\" data-id=\"2e23e6a\" data-element_type=\"container\" data-e-type=\"container\">\n\t\t\t\t<div class=\"elementor-element elementor-element-b6473ba elementor-widget elementor-widget-text-editor\" data-id=\"b6473ba\" data-element_type=\"widget\" data-e-type=\"widget\" data-widget_type=\"text-editor.default\">\n\t\t\t\t\t\t\t\t\t<ul><li style=\"font-weight: 400;\" aria-level=\"1\"><span style=\"font-weight: 400;\">APREM, la primera asociaci\u00f3n del \u00e1mbito de la prematuridad en Espa\u00f1a. 25\u00ba aniversario 1999 &#8211; 2024<\/span><\/li><\/ul>\t\t\t\t\t\t\t\t<\/div>\n\t\t\t\t<\/div>\n\t\t<div class=\"elementor-element elementor-element-2c627b6 e-con-full e-flex e-con e-child\" data-id=\"2c627b6\" data-element_type=\"container\" data-e-type=\"container\">\n\t\t\t\t<div class=\"elementor-element elementor-element-02e8133 elementor-view-default elementor-widget elementor-widget-icon\" data-id=\"02e8133\" data-element_type=\"widget\" data-e-type=\"widget\" data-widget_type=\"icon.default\">\n\t\t\t\t\t\t\t<div class=\"elementor-icon-wrapper\">\n\t\t\t<div class=\"elementor-icon\">\n\t\t\t<svg aria-hidden=\"true\" class=\"e-font-icon-svg e-fas-arrow-right\" viewBox=\"0 0 448 512\" xmlns=\"http:\/\/www.w3.org\/2000\/svg\"><path d=\"M190.5 66.9l22.2-22.2c9.4-9.4 24.6-9.4 33.9 0L441 239c9.4 9.4 9.4 24.6 0 33.9L246.6 467.3c-9.4 9.4-24.6 9.4-33.9 0l-22.2-22.2c-9.5-9.5-9.3-25 .4-34.3L311.4 296H24c-13.3 0-24-10.7-24-24v-32c0-13.3 10.7-24 24-24h287.4L190.9 101.2c-9.8-9.3-10-24.8-.4-34.3z\"><\/path><\/svg>\t\t\t<\/div>\n\t\t<\/div>\n\t\t\t\t\t\t<\/div>\n\t\t\t\t<\/div>\n\t\t\t\t\t<\/div>\n\t\t\t\t<\/a>\n\t\t<a class=\"elementor-element elementor-element-dc3a3a9 e-flex e-con-boxed e-con e-parent\" data-id=\"dc3a3a9\" data-element_type=\"container\" data-e-type=\"container\" href=\"https:\/\/www.youtube.com\/watch?v=YQhqWxBzeZQ\" target=\"_blank\">\n\t\t\t\t\t<div class=\"e-con-inner\">\n\t\t<div class=\"elementor-element elementor-element-3afb2c9 e-con-full e-flex e-con e-child\" data-id=\"3afb2c9\" data-element_type=\"container\" data-e-type=\"container\">\n\t\t\t\t<div class=\"elementor-element elementor-element-d869ecf elementor-widget elementor-widget-image\" data-id=\"d869ecf\" data-element_type=\"widget\" data-e-type=\"widget\" data-widget_type=\"image.default\">\n\t\t\t\t\t\t\t\t\t\t\t\t\t\t\t<img decoding=\"async\" width=\"800\" height=\"450\" src=\"https:\/\/aprem-e.org\/wp-content\/uploads\/2026\/01\/videoframe_377359-1024x576.png\" class=\"attachment-large size-large wp-image-942\" alt=\"\" srcset=\"https:\/\/aprem-e.org\/wp-content\/uploads\/2026\/01\/videoframe_377359-1024x576.png 1024w, https:\/\/aprem-e.org\/wp-content\/uploads\/2026\/01\/videoframe_377359-300x169.png 300w, https:\/\/aprem-e.org\/wp-content\/uploads\/2026\/01\/videoframe_377359-768x432.png 768w, https:\/\/aprem-e.org\/wp-content\/uploads\/2026\/01\/videoframe_377359.png 1280w\" sizes=\"(max-width: 800px) 100vw, 800px\" \/>\t\t\t\t\t\t\t\t\t\t\t\t\t\t\t<\/div>\n\t\t\t\t<\/div>\n\t\t<div class=\"elementor-element elementor-element-ab18080 e-con-full e-flex e-con e-child\" data-id=\"ab18080\" data-element_type=\"container\" data-e-type=\"container\">\n\t\t\t\t<div class=\"elementor-element elementor-element-c474981 elementor-widget elementor-widget-text-editor\" data-id=\"c474981\" data-element_type=\"widget\" data-e-type=\"widget\" data-widget_type=\"text-editor.default\">\n\t\t\t\t\t\t\t\t\t<ul><li style=\"font-weight: 400;\" aria-level=\"1\"><span style=\"font-weight: 400;\">Entrevista a Concha G\u00f3mez, presidenta de APREM, en la televisi\u00f3n de Castilla y Le\u00f3n.<\/span><\/li><\/ul>\t\t\t\t\t\t\t\t<\/div>\n\t\t\t\t<\/div>\n\t\t<div class=\"elementor-element elementor-element-46d2b29 e-con-full e-flex e-con e-child\" data-id=\"46d2b29\" data-element_type=\"container\" data-e-type=\"container\">\n\t\t\t\t<div class=\"elementor-element elementor-element-dd4379b elementor-view-default elementor-widget elementor-widget-icon\" data-id=\"dd4379b\" data-element_type=\"widget\" data-e-type=\"widget\" data-widget_type=\"icon.default\">\n\t\t\t\t\t\t\t<div class=\"elementor-icon-wrapper\">\n\t\t\t<div class=\"elementor-icon\">\n\t\t\t<svg aria-hidden=\"true\" class=\"e-font-icon-svg e-fas-arrow-right\" viewBox=\"0 0 448 512\" xmlns=\"http:\/\/www.w3.org\/2000\/svg\"><path d=\"M190.5 66.9l22.2-22.2c9.4-9.4 24.6-9.4 33.9 0L441 239c9.4 9.4 9.4 24.6 0 33.9L246.6 467.3c-9.4 9.4-24.6 9.4-33.9 0l-22.2-22.2c-9.5-9.5-9.3-25 .4-34.3L311.4 296H24c-13.3 0-24-10.7-24-24v-32c0-13.3 10.7-24 24-24h287.4L190.9 101.2c-9.8-9.3-10-24.8-.4-34.3z\"><\/path><\/svg>\t\t\t<\/div>\n\t\t<\/div>\n\t\t\t\t\t\t<\/div>\n\t\t\t\t<\/div>\n\t\t\t\t\t<\/div>\n\t\t\t\t<\/a>\n\t\t<a class=\"elementor-element elementor-element-275b3c2 e-flex e-con-boxed e-con e-parent\" data-id=\"275b3c2\" data-element_type=\"container\" data-e-type=\"container\" href=\"https:\/\/www.youtube.com\/watch?v=1tGz3wql79Y\" target=\"_blank\">\n\t\t\t\t\t<div class=\"e-con-inner\">\n\t\t<div class=\"elementor-element elementor-element-734748a e-con-full e-flex e-con e-child\" data-id=\"734748a\" data-element_type=\"container\" data-e-type=\"container\">\n\t\t\t\t<div class=\"elementor-element elementor-element-aab72b8 elementor-widget elementor-widget-image\" data-id=\"aab72b8\" data-element_type=\"widget\" data-e-type=\"widget\" data-widget_type=\"image.default\">\n\t\t\t\t\t\t\t\t\t\t\t\t\t\t\t<img loading=\"lazy\" decoding=\"async\" width=\"800\" height=\"450\" src=\"https:\/\/aprem-e.org\/wp-content\/uploads\/2026\/01\/videoframe_0-1024x576.png\" class=\"attachment-large size-large wp-image-965\" alt=\"\" srcset=\"https:\/\/aprem-e.org\/wp-content\/uploads\/2026\/01\/videoframe_0-1024x576.png 1024w, https:\/\/aprem-e.org\/wp-content\/uploads\/2026\/01\/videoframe_0-300x169.png 300w, https:\/\/aprem-e.org\/wp-content\/uploads\/2026\/01\/videoframe_0-768x432.png 768w, https:\/\/aprem-e.org\/wp-content\/uploads\/2026\/01\/videoframe_0.png 1280w\" sizes=\"(max-width: 800px) 100vw, 800px\" \/>\t\t\t\t\t\t\t\t\t\t\t\t\t\t\t<\/div>\n\t\t\t\t<\/div>\n\t\t<div class=\"elementor-element elementor-element-55c7622 e-con-full e-flex e-con e-child\" data-id=\"55c7622\" data-element_type=\"container\" data-e-type=\"container\">\n\t\t\t\t<div class=\"elementor-element elementor-element-f280246 elementor-widget elementor-widget-text-editor\" data-id=\"f280246\" data-element_type=\"widget\" data-e-type=\"widget\" data-widget_type=\"text-editor.default\">\n\t\t\t\t\t\t\t\t\t<ul><li style=\"font-weight: 400;\" aria-level=\"1\"><span style=\"font-weight: 400;\">APREM en programa Ma\u00f1aneros de RTVE<\/span><\/li><\/ul>\t\t\t\t\t\t\t\t<\/div>\n\t\t\t\t<\/div>\n\t\t<div class=\"elementor-element elementor-element-97b287c e-con-full e-flex e-con e-child\" data-id=\"97b287c\" data-element_type=\"container\" data-e-type=\"container\">\n\t\t\t\t<div class=\"elementor-element elementor-element-2c87c91 elementor-view-default elementor-widget elementor-widget-icon\" data-id=\"2c87c91\" data-element_type=\"widget\" data-e-type=\"widget\" data-widget_type=\"icon.default\">\n\t\t\t\t\t\t\t<div class=\"elementor-icon-wrapper\">\n\t\t\t<div class=\"elementor-icon\">\n\t\t\t<svg aria-hidden=\"true\" class=\"e-font-icon-svg e-fas-arrow-right\" viewBox=\"0 0 448 512\" xmlns=\"http:\/\/www.w3.org\/2000\/svg\"><path d=\"M190.5 66.9l22.2-22.2c9.4-9.4 24.6-9.4 33.9 0L441 239c9.4 9.4 9.4 24.6 0 33.9L246.6 467.3c-9.4 9.4-24.6 9.4-33.9 0l-22.2-22.2c-9.5-9.5-9.3-25 .4-34.3L311.4 296H24c-13.3 0-24-10.7-24-24v-32c0-13.3 10.7-24 24-24h287.4L190.9 101.2c-9.8-9.3-10-24.8-.4-34.3z\"><\/path><\/svg>\t\t\t<\/div>\n\t\t<\/div>\n\t\t\t\t\t\t<\/div>\n\t\t\t\t<\/div>\n\t\t\t\t\t<\/div>\n\t\t\t\t<\/a>\n\t\t<a class=\"elementor-element elementor-element-a14c68f e-flex e-con-boxed e-con e-parent\" data-id=\"a14c68f\" data-element_type=\"container\" data-e-type=\"container\" href=\"https:\/\/www.youtube.com\/watch?v=zSmOeThTJic\" target=\"_blank\">\n\t\t\t\t\t<div class=\"e-con-inner\">\n\t\t<div class=\"elementor-element elementor-element-74d9b61 e-con-full e-flex e-con e-child\" data-id=\"74d9b61\" data-element_type=\"container\" data-e-type=\"container\">\n\t\t\t\t<div class=\"elementor-element elementor-element-922e417 elementor-widget elementor-widget-image\" data-id=\"922e417\" data-element_type=\"widget\" data-e-type=\"widget\" data-widget_type=\"image.default\">\n\t\t\t\t\t\t\t\t\t\t\t\t\t\t\t<img loading=\"lazy\" decoding=\"async\" width=\"800\" height=\"450\" src=\"https:\/\/aprem-e.org\/wp-content\/uploads\/2026\/01\/videoframe_8476-1024x576.png\" class=\"attachment-large size-large wp-image-967\" alt=\"\" srcset=\"https:\/\/aprem-e.org\/wp-content\/uploads\/2026\/01\/videoframe_8476-1024x576.png 1024w, https:\/\/aprem-e.org\/wp-content\/uploads\/2026\/01\/videoframe_8476-300x169.png 300w, https:\/\/aprem-e.org\/wp-content\/uploads\/2026\/01\/videoframe_8476-768x432.png 768w, https:\/\/aprem-e.org\/wp-content\/uploads\/2026\/01\/videoframe_8476.png 1280w\" sizes=\"(max-width: 800px) 100vw, 800px\" \/>\t\t\t\t\t\t\t\t\t\t\t\t\t\t\t<\/div>\n\t\t\t\t<\/div>\n\t\t<div class=\"elementor-element elementor-element-17abce1 e-con-full e-flex e-con e-child\" data-id=\"17abce1\" data-element_type=\"container\" data-e-type=\"container\">\n\t\t\t\t<div class=\"elementor-element elementor-element-2578cd3 elementor-widget elementor-widget-text-editor\" data-id=\"2578cd3\" data-element_type=\"widget\" data-e-type=\"widget\" data-widget_type=\"text-editor.default\">\n\t\t\t\t\t\t\t\t\t<ul><li style=\"font-weight: 400;\" aria-level=\"1\"><span style=\"font-weight: 400;\">APREM en Para todos la 2 de RTVE<\/span><\/li><\/ul>\t\t\t\t\t\t\t\t<\/div>\n\t\t\t\t<\/div>\n\t\t<div class=\"elementor-element elementor-element-55d41e9 e-con-full e-flex e-con e-child\" data-id=\"55d41e9\" data-element_type=\"container\" data-e-type=\"container\">\n\t\t\t\t<div class=\"elementor-element elementor-element-4dc89c3 elementor-view-default elementor-widget elementor-widget-icon\" data-id=\"4dc89c3\" data-element_type=\"widget\" data-e-type=\"widget\" data-widget_type=\"icon.default\">\n\t\t\t\t\t\t\t<div class=\"elementor-icon-wrapper\">\n\t\t\t<div class=\"elementor-icon\">\n\t\t\t<svg aria-hidden=\"true\" class=\"e-font-icon-svg e-fas-arrow-right\" viewBox=\"0 0 448 512\" xmlns=\"http:\/\/www.w3.org\/2000\/svg\"><path d=\"M190.5 66.9l22.2-22.2c9.4-9.4 24.6-9.4 33.9 0L441 239c9.4 9.4 9.4 24.6 0 33.9L246.6 467.3c-9.4 9.4-24.6 9.4-33.9 0l-22.2-22.2c-9.5-9.5-9.3-25 .4-34.3L311.4 296H24c-13.3 0-24-10.7-24-24v-32c0-13.3 10.7-24 24-24h287.4L190.9 101.2c-9.8-9.3-10-24.8-.4-34.3z\"><\/path><\/svg>\t\t\t<\/div>\n\t\t<\/div>\n\t\t\t\t\t\t<\/div>\n\t\t\t\t<\/div>\n\t\t\t\t\t<\/div>\n\t\t\t\t<\/a>\n\t\t<a class=\"elementor-element elementor-element-f54742c e-flex e-con-boxed e-con e-parent\" data-id=\"f54742c\" data-element_type=\"container\" data-e-type=\"container\" href=\"https:\/\/www.youtube.com\/watch?v=Pk4Qv7WmCpc\" target=\"_blank\">\n\t\t\t\t\t<div class=\"e-con-inner\">\n\t\t<div class=\"elementor-element elementor-element-2389b47 e-con-full e-flex e-con e-child\" data-id=\"2389b47\" data-element_type=\"container\" data-e-type=\"container\">\n\t\t\t\t<div class=\"elementor-element elementor-element-e388df1 elementor-widget elementor-widget-image\" data-id=\"e388df1\" data-element_type=\"widget\" data-e-type=\"widget\" data-widget_type=\"image.default\">\n\t\t\t\t\t\t\t\t\t\t\t\t\t\t\t<img loading=\"lazy\" decoding=\"async\" width=\"800\" height=\"450\" src=\"https:\/\/aprem-e.org\/wp-content\/uploads\/2026\/01\/videoframe_6842-1024x576.png\" class=\"attachment-large size-large wp-image-968\" alt=\"\" srcset=\"https:\/\/aprem-e.org\/wp-content\/uploads\/2026\/01\/videoframe_6842-1024x576.png 1024w, https:\/\/aprem-e.org\/wp-content\/uploads\/2026\/01\/videoframe_6842-300x169.png 300w, https:\/\/aprem-e.org\/wp-content\/uploads\/2026\/01\/videoframe_6842-768x432.png 768w, https:\/\/aprem-e.org\/wp-content\/uploads\/2026\/01\/videoframe_6842.png 1280w\" sizes=\"(max-width: 800px) 100vw, 800px\" \/>\t\t\t\t\t\t\t\t\t\t\t\t\t\t\t<\/div>\n\t\t\t\t<\/div>\n\t\t<div class=\"elementor-element elementor-element-7cc6078 e-con-full e-flex e-con e-child\" data-id=\"7cc6078\" data-element_type=\"container\" data-e-type=\"container\">\n\t\t\t\t<div class=\"elementor-element elementor-element-91cfcc1 elementor-widget elementor-widget-text-editor\" data-id=\"91cfcc1\" data-element_type=\"widget\" data-e-type=\"widget\" data-widget_type=\"text-editor.default\">\n\t\t\t\t\t\t\t\t\t<ul><li style=\"font-weight: 400;\" aria-level=\"1\"><span style=\"font-weight: 400;\">APREM en telediario de RTVE &#8211; Escuela para padres de beb\u00e9s prematuros<\/span><\/li><\/ul>\t\t\t\t\t\t\t\t<\/div>\n\t\t\t\t<\/div>\n\t\t<div class=\"elementor-element elementor-element-01cefb9 e-con-full e-flex e-con e-child\" data-id=\"01cefb9\" data-element_type=\"container\" data-e-type=\"container\">\n\t\t\t\t<div class=\"elementor-element elementor-element-f3c9408 elementor-view-default elementor-widget elementor-widget-icon\" data-id=\"f3c9408\" data-element_type=\"widget\" data-e-type=\"widget\" data-widget_type=\"icon.default\">\n\t\t\t\t\t\t\t<div class=\"elementor-icon-wrapper\">\n\t\t\t<div class=\"elementor-icon\">\n\t\t\t<svg aria-hidden=\"true\" class=\"e-font-icon-svg e-fas-arrow-right\" viewBox=\"0 0 448 512\" xmlns=\"http:\/\/www.w3.org\/2000\/svg\"><path d=\"M190.5 66.9l22.2-22.2c9.4-9.4 24.6-9.4 33.9 0L441 239c9.4 9.4 9.4 24.6 0 33.9L246.6 467.3c-9.4 9.4-24.6 9.4-33.9 0l-22.2-22.2c-9.5-9.5-9.3-25 .4-34.3L311.4 296H24c-13.3 0-24-10.7-24-24v-32c0-13.3 10.7-24 24-24h287.4L190.9 101.2c-9.8-9.3-10-24.8-.4-34.3z\"><\/path><\/svg>\t\t\t<\/div>\n\t\t<\/div>\n\t\t\t\t\t\t<\/div>\n\t\t\t\t<\/div>\n\t\t\t\t\t<\/div>\n\t\t\t\t<\/a>\n\t\t<a class=\"elementor-element elementor-element-25142a6 e-flex e-con-boxed e-con e-parent\" data-id=\"25142a6\" data-element_type=\"container\" data-e-type=\"container\" href=\"https:\/\/youtu.be\/dbrOkjsjUUs?si=O44COnqG-c6F7riL\" target=\"_blank\">\n\t\t\t\t\t<div class=\"e-con-inner\">\n\t\t<div class=\"elementor-element elementor-element-9732a02 e-con-full e-flex e-con e-child\" data-id=\"9732a02\" data-element_type=\"container\" data-e-type=\"container\">\n\t\t\t\t<div class=\"elementor-element elementor-element-439a283 elementor-widget elementor-widget-image\" data-id=\"439a283\" data-element_type=\"widget\" data-e-type=\"widget\" data-widget_type=\"image.default\">\n\t\t\t\t\t\t\t\t\t\t\t\t\t\t\t<img loading=\"lazy\" decoding=\"async\" width=\"800\" height=\"450\" src=\"https:\/\/aprem-e.org\/wp-content\/uploads\/2026\/01\/videoframe_1167-1024x576.png\" class=\"attachment-large size-large wp-image-969\" alt=\"\" srcset=\"https:\/\/aprem-e.org\/wp-content\/uploads\/2026\/01\/videoframe_1167-1024x576.png 1024w, https:\/\/aprem-e.org\/wp-content\/uploads\/2026\/01\/videoframe_1167-300x169.png 300w, https:\/\/aprem-e.org\/wp-content\/uploads\/2026\/01\/videoframe_1167-768x432.png 768w, https:\/\/aprem-e.org\/wp-content\/uploads\/2026\/01\/videoframe_1167.png 1280w\" sizes=\"(max-width: 800px) 100vw, 800px\" \/>\t\t\t\t\t\t\t\t\t\t\t\t\t\t\t<\/div>\n\t\t\t\t<\/div>\n\t\t<div class=\"elementor-element elementor-element-ed2da28 e-con-full e-flex e-con e-child\" data-id=\"ed2da28\" data-element_type=\"container\" data-e-type=\"container\">\n\t\t\t\t<div class=\"elementor-element elementor-element-5dde0ad elementor-widget elementor-widget-text-editor\" data-id=\"5dde0ad\" data-element_type=\"widget\" data-e-type=\"widget\" data-widget_type=\"text-editor.default\">\n\t\t\t\t\t\t\t\t\t<ul><li style=\"font-weight: 400;\" aria-level=\"1\"><span style=\"font-weight: 400;\">Reportaje emitido en RNE por el D\u00eda Mundial de la Prematuridad 2025<\/span><\/li><\/ul>\t\t\t\t\t\t\t\t<\/div>\n\t\t\t\t<\/div>\n\t\t<div class=\"elementor-element elementor-element-112fab3 e-con-full e-flex e-con e-child\" data-id=\"112fab3\" data-element_type=\"container\" data-e-type=\"container\">\n\t\t\t\t<div class=\"elementor-element elementor-element-a573dbd elementor-view-default elementor-widget elementor-widget-icon\" data-id=\"a573dbd\" data-element_type=\"widget\" data-e-type=\"widget\" data-widget_type=\"icon.default\">\n\t\t\t\t\t\t\t<div class=\"elementor-icon-wrapper\">\n\t\t\t<div class=\"elementor-icon\">\n\t\t\t<svg aria-hidden=\"true\" class=\"e-font-icon-svg e-fas-arrow-right\" viewBox=\"0 0 448 512\" xmlns=\"http:\/\/www.w3.org\/2000\/svg\"><path d=\"M190.5 66.9l22.2-22.2c9.4-9.4 24.6-9.4 33.9 0L441 239c9.4 9.4 9.4 24.6 0 33.9L246.6 467.3c-9.4 9.4-24.6 9.4-33.9 0l-22.2-22.2c-9.5-9.5-9.3-25 .4-34.3L311.4 296H24c-13.3 0-24-10.7-24-24v-32c0-13.3 10.7-24 24-24h287.4L190.9 101.2c-9.8-9.3-10-24.8-.4-34.3z\"><\/path><\/svg>\t\t\t<\/div>\n\t\t<\/div>\n\t\t\t\t\t\t<\/div>\n\t\t\t\t<\/div>\n\t\t\t\t\t<\/div>\n\t\t\t\t<\/a>\n\t\t<a class=\"elementor-element elementor-element-6bc4554 e-flex e-con-boxed e-con e-parent\" data-id=\"6bc4554\" data-element_type=\"container\" data-e-type=\"container\" href=\"https:\/\/www.telecinco.es\/noticias\/salud\/20241116\/prematuros-factores-riesgo-familiares-morbilidad-vulnerables-afecta_18_014024563.html\" target=\"_blank\">\n\t\t\t\t\t<div class=\"e-con-inner\">\n\t\t<div class=\"elementor-element elementor-element-2875bb2 e-con-full e-flex e-con e-child\" data-id=\"2875bb2\" data-element_type=\"container\" data-e-type=\"container\">\n\t\t\t\t<div class=\"elementor-element elementor-element-65d81b4 elementor-widget elementor-widget-image\" data-id=\"65d81b4\" data-element_type=\"widget\" data-e-type=\"widget\" data-widget_type=\"image.default\">\n\t\t\t\t\t\t\t\t\t\t\t\t\t\t\t<img loading=\"lazy\" decoding=\"async\" width=\"800\" height=\"450\" src=\"https:\/\/aprem-e.org\/wp-content\/uploads\/2026\/01\/una-sanitaria-atiende-a-un-bebe-prematuro_7ef3-1024x576.webp\" class=\"attachment-large size-large wp-image-970\" alt=\"\" srcset=\"https:\/\/aprem-e.org\/wp-content\/uploads\/2026\/01\/una-sanitaria-atiende-a-un-bebe-prematuro_7ef3-1024x576.webp 1024w, https:\/\/aprem-e.org\/wp-content\/uploads\/2026\/01\/una-sanitaria-atiende-a-un-bebe-prematuro_7ef3-300x169.webp 300w, https:\/\/aprem-e.org\/wp-content\/uploads\/2026\/01\/una-sanitaria-atiende-a-un-bebe-prematuro_7ef3-768x432.webp 768w, https:\/\/aprem-e.org\/wp-content\/uploads\/2026\/01\/una-sanitaria-atiende-a-un-bebe-prematuro_7ef3.webp 1200w\" sizes=\"(max-width: 800px) 100vw, 800px\" \/>\t\t\t\t\t\t\t\t\t\t\t\t\t\t\t<\/div>\n\t\t\t\t<\/div>\n\t\t<div class=\"elementor-element elementor-element-50437be e-con-full e-flex e-con e-child\" data-id=\"50437be\" data-element_type=\"container\" data-e-type=\"container\">\n\t\t\t\t<div class=\"elementor-element elementor-element-a0627f5 elementor-widget elementor-widget-text-editor\" data-id=\"a0627f5\" data-element_type=\"widget\" data-e-type=\"widget\" data-widget_type=\"text-editor.default\">\n\t\t\t\t\t\t\t\t\t<ul><li style=\"font-weight: 400;\" aria-level=\"1\"><span style=\"font-weight: 400;\">El \u00abdoble riesgo\u00bb de los beb\u00e9s prematuros: los factores socio-familiares influyen directamente en su morbilidad<\/span><\/li><\/ul>\t\t\t\t\t\t\t\t<\/div>\n\t\t\t\t<\/div>\n\t\t<div class=\"elementor-element elementor-element-46fc899 e-con-full e-flex e-con e-child\" data-id=\"46fc899\" data-element_type=\"container\" data-e-type=\"container\">\n\t\t\t\t<div class=\"elementor-element elementor-element-1ecfb4e elementor-view-default elementor-widget elementor-widget-icon\" data-id=\"1ecfb4e\" data-element_type=\"widget\" data-e-type=\"widget\" data-widget_type=\"icon.default\">\n\t\t\t\t\t\t\t<div class=\"elementor-icon-wrapper\">\n\t\t\t<div class=\"elementor-icon\">\n\t\t\t<svg aria-hidden=\"true\" class=\"e-font-icon-svg e-fas-arrow-right\" viewBox=\"0 0 448 512\" xmlns=\"http:\/\/www.w3.org\/2000\/svg\"><path d=\"M190.5 66.9l22.2-22.2c9.4-9.4 24.6-9.4 33.9 0L441 239c9.4 9.4 9.4 24.6 0 33.9L246.6 467.3c-9.4 9.4-24.6 9.4-33.9 0l-22.2-22.2c-9.5-9.5-9.3-25 .4-34.3L311.4 296H24c-13.3 0-24-10.7-24-24v-32c0-13.3 10.7-24 24-24h287.4L190.9 101.2c-9.8-9.3-10-24.8-.4-34.3z\"><\/path><\/svg>\t\t\t<\/div>\n\t\t<\/div>\n\t\t\t\t\t\t<\/div>\n\t\t\t\t<\/div>\n\t\t\t\t\t<\/div>\n\t\t\t\t<\/a>\n\t\t<a class=\"elementor-element elementor-element-a2110fd e-flex e-con-boxed e-con e-parent\" data-id=\"a2110fd\" data-element_type=\"container\" data-e-type=\"container\" href=\"https:\/\/www.telecinco.es\/noticias\/testimonios\/20251120\/vanessa-parto-prematuro-sientes-sola-culpable_18_017481859.html\" target=\"_blank\">\n\t\t\t\t\t<div class=\"e-con-inner\">\n\t\t<div class=\"elementor-element elementor-element-06c4469 e-con-full e-flex e-con e-child\" data-id=\"06c4469\" data-element_type=\"container\" data-e-type=\"container\">\n\t\t\t\t<div class=\"elementor-element elementor-element-8138c7c elementor-widget elementor-widget-image\" data-id=\"8138c7c\" data-element_type=\"widget\" data-e-type=\"widget\" data-widget_type=\"image.default\">\n\t\t\t\t\t\t\t\t\t\t\t\t\t\t\t<img loading=\"lazy\" decoding=\"async\" width=\"800\" height=\"450\" src=\"https:\/\/aprem-e.org\/wp-content\/uploads\/2026\/01\/paola-nacida-prematuramente-16-9-aspect-ratio-default-1023644_da39-1024x576.webp\" class=\"attachment-large size-large wp-image-971\" alt=\"\" srcset=\"https:\/\/aprem-e.org\/wp-content\/uploads\/2026\/01\/paola-nacida-prematuramente-16-9-aspect-ratio-default-1023644_da39-1024x576.webp 1024w, https:\/\/aprem-e.org\/wp-content\/uploads\/2026\/01\/paola-nacida-prematuramente-16-9-aspect-ratio-default-1023644_da39-300x169.webp 300w, https:\/\/aprem-e.org\/wp-content\/uploads\/2026\/01\/paola-nacida-prematuramente-16-9-aspect-ratio-default-1023644_da39-768x432.webp 768w, https:\/\/aprem-e.org\/wp-content\/uploads\/2026\/01\/paola-nacida-prematuramente-16-9-aspect-ratio-default-1023644_da39.webp 1200w\" sizes=\"(max-width: 800px) 100vw, 800px\" \/>\t\t\t\t\t\t\t\t\t\t\t\t\t\t\t<\/div>\n\t\t\t\t<\/div>\n\t\t<div class=\"elementor-element elementor-element-0806db1 e-con-full e-flex e-con e-child\" data-id=\"0806db1\" data-element_type=\"container\" data-e-type=\"container\">\n\t\t\t\t<div class=\"elementor-element elementor-element-78afe43 elementor-widget elementor-widget-text-editor\" data-id=\"78afe43\" data-element_type=\"widget\" data-e-type=\"widget\" data-widget_type=\"text-editor.default\">\n\t\t\t\t\t\t\t\t\t<ul><li style=\"font-weight: 400;\" aria-level=\"1\"><span style=\"font-weight: 400;\">Vanessa dio a luz a su hija Paola a los siete meses: \u00abLa prematuridad es un mundo desconocido, te sientes sola y culpable\u00bb.<\/span><\/li><\/ul>\t\t\t\t\t\t\t\t<\/div>\n\t\t\t\t<\/div>\n\t\t<div class=\"elementor-element elementor-element-b593919 e-con-full e-flex e-con e-child\" data-id=\"b593919\" data-element_type=\"container\" data-e-type=\"container\">\n\t\t\t\t<div class=\"elementor-element elementor-element-34f431f elementor-view-default elementor-widget elementor-widget-icon\" data-id=\"34f431f\" data-element_type=\"widget\" data-e-type=\"widget\" data-widget_type=\"icon.default\">\n\t\t\t\t\t\t\t<div class=\"elementor-icon-wrapper\">\n\t\t\t<div class=\"elementor-icon\">\n\t\t\t<svg aria-hidden=\"true\" class=\"e-font-icon-svg e-fas-arrow-right\" viewBox=\"0 0 448 512\" xmlns=\"http:\/\/www.w3.org\/2000\/svg\"><path d=\"M190.5 66.9l22.2-22.2c9.4-9.4 24.6-9.4 33.9 0L441 239c9.4 9.4 9.4 24.6 0 33.9L246.6 467.3c-9.4 9.4-24.6 9.4-33.9 0l-22.2-22.2c-9.5-9.5-9.3-25 .4-34.3L311.4 296H24c-13.3 0-24-10.7-24-24v-32c0-13.3 10.7-24 24-24h287.4L190.9 101.2c-9.8-9.3-10-24.8-.4-34.3z\"><\/path><\/svg>\t\t\t<\/div>\n\t\t<\/div>\n\t\t\t\t\t\t<\/div>\n\t\t\t\t<\/div>\n\t\t\t\t\t<\/div>\n\t\t\t\t<\/a>\n\t\t<div class=\"elementor-element elementor-element-7858392 elementor-hidden-desktop elementor-hidden-tablet elementor-hidden-mobile e-flex e-con-boxed e-con e-parent\" data-id=\"7858392\" data-element_type=\"container\" data-e-type=\"container\">\n\t\t\t\t\t<div class=\"e-con-inner\">\n\t\t\t\t<div class=\"elementor-element elementor-element-af4b7ed elementor-widget elementor-widget-heading\" data-id=\"af4b7ed\" data-element_type=\"widget\" data-e-type=\"widget\" data-widget_type=\"heading.default\">\n\t\t\t\t\t<h2 class=\"elementor-heading-title elementor-size-default\">Persona de Contacto<\/h2>\t\t\t\t<\/div>\n\t\t<div class=\"elementor-element elementor-element-a026d8e e-con-full e-flex e-con e-child\" data-id=\"a026d8e\" data-element_type=\"container\" data-e-type=\"container\">\n\t\t<div class=\"elementor-element elementor-element-960ce13 e-con-full e-flex e-con e-child\" data-id=\"960ce13\" data-element_type=\"container\" data-e-type=\"container\">\n\t\t\t\t<div class=\"elementor-element elementor-element-c679b1e elementor-widget elementor-widget-heading\" data-id=\"c679b1e\" data-element_type=\"widget\" data-e-type=\"widget\" data-widget_type=\"heading.default\">\n\t\t\t\t\t<h2 class=\"elementor-heading-title elementor-size-default\"> Laura Rivas<\/h2>\t\t\t\t<\/div>\n\t\t\t\t<div class=\"elementor-element elementor-element-c1326b2 elementor-widget__width-initial elementor-widget elementor-widget-text-editor\" data-id=\"c1326b2\" data-element_type=\"widget\" data-e-type=\"widget\" data-widget_type=\"text-editor.default\">\n\t\t\t\t\t\t\t\t\t<p><span style=\"font-weight: 400;\">Delegada de APREM Albacete. Nuestro objetivo es apoyar a las familias desde el momento en el que tienen riesgo de parto prematuro. Centrando nuestra atenci\u00f3n en las necesidades que puedan tener a lo largo del proceso. Concienciar e informar a la comunidad albacete\u00f1a de lo que es la prematuridad para facilitar a nuestras familias entornos seguros de apoyo y comprensi\u00f3n. <\/span><\/p>\t\t\t\t\t\t\t\t<\/div>\n\t\t\t\t<\/div>\n\t\t<div class=\"elementor-element elementor-element-942b412 e-con-full e-flex e-con e-child\" data-id=\"942b412\" data-element_type=\"container\" data-e-type=\"container\">\n\t\t\t\t<div class=\"elementor-element elementor-element-6c65087 elementor-widget__width-initial elementor-widget elementor-widget-image\" data-id=\"6c65087\" data-element_type=\"widget\" data-e-type=\"widget\" data-widget_type=\"image.default\">\n\t\t\t\t\t\t\t\t\t\t\t\t\t\t\t<img loading=\"lazy\" decoding=\"async\" width=\"768\" height=\"1024\" src=\"https:\/\/aprem-e.org\/wp-content\/uploads\/2025\/09\/Maria-de-viarce-768x1024.jpg\" class=\"attachment-large size-large wp-image-176\" alt=\"\" srcset=\"https:\/\/aprem-e.org\/wp-content\/uploads\/2025\/09\/Maria-de-viarce-768x1024.jpg 768w, https:\/\/aprem-e.org\/wp-content\/uploads\/2025\/09\/Maria-de-viarce-225x300.jpg 225w, https:\/\/aprem-e.org\/wp-content\/uploads\/2025\/09\/Maria-de-viarce-1152x1536.jpg 1152w, https:\/\/aprem-e.org\/wp-content\/uploads\/2025\/09\/Maria-de-viarce.jpg 1536w\" sizes=\"(max-width: 768px) 100vw, 768px\" \/>\t\t\t\t\t\t\t\t\t\t\t\t\t\t\t<\/div>\n\t\t\t\t<\/div>\n\t\t\t\t<\/div>\n\t\t\t\t\t<\/div>\n\t\t\t\t<\/div>\n\t\t\t\t<\/div>\n\t\t","protected":false},"excerpt":{"rendered":"<p>Sede Central (Madrid) Historia En el a\u00f1o 1999 la prematuridad era a\u00fan muy desconocida. Un grupo de familias con hijos nacidos prematuros extremos coincidimos en el Servicio de Neonatolog\u00eda y vivimos una experiencia para la que ninguna familia, ni entonces ni ahora, est\u00e1 preparada. En nuestro caso, con hijos tan vulnerables, nadie sab\u00eda si deb\u00eda [&hellip;]<\/p>\n","protected":false},"author":1,"featured_media":0,"parent":0,"menu_order":0,"comment_status":"closed","ping_status":"closed","template":"","meta":{"inline_featured_image":false,"footnotes":""},"class_list":["post-912","page","type-page","status-publish","hentry"],"yoast_head":"<!-- This site is optimized with the Yoast SEO plugin v27.4 - https:\/\/yoast.com\/product\/yoast-seo-wordpress\/ -->\n<title>APREM Madrid - Aprem<\/title>\n<meta name=\"description\" content=\"Ser\u00eda la primera delegaci\u00f3n de APREM, acercando nuestra labor al Hospital General Universitario de Albacete.\" \/>\n<meta name=\"robots\" content=\"index, follow, max-snippet:-1, max-image-preview:large, max-video-preview:-1\" \/>\n<link rel=\"canonical\" href=\"https:\/\/aprem-e.org\/index.php\/aprem-madrid\/\" \/>\n<meta property=\"og:locale\" content=\"es_ES\" \/>\n<meta property=\"og:type\" content=\"article\" \/>\n<meta property=\"og:title\" content=\"APREM Madrid - Aprem\" \/>\n<meta property=\"og:description\" content=\"Ser\u00eda la primera delegaci\u00f3n de APREM, acercando nuestra labor al Hospital General Universitario de Albacete.\" \/>\n<meta property=\"og:url\" content=\"https:\/\/aprem-e.org\/index.php\/aprem-madrid\/\" \/>\n<meta property=\"og:site_name\" content=\"Aprem\" \/>\n<meta property=\"article:modified_time\" content=\"2026-04-06T11:55:13+00:00\" \/>\n<meta property=\"og:image\" content=\"https:\/\/aprem-e.org\/wp-content\/uploads\/2026\/01\/FOTO-FAMILIA-EN-GREGORIO.jpg\" \/>\n\t<meta property=\"og:image:width\" content=\"600\" \/>\n\t<meta property=\"og:image:height\" content=\"308\" \/>\n\t<meta property=\"og:image:type\" content=\"image\/jpeg\" \/>\n<meta name=\"twitter:card\" content=\"summary_large_image\" \/>\n<meta name=\"twitter:label1\" content=\"Tiempo de lectura\" \/>\n\t<meta name=\"twitter:data1\" content=\"3 minutos\" \/>\n<script type=\"application\/ld+json\" class=\"yoast-schema-graph\">{\"@context\":\"https:\\\/\\\/schema.org\",\"@graph\":[{\"@type\":\"WebPage\",\"@id\":\"https:\\\/\\\/aprem-e.org\\\/index.php\\\/aprem-madrid\\\/\",\"url\":\"https:\\\/\\\/aprem-e.org\\\/index.php\\\/aprem-madrid\\\/\",\"name\":\"APREM Madrid - Aprem\",\"isPartOf\":{\"@id\":\"https:\\\/\\\/aprem-e.org\\\/#website\"},\"primaryImageOfPage\":{\"@id\":\"https:\\\/\\\/aprem-e.org\\\/index.php\\\/aprem-madrid\\\/#primaryimage\"},\"image\":{\"@id\":\"https:\\\/\\\/aprem-e.org\\\/index.php\\\/aprem-madrid\\\/#primaryimage\"},\"thumbnailUrl\":\"https:\\\/\\\/aprem-e.org\\\/wp-content\\\/uploads\\\/2026\\\/01\\\/FOTO-FAMILIA-EN-GREGORIO.jpg\",\"datePublished\":\"2026-01-27T03:11:00+00:00\",\"dateModified\":\"2026-04-06T11:55:13+00:00\",\"description\":\"Ser\u00eda la primera delegaci\u00f3n de APREM, acercando nuestra labor al Hospital General Universitario de Albacete.\",\"breadcrumb\":{\"@id\":\"https:\\\/\\\/aprem-e.org\\\/index.php\\\/aprem-madrid\\\/#breadcrumb\"},\"inLanguage\":\"es\",\"potentialAction\":[{\"@type\":\"ReadAction\",\"target\":[\"https:\\\/\\\/aprem-e.org\\\/index.php\\\/aprem-madrid\\\/\"]}]},{\"@type\":\"ImageObject\",\"inLanguage\":\"es\",\"@id\":\"https:\\\/\\\/aprem-e.org\\\/index.php\\\/aprem-madrid\\\/#primaryimage\",\"url\":\"https:\\\/\\\/aprem-e.org\\\/wp-content\\\/uploads\\\/2026\\\/01\\\/FOTO-FAMILIA-EN-GREGORIO.jpg\",\"contentUrl\":\"https:\\\/\\\/aprem-e.org\\\/wp-content\\\/uploads\\\/2026\\\/01\\\/FOTO-FAMILIA-EN-GREGORIO.jpg\",\"width\":600,\"height\":308},{\"@type\":\"BreadcrumbList\",\"@id\":\"https:\\\/\\\/aprem-e.org\\\/index.php\\\/aprem-madrid\\\/#breadcrumb\",\"itemListElement\":[{\"@type\":\"ListItem\",\"position\":1,\"name\":\"Home\",\"item\":\"https:\\\/\\\/aprem-e.org\\\/\"},{\"@type\":\"ListItem\",\"position\":2,\"name\":\"APREM Madrid\"}]},{\"@type\":\"WebSite\",\"@id\":\"https:\\\/\\\/aprem-e.org\\\/#website\",\"url\":\"https:\\\/\\\/aprem-e.org\\\/\",\"name\":\"Aprem\",\"description\":\"Asociaci\u00f3n de Padres de Ni\u00f1os Prematuros\",\"publisher\":{\"@id\":\"https:\\\/\\\/aprem-e.org\\\/#organization\"},\"potentialAction\":[{\"@type\":\"SearchAction\",\"target\":{\"@type\":\"EntryPoint\",\"urlTemplate\":\"https:\\\/\\\/aprem-e.org\\\/?s={search_term_string}\"},\"query-input\":{\"@type\":\"PropertyValueSpecification\",\"valueRequired\":true,\"valueName\":\"search_term_string\"}}],\"inLanguage\":\"es\"},{\"@type\":\"Organization\",\"@id\":\"https:\\\/\\\/aprem-e.org\\\/#organization\",\"name\":\"Aprem\",\"url\":\"https:\\\/\\\/aprem-e.org\\\/\",\"logo\":{\"@type\":\"ImageObject\",\"inLanguage\":\"es\",\"@id\":\"https:\\\/\\\/aprem-e.org\\\/#\\\/schema\\\/logo\\\/image\\\/\",\"url\":\"https:\\\/\\\/aprem-e.org\\\/wp-content\\\/uploads\\\/2025\\\/09\\\/cropped-Logo-APREM_M1.png\",\"contentUrl\":\"https:\\\/\\\/aprem-e.org\\\/wp-content\\\/uploads\\\/2025\\\/09\\\/cropped-Logo-APREM_M1.png\",\"width\":512,\"height\":512,\"caption\":\"Aprem\"},\"image\":{\"@id\":\"https:\\\/\\\/aprem-e.org\\\/#\\\/schema\\\/logo\\\/image\\\/\"}}]}<\/script>\n<!-- \/ Yoast SEO plugin. -->","yoast_head_json":{"title":"APREM Madrid - Aprem","description":"Ser\u00eda la primera delegaci\u00f3n de APREM, acercando nuestra labor al Hospital General Universitario de Albacete.","robots":{"index":"index","follow":"follow","max-snippet":"max-snippet:-1","max-image-preview":"max-image-preview:large","max-video-preview":"max-video-preview:-1"},"canonical":"https:\/\/aprem-e.org\/index.php\/aprem-madrid\/","og_locale":"es_ES","og_type":"article","og_title":"APREM Madrid - Aprem","og_description":"Ser\u00eda la primera delegaci\u00f3n de APREM, acercando nuestra labor al Hospital General Universitario de Albacete.","og_url":"https:\/\/aprem-e.org\/index.php\/aprem-madrid\/","og_site_name":"Aprem","article_modified_time":"2026-04-06T11:55:13+00:00","og_image":[{"width":600,"height":308,"url":"https:\/\/aprem-e.org\/wp-content\/uploads\/2026\/01\/FOTO-FAMILIA-EN-GREGORIO.jpg","type":"image\/jpeg"}],"twitter_card":"summary_large_image","twitter_misc":{"Tiempo de lectura":"3 minutos"},"schema":{"@context":"https:\/\/schema.org","@graph":[{"@type":"WebPage","@id":"https:\/\/aprem-e.org\/index.php\/aprem-madrid\/","url":"https:\/\/aprem-e.org\/index.php\/aprem-madrid\/","name":"APREM Madrid - Aprem","isPartOf":{"@id":"https:\/\/aprem-e.org\/#website"},"primaryImageOfPage":{"@id":"https:\/\/aprem-e.org\/index.php\/aprem-madrid\/#primaryimage"},"image":{"@id":"https:\/\/aprem-e.org\/index.php\/aprem-madrid\/#primaryimage"},"thumbnailUrl":"https:\/\/aprem-e.org\/wp-content\/uploads\/2026\/01\/FOTO-FAMILIA-EN-GREGORIO.jpg","datePublished":"2026-01-27T03:11:00+00:00","dateModified":"2026-04-06T11:55:13+00:00","description":"Ser\u00eda la primera delegaci\u00f3n de APREM, acercando nuestra labor al Hospital General Universitario de Albacete.","breadcrumb":{"@id":"https:\/\/aprem-e.org\/index.php\/aprem-madrid\/#breadcrumb"},"inLanguage":"es","potentialAction":[{"@type":"ReadAction","target":["https:\/\/aprem-e.org\/index.php\/aprem-madrid\/"]}]},{"@type":"ImageObject","inLanguage":"es","@id":"https:\/\/aprem-e.org\/index.php\/aprem-madrid\/#primaryimage","url":"https:\/\/aprem-e.org\/wp-content\/uploads\/2026\/01\/FOTO-FAMILIA-EN-GREGORIO.jpg","contentUrl":"https:\/\/aprem-e.org\/wp-content\/uploads\/2026\/01\/FOTO-FAMILIA-EN-GREGORIO.jpg","width":600,"height":308},{"@type":"BreadcrumbList","@id":"https:\/\/aprem-e.org\/index.php\/aprem-madrid\/#breadcrumb","itemListElement":[{"@type":"ListItem","position":1,"name":"Home","item":"https:\/\/aprem-e.org\/"},{"@type":"ListItem","position":2,"name":"APREM Madrid"}]},{"@type":"WebSite","@id":"https:\/\/aprem-e.org\/#website","url":"https:\/\/aprem-e.org\/","name":"Aprem","description":"Asociaci\u00f3n de Padres de Ni\u00f1os Prematuros","publisher":{"@id":"https:\/\/aprem-e.org\/#organization"},"potentialAction":[{"@type":"SearchAction","target":{"@type":"EntryPoint","urlTemplate":"https:\/\/aprem-e.org\/?s={search_term_string}"},"query-input":{"@type":"PropertyValueSpecification","valueRequired":true,"valueName":"search_term_string"}}],"inLanguage":"es"},{"@type":"Organization","@id":"https:\/\/aprem-e.org\/#organization","name":"Aprem","url":"https:\/\/aprem-e.org\/","logo":{"@type":"ImageObject","inLanguage":"es","@id":"https:\/\/aprem-e.org\/#\/schema\/logo\/image\/","url":"https:\/\/aprem-e.org\/wp-content\/uploads\/2025\/09\/cropped-Logo-APREM_M1.png","contentUrl":"https:\/\/aprem-e.org\/wp-content\/uploads\/2025\/09\/cropped-Logo-APREM_M1.png","width":512,"height":512,"caption":"Aprem"},"image":{"@id":"https:\/\/aprem-e.org\/#\/schema\/logo\/image\/"}}]}},"_links":{"self":[{"href":"https:\/\/aprem-e.org\/index.php\/wp-json\/wp\/v2\/pages\/912","targetHints":{"allow":["GET"]}}],"collection":[{"href":"https:\/\/aprem-e.org\/index.php\/wp-json\/wp\/v2\/pages"}],"about":[{"href":"https:\/\/aprem-e.org\/index.php\/wp-json\/wp\/v2\/types\/page"}],"author":[{"embeddable":true,"href":"https:\/\/aprem-e.org\/index.php\/wp-json\/wp\/v2\/users\/1"}],"replies":[{"embeddable":true,"href":"https:\/\/aprem-e.org\/index.php\/wp-json\/wp\/v2\/comments?post=912"}],"version-history":[{"count":26,"href":"https:\/\/aprem-e.org\/index.php\/wp-json\/wp\/v2\/pages\/912\/revisions"}],"predecessor-version":[{"id":21418,"href":"https:\/\/aprem-e.org\/index.php\/wp-json\/wp\/v2\/pages\/912\/revisions\/21418"}],"wp:attachment":[{"href":"https:\/\/aprem-e.org\/index.php\/wp-json\/wp\/v2\/media?parent=912"}],"curies":[{"name":"wp","href":"https:\/\/api.w.org\/{rel}","templated":true}]}}